{"id":3464,"date":"2023-09-28T12:44:16","date_gmt":"2023-09-28T10:44:16","guid":{"rendered":"https:\/\/inzain.bike\/?page_id=3464"},"modified":"2024-03-09T09:54:55","modified_gmt":"2024-03-09T08:54:55","slug":"inzain-gran-canaria-gravel-camp","status":"publish","type":"page","link":"https:\/\/inzain.bike\/da\/inzain-gran-canaria-gravel-camp\/","title":{"rendered":"Gran Canaria Gravel Camp"},"content":{"rendered":"<figure class=\"wp-block-image size-large\"><img loading=\"lazy\" decoding=\"async\" width=\"1024\" height=\"768\" src=\"https:\/\/inzain.bike\/wp-content\/uploads\/2023\/09\/IMG_2545-1024x768.jpg\" alt=\"\" class=\"wp-image-3471\" srcset=\"https:\/\/inzain.bike\/wp-content\/uploads\/2023\/09\/IMG_2545-1024x768.jpg 1024w, https:\/\/inzain.bike\/wp-content\/uploads\/2023\/09\/IMG_2545-300x225.jpg 300w, https:\/\/inzain.bike\/wp-content\/uploads\/2023\/09\/IMG_2545-768x576.jpg 768w, https:\/\/inzain.bike\/wp-content\/uploads\/2023\/09\/IMG_2545-1536x1152.jpg 1536w, https:\/\/inzain.bike\/wp-content\/uploads\/2023\/09\/IMG_2545-16x12.jpg 16w, https:\/\/inzain.bike\/wp-content\/uploads\/2023\/09\/IMG_2545-1320x990.jpg 1320w, https:\/\/inzain.bike\/wp-content\/uploads\/2023\/09\/IMG_2545-600x450.jpg 600w, https:\/\/inzain.bike\/wp-content\/uploads\/2023\/09\/IMG_2545.jpg 1600w\" sizes=\"auto, (max-width: 1024px) 100vw, 1024px\" \/><\/figure>\n\n\n\n<p class=\"translation-block\"><strong>Hvorn\u00e5r<\/strong> : 19.-26. januar 2024<br> <strong>Hvor<\/strong> : Gran Canaria<br> <strong>Hvordan<\/strong> : Eventyrlig Gruslejr med masser af klatring<br> <strong>Hotel<\/strong> : Vi bor p\u00e5 CasaCalma, et dedikeret cykelhotel<br> <strong>Spisning<\/strong> : Morgenmad og aftensmad p\u00e5 CasaCalma er inkluderet.<\/p>\n\n\n\n<p>Inzain og CasaCalma byder dig velkommen til Gran Canaria og en uges cykling p\u00e5 stier og grusveje. For tredje \u00e5r i tr\u00e6k sl\u00e5r cykelhotellet CasaCalma d\u00f8rene op for os i januar.&nbsp;<\/p>\n\n\n\n<figure class=\"wp-block-image size-large\"><img loading=\"lazy\" decoding=\"async\" width=\"1024\" height=\"576\" src=\"https:\/\/inzain.bike\/wp-content\/uploads\/2023\/09\/DJI_0071-1024x576.jpg\" alt=\"\" class=\"wp-image-3550\" srcset=\"https:\/\/inzain.bike\/wp-content\/uploads\/2023\/09\/DJI_0071-1024x576.jpg 1024w, https:\/\/inzain.bike\/wp-content\/uploads\/2023\/09\/DJI_0071-300x169.jpg 300w, https:\/\/inzain.bike\/wp-content\/uploads\/2023\/09\/DJI_0071-768x432.jpg 768w, https:\/\/inzain.bike\/wp-content\/uploads\/2023\/09\/DJI_0071-1536x864.jpg 1536w, https:\/\/inzain.bike\/wp-content\/uploads\/2023\/09\/DJI_0071-2048x1152.jpg 2048w, https:\/\/inzain.bike\/wp-content\/uploads\/2023\/09\/DJI_0071-18x10.jpg 18w, https:\/\/inzain.bike\/wp-content\/uploads\/2023\/09\/DJI_0071-1320x743.jpg 1320w, https:\/\/inzain.bike\/wp-content\/uploads\/2023\/09\/DJI_0071-600x338.jpg 600w\" sizes=\"auto, (max-width: 1024px) 100vw, 1024px\" \/><\/figure>\n\n\n\n<p><br><br>N\u00e5r det er m\u00f8rkest herhjemme, venter denne \u00f8 med, if\u00f8lge mange, det bedste klima p\u00e5 Jorden. Denne uge henvender sig til dig, der gerne vil tage din cykel (grus eller MTB) lidt l\u00e6ngere end den s\u00e6dvanlige tur.&nbsp;<br><\/p>\n\n\n\n<p>\u00d8en byder p\u00e5 en fantastisk udsigt, ro og en betagende udsigt p\u00e5 hver dagstur. Det eneste der kr\u00e6ves er den rigtige gearing og at du har klaret vintertr\u00e6ningen rimeligt p\u00e5 forh\u00e5nd.&nbsp;<br><\/p>\n\n\n\n<figure class=\"wp-block-image size-large\"><img loading=\"lazy\" decoding=\"async\" width=\"1024\" height=\"684\" src=\"https:\/\/inzain.bike\/wp-content\/uploads\/2023\/09\/DSC02489-1024x684.jpg\" alt=\"\" class=\"wp-image-3552\" srcset=\"https:\/\/inzain.bike\/wp-content\/uploads\/2023\/09\/DSC02489-1024x684.jpg 1024w, https:\/\/inzain.bike\/wp-content\/uploads\/2023\/09\/DSC02489-300x200.jpg 300w, https:\/\/inzain.bike\/wp-content\/uploads\/2023\/09\/DSC02489-768x513.jpg 768w, https:\/\/inzain.bike\/wp-content\/uploads\/2023\/09\/DSC02489-1536x1027.jpg 1536w, https:\/\/inzain.bike\/wp-content\/uploads\/2023\/09\/DSC02489-18x12.jpg 18w, https:\/\/inzain.bike\/wp-content\/uploads\/2023\/09\/DSC02489-1320x882.jpg 1320w, https:\/\/inzain.bike\/wp-content\/uploads\/2023\/09\/DSC02489-600x401.jpg 600w, https:\/\/inzain.bike\/wp-content\/uploads\/2023\/09\/DSC02489.jpg 1616w\" sizes=\"auto, (max-width: 1024px) 100vw, 1024px\" \/><\/figure>\n\n\n\n<p>CasaCalma er p\u00e5 fjerde \u00e5r som cykelhotel og ved pr\u00e6cis, hvad vi plejer at kunne lide. Nyt for det sidste \u00e5r er, at vi ogs\u00e5 har vores egen f\u00f8lgebil til r\u00e5dighed p\u00e5 de l\u00e6ngere ture.&nbsp;<\/p>\n\n\n\n<p>CasaCalma tilbyder ogs\u00e5 selvudlejning af gruscykler til dem, der har brug for og ikke v\u00e6lger at medbringe deres egne.&nbsp;<\/p>\n\n\n\n<figure class=\"wp-block-image size-large\"><img loading=\"lazy\" decoding=\"async\" width=\"684\" height=\"1024\" src=\"https:\/\/inzain.bike\/wp-content\/uploads\/2023\/09\/DSC02520-684x1024.jpg\" alt=\"\" class=\"wp-image-3554\" srcset=\"https:\/\/inzain.bike\/wp-content\/uploads\/2023\/09\/DSC02520-684x1024.jpg 684w, https:\/\/inzain.bike\/wp-content\/uploads\/2023\/09\/DSC02520-200x300.jpg 200w, https:\/\/inzain.bike\/wp-content\/uploads\/2023\/09\/DSC02520-768x1149.jpg 768w, https:\/\/inzain.bike\/wp-content\/uploads\/2023\/09\/DSC02520-1027x1536.jpg 1027w, https:\/\/inzain.bike\/wp-content\/uploads\/2023\/09\/DSC02520-8x12.jpg 8w, https:\/\/inzain.bike\/wp-content\/uploads\/2023\/09\/DSC02520-600x898.jpg 600w, https:\/\/inzain.bike\/wp-content\/uploads\/2023\/09\/DSC02520.jpg 1080w\" sizes=\"auto, (max-width: 684px) 100vw, 684px\" \/><\/figure>\n\n\n\n<p>Terr\u00e6net er lidt h\u00e5rdere, s\u00e5 tag det med, hvis du f\u00f8ler dig mere komfortabel med en MTB. P\u00e5 sidste \u00e5rs lejr i samme uge havde vi b\u00e5de MTB og grus p\u00e5 de samme runder. &nbsp;<\/p>\n\n\n\n<p>Hver dag har sin egen unikke karakter. Og n\u00e6ste \u00e5rs nyhed er vinsmagningen fra vinmarkerne helt tilbage til det 16. \u00e5rhundrede omkring Bandama. Efter at vi er n\u00e5et til toppen af \u00f8en p\u00e5 en grusvej. Tal om et m\u00e5lbillede og en fin afslutning p\u00e5 dagen.&nbsp;<\/p>\n\n\n\n<p><strong>Dag 0<\/strong>.&nbsp;<\/p>\n\n\n\n<p>Ankomst og afhentning i lufthavnen. Kort 20 min transfer til CasaCalma. Fix med en cykel (egen eller lejecykel). Velkomstdrink p\u00e5 den store tagterrasse. F\u00e6lles middag, tilberedt med lokale r\u00e5varer.<\/p>\n\n\n\n<p><strong>Dag 1 \u2013 Grand Canyon<\/strong>&nbsp;<\/p>\n\n\n\n<p>Vi starter lidt langsomt, men udsigten er bed\u00e5rende selvom vi kun er f\u00e5 km fra havet.&nbsp;<\/p>\n\n\n\n<figure class=\"wp-block-image size-full\"><img loading=\"lazy\" decoding=\"async\" width=\"1024\" height=\"114\" src=\"https:\/\/inzain.bike\/wp-content\/uploads\/2023\/09\/image.png\" alt=\"\" class=\"wp-image-3466\" srcset=\"https:\/\/inzain.bike\/wp-content\/uploads\/2023\/09\/image.png 1024w, https:\/\/inzain.bike\/wp-content\/uploads\/2023\/09\/image-300x33.png 300w, https:\/\/inzain.bike\/wp-content\/uploads\/2023\/09\/image-768x86.png 768w, https:\/\/inzain.bike\/wp-content\/uploads\/2023\/09\/image-18x2.png 18w, https:\/\/inzain.bike\/wp-content\/uploads\/2023\/09\/image-600x67.png 600w\" sizes=\"auto, (max-width: 1024px) 100vw, 1024px\" \/><\/figure>\n\n\n\n<p>P\u00e5 trods af at det er nabo til huset, lever det virkelig op til sit kaldenavn her p\u00e5 \u00f8en. Det er ikke tilf\u00e6ldigt, at det er den mest bes\u00f8gte grusbane p\u00e5 hele \u00f8en af de fastboende gruscyklister. Vi triller ned fra huset og n\u00e5r allerede gruset efter 5 minutter og f\u00e5r en formiddag i et milj\u00f8, der ikke har set en bil (kun terr\u00e6ng\u00e5ende k\u00f8ret\u00f8jer) i mange \u00e5r. Mod slutningen af turen n\u00e5r vi den utroligt hyggelige landsby Ayaguares, en kop kaffe eller sen frokost der, inden vi tager de sidste kilometer tilbage til huset.&nbsp;<\/p>\n\n\n\n<figure class=\"wp-block-image size-large\"><img loading=\"lazy\" decoding=\"async\" width=\"1024\" height=\"576\" src=\"https:\/\/inzain.bike\/wp-content\/uploads\/2023\/09\/DJI_0117-1-1024x576.jpg\" alt=\"\" class=\"wp-image-3553\" srcset=\"https:\/\/inzain.bike\/wp-content\/uploads\/2023\/09\/DJI_0117-1-1024x576.jpg 1024w, https:\/\/inzain.bike\/wp-content\/uploads\/2023\/09\/DJI_0117-1-300x169.jpg 300w, https:\/\/inzain.bike\/wp-content\/uploads\/2023\/09\/DJI_0117-1-768x432.jpg 768w, https:\/\/inzain.bike\/wp-content\/uploads\/2023\/09\/DJI_0117-1-1536x864.jpg 1536w, https:\/\/inzain.bike\/wp-content\/uploads\/2023\/09\/DJI_0117-1-2048x1152.jpg 2048w, https:\/\/inzain.bike\/wp-content\/uploads\/2023\/09\/DJI_0117-1-18x10.jpg 18w, https:\/\/inzain.bike\/wp-content\/uploads\/2023\/09\/DJI_0117-1-1320x743.jpg 1320w, https:\/\/inzain.bike\/wp-content\/uploads\/2023\/09\/DJI_0117-1-600x338.jpg 600w\" sizes=\"auto, (max-width: 1024px) 100vw, 1024px\" \/><figcaption class=\"wp-element-caption\">Standard<\/figcaption><\/figure>\n\n\n\n<p><strong>Dag 2 Pico<\/strong>&nbsp;<\/p>\n\n\n\n<p>Vi n\u00e5r toppen, dagen begynder og slutter med biltransport. 81 km \/ 2.223 hm&nbsp;<br>P\u00e5 denne dag er det h\u00f8jdemeter og milevid udsigt, der t\u00e6ller. En tur til toppen er en af de helt store klassikere her p\u00e5 \u00f8en, og nu har vi tegnet en sk\u00f8n rute, der g\u00e5r mest p\u00e5 grus for at komme dertil. Her nyder vi ogs\u00e5 godt af vores f\u00f8lgebil, der k\u00f8rer os \u00f8st over lufthavnen. Vi starter direkte p\u00e5 stranden og efter kun 1 km n\u00e5r vi kl\u00f8ften\/barrancoen, der skal tage os til toppen. V\u00e6r forberedt p\u00e5 tropisk vegetation og dyreliv ud over det s\u00e6dvanlige (sidste gang jeg var der en firben s\u00e5 stor som en gravhund..<img decoding=\"async\" src=\"https:\/\/res-1.cdn.office.net\/officeonline\/we\/s\/hA3596C17DAD9A003_resources\/1053\/progress.gif\">) Nyt for 2024 er, at vi p\u00e5 vejen hjem bes\u00f8ger de fine vinmarker omkring Bandama-omr\u00e5det. Forestil dig at smage lokale vine fra det 16. \u00e5rhundrede. (Unik for Europa!) Ingen har savnet, at dette er blevet meget popul\u00e6rt og vellidt.&nbsp;<\/p>\n\n\n\n<p><br><\/p>\n\n\n\n<p><strong>Dag 3 \u2013 TamaBada<\/strong>&nbsp;<\/p>\n\n\n\n<p>Ugens udfordring \u2013 de luxe (181 km \/ 3.994 hm)&nbsp;<\/p>\n\n\n\n<figure class=\"wp-block-image size-full\"><img loading=\"lazy\" decoding=\"async\" width=\"1024\" height=\"113\" src=\"https:\/\/inzain.bike\/wp-content\/uploads\/2023\/09\/image-2.png\" alt=\"\" class=\"wp-image-3469\" srcset=\"https:\/\/inzain.bike\/wp-content\/uploads\/2023\/09\/image-2.png 1024w, https:\/\/inzain.bike\/wp-content\/uploads\/2023\/09\/image-2-300x33.png 300w, https:\/\/inzain.bike\/wp-content\/uploads\/2023\/09\/image-2-768x85.png 768w, https:\/\/inzain.bike\/wp-content\/uploads\/2023\/09\/image-2-18x2.png 18w, https:\/\/inzain.bike\/wp-content\/uploads\/2023\/09\/image-2-600x66.png 600w\" sizes=\"auto, (max-width: 1024px) 100vw, 1024px\" \/><\/figure>\n\n\n\n<p>Ugens store udfordring (hvis du tager den p\u00e5 cyklen hele vejen) og ugens store &quot;juvel&quot;. Vi g\u00e5r helt ud til den vestlige del af \u00f8en, helt ned til den forladte landevej, som naturen begynder at tage tilbage. Vi kommer dertil cyklende med tr\u00e6er, der vokser lige op ad vejen, og s\u00e5 har vi havet og Tenerife p\u00e5 vores venstre side. Garanteret en ny oplevelse. Vi tager s\u00e5 til h\u00f8jre og ud p\u00e5 fint sportsgrus, mod midten af \u00f8en, \u00f8de og smuk lige som det skal v\u00e6re og kun et sommerhus\/finca hist og her. Endelig n\u00e5r vi Artenara og den vidunderlige dal ned til Tejeda, som er k\u00e5ret som den mest maleriske landsby i hele Spanien, og jeg har aldrig h\u00f8rt nogen v\u00e6re uenige. Dette er en lang tur, hvis du tager den fra d\u00f8r til d\u00f8r, men vores bil er med os hele vejen.&nbsp;<\/p>\n\n\n\n<p><strong>Dag 4<\/strong>&nbsp;\u2013&nbsp;<strong>Pilankegler<\/strong>&nbsp;<\/p>\n\n\n\n<figure class=\"wp-block-image size-full\"><img loading=\"lazy\" decoding=\"async\" width=\"1024\" height=\"112\" src=\"https:\/\/inzain.bike\/wp-content\/uploads\/2023\/09\/image-1.png\" alt=\"\" class=\"wp-image-3468\" srcset=\"https:\/\/inzain.bike\/wp-content\/uploads\/2023\/09\/image-1.png 1024w, https:\/\/inzain.bike\/wp-content\/uploads\/2023\/09\/image-1-300x33.png 300w, https:\/\/inzain.bike\/wp-content\/uploads\/2023\/09\/image-1-768x84.png 768w, https:\/\/inzain.bike\/wp-content\/uploads\/2023\/09\/image-1-18x2.png 18w, https:\/\/inzain.bike\/wp-content\/uploads\/2023\/09\/image-1-600x66.png 600w\" sizes=\"auto, (max-width: 1024px) 100vw, 1024px\" \/><\/figure>\n\n\n\n<p>Dette er dagen efter &quot;den store dag&quot;, s\u00e5 denne dag er meget &quot;lettere&quot; og m\u00e5ske en hviledag for dem, der hellere vil p\u00e5 stranden. Vi andre skal p\u00e5 et rigtigt eventyr. P\u00e5 papiret ligner dette en smerte, men det afh\u00e6nger af, hvordan du ser p\u00e5 det. Den f\u00f8rste \u00bd time cykler du p\u00e5 en smal sti, der f\u00f8rer os opad, og h\u00f8jden f\u00f8les derfor lettere. Denne g\u00e5tur er v\u00e6rd at g\u00f8re. Det milj\u00f8, vi vil opleve, er betagende. Ingen bil hele dagen og derfor helt uforstyrret planteliv og natur, besv\u00e6ret v\u00e6rd!!&nbsp;&nbsp;<\/p>\n\n\n\n<p><strong>Dag 5 Chira<\/strong>&nbsp;<\/p>\n\n\n\n<p>(82 km \/ 1.974 hm)&nbsp;<\/p>\n\n\n\n<figure class=\"wp-block-image size-large\"><img loading=\"lazy\" decoding=\"async\" width=\"1024\" height=\"684\" src=\"https:\/\/inzain.bike\/wp-content\/uploads\/2023\/09\/DSC02526-1024x684.jpg\" alt=\"\" class=\"wp-image-3473\" title=\"Du kan ikke inds\u00e6tte billedet fra udklipsholderen, men du kan gemme det p\u00e5 din computer og inds\u00e6tte det derfra.\" srcset=\"https:\/\/inzain.bike\/wp-content\/uploads\/2023\/09\/DSC02526-1024x684.jpg 1024w, https:\/\/inzain.bike\/wp-content\/uploads\/2023\/09\/DSC02526-300x200.jpg 300w, https:\/\/inzain.bike\/wp-content\/uploads\/2023\/09\/DSC02526-768x513.jpg 768w, https:\/\/inzain.bike\/wp-content\/uploads\/2023\/09\/DSC02526-1536x1027.jpg 1536w, https:\/\/inzain.bike\/wp-content\/uploads\/2023\/09\/DSC02526-18x12.jpg 18w, https:\/\/inzain.bike\/wp-content\/uploads\/2023\/09\/DSC02526-1320x882.jpg 1320w, https:\/\/inzain.bike\/wp-content\/uploads\/2023\/09\/DSC02526-600x401.jpg 600w, https:\/\/inzain.bike\/wp-content\/uploads\/2023\/09\/DSC02526.jpg 1616w\" sizes=\"auto, (max-width: 1024px) 100vw, 1024px\" \/><\/figure>\n\n\n\n<p>Vores kvarter og noget vi ser fra husets tagterrasse hver dag. Runden starter p\u00e5 asfalt, som tager os h\u00f8jt op, hvor vejen bliver til grus. Usammenlignelig smuk og vi kan se ned i Soria-dalen, hvor alle racercyklisterne ubevidst klatrer op. Efter cirka halvdelen af turen n\u00e5r vi den store Chira Dam, som er m\u00e6gtig i sin st\u00f8rrelse. Herefter flader vejen ud og vi n\u00e5r de store marker som ofte har blomstrende raps\/ranunkler. Alt dette ikke langt fra havet og \u00f8rkenklimaet et par miles v\u00e6k.&nbsp;<\/p>\n\n\n\n<p><strong>Dag 6 Santa Lucia<\/strong>&nbsp;<\/p>\n\n\n\n<p>Klassiske veje blandet med nye, p\u00e5 grus (72km \/ 1.561hm)&nbsp;<\/p>\n\n\n\n<figure class=\"wp-block-image size-large\"><img loading=\"lazy\" decoding=\"async\" width=\"1024\" height=\"576\" src=\"https:\/\/inzain.bike\/wp-content\/uploads\/2023\/09\/DJI_0117-1024x576.jpg\" alt=\"\" class=\"wp-image-3474\" title=\"Du kan ikke inds\u00e6tte billedet fra udklipsholderen, men du kan gemme det p\u00e5 din computer og inds\u00e6tte det derfra.\" srcset=\"https:\/\/inzain.bike\/wp-content\/uploads\/2023\/09\/DJI_0117-1024x576.jpg 1024w, https:\/\/inzain.bike\/wp-content\/uploads\/2023\/09\/DJI_0117-300x169.jpg 300w, https:\/\/inzain.bike\/wp-content\/uploads\/2023\/09\/DJI_0117-768x432.jpg 768w, https:\/\/inzain.bike\/wp-content\/uploads\/2023\/09\/DJI_0117-1536x864.jpg 1536w, https:\/\/inzain.bike\/wp-content\/uploads\/2023\/09\/DJI_0117-2048x1152.jpg 2048w, https:\/\/inzain.bike\/wp-content\/uploads\/2023\/09\/DJI_0117-18x10.jpg 18w, https:\/\/inzain.bike\/wp-content\/uploads\/2023\/09\/DJI_0117-1320x743.jpg 1320w, https:\/\/inzain.bike\/wp-content\/uploads\/2023\/09\/DJI_0117-600x338.jpg 600w\" sizes=\"auto, (max-width: 1024px) 100vw, 1024px\" \/><figcaption class=\"wp-element-caption\">Standard<\/figcaption><\/figure>\n\n\n\n<p>Den perfekte afslutning p\u00e5 en uge fyldt med st\u00e6rke oplevelser. Denne tur foreg\u00e5r p\u00e5 grus op ad den vestlige side af kl\u00f8ften, s\u00e5 popul\u00e6r blandt racercykelsteder. Vi bliver ved med at se den vidunderligt smukke og helt hvide landsby Sankta Lucia p\u00e5 vores h\u00f8jre side. For dem der har lyst, drikker vi kaffe der, inden vi n\u00e5r San Bartolome, som er dagens h\u00f8jeste punkt. N\u00e5r du er der, kan du v\u00e6lge, hvilken rute du vil tage hjem. Enten lige ned af den n\u00e6rmeste forbi den smukke og ber\u00f8mte Fataga (bl.a. fra S\u00e4llskapsresan). Eller k\u00f8r endnu mere grus og variationer p\u00e5 &quot;Chira&quot; og &quot;Pilancones&quot;.&nbsp;&nbsp;<\/p>\n\n\n\n<p><strong>F\u00f8lgebil<\/strong>&nbsp;<\/p>\n\n\n\n<p>Vores f\u00f8lgebil vil v\u00e6re med os hver dag, s\u00e5 vi bedre kan f\u00e5 adgang til godterne p\u00e5 \u00f8en. Det giver os ogs\u00e5 sikkerhed, hvis der skulle ske noget med dig eller din cykel (eller dine ben :))&nbsp;<\/p>\n\n\n\n<p>F\u00f8lgebilen har vand, sportsdrik, geler, barer, ekstra cykel og eventuelt ekstra t\u00f8j (som aldrig beh\u00f8ves...)&nbsp;&nbsp;&nbsp;<\/p>\n\n\n\n<p><strong>Efter Cykel og bad<\/strong>&nbsp;<\/p>\n\n\n\n<p>N\u00e5r du er tilbage i huset, kan du se frem til en l\u00e6kker middag lavet med lokale r\u00e5varer, After Bike op p\u00e5 en tagterrasse med en kilometer lang udsigt over de ber\u00f8mte Maspalomas klitter og et glitrende hav bagved.&nbsp;&nbsp;<\/p>\n\n\n\n<p>Hvorfor ikke tage et bad i den nye jacuzzi med kun m\u00e5nen og stjernerne over.&nbsp;<\/p>\n\n\n\n<p>INZAIN \u00f8nsker dig hjertelig velkommen til Gran Canaria<\/p>\n\n\n\n<p><strong>FAKTA<\/strong><\/p>\n\n\n\n<figure class=\"wp-block-table\"><table><tbody><tr><td><strong>Hvorn\u00e5r<\/strong><\/td><td>19-26 januar 2024<\/td><\/tr><tr><td><strong>Hvor<\/strong><\/td><td>Gran Canaria<\/td><\/tr><tr><td><strong>Indkvartering<\/strong><\/td><td>CasaCalma \u2013 Cykelhotel<\/td><\/tr><tr><td><strong>Hvad er inkluderet<\/strong><\/td><td>Overnatning (delt dobbeltv\u00e6relse for to personer) med morgenmad og aftensmad, ruter, safety car, cykeltaskeopbevaring, guider, foto\/film.<\/td><\/tr><tr><td><strong>Pris<\/strong><\/td><td>14.500 kr<\/td><\/tr><tr><td><strong>Enkeltv\u00e6relse<\/strong><\/td><td>+ 4.000 SEK<\/td><\/tr><tr><td><strong>Betaling<\/strong><\/td><td>Ved reservation: 3.500 SEK tilmeldingsdato = betalingsdato<br>2024-01-01: Resterende del<br>Swish til CJ: 123 139 2919 indtast &quot;GC Gravel 2024&quot; og dit navn<\/td><\/tr><tr><td><strong>Forsikring<\/strong><\/td><td>Deltagerne er ansvarlige for deres egen forsikring<\/td><\/tr><tr><td><strong>Flyvningen<\/strong><\/td><td>Alle booker deres egen flyrejse. Transfer inkluderet.<\/td><\/tr><tr><td><strong>Kvittering<\/strong><\/td><td>Kvittering\/Kontantfaktura leveres efter anmodning<\/td><\/tr><tr><td><strong>Aflysning<\/strong><\/td><td>(<em>Manglende betaling betyder automatisk annullering<\/em>)<br><strong>Tom 2024-01-01<\/strong>: Depositum fortabes<br><strong>Tom 2024-01-15<\/strong>: Fuldt bel\u00f8b fortabes<\/td><\/tr><tr><td><strong>Betingelser<\/strong><\/td><td>Deltagelse er p\u00e5 eget ansvar.&nbsp;<a href=\"https:\/\/inzain.bike\/da\/villkor-deltagande\/\">Det med sm\u00e5t<\/a><\/td><\/tr><\/tbody><\/table><\/figure>\n\n\n\n<p><br><br><strong>Tilmelding lukket<\/strong><\/p>\n\n\n\n<p><\/p>","protected":false},"excerpt":{"rendered":"<p>N\u00e4r: 19-26 januari 2024Var: Gran CanariaHur: \u00c4ventyrligt Gravel Camp med mycket kl\u00e4ttringHotell: Vi bor p\u00e5 CasaCalma, ett dedicerat cykelhotell\u00c4ta: Frukost och middag p\u00e5 CasaCalma ing\u00e5r. Inzain, och CasaCalma v\u00e4lkomnar dig till Gran Canaria och en veckas cykling p\u00e5 stig och grusv\u00e4g.&nbsp; F\u00f6r tredje \u00e5ret i rad s\u00e5 \u00f6ppnar cykelhotellet CasaCalma sina portar \u00e5t oss i [&hellip;]<\/p>\n","protected":false},"author":135133094,"featured_media":0,"parent":0,"menu_order":0,"comment_status":"closed","ping_status":"closed","template":"","meta":{"_coblocks_attr":"","_coblocks_dimensions":"","_coblocks_responsive_height":"","_coblocks_accordion_ie_support":"","footnotes":""},"class_list":["post-3464","page","type-page","status-publish","hentry"],"yoast_head":"<!-- This site is optimized with the Yoast SEO plugin v27.2 - https:\/\/yoast.com\/product\/yoast-seo-wordpress\/ -->\n<title>Gran Canaria Gravel Camp - INZAIN Cycling EXPERIENCES<\/title>\n<meta name=\"robots\" content=\"index, follow, max-snippet:-1, max-image-preview:large, max-video-preview:-1\" \/>\n<link rel=\"canonical\" href=\"https:\/\/inzain.bike\/da\/inzain-gran-canaria-gravel-camp\/\" \/>\n<meta property=\"og:locale\" content=\"da_DK\" \/>\n<meta property=\"og:type\" content=\"article\" \/>\n<meta property=\"og:title\" content=\"Gran Canaria Gravel Camp - INZAIN Cycling EXPERIENCES\" \/>\n<meta property=\"og:description\" content=\"N\u00e4r: 19-26 januari 2024Var: Gran CanariaHur: \u00c4ventyrligt Gravel Camp med mycket kl\u00e4ttringHotell: Vi bor p\u00e5 CasaCalma, ett dedicerat cykelhotell\u00c4ta: Frukost och middag p\u00e5 CasaCalma ing\u00e5r. Inzain, och CasaCalma v\u00e4lkomnar dig till Gran Canaria och en veckas cykling p\u00e5 stig och grusv\u00e4g.&nbsp; F\u00f6r tredje \u00e5ret i rad s\u00e5 \u00f6ppnar cykelhotellet CasaCalma sina portar \u00e5t oss i [&hellip;]\" \/>\n<meta property=\"og:url\" content=\"https:\/\/inzain.bike\/da\/inzain-gran-canaria-gravel-camp\/\" \/>\n<meta property=\"og:site_name\" content=\"INZAIN Cycling EXPERIENCES\" \/>\n<meta property=\"article:publisher\" content=\"https:\/\/www.facebook.com\/Inzain.bike\" \/>\n<meta property=\"article:modified_time\" content=\"2024-03-09T08:54:55+00:00\" \/>\n<meta property=\"og:image\" content=\"https:\/\/inzain.bike\/wp-content\/uploads\/2023\/09\/IMG_2545-1024x768.jpg\" \/>\n<meta name=\"twitter:card\" content=\"summary_large_image\" \/>\n<meta name=\"twitter:label1\" content=\"Estimeret l\u00e6setid\" \/>\n\t<meta name=\"twitter:data1\" content=\"9 minutter\" \/>\n<script type=\"application\/ld+json\" class=\"yoast-schema-graph\">{\"@context\":\"https:\/\/schema.org\",\"@graph\":[{\"@type\":\"WebPage\",\"@id\":\"https:\/\/inzain.bike\/nl_be\/inzain-gran-canaria-gravel-camp\/\",\"url\":\"https:\/\/inzain.bike\/nl_be\/inzain-gran-canaria-gravel-camp\/\",\"name\":\"Gran Canaria Gravel Camp - INZAIN Cycling EXPERIENCES\",\"isPartOf\":{\"@id\":\"https:\/\/inzain.bike\/fr_be\/#website\"},\"primaryImageOfPage\":{\"@id\":\"https:\/\/inzain.bike\/nl_be\/inzain-gran-canaria-gravel-camp\/#primaryimage\"},\"image\":{\"@id\":\"https:\/\/inzain.bike\/nl_be\/inzain-gran-canaria-gravel-camp\/#primaryimage\"},\"thumbnailUrl\":\"https:\/\/inzain.bike\/wp-content\/uploads\/2023\/09\/IMG_2545-1024x768.jpg\",\"datePublished\":\"2023-09-28T10:44:16+00:00\",\"dateModified\":\"2024-03-09T08:54:55+00:00\",\"breadcrumb\":{\"@id\":\"https:\/\/inzain.bike\/nl_be\/inzain-gran-canaria-gravel-camp\/#breadcrumb\"},\"inLanguage\":\"da-DK\",\"potentialAction\":[{\"@type\":\"ReadAction\",\"target\":[\"https:\/\/inzain.bike\/nl_be\/inzain-gran-canaria-gravel-camp\/\"]}]},{\"@type\":\"ImageObject\",\"inLanguage\":\"da-DK\",\"@id\":\"https:\/\/inzain.bike\/nl_be\/inzain-gran-canaria-gravel-camp\/#primaryimage\",\"url\":\"https:\/\/inzain.bike\/wp-content\/uploads\/2023\/09\/IMG_2545-1024x768.jpg\",\"contentUrl\":\"https:\/\/inzain.bike\/wp-content\/uploads\/2023\/09\/IMG_2545-1024x768.jpg\"},{\"@type\":\"BreadcrumbList\",\"@id\":\"https:\/\/inzain.bike\/nl_be\/inzain-gran-canaria-gravel-camp\/#breadcrumb\",\"itemListElement\":[{\"@type\":\"ListItem\",\"position\":1,\"name\":\"Hem\",\"item\":\"https:\/\/inzain.bike\/fr_be\/\"},{\"@type\":\"ListItem\",\"position\":2,\"name\":\"Gran Canaria Gravel Camp\"}]},{\"@type\":\"WebSite\",\"@id\":\"https:\/\/inzain.bike\/fr_be\/#website\",\"url\":\"https:\/\/inzain.bike\/fr_be\/\",\"name\":\"INZAIN Cycling EXPERIENCES\",\"description\":\"Cyckling Adventures  - for everyone\",\"publisher\":{\"@id\":\"https:\/\/inzain.bike\/fr_be\/#organization\"},\"alternateName\":\"INZAIN Gravel & Travel\",\"potentialAction\":[{\"@type\":\"SearchAction\",\"target\":{\"@type\":\"EntryPoint\",\"urlTemplate\":\"https:\/\/inzain.bike\/fr_be\/?s={search_term_string}\"},\"query-input\":{\"@type\":\"PropertyValueSpecification\",\"valueRequired\":true,\"valueName\":\"search_term_string\"}}],\"inLanguage\":\"da-DK\"},{\"@type\":\"Organization\",\"@id\":\"https:\/\/inzain.bike\/fr_be\/#organization\",\"name\":\"INZAIN Cycling EXPERIENCES\",\"url\":\"https:\/\/inzain.bike\/fr_be\/\",\"logo\":{\"@type\":\"ImageObject\",\"inLanguage\":\"da-DK\",\"@id\":\"https:\/\/inzain.bike\/fr_be\/#\/schema\/logo\/image\/\",\"url\":\"https:\/\/i0.wp.com\/inzain.bike\/wp-content\/uploads\/2023\/09\/cropped-INZAIN_512x512_white.png?fit=512%2C512&ssl=1\",\"contentUrl\":\"https:\/\/i0.wp.com\/inzain.bike\/wp-content\/uploads\/2023\/09\/cropped-INZAIN_512x512_white.png?fit=512%2C512&ssl=1\",\"width\":512,\"height\":512,\"caption\":\"INZAIN Cycling EXPERIENCES\"},\"image\":{\"@id\":\"https:\/\/inzain.bike\/fr_be\/#\/schema\/logo\/image\/\"},\"sameAs\":[\"https:\/\/www.facebook.com\/Inzain.bike\",\"https:\/\/www.instagram.com\/inzainbike\"]}]}<\/script>\n<!-- \/ Yoast SEO plugin. -->","yoast_head_json":{"title":"Gran Canaria Gravel Camp - INZAIN Cycling EXPERIENCES","robots":{"index":"index","follow":"follow","max-snippet":"max-snippet:-1","max-image-preview":"max-image-preview:large","max-video-preview":"max-video-preview:-1"},"canonical":"https:\/\/inzain.bike\/da\/inzain-gran-canaria-gravel-camp\/","og_locale":"da_DK","og_type":"article","og_title":"Gran Canaria Gravel Camp - INZAIN Cycling EXPERIENCES","og_description":"N\u00e4r: 19-26 januari 2024Var: Gran CanariaHur: \u00c4ventyrligt Gravel Camp med mycket kl\u00e4ttringHotell: Vi bor p\u00e5 CasaCalma, ett dedicerat cykelhotell\u00c4ta: Frukost och middag p\u00e5 CasaCalma ing\u00e5r. Inzain, och CasaCalma v\u00e4lkomnar dig till Gran Canaria och en veckas cykling p\u00e5 stig och grusv\u00e4g.&nbsp; F\u00f6r tredje \u00e5ret i rad s\u00e5 \u00f6ppnar cykelhotellet CasaCalma sina portar \u00e5t oss i [&hellip;]","og_url":"https:\/\/inzain.bike\/da\/inzain-gran-canaria-gravel-camp\/","og_site_name":"INZAIN Cycling EXPERIENCES","article_publisher":"https:\/\/www.facebook.com\/Inzain.bike","article_modified_time":"2024-03-09T08:54:55+00:00","og_image":[{"url":"https:\/\/inzain.bike\/wp-content\/uploads\/2023\/09\/IMG_2545-1024x768.jpg","type":"","width":"","height":""}],"twitter_card":"summary_large_image","twitter_misc":{"Estimeret l\u00e6setid":"9 minutter"},"schema":{"@context":"https:\/\/schema.org","@graph":[{"@type":"WebPage","@id":"https:\/\/inzain.bike\/nl_be\/inzain-gran-canaria-gravel-camp\/","url":"https:\/\/inzain.bike\/nl_be\/inzain-gran-canaria-gravel-camp\/","name":"Gran Canaria Gravel Camp - INZAIN Cycling EXPERIENCES","isPartOf":{"@id":"https:\/\/inzain.bike\/fr_be\/#website"},"primaryImageOfPage":{"@id":"https:\/\/inzain.bike\/nl_be\/inzain-gran-canaria-gravel-camp\/#primaryimage"},"image":{"@id":"https:\/\/inzain.bike\/nl_be\/inzain-gran-canaria-gravel-camp\/#primaryimage"},"thumbnailUrl":"https:\/\/inzain.bike\/wp-content\/uploads\/2023\/09\/IMG_2545-1024x768.jpg","datePublished":"2023-09-28T10:44:16+00:00","dateModified":"2024-03-09T08:54:55+00:00","breadcrumb":{"@id":"https:\/\/inzain.bike\/nl_be\/inzain-gran-canaria-gravel-camp\/#breadcrumb"},"inLanguage":"da-DK","potentialAction":[{"@type":"ReadAction","target":["https:\/\/inzain.bike\/nl_be\/inzain-gran-canaria-gravel-camp\/"]}]},{"@type":"ImageObject","inLanguage":"da-DK","@id":"https:\/\/inzain.bike\/nl_be\/inzain-gran-canaria-gravel-camp\/#primaryimage","url":"https:\/\/inzain.bike\/wp-content\/uploads\/2023\/09\/IMG_2545-1024x768.jpg","contentUrl":"https:\/\/inzain.bike\/wp-content\/uploads\/2023\/09\/IMG_2545-1024x768.jpg"},{"@type":"BreadcrumbList","@id":"https:\/\/inzain.bike\/nl_be\/inzain-gran-canaria-gravel-camp\/#breadcrumb","itemListElement":[{"@type":"ListItem","position":1,"name":"Hem","item":"https:\/\/inzain.bike\/fr_be\/"},{"@type":"ListItem","position":2,"name":"Gran Canaria Gravel Camp"}]},{"@type":"WebSite","@id":"https:\/\/inzain.bike\/fr_be\/#website","url":"https:\/\/inzain.bike\/fr_be\/","name":"INZAIN CykelOPLEVELSER","description":"Cykeleventyr - for alle","publisher":{"@id":"https:\/\/inzain.bike\/fr_be\/#organization"},"alternateName":"INZAIN Gravel & Travel","potentialAction":[{"@type":"SearchAction","target":{"@type":"EntryPoint","urlTemplate":"https:\/\/inzain.bike\/fr_be\/?s={search_term_string}"},"query-input":{"@type":"PropertyValueSpecification","valueRequired":true,"valueName":"search_term_string"}}],"inLanguage":"da-DK"},{"@type":"Organization","@id":"https:\/\/inzain.bike\/fr_be\/#organization","name":"INZAIN CykelOPLEVELSER","url":"https:\/\/inzain.bike\/fr_be\/","logo":{"@type":"ImageObject","inLanguage":"da-DK","@id":"https:\/\/inzain.bike\/fr_be\/#\/schema\/logo\/image\/","url":"https:\/\/i0.wp.com\/inzain.bike\/wp-content\/uploads\/2023\/09\/cropped-INZAIN_512x512_white.png?fit=512%2C512&ssl=1","contentUrl":"https:\/\/i0.wp.com\/inzain.bike\/wp-content\/uploads\/2023\/09\/cropped-INZAIN_512x512_white.png?fit=512%2C512&ssl=1","width":512,"height":512,"caption":"INZAIN Cycling EXPERIENCES"},"image":{"@id":"https:\/\/inzain.bike\/fr_be\/#\/schema\/logo\/image\/"},"sameAs":["https:\/\/www.facebook.com\/Inzain.bike","https:\/\/www.instagram.com\/inzainbike"]}]}},"amp_enabled":true,"_links":{"self":[{"href":"https:\/\/inzain.bike\/da\/wp-json\/wp\/v2\/pages\/3464","targetHints":{"allow":["GET"]}}],"collection":[{"href":"https:\/\/inzain.bike\/da\/wp-json\/wp\/v2\/pages"}],"about":[{"href":"https:\/\/inzain.bike\/da\/wp-json\/wp\/v2\/types\/page"}],"author":[{"embeddable":true,"href":"https:\/\/inzain.bike\/da\/wp-json\/wp\/v2\/users\/135133094"}],"replies":[{"embeddable":true,"href":"https:\/\/inzain.bike\/da\/wp-json\/wp\/v2\/comments?post=3464"}],"version-history":[{"count":0,"href":"https:\/\/inzain.bike\/da\/wp-json\/wp\/v2\/pages\/3464\/revisions"}],"wp:attachment":[{"href":"https:\/\/inzain.bike\/da\/wp-json\/wp\/v2\/media?parent=3464"}],"curies":[{"name":"wp","href":"https:\/\/api.w.org\/{rel}","templated":true}]}}