{"id":5084,"date":"2023-11-11T18:43:21","date_gmt":"2023-11-11T17:43:21","guid":{"rendered":"https:\/\/inzain.bike\/?page_id=5084"},"modified":"2023-11-16T13:58:25","modified_gmt":"2023-11-16T12:58:25","slug":"gir24-cycling","status":"publish","type":"page","link":"https:\/\/inzain.bike\/da\/gir24-cycling\/","title":{"rendered":"Girona cykling"},"content":{"rendered":"<div class=\"wp-block-columns alignwide is-layout-flex wp-container-core-columns-is-layout-28f84493 wp-block-columns-is-layout-flex\">\n<div class=\"wp-block-column is-layout-flow wp-block-column-is-layout-flow\">\n<p><strong>Ruter<\/strong><\/p>\n\n\n\n<p>Vi har f\u00e5et hj\u00e6lp fra den mest ber\u00f8mte og erfarne guide i Girona for at skabe en episk uge. Vi vil cykle i alle retninger og opleve det bedste af det bedste. I god tid inden turen sender vi vores ber\u00f8mte Riders Guide ud med al den information du har brug for.<\/p>\n\n\n\n<p><strong>Cykel<\/strong><br>Medbring din egen, eller lej en rigtig god gruscykel p\u00e5 stedet. Vi aftaler kontakter.<\/p>\n\n\n\n<figure class=\"wp-block-image size-full\"><img loading=\"lazy\" decoding=\"async\" width=\"980\" height=\"765\" src=\"https:\/\/inzain.bike\/wp-content\/uploads\/2022\/11\/image-27.png\" alt=\"\" class=\"wp-image-2413\" srcset=\"https:\/\/inzain.bike\/wp-content\/uploads\/2022\/11\/image-27.png 980w, https:\/\/inzain.bike\/wp-content\/uploads\/2022\/11\/image-27-300x234.png 300w, https:\/\/inzain.bike\/wp-content\/uploads\/2022\/11\/image-27-768x600.png 768w, https:\/\/inzain.bike\/wp-content\/uploads\/2022\/11\/image-27-15x12.png 15w, https:\/\/inzain.bike\/wp-content\/uploads\/2022\/11\/image-27-600x468.png 600w\" sizes=\"auto, (max-width: 980px) 100vw, 980px\" \/><\/figure>\n<\/div>\n<\/div>\n\n\n\n<p class=\"has-text-align-left has-custom-weight\" style=\"font-weight:bold;font-size:30px\">Dagsprogram<\/p>\n\n\n\n<div class=\"wp-block-columns alignwide is-layout-flex wp-container-core-columns-is-layout-28f84493 wp-block-columns-is-layout-flex\">\n<div class=\"wp-block-column is-layout-flow wp-block-column-is-layout-flow\">\n<figure class=\"wp-block-image size-full\"><img decoding=\"async\" src=\"https:\/\/inzain.bike\/wp-content\/uploads\/2023\/11\/IMG_5220.jpg\" alt=\"\" class=\"wp-image-4911\"\/><\/figure>\n<\/div>\n\n\n\n<div class=\"wp-block-column is-layout-flow wp-block-column-is-layout-flow\">\n<p><strong><strong>L\u00f8rdag 26. april Udtjekningstur<\/strong><\/strong><\/p>\n\n\n\n<p>En dejlig tur langs floden p\u00e5 42 km og 187hm. Vi drikker kaffe i Angl\u00e9s og tager hjem ad k\u00f8lige veje, der ligner Australian Outback, det sidste stykke tilbage til Girona ad Via Verde-cykelstien.<br><\/p>\n\n\n\n<figure class=\"wp-block-image size-large\"><img loading=\"lazy\" decoding=\"async\" width=\"1024\" height=\"115\" src=\"https:\/\/inzain.bike\/wp-content\/uploads\/2022\/11\/image-21-1024x115.png\" alt=\"\" class=\"wp-image-2396\" srcset=\"https:\/\/inzain.bike\/wp-content\/uploads\/2022\/11\/image-21-1024x115.png 1024w, https:\/\/inzain.bike\/wp-content\/uploads\/2022\/11\/image-21-300x34.png 300w, https:\/\/inzain.bike\/wp-content\/uploads\/2022\/11\/image-21-768x87.png 768w, https:\/\/inzain.bike\/wp-content\/uploads\/2022\/11\/image-21-1536x173.png 1536w, https:\/\/inzain.bike\/wp-content\/uploads\/2022\/11\/image-21-2048x231.png 2048w, https:\/\/inzain.bike\/wp-content\/uploads\/2022\/11\/image-21-18x2.png 18w, https:\/\/inzain.bike\/wp-content\/uploads\/2022\/11\/image-21-1320x149.png 1320w, https:\/\/inzain.bike\/wp-content\/uploads\/2022\/11\/image-21-600x68.png 600w\" sizes=\"auto, (max-width: 1024px) 100vw, 1024px\" \/><\/figure>\n<\/div>\n<\/div>\n\n\n\n<div class=\"wp-block-columns alignwide is-layout-flex wp-container-core-columns-is-layout-28f84493 wp-block-columns-is-layout-flex\">\n<div class=\"wp-block-column is-layout-flow wp-block-column-is-layout-flow\">\n<p><strong><strong><strong>S\u00f8ndag <\/strong>27. april<\/strong> <strong>Rustik<\/strong><\/strong><\/p>\n\n\n\n<figure class=\"wp-block-image size-large\"><img loading=\"lazy\" decoding=\"async\" width=\"1024\" height=\"235\" src=\"https:\/\/inzain.bike\/wp-content\/uploads\/2022\/11\/image-9-1024x235.png\" alt=\"\" class=\"wp-image-2307\" srcset=\"https:\/\/inzain.bike\/wp-content\/uploads\/2022\/11\/image-9-1024x235.png 1024w, https:\/\/inzain.bike\/wp-content\/uploads\/2022\/11\/image-9-300x69.png 300w, https:\/\/inzain.bike\/wp-content\/uploads\/2022\/11\/image-9-768x176.png 768w, https:\/\/inzain.bike\/wp-content\/uploads\/2022\/11\/image-9-1536x352.png 1536w, https:\/\/inzain.bike\/wp-content\/uploads\/2022\/11\/image-9-2048x469.png 2048w, https:\/\/inzain.bike\/wp-content\/uploads\/2022\/11\/image-9-18x4.png 18w, https:\/\/inzain.bike\/wp-content\/uploads\/2022\/11\/image-9-1320x302.png 1320w, https:\/\/inzain.bike\/wp-content\/uploads\/2022\/11\/image-9-600x137.png 600w\" sizes=\"auto, (max-width: 1024px) 100vw, 1024px\" \/><\/figure>\n\n\n\n<figure class=\"wp-block-image size-large\"><img loading=\"lazy\" decoding=\"async\" width=\"1024\" height=\"115\" src=\"https:\/\/inzain.bike\/wp-content\/uploads\/2022\/11\/image-22-1024x115.png\" alt=\"\" class=\"wp-image-2397\" srcset=\"https:\/\/inzain.bike\/wp-content\/uploads\/2022\/11\/image-22-1024x115.png 1024w, https:\/\/inzain.bike\/wp-content\/uploads\/2022\/11\/image-22-300x34.png 300w, https:\/\/inzain.bike\/wp-content\/uploads\/2022\/11\/image-22-768x86.png 768w, https:\/\/inzain.bike\/wp-content\/uploads\/2022\/11\/image-22-1536x173.png 1536w, https:\/\/inzain.bike\/wp-content\/uploads\/2022\/11\/image-22-2048x230.png 2048w, https:\/\/inzain.bike\/wp-content\/uploads\/2022\/11\/image-22-18x2.png 18w, https:\/\/inzain.bike\/wp-content\/uploads\/2022\/11\/image-22-1320x148.png 1320w, https:\/\/inzain.bike\/wp-content\/uploads\/2022\/11\/image-22-600x67.png 600w\" sizes=\"auto, (max-width: 1024px) 100vw, 1024px\" \/><\/figure>\n\n\n\n<p><br>Vi har en bl\u00f8d start med en flad tur (90km \/279hm) og spiser frokost p\u00e5 en klassiker  <a href=\"https:\/\/rustikemporda.wixsite.com\/rustikemporda\">Rustik<\/a>, det ber\u00f8mte spisested. Efter at v\u00e6re vendt tilbage til Girona, kan du v\u00e6lge at forts\u00e6tte i yderligere 4 miles og blive bel\u00f8nnet med fantastisk is.<\/p>\n<\/div>\n\n\n\n<div class=\"wp-block-column is-layout-flow wp-block-column-is-layout-flow\">\n<figure class=\"wp-block-image size-full\"><img loading=\"lazy\" decoding=\"async\" width=\"800\" height=\"533\" src=\"https:\/\/inzain.bike\/wp-content\/uploads\/2023\/11\/image-11.png\" alt=\"\" class=\"wp-image-5085\" srcset=\"https:\/\/inzain.bike\/wp-content\/uploads\/2023\/11\/image-11.png 800w, https:\/\/inzain.bike\/wp-content\/uploads\/2023\/11\/image-11-300x200.png 300w, https:\/\/inzain.bike\/wp-content\/uploads\/2023\/11\/image-11-768x512.png 768w, https:\/\/inzain.bike\/wp-content\/uploads\/2023\/11\/image-11-18x12.png 18w, https:\/\/inzain.bike\/wp-content\/uploads\/2023\/11\/image-11-600x400.png 600w\" sizes=\"auto, (max-width: 800px) 100vw, 800px\" \/><\/figure>\n<\/div>\n<\/div>\n\n\n\n<div class=\"wp-block-columns alignwide is-layout-flex wp-container-core-columns-is-layout-28f84493 wp-block-columns-is-layout-flex\">\n<div class=\"wp-block-column is-layout-flow wp-block-column-is-layout-flow\">\n<figure class=\"wp-block-image size-full\"><img decoding=\"async\" src=\"https:\/\/inzain.bike\/wp-content\/uploads\/2023\/11\/IMG_6269.jpg\" alt=\"\" class=\"wp-image-4886\"\/><\/figure>\n<\/div>\n\n\n\n<div class=\"wp-block-column is-layout-flow wp-block-column-is-layout-flow\">\n<p><strong><strong>mandag den 29. april<\/strong> \u2013 <strong>Banyoles<\/strong><\/strong><\/p>\n\n\n\n<p>82 km 651 hm) Nu skal vi nordp\u00e5. En dag med lidt mere h\u00f8jde og helt fantastiske veje. Vi spiser frokost i Banyoles efter 55 km.<br><\/p>\n\n\n\n<figure class=\"wp-block-image size-large\"><img loading=\"lazy\" decoding=\"async\" width=\"1024\" height=\"113\" src=\"https:\/\/inzain.bike\/wp-content\/uploads\/2022\/11\/image-23-1024x113.png\" alt=\"\" class=\"wp-image-2398\" srcset=\"https:\/\/inzain.bike\/wp-content\/uploads\/2022\/11\/image-23-1024x113.png 1024w, https:\/\/inzain.bike\/wp-content\/uploads\/2022\/11\/image-23-300x33.png 300w, https:\/\/inzain.bike\/wp-content\/uploads\/2022\/11\/image-23-768x85.png 768w, https:\/\/inzain.bike\/wp-content\/uploads\/2022\/11\/image-23-1536x170.png 1536w, https:\/\/inzain.bike\/wp-content\/uploads\/2022\/11\/image-23-2048x227.png 2048w, https:\/\/inzain.bike\/wp-content\/uploads\/2022\/11\/image-23-18x2.png 18w, https:\/\/inzain.bike\/wp-content\/uploads\/2022\/11\/image-23-1320x146.png 1320w, https:\/\/inzain.bike\/wp-content\/uploads\/2022\/11\/image-23-600x66.png 600w\" sizes=\"auto, (max-width: 1024px) 100vw, 1024px\" \/><\/figure>\n<\/div>\n<\/div>\n\n\n\n<div class=\"wp-block-columns alignwide is-layout-flex wp-container-core-columns-is-layout-28f84493 wp-block-columns-is-layout-flex\">\n<div class=\"wp-block-column is-layout-flow wp-block-column-is-layout-flow\">\n<p><strong><strong><strong>tirsdag den 30. april<\/strong> \u2013 Santa Vall<\/strong><\/strong><\/p>\n\n\n\n<p>Sydp\u00e5! (95 km 700 hm). Vi starter langs den nordlige bred af floden, n\u00e5r vi drejer mod syd f\u00e5r vi en stigning, efterfulgt af en fantastisk grusvej nedad. Vi spiser frokost og en kop kaffe langs ruten. <br><\/p>\n\n\n\n<figure class=\"wp-block-image size-large\"><img loading=\"lazy\" decoding=\"async\" width=\"1024\" height=\"111\" src=\"https:\/\/inzain.bike\/wp-content\/uploads\/2022\/11\/image-24-1024x111.png\" alt=\"\" class=\"wp-image-2399\" srcset=\"https:\/\/inzain.bike\/wp-content\/uploads\/2022\/11\/image-24-1024x111.png 1024w, https:\/\/inzain.bike\/wp-content\/uploads\/2022\/11\/image-24-300x33.png 300w, https:\/\/inzain.bike\/wp-content\/uploads\/2022\/11\/image-24-768x84.png 768w, https:\/\/inzain.bike\/wp-content\/uploads\/2022\/11\/image-24-1536x167.png 1536w, https:\/\/inzain.bike\/wp-content\/uploads\/2022\/11\/image-24-2048x223.png 2048w, https:\/\/inzain.bike\/wp-content\/uploads\/2022\/11\/image-24-18x2.png 18w, https:\/\/inzain.bike\/wp-content\/uploads\/2022\/11\/image-24-1320x144.png 1320w, https:\/\/inzain.bike\/wp-content\/uploads\/2022\/11\/image-24-600x65.png 600w\" sizes=\"auto, (max-width: 1024px) 100vw, 1024px\" \/><\/figure>\n<\/div>\n\n\n\n<div class=\"wp-block-column is-layout-flow wp-block-column-is-layout-flow\">\n<figure class=\"wp-block-image size-full\"><img loading=\"lazy\" decoding=\"async\" width=\"1600\" height=\"1200\" src=\"https:\/\/inzain.bike\/wp-content\/uploads\/2023\/11\/59d8cc2a-c457-4bdb-8cbb-0106a4f346b7.jpg\" alt=\"\" class=\"wp-image-4917\" srcset=\"https:\/\/inzain.bike\/wp-content\/uploads\/2023\/11\/59d8cc2a-c457-4bdb-8cbb-0106a4f346b7.jpg 1600w, https:\/\/inzain.bike\/wp-content\/uploads\/2023\/11\/59d8cc2a-c457-4bdb-8cbb-0106a4f346b7-300x225.jpg 300w, https:\/\/inzain.bike\/wp-content\/uploads\/2023\/11\/59d8cc2a-c457-4bdb-8cbb-0106a4f346b7-1024x768.jpg 1024w, https:\/\/inzain.bike\/wp-content\/uploads\/2023\/11\/59d8cc2a-c457-4bdb-8cbb-0106a4f346b7-768x576.jpg 768w, https:\/\/inzain.bike\/wp-content\/uploads\/2023\/11\/59d8cc2a-c457-4bdb-8cbb-0106a4f346b7-1536x1152.jpg 1536w, https:\/\/inzain.bike\/wp-content\/uploads\/2023\/11\/59d8cc2a-c457-4bdb-8cbb-0106a4f346b7-16x12.jpg 16w, https:\/\/inzain.bike\/wp-content\/uploads\/2023\/11\/59d8cc2a-c457-4bdb-8cbb-0106a4f346b7-1320x990.jpg 1320w, https:\/\/inzain.bike\/wp-content\/uploads\/2023\/11\/59d8cc2a-c457-4bdb-8cbb-0106a4f346b7-600x450.jpg 600w\" sizes=\"auto, (max-width: 1600px) 100vw, 1600px\" \/><\/figure>\n<\/div>\n<\/div>\n\n\n\n<div class=\"wp-block-columns alignwide is-layout-flex wp-container-core-columns-is-layout-28f84493 wp-block-columns-is-layout-flex\">\n<div class=\"wp-block-column is-layout-flow wp-block-column-is-layout-flow\">\n<figure class=\"wp-block-image size-full\"><img decoding=\"async\" src=\"https:\/\/inzain.bike\/wp-content\/uploads\/2023\/11\/IMG_4677.jpg\" alt=\"\" class=\"wp-image-4918\"\/><\/figure>\n<\/div>\n\n\n\n<div class=\"wp-block-column is-layout-flow wp-block-column-is-layout-flow\">\n<p><strong><strong><strong>Onsdag den 1. maj <\/strong>  - Hviledag<\/strong><\/strong><\/p>\n\n\n\n<p>Vi tager en hviledag og opdager Girona, m\u00e5ske en udflugt til Salvador Dalis f\u00f8dested, <strong>Figurer <\/strong>og den ber\u00f8mte <a href=\"https:\/\/www.salvador-dali.org\/en\/museums\/dali-theatre-museum-in-figueres\/\">museet<\/a>, eller hvorfor ikke tage toget til <strong>Barcelona<\/strong>, det tager kun 38 minutter. For dem, der ikke vil hvile, er der naturligvis en dejlig og sk\u00e5nsom grusrunde til r\u00e5dighed.<\/p>\n<\/div>\n<\/div>\n\n\n\n<div class=\"wp-block-columns alignwide is-layout-flex wp-container-core-columns-is-layout-28f84493 wp-block-columns-is-layout-flex\">\n<div class=\"wp-block-column is-layout-flow wp-block-column-is-layout-flow\">\n<p><strong><strong><strong>Torsdag den 2. maj<\/strong><\/strong> <strong>Til havet<\/strong><\/strong><\/p>\n\n\n\n<p>Middelhavet! (100 km 800 hm) Vi cykler grus til havet. En rigtig dejlig tur med mulighed for at tage en dukkert, hvis man har lyst. Frokost ved vandet.&nbsp;<\/p>\n<\/div>\n\n\n\n<div class=\"wp-block-column is-layout-flow wp-block-column-is-layout-flow\">\n<figure class=\"wp-block-image size-full\"><img loading=\"lazy\" decoding=\"async\" width=\"1024\" height=\"512\" src=\"https:\/\/inzain.bike\/wp-content\/uploads\/2022\/11\/image-25.png\" alt=\"\" class=\"wp-image-2401\" srcset=\"https:\/\/inzain.bike\/wp-content\/uploads\/2022\/11\/image-25.png 1024w, https:\/\/inzain.bike\/wp-content\/uploads\/2022\/11\/image-25-300x150.png 300w, https:\/\/inzain.bike\/wp-content\/uploads\/2022\/11\/image-25-768x384.png 768w, https:\/\/inzain.bike\/wp-content\/uploads\/2022\/11\/image-25-18x9.png 18w, https:\/\/inzain.bike\/wp-content\/uploads\/2022\/11\/image-25-600x300.png 600w\" sizes=\"auto, (max-width: 1024px) 100vw, 1024px\" \/><\/figure>\n<\/div>\n<\/div>\n\n\n\n<div class=\"wp-block-columns alignwide is-layout-flex wp-container-core-columns-is-layout-28f84493 wp-block-columns-is-layout-flex\">\n<div class=\"wp-block-column is-layout-flow wp-block-column-is-layout-flow\">\n<figure class=\"wp-block-image size-full\"><img decoding=\"async\" src=\"https:\/\/inzain.bike\/wp-content\/uploads\/2023\/11\/IMG_4677.jpg\" alt=\"\" class=\"wp-image-4918\"\/><\/figure>\n<\/div>\n\n\n\n<div class=\"wp-block-column is-layout-flow wp-block-column-is-layout-flow\">\n<p><strong><strong><strong><strong>Fredag den 3. maj<\/strong>  <strong>Rocacorba<\/strong><\/strong><\/strong><\/strong><\/p>\n\n\n\n<p>Klatredag (78 km 1.500 hm). Vi g\u00e5r nordvest langs dalen, og n\u00e5r dagens udfordring, 7 km med et gennemsnit p\u00e5 8,8% til placa de Finesters (Window Square). Bel\u00f8nningen er en helt fantastisk udsigt. Vi cykler hjem via en anden dal. Kaffe og frokost p\u00e5 vej.<\/p>\n\n\n\n<figure class=\"wp-block-image size-large\"><img loading=\"lazy\" decoding=\"async\" width=\"1024\" height=\"112\" src=\"https:\/\/inzain.bike\/wp-content\/uploads\/2022\/11\/image-26-1024x112.png\" alt=\"\" class=\"wp-image-2402\" srcset=\"https:\/\/inzain.bike\/wp-content\/uploads\/2022\/11\/image-26-1024x112.png 1024w, https:\/\/inzain.bike\/wp-content\/uploads\/2022\/11\/image-26-300x33.png 300w, https:\/\/inzain.bike\/wp-content\/uploads\/2022\/11\/image-26-768x84.png 768w, https:\/\/inzain.bike\/wp-content\/uploads\/2022\/11\/image-26-1536x168.png 1536w, https:\/\/inzain.bike\/wp-content\/uploads\/2022\/11\/image-26-2048x223.png 2048w, https:\/\/inzain.bike\/wp-content\/uploads\/2022\/11\/image-26-18x2.png 18w, https:\/\/inzain.bike\/wp-content\/uploads\/2022\/11\/image-26-1320x144.png 1320w, https:\/\/inzain.bike\/wp-content\/uploads\/2022\/11\/image-26-600x65.png 600w\" sizes=\"auto, (max-width: 1024px) 100vw, 1024px\" \/><\/figure>\n<\/div>\n<\/div>\n\n\n\n<div class=\"wp-block-columns alignwide is-layout-flex wp-container-core-columns-is-layout-28f84493 wp-block-columns-is-layout-flex\">\n<div class=\"wp-block-column is-layout-flow wp-block-column-is-layout-flow\">\n<p><strong><strong><strong><strong>L\u00f8rdag den 4. maj<\/strong> <strong>Santuari de la Mare<\/strong><\/strong><\/strong><\/strong><\/p>\n\n\n\n<p> Vi afslutter med stil og en forholdsvis blid runde (79km\/895hm), som har en stigning mod slutningen. Vi kommer forbi det ber\u00f8mte kloster og vil som s\u00e6dvanlig b\u00e5de spise og f\u00e5 en god kaffe. Da vi kommer hjem pakker vi vores cykler og g\u00e5r ud til en bedre afskedsmiddag.<\/p>\n<\/div>\n\n\n\n<div class=\"wp-block-column is-layout-flow wp-block-column-is-layout-flow\">\n<figure class=\"wp-block-image size-large\"><img loading=\"lazy\" decoding=\"async\" width=\"1024\" height=\"416\" src=\"https:\/\/inzain.bike\/wp-content\/uploads\/2022\/11\/image-14-1024x416.png\" alt=\"\" class=\"wp-image-2318\" srcset=\"https:\/\/inzain.bike\/wp-content\/uploads\/2022\/11\/image-14-1024x416.png 1024w, https:\/\/inzain.bike\/wp-content\/uploads\/2022\/11\/image-14-300x122.png 300w, https:\/\/inzain.bike\/wp-content\/uploads\/2022\/11\/image-14-768x312.png 768w, https:\/\/inzain.bike\/wp-content\/uploads\/2022\/11\/image-14-1536x624.png 1536w, https:\/\/inzain.bike\/wp-content\/uploads\/2022\/11\/image-14-18x7.png 18w, https:\/\/inzain.bike\/wp-content\/uploads\/2022\/11\/image-14-1320x536.png 1320w, https:\/\/inzain.bike\/wp-content\/uploads\/2022\/11\/image-14-600x244.png 600w, https:\/\/inzain.bike\/wp-content\/uploads\/2022\/11\/image-14.png 1920w\" sizes=\"auto, (max-width: 1024px) 100vw, 1024px\" \/><\/figure>\n<\/div>\n<\/div>\n\n\n\n<div class=\"wp-block-columns alignwide is-layout-flex wp-container-core-columns-is-layout-28f84493 wp-block-columns-is-layout-flex\">\n<div class=\"wp-block-column is-layout-flow wp-block-column-is-layout-flow\">\n<figure class=\"wp-block-image size-large\"><img loading=\"lazy\" decoding=\"async\" width=\"1024\" height=\"683\" src=\"https:\/\/inzain.bike\/wp-content\/uploads\/2022\/10\/gi2-1024x683.jpg\" alt=\"\" class=\"wp-image-2030\" srcset=\"https:\/\/inzain.bike\/wp-content\/uploads\/2022\/10\/gi2-1024x683.jpg 1024w, https:\/\/inzain.bike\/wp-content\/uploads\/2022\/10\/gi2-300x200.jpg 300w, https:\/\/inzain.bike\/wp-content\/uploads\/2022\/10\/gi2-768x512.jpg 768w, https:\/\/inzain.bike\/wp-content\/uploads\/2022\/10\/gi2-18x12.jpg 18w, https:\/\/inzain.bike\/wp-content\/uploads\/2022\/10\/gi2-600x400.jpg 600w, https:\/\/inzain.bike\/wp-content\/uploads\/2022\/10\/gi2.jpg 1200w\" sizes=\"auto, (max-width: 1024px) 100vw, 1024px\" \/><\/figure>\n<\/div>\n\n\n\n<div class=\"wp-block-column is-layout-flow wp-block-column-is-layout-flow\">\n<p><strong><strong><strong><strong><strong>S\u00f8ndag 5. maj \u2013 Hjemrejse<\/strong><\/strong><\/strong><\/strong><\/strong><\/p>\n\n\n\n<p>Vi pakker, spiser morgenmad og tager s\u00e5 til Barcelona p\u00e5 returrejsen.<\/p>\n\n\n\n<figure class=\"wp-block-image size-large\"><img loading=\"lazy\" decoding=\"async\" width=\"1024\" height=\"112\" src=\"https:\/\/inzain.bike\/wp-content\/uploads\/2022\/11\/image-26-1024x112.png\" alt=\"\" class=\"wp-image-2402\" srcset=\"https:\/\/inzain.bike\/wp-content\/uploads\/2022\/11\/image-26-1024x112.png 1024w, https:\/\/inzain.bike\/wp-content\/uploads\/2022\/11\/image-26-300x33.png 300w, https:\/\/inzain.bike\/wp-content\/uploads\/2022\/11\/image-26-768x84.png 768w, https:\/\/inzain.bike\/wp-content\/uploads\/2022\/11\/image-26-1536x168.png 1536w, https:\/\/inzain.bike\/wp-content\/uploads\/2022\/11\/image-26-2048x223.png 2048w, https:\/\/inzain.bike\/wp-content\/uploads\/2022\/11\/image-26-18x2.png 18w, https:\/\/inzain.bike\/wp-content\/uploads\/2022\/11\/image-26-1320x144.png 1320w, https:\/\/inzain.bike\/wp-content\/uploads\/2022\/11\/image-26-600x65.png 600w\" sizes=\"auto, (max-width: 1024px) 100vw, 1024px\" \/><\/figure>\n<\/div>\n<\/div>\n\n\n\n<div class=\"wp-block-columns alignwide is-layout-flex wp-container-core-columns-is-layout-28f84493 wp-block-columns-is-layout-flex\">\n<div class=\"wp-block-column is-layout-flow wp-block-column-is-layout-flow\">\n<p><\/p>\n<\/div>\n<\/div>\n\n\n\n<p><br><\/p>","protected":false},"excerpt":{"rendered":"<p>Rutter Vi har tagit hj\u00e4lp av den mest ber\u00f6mda och erfarna guiden i Girona f\u00f6r att skapa en episk vecka. Vi kommer cykla i alla v\u00e4derstreck och f\u00e5r uppleva det b\u00e4sta av det b\u00e4sta. I god tid innan resan s\u00e5 skickar vi ut v\u00e5r ber\u00f6mda Riders Guide med all information du beh\u00f6ver. CykelTa med din [&hellip;]<\/p>\n","protected":false},"author":135133094,"featured_media":0,"parent":0,"menu_order":0,"comment_status":"closed","ping_status":"closed","template":"","meta":{"_coblocks_attr":"","_coblocks_dimensions":"","_coblocks_responsive_height":"","_coblocks_accordion_ie_support":"","footnotes":""},"class_list":["post-5084","page","type-page","status-publish","hentry"],"yoast_head":"<!-- This site is optimized with the Yoast SEO plugin v27.2 - https:\/\/yoast.com\/product\/yoast-seo-wordpress\/ -->\n<title>Girona Cykling - INZAIN Cycling EXPERIENCES<\/title>\n<meta name=\"robots\" content=\"index, follow, max-snippet:-1, max-image-preview:large, max-video-preview:-1\" \/>\n<link rel=\"canonical\" href=\"https:\/\/inzain.bike\/da\/gir24-cycling\/\" \/>\n<meta property=\"og:locale\" content=\"da_DK\" \/>\n<meta property=\"og:type\" content=\"article\" \/>\n<meta property=\"og:title\" content=\"Girona Cykling - INZAIN Cycling EXPERIENCES\" \/>\n<meta property=\"og:description\" content=\"Rutter Vi har tagit hj\u00e4lp av den mest ber\u00f6mda och erfarna guiden i Girona f\u00f6r att skapa en episk vecka. Vi kommer cykla i alla v\u00e4derstreck och f\u00e5r uppleva det b\u00e4sta av det b\u00e4sta. I god tid innan resan s\u00e5 skickar vi ut v\u00e5r ber\u00f6mda Riders Guide med all information du beh\u00f6ver. CykelTa med din [&hellip;]\" \/>\n<meta property=\"og:url\" content=\"https:\/\/inzain.bike\/da\/gir24-cycling\/\" \/>\n<meta property=\"og:site_name\" content=\"INZAIN Cycling EXPERIENCES\" \/>\n<meta property=\"article:publisher\" content=\"https:\/\/www.facebook.com\/Inzain.bike\" \/>\n<meta property=\"article:modified_time\" content=\"2023-11-16T12:58:25+00:00\" \/>\n<meta property=\"og:image\" content=\"https:\/\/inzain.bike\/wp-content\/uploads\/2022\/11\/image-27.png\" \/>\n<meta name=\"twitter:card\" content=\"summary_large_image\" \/>\n<meta name=\"twitter:label1\" content=\"Estimeret l\u00e6setid\" \/>\n\t<meta name=\"twitter:data1\" content=\"6 minutter\" \/>\n<script type=\"application\/ld+json\" class=\"yoast-schema-graph\">{\"@context\":\"https:\/\/schema.org\",\"@graph\":[{\"@type\":\"WebPage\",\"@id\":\"https:\/\/inzain.bike\/fr_be\/gir24-cycling\/\",\"url\":\"https:\/\/inzain.bike\/fr_be\/gir24-cycling\/\",\"name\":\"Girona Cykling - INZAIN Cycling EXPERIENCES\",\"isPartOf\":{\"@id\":\"https:\/\/inzain.bike\/fr_be\/#website\"},\"primaryImageOfPage\":{\"@id\":\"https:\/\/inzain.bike\/fr_be\/gir24-cycling\/#primaryimage\"},\"image\":{\"@id\":\"https:\/\/inzain.bike\/fr_be\/gir24-cycling\/#primaryimage\"},\"thumbnailUrl\":\"https:\/\/inzain.bike\/wp-content\/uploads\/2022\/11\/image-27.png\",\"datePublished\":\"2023-11-11T17:43:21+00:00\",\"dateModified\":\"2023-11-16T12:58:25+00:00\",\"breadcrumb\":{\"@id\":\"https:\/\/inzain.bike\/fr_be\/gir24-cycling\/#breadcrumb\"},\"inLanguage\":\"da-DK\",\"potentialAction\":[{\"@type\":\"ReadAction\",\"target\":[\"https:\/\/inzain.bike\/fr_be\/gir24-cycling\/\"]}]},{\"@type\":\"ImageObject\",\"inLanguage\":\"da-DK\",\"@id\":\"https:\/\/inzain.bike\/fr_be\/gir24-cycling\/#primaryimage\",\"url\":\"https:\/\/inzain.bike\/wp-content\/uploads\/2022\/11\/image-27.png\",\"contentUrl\":\"https:\/\/inzain.bike\/wp-content\/uploads\/2022\/11\/image-27.png\"},{\"@type\":\"BreadcrumbList\",\"@id\":\"https:\/\/inzain.bike\/fr_be\/gir24-cycling\/#breadcrumb\",\"itemListElement\":[{\"@type\":\"ListItem\",\"position\":1,\"name\":\"Hem\",\"item\":\"https:\/\/inzain.bike\/fr_be\/\"},{\"@type\":\"ListItem\",\"position\":2,\"name\":\"Girona Cykling\"}]},{\"@type\":\"WebSite\",\"@id\":\"https:\/\/inzain.bike\/fr_be\/#website\",\"url\":\"https:\/\/inzain.bike\/fr_be\/\",\"name\":\"INZAIN Cycling EXPERIENCES\",\"description\":\"Cyckling Adventures  - for everyone\",\"publisher\":{\"@id\":\"https:\/\/inzain.bike\/fr_be\/#organization\"},\"alternateName\":\"INZAIN Gravel & Travel\",\"potentialAction\":[{\"@type\":\"SearchAction\",\"target\":{\"@type\":\"EntryPoint\",\"urlTemplate\":\"https:\/\/inzain.bike\/fr_be\/?s={search_term_string}\"},\"query-input\":{\"@type\":\"PropertyValueSpecification\",\"valueRequired\":true,\"valueName\":\"search_term_string\"}}],\"inLanguage\":\"da-DK\"},{\"@type\":\"Organization\",\"@id\":\"https:\/\/inzain.bike\/fr_be\/#organization\",\"name\":\"INZAIN Cycling EXPERIENCES\",\"url\":\"https:\/\/inzain.bike\/fr_be\/\",\"logo\":{\"@type\":\"ImageObject\",\"inLanguage\":\"da-DK\",\"@id\":\"https:\/\/inzain.bike\/fr_be\/#\/schema\/logo\/image\/\",\"url\":\"https:\/\/i0.wp.com\/inzain.bike\/wp-content\/uploads\/2023\/09\/cropped-INZAIN_512x512_white.png?fit=512%2C512&ssl=1\",\"contentUrl\":\"https:\/\/i0.wp.com\/inzain.bike\/wp-content\/uploads\/2023\/09\/cropped-INZAIN_512x512_white.png?fit=512%2C512&ssl=1\",\"width\":512,\"height\":512,\"caption\":\"INZAIN Cycling EXPERIENCES\"},\"image\":{\"@id\":\"https:\/\/inzain.bike\/fr_be\/#\/schema\/logo\/image\/\"},\"sameAs\":[\"https:\/\/www.facebook.com\/Inzain.bike\",\"https:\/\/www.instagram.com\/inzainbike\"]}]}<\/script>\n<!-- \/ Yoast SEO plugin. -->","yoast_head_json":{"title":"Girona Cykling - INZAIN Cykeloplevelser","robots":{"index":"index","follow":"follow","max-snippet":"max-snippet:-1","max-image-preview":"max-image-preview:large","max-video-preview":"max-video-preview:-1"},"canonical":"https:\/\/inzain.bike\/da\/gir24-cycling\/","og_locale":"da_DK","og_type":"article","og_title":"Girona Cykling - INZAIN Cycling EXPERIENCES","og_description":"Rutter Vi har tagit hj\u00e4lp av den mest ber\u00f6mda och erfarna guiden i Girona f\u00f6r att skapa en episk vecka. Vi kommer cykla i alla v\u00e4derstreck och f\u00e5r uppleva det b\u00e4sta av det b\u00e4sta. I god tid innan resan s\u00e5 skickar vi ut v\u00e5r ber\u00f6mda Riders Guide med all information du beh\u00f6ver. CykelTa med din [&hellip;]","og_url":"https:\/\/inzain.bike\/da\/gir24-cycling\/","og_site_name":"INZAIN Cycling EXPERIENCES","article_publisher":"https:\/\/www.facebook.com\/Inzain.bike","article_modified_time":"2023-11-16T12:58:25+00:00","og_image":[{"url":"https:\/\/inzain.bike\/wp-content\/uploads\/2022\/11\/image-27.png","type":"","width":"","height":""}],"twitter_card":"summary_large_image","twitter_misc":{"Estimeret l\u00e6setid":"6 minutter"},"schema":{"@context":"https:\/\/schema.org","@graph":[{"@type":"WebPage","@id":"https:\/\/inzain.bike\/fr_be\/gir24-cycling\/","url":"https:\/\/inzain.bike\/fr_be\/gir24-cycling\/","name":"Girona Cykling - INZAIN Cykeloplevelser","isPartOf":{"@id":"https:\/\/inzain.bike\/fr_be\/#website"},"primaryImageOfPage":{"@id":"https:\/\/inzain.bike\/fr_be\/gir24-cycling\/#primaryimage"},"image":{"@id":"https:\/\/inzain.bike\/fr_be\/gir24-cycling\/#primaryimage"},"thumbnailUrl":"https:\/\/inzain.bike\/wp-content\/uploads\/2022\/11\/image-27.png","datePublished":"2023-11-11T17:43:21+00:00","dateModified":"2023-11-16T12:58:25+00:00","breadcrumb":{"@id":"https:\/\/inzain.bike\/fr_be\/gir24-cycling\/#breadcrumb"},"inLanguage":"da-DK","potentialAction":[{"@type":"ReadAction","target":["https:\/\/inzain.bike\/fr_be\/gir24-cycling\/"]}]},{"@type":"ImageObject","inLanguage":"da-DK","@id":"https:\/\/inzain.bike\/fr_be\/gir24-cycling\/#primaryimage","url":"https:\/\/inzain.bike\/wp-content\/uploads\/2022\/11\/image-27.png","contentUrl":"https:\/\/inzain.bike\/wp-content\/uploads\/2022\/11\/image-27.png"},{"@type":"BreadcrumbList","@id":"https:\/\/inzain.bike\/fr_be\/gir24-cycling\/#breadcrumb","itemListElement":[{"@type":"ListItem","position":1,"name":"Hem","item":"https:\/\/inzain.bike\/fr_be\/"},{"@type":"ListItem","position":2,"name":"Girona Cykling"}]},{"@type":"WebSite","@id":"https:\/\/inzain.bike\/fr_be\/#website","url":"https:\/\/inzain.bike\/fr_be\/","name":"INZAIN CykelOPLEVELSER","description":"Cykeleventyr - for alle","publisher":{"@id":"https:\/\/inzain.bike\/fr_be\/#organization"},"alternateName":"INZAIN Gravel & Travel","potentialAction":[{"@type":"SearchAction","target":{"@type":"EntryPoint","urlTemplate":"https:\/\/inzain.bike\/fr_be\/?s={search_term_string}"},"query-input":{"@type":"PropertyValueSpecification","valueRequired":true,"valueName":"search_term_string"}}],"inLanguage":"da-DK"},{"@type":"Organization","@id":"https:\/\/inzain.bike\/fr_be\/#organization","name":"INZAIN CykelOPLEVELSER","url":"https:\/\/inzain.bike\/fr_be\/","logo":{"@type":"ImageObject","inLanguage":"da-DK","@id":"https:\/\/inzain.bike\/fr_be\/#\/schema\/logo\/image\/","url":"https:\/\/i0.wp.com\/inzain.bike\/wp-content\/uploads\/2023\/09\/cropped-INZAIN_512x512_white.png?fit=512%2C512&ssl=1","contentUrl":"https:\/\/i0.wp.com\/inzain.bike\/wp-content\/uploads\/2023\/09\/cropped-INZAIN_512x512_white.png?fit=512%2C512&ssl=1","width":512,"height":512,"caption":"INZAIN Cycling EXPERIENCES"},"image":{"@id":"https:\/\/inzain.bike\/fr_be\/#\/schema\/logo\/image\/"},"sameAs":["https:\/\/www.facebook.com\/Inzain.bike","https:\/\/www.instagram.com\/inzainbike"]}]}},"amp_enabled":true,"_links":{"self":[{"href":"https:\/\/inzain.bike\/da\/wp-json\/wp\/v2\/pages\/5084","targetHints":{"allow":["GET"]}}],"collection":[{"href":"https:\/\/inzain.bike\/da\/wp-json\/wp\/v2\/pages"}],"about":[{"href":"https:\/\/inzain.bike\/da\/wp-json\/wp\/v2\/types\/page"}],"author":[{"embeddable":true,"href":"https:\/\/inzain.bike\/da\/wp-json\/wp\/v2\/users\/135133094"}],"replies":[{"embeddable":true,"href":"https:\/\/inzain.bike\/da\/wp-json\/wp\/v2\/comments?post=5084"}],"version-history":[{"count":0,"href":"https:\/\/inzain.bike\/da\/wp-json\/wp\/v2\/pages\/5084\/revisions"}],"wp:attachment":[{"href":"https:\/\/inzain.bike\/da\/wp-json\/wp\/v2\/media?parent=5084"}],"curies":[{"name":"wp","href":"https:\/\/api.w.org\/{rel}","templated":true}]}}