{"id":7996,"date":"2025-03-31T10:33:24","date_gmt":"2025-03-31T08:33:24","guid":{"rendered":"https:\/\/inzain.bike\/?page_id=7996"},"modified":"2025-09-12T08:40:27","modified_gmt":"2025-09-12T06:40:27","slug":"tosca","status":"publish","type":"page","link":"https:\/\/inzain.bike\/da\/tosca\/","title":{"rendered":"Vi skal i Operaen den 1. oktober 2025"},"content":{"rendered":"<p class=\"has-text-align-center has-vivid-red-color has-text-color has-link-color has-custom-weight wp-elements-ed4c48e87ce205128c0054ff20d06de5\" style=\"font-weight:bold;font-size:65px\"><strong>TOSCA <\/strong> <\/p>\n\n\n\n<p class=\"has-contrast-color has-text-color has-link-color has-custom-weight has-custom-letterspacing wp-elements-fefb69acae13ec32ed2f877cad462543\" style=\"letter-spacing:1.2px;font-weight:bold;font-size:51px\"><em>En dag, tre m\u00e5der at d\u00f8 p\u00e5.<\/em><\/p>\n\n\n\n<figure class=\"wp-block-image size-full\"><img loading=\"lazy\" decoding=\"async\" width=\"750\" height=\"1000\" src=\"https:\/\/inzain.bike\/wp-content\/uploads\/2025\/03\/tosca2.webp\" alt=\"\" class=\"wp-image-7999\" srcset=\"https:\/\/inzain.bike\/wp-content\/uploads\/2025\/03\/tosca2.webp 750w, https:\/\/inzain.bike\/wp-content\/uploads\/2025\/03\/tosca2-225x300.webp 225w, https:\/\/inzain.bike\/wp-content\/uploads\/2025\/03\/tosca2-9x12.webp 9w, https:\/\/inzain.bike\/wp-content\/uploads\/2025\/03\/tosca2-600x800.webp 600w\" sizes=\"auto, (max-width: 750px) 100vw, 750px\" \/><\/figure>\n\n\n\n<p>Vi skal i Operaen igen. En lang tradition forts\u00e6tter. Denne gang er det en fantastisk ops\u00e6tning af den klassiske opera Tosca.<br><br><em>En thriller-agtig opera, der foreg\u00e5r i en tid med politisk uro og krig. I centrum st\u00e5r operasangerinden Floria Tosca, hendes elsker, kunstneren og frihedsk\u00e6mperen Mario Cavaradossi og den grusomme, alm\u00e6gtige politichef Scarpia. Et k\u00e6rlighedstrekantdrama, der er skabt til Stub\u00f8s minimalistiske og dybt personlige retning.<\/em><\/p>\n\n\n\n<p><em>P\u00e5 Folkoperans intime scene bliver Tosca et gribende n\u00e6rstudie af lidenskab, magtmisbrug, opr\u00f8r og terror. Et drabeligt drama med operasangerinden Tosca og Puccinis uforlignelige smukke musik i centrum.<\/em><\/p>\n\n\n\n<p><em>Folkoperans musikalske leder Henrik Schaefer bringer trekantsdramaet til live sammen med et brassband. Her leder man efter det intime i stedet for det pomp\u00f8se i Puccinis musik. Det giver plads til nye musikalske nuancer, der forst\u00e6rker historien og dramaet.&nbsp;<\/em><\/p>\n\n\n\n<p><em>Eirik Stub\u00f8 fik sin svenske debut som operainstrukt\u00f8r med Bellinis Norma p\u00e5 Folkoperanen i 2022, som blev rost af b\u00e5de publikum og kritikere. Nu vender han tilbage med samme hold; scenograf og kostumedesigner Magdalena \u00c5berg, lysdesigner Ellen Ruge, makeupartist Ther\u00e9sia Frisk og overs\u00e6tter Tuvalisa Rangstr\u00f6m.&nbsp;<\/em><\/p>\n\n\n\n<p><em>Puccinis Tosca havde premiere i Rom i 1900 og regnes for et af operalitteraturens mesterv\u00e6rker. Med sange som \u00c9 lucivan e stelle (livets sang), Vissi d&#039;arte (Toscas b\u00f8n) og Scarpias Tre sbirri\u2026 una carozza \u2013 som slutter med korstemmen Te Deum, lader den ingen uber\u00f8rt.<br>Italieneren Giacomo Puccini er en af verdens f\u00f8rende komponister med operaer som La Boh\u00e9me, Turandot og Madama Butterfly p\u00e5 sit CV. Han levede som den superstjerne, han var med utroskaber, en fork\u00e6rlighed for eksklusivt t\u00f8j, villaer, yachter og biler. Men hans liv var ogs\u00e5 pr\u00e6get af depression, sygdom og tragedie. Puccini d\u00f8de efter en mislykket operation i 1924.<\/em><br><\/p>\n\n\n\n<p>Tilmeld dig selv og en eventuel ven ved at bruge formularen nedenfor.<br>Vi k\u00f8ber billetter og som s\u00e6dvanlig sidder vi p\u00e5 r\u00e6kke 2.<br>For dem, der har lyst, f\u00e5r vi en bid mad p\u00e5 Tapas Restaurant Madrid, lige i n\u00e6rheden af Folkoperan. Hvis du ogs\u00e5 vil v\u00e6re en del af det, s\u00e5 v\u00e6lg det p\u00e5 formularen.<\/p>\n\n\n\n<p>Udbetaling sker i efter\u00e5ret. Billetter koster 415 SEK per person.<\/p>\n\n\n\n<p>Tilmelding lukket<\/p>","protected":false},"excerpt":{"rendered":"<p>TOSCA En dag, tre s\u00e4tt att d\u00f6. Vi g\u00e5r p\u00e5 Opera igen. En l\u00e5ng tradition forts\u00e4tter. Denna g\u00e5ng \u00e4r det en fantastisk upps\u00e4ttning av den klassiska operan Tosca. En thrillerartad opera som utspelar sig i en tid av politisk oro och krig. I centrum st\u00e5r operas\u00e5ngerskan Floria Tosca, hennes \u00e4lskade, konstn\u00e4ren och frihetsk\u00e4mpen Mario Cavaradossi [&hellip;]<\/p>\n","protected":false},"author":203917875,"featured_media":0,"parent":0,"menu_order":0,"comment_status":"closed","ping_status":"closed","template":"","meta":{"_coblocks_attr":"","_coblocks_dimensions":"","_coblocks_responsive_height":"","_coblocks_accordion_ie_support":"","footnotes":""},"class_list":["post-7996","page","type-page","status-publish","hentry"],"yoast_head":"<!-- This site is optimized with the Yoast SEO plugin v27.2 - https:\/\/yoast.com\/product\/yoast-seo-wordpress\/ -->\n<title>Vi g\u00e5r p\u00e5 Opera 1 Oktober 2025 - INZAIN Cycling EXPERIENCES<\/title>\n<meta name=\"robots\" content=\"index, follow, max-snippet:-1, max-image-preview:large, max-video-preview:-1\" \/>\n<link rel=\"canonical\" href=\"https:\/\/inzain.bike\/da\/tosca\/\" \/>\n<meta property=\"og:locale\" content=\"da_DK\" \/>\n<meta property=\"og:type\" content=\"article\" \/>\n<meta property=\"og:title\" content=\"Vi g\u00e5r p\u00e5 Opera 1 Oktober 2025 - INZAIN Cycling EXPERIENCES\" \/>\n<meta property=\"og:description\" content=\"TOSCA En dag, tre s\u00e4tt att d\u00f6. Vi g\u00e5r p\u00e5 Opera igen. En l\u00e5ng tradition forts\u00e4tter. Denna g\u00e5ng \u00e4r det en fantastisk upps\u00e4ttning av den klassiska operan Tosca. En thrillerartad opera som utspelar sig i en tid av politisk oro och krig. I centrum st\u00e5r operas\u00e5ngerskan Floria Tosca, hennes \u00e4lskade, konstn\u00e4ren och frihetsk\u00e4mpen Mario Cavaradossi [&hellip;]\" \/>\n<meta property=\"og:url\" content=\"https:\/\/inzain.bike\/da\/tosca\/\" \/>\n<meta property=\"og:site_name\" content=\"INZAIN Cycling EXPERIENCES\" \/>\n<meta property=\"article:publisher\" content=\"https:\/\/www.facebook.com\/Inzain.bike\" \/>\n<meta property=\"article:modified_time\" content=\"2025-09-12T06:40:27+00:00\" \/>\n<meta property=\"og:image\" content=\"https:\/\/inzain.bike\/wp-content\/uploads\/2025\/03\/tosca2.webp\" \/>\n\t<meta property=\"og:image:width\" content=\"750\" \/>\n\t<meta property=\"og:image:height\" content=\"1000\" \/>\n\t<meta property=\"og:image:type\" content=\"image\/webp\" \/>\n<meta name=\"twitter:card\" content=\"summary_large_image\" \/>\n<meta name=\"twitter:label1\" content=\"Estimeret l\u00e6setid\" \/>\n\t<meta name=\"twitter:data1\" content=\"2 minutter\" \/>\n<script type=\"application\/ld+json\" class=\"yoast-schema-graph\">{\"@context\":\"https:\/\/schema.org\",\"@graph\":[{\"@type\":\"WebPage\",\"@id\":\"https:\/\/inzain.bike\/tosca\/\",\"url\":\"https:\/\/inzain.bike\/tosca\/\",\"name\":\"Vi g\u00e5r p\u00e5 Opera 1 Oktober 2025 - INZAIN Cycling EXPERIENCES\",\"isPartOf\":{\"@id\":\"https:\/\/inzain.bike\/fr_be\/#website\"},\"primaryImageOfPage\":{\"@id\":\"https:\/\/inzain.bike\/tosca\/#primaryimage\"},\"image\":{\"@id\":\"https:\/\/inzain.bike\/tosca\/#primaryimage\"},\"thumbnailUrl\":\"https:\/\/inzain.bike\/wp-content\/uploads\/2025\/03\/tosca2.webp\",\"datePublished\":\"2025-03-31T08:33:24+00:00\",\"dateModified\":\"2025-09-12T06:40:27+00:00\",\"breadcrumb\":{\"@id\":\"https:\/\/inzain.bike\/tosca\/#breadcrumb\"},\"inLanguage\":\"da-DK\",\"potentialAction\":[{\"@type\":\"ReadAction\",\"target\":[\"https:\/\/inzain.bike\/tosca\/\"]}]},{\"@type\":\"ImageObject\",\"inLanguage\":\"da-DK\",\"@id\":\"https:\/\/inzain.bike\/tosca\/#primaryimage\",\"url\":\"https:\/\/inzain.bike\/wp-content\/uploads\/2025\/03\/tosca2.webp\",\"contentUrl\":\"https:\/\/inzain.bike\/wp-content\/uploads\/2025\/03\/tosca2.webp\"},{\"@type\":\"BreadcrumbList\",\"@id\":\"https:\/\/inzain.bike\/tosca\/#breadcrumb\",\"itemListElement\":[{\"@type\":\"ListItem\",\"position\":1,\"name\":\"Hem\",\"item\":\"https:\/\/inzain.bike\/fr_be\/\"},{\"@type\":\"ListItem\",\"position\":2,\"name\":\"Vi g\u00e5r p\u00e5 Opera 1 Oktober 2025\"}]},{\"@type\":\"WebSite\",\"@id\":\"https:\/\/inzain.bike\/fr_be\/#website\",\"url\":\"https:\/\/inzain.bike\/fr_be\/\",\"name\":\"INZAIN Cycling EXPERIENCES\",\"description\":\"Cyckling Adventures  - for everyone\",\"publisher\":{\"@id\":\"https:\/\/inzain.bike\/fr_be\/#organization\"},\"alternateName\":\"INZAIN Gravel & Travel\",\"potentialAction\":[{\"@type\":\"SearchAction\",\"target\":{\"@type\":\"EntryPoint\",\"urlTemplate\":\"https:\/\/inzain.bike\/fr_be\/?s={search_term_string}\"},\"query-input\":{\"@type\":\"PropertyValueSpecification\",\"valueRequired\":true,\"valueName\":\"search_term_string\"}}],\"inLanguage\":\"da-DK\"},{\"@type\":\"Organization\",\"@id\":\"https:\/\/inzain.bike\/fr_be\/#organization\",\"name\":\"INZAIN Cycling EXPERIENCES\",\"url\":\"https:\/\/inzain.bike\/fr_be\/\",\"logo\":{\"@type\":\"ImageObject\",\"inLanguage\":\"da-DK\",\"@id\":\"https:\/\/inzain.bike\/fr_be\/#\/schema\/logo\/image\/\",\"url\":\"https:\/\/i0.wp.com\/inzain.bike\/wp-content\/uploads\/2023\/09\/cropped-INZAIN_512x512_white.png?fit=512%2C512&ssl=1\",\"contentUrl\":\"https:\/\/i0.wp.com\/inzain.bike\/wp-content\/uploads\/2023\/09\/cropped-INZAIN_512x512_white.png?fit=512%2C512&ssl=1\",\"width\":512,\"height\":512,\"caption\":\"INZAIN Cycling EXPERIENCES\"},\"image\":{\"@id\":\"https:\/\/inzain.bike\/fr_be\/#\/schema\/logo\/image\/\"},\"sameAs\":[\"https:\/\/www.facebook.com\/Inzain.bike\",\"https:\/\/www.instagram.com\/inzainbike\"]}]}<\/script>\n<!-- \/ Yoast SEO plugin. -->","yoast_head_json":{"title":"Vi g\u00e5r p\u00e5 Opera 1 Oktober 2025 - INZAIN Cycling EXPERIENCES","robots":{"index":"index","follow":"follow","max-snippet":"max-snippet:-1","max-image-preview":"max-image-preview:large","max-video-preview":"max-video-preview:-1"},"canonical":"https:\/\/inzain.bike\/da\/tosca\/","og_locale":"da_DK","og_type":"article","og_title":"Vi g\u00e5r p\u00e5 Opera 1 Oktober 2025 - INZAIN Cycling EXPERIENCES","og_description":"TOSCA En dag, tre s\u00e4tt att d\u00f6. Vi g\u00e5r p\u00e5 Opera igen. En l\u00e5ng tradition forts\u00e4tter. Denna g\u00e5ng \u00e4r det en fantastisk upps\u00e4ttning av den klassiska operan Tosca. En thrillerartad opera som utspelar sig i en tid av politisk oro och krig. I centrum st\u00e5r operas\u00e5ngerskan Floria Tosca, hennes \u00e4lskade, konstn\u00e4ren och frihetsk\u00e4mpen Mario Cavaradossi [&hellip;]","og_url":"https:\/\/inzain.bike\/da\/tosca\/","og_site_name":"INZAIN Cycling EXPERIENCES","article_publisher":"https:\/\/www.facebook.com\/Inzain.bike","article_modified_time":"2025-09-12T06:40:27+00:00","og_image":[{"width":750,"height":1000,"url":"https:\/\/inzain.bike\/wp-content\/uploads\/2025\/03\/tosca2.webp","type":"image\/webp"}],"twitter_card":"summary_large_image","twitter_misc":{"Estimeret l\u00e6setid":"2 minutter"},"schema":{"@context":"https:\/\/schema.org","@graph":[{"@type":"WebPage","@id":"https:\/\/inzain.bike\/tosca\/","url":"https:\/\/inzain.bike\/tosca\/","name":"Vi g\u00e5r p\u00e5 Opera 1 Oktober 2025 - INZAIN Cycling EXPERIENCES","isPartOf":{"@id":"https:\/\/inzain.bike\/fr_be\/#website"},"primaryImageOfPage":{"@id":"https:\/\/inzain.bike\/tosca\/#primaryimage"},"image":{"@id":"https:\/\/inzain.bike\/tosca\/#primaryimage"},"thumbnailUrl":"https:\/\/inzain.bike\/wp-content\/uploads\/2025\/03\/tosca2.webp","datePublished":"2025-03-31T08:33:24+00:00","dateModified":"2025-09-12T06:40:27+00:00","breadcrumb":{"@id":"https:\/\/inzain.bike\/tosca\/#breadcrumb"},"inLanguage":"da-DK","potentialAction":[{"@type":"ReadAction","target":["https:\/\/inzain.bike\/tosca\/"]}]},{"@type":"ImageObject","inLanguage":"da-DK","@id":"https:\/\/inzain.bike\/tosca\/#primaryimage","url":"https:\/\/inzain.bike\/wp-content\/uploads\/2025\/03\/tosca2.webp","contentUrl":"https:\/\/inzain.bike\/wp-content\/uploads\/2025\/03\/tosca2.webp"},{"@type":"BreadcrumbList","@id":"https:\/\/inzain.bike\/tosca\/#breadcrumb","itemListElement":[{"@type":"ListItem","position":1,"name":"Hem","item":"https:\/\/inzain.bike\/fr_be\/"},{"@type":"ListItem","position":2,"name":"Vi g\u00e5r p\u00e5 Opera 1 Oktober 2025"}]},{"@type":"WebSite","@id":"https:\/\/inzain.bike\/fr_be\/#website","url":"https:\/\/inzain.bike\/fr_be\/","name":"INZAIN CykelOPLEVELSER","description":"Cykeleventyr - for alle","publisher":{"@id":"https:\/\/inzain.bike\/fr_be\/#organization"},"alternateName":"INZAIN Gravel & Travel","potentialAction":[{"@type":"SearchAction","target":{"@type":"EntryPoint","urlTemplate":"https:\/\/inzain.bike\/fr_be\/?s={search_term_string}"},"query-input":{"@type":"PropertyValueSpecification","valueRequired":true,"valueName":"search_term_string"}}],"inLanguage":"da-DK"},{"@type":"Organization","@id":"https:\/\/inzain.bike\/fr_be\/#organization","name":"INZAIN CykelOPLEVELSER","url":"https:\/\/inzain.bike\/fr_be\/","logo":{"@type":"ImageObject","inLanguage":"da-DK","@id":"https:\/\/inzain.bike\/fr_be\/#\/schema\/logo\/image\/","url":"https:\/\/i0.wp.com\/inzain.bike\/wp-content\/uploads\/2023\/09\/cropped-INZAIN_512x512_white.png?fit=512%2C512&ssl=1","contentUrl":"https:\/\/i0.wp.com\/inzain.bike\/wp-content\/uploads\/2023\/09\/cropped-INZAIN_512x512_white.png?fit=512%2C512&ssl=1","width":512,"height":512,"caption":"INZAIN Cycling EXPERIENCES"},"image":{"@id":"https:\/\/inzain.bike\/fr_be\/#\/schema\/logo\/image\/"},"sameAs":["https:\/\/www.facebook.com\/Inzain.bike","https:\/\/www.instagram.com\/inzainbike"]}]}},"amp_enabled":true,"_links":{"self":[{"href":"https:\/\/inzain.bike\/da\/wp-json\/wp\/v2\/pages\/7996","targetHints":{"allow":["GET"]}}],"collection":[{"href":"https:\/\/inzain.bike\/da\/wp-json\/wp\/v2\/pages"}],"about":[{"href":"https:\/\/inzain.bike\/da\/wp-json\/wp\/v2\/types\/page"}],"author":[{"embeddable":true,"href":"https:\/\/inzain.bike\/da\/wp-json\/wp\/v2\/users\/203917875"}],"replies":[{"embeddable":true,"href":"https:\/\/inzain.bike\/da\/wp-json\/wp\/v2\/comments?post=7996"}],"version-history":[{"count":5,"href":"https:\/\/inzain.bike\/da\/wp-json\/wp\/v2\/pages\/7996\/revisions"}],"predecessor-version":[{"id":8716,"href":"https:\/\/inzain.bike\/da\/wp-json\/wp\/v2\/pages\/7996\/revisions\/8716"}],"wp:attachment":[{"href":"https:\/\/inzain.bike\/da\/wp-json\/wp\/v2\/media?parent=7996"}],"curies":[{"name":"wp","href":"https:\/\/api.w.org\/{rel}","templated":true}]}}