{"id":5760,"date":"2023-11-22T14:44:54","date_gmt":"2023-11-22T13:44:54","guid":{"rendered":"https:\/\/inzain.bike\/?page_id=5760"},"modified":"2025-04-25T12:34:00","modified_gmt":"2025-04-25T10:34:00","slug":"sor25","status":"publish","type":"page","link":"https:\/\/inzain.bike\/de\/sor25\/","title":{"rendered":"S\u00f6rmland Gravel Camp 2025"},"content":{"rendered":"<div class=\"wp-block-columns alignwide is-layout-flex wp-container-core-columns-is-layout-28f84493 wp-block-columns-is-layout-flex\">\n<div class=\"wp-block-column is-layout-flow wp-block-column-is-layout-flow\">\n<p>Die Veranstaltung wurde abgesagt \u2013 zu wenige Anmeldungen.<br><br><strong>Gravel Camp in S\u00f6rmland 17.-18. Mai. Zwei volle Tage fantastischen Radfahrens<\/strong><br><br>S\u00f6rmland in Schweden ist ein wahres Eldorado f\u00fcr Gravel-Radfahrer.<\/p>\n\n\n\n<p>Riesiges Netz an sch\u00f6nen Stra\u00dfen, vielen Seen, Kopfsteinpflasterstra\u00dfen und Feldern. Das Radfahren ist abwechslungsreich mit Kulturlandschaften, W\u00e4ldern und Seen.<br><br>Die Veranstaltung findet an einem Wochenende mit zwei \u00dcbernachtungen mit Fr\u00fchst\u00fcck statt. Wir werden an sch\u00f6ne Orte kommen, um Kaffee zu trinken und zu Mittag zu essen. Unser Begleitwagen hilft bei Bedarf mit Wasser und Energie. Es bietet auch Sicherheit, falls Ihnen oder Ihrem Fahrrad etwas zusto\u00dfen sollte. Neben Pumpen und medizinischen Ger\u00e4ten verf\u00fcgen wir auch \u00fcber Ersatzteile und Werkzeuge.<\/p>\n\n\n\n<figure class=\"wp-block-embed is-type-video is-provider-youtube wp-block-embed-youtube wp-embed-aspect-16-9 wp-has-aspect-ratio\"><div class=\"wp-block-embed__wrapper\">\n<iframe loading=\"lazy\" title=\"INZAIN S\u00f6rmland Gravel Camp\" width=\"500\" height=\"281\" src=\"https:\/\/www.youtube.com\/embed\/cNxMi_GqjyE?feature=oembed\" frameborder=\"0\" allow=\"accelerometer; autoplay; clipboard-write; encrypted-media; gyroscope; picture-in-picture; web-share\" referrerpolicy=\"strict-origin-when-cross-origin\" allowfullscreen><\/iframe>\n<\/div><\/figure>\n\n\n\n<p><\/p>\n\n\n\n<p>Lesen Sie weiter unten mehr \u00fcber die verschiedenen Teile der Reise. Herzlich willkommen im S\u00f6rmland Gravel Camp 2025.<\/p>\n<\/div>\n<\/div>\n\n\n\n<div class=\"wp-block-columns alignwide is-layout-flex wp-container-core-columns-is-layout-f1061711 wp-block-columns-is-layout-flex\" style=\"padding-right:var(--wp--preset--spacing--20);padding-left:var(--wp--preset--spacing--20)\">\n<div class=\"wp-block-column is-layout-flow wp-block-column-is-layout-flow\" style=\"border-width:1px;padding-top:var(--wp--preset--spacing--20);padding-right:var(--wp--preset--spacing--20);padding-bottom:var(--wp--preset--spacing--20);padding-left:var(--wp--preset--spacing--20)\">\n<div class=\"wp-block-flipbox-block-flipbox flip-box-block\" style=\"height:460px\"><div class=\"flip-box-block-innner\">\n<div class=\"wp-block-flipbox-block-flipbox-front flip-box-block-front\"><div class=\"flip-box-block-front-inner is-layout-flow wp-block-flipbox-block-flipbox-front-is-layout-flow\">\n<div class=\"wp-block-group has-global-padding is-layout-constrained wp-container-core-group-is-layout-79fec9c1 wp-block-group-is-layout-constrained\" style=\"min-height:400px;margin-top:0;margin-bottom:0;padding-top:0;padding-right:0;padding-bottom:0;padding-left:0\">\n<div class=\"wp-block-cover is-light is-style-default has-base-color has-text-color has-link-color has-x-large-font-size wp-elements-38fd2a937edbfa5fea68dc78cdb8e10c wp-duotone-unset-1\" style=\"border-width:1px;min-height:460px;aspect-ratio:unset;aspect-ratio:unset;\"><img loading=\"lazy\" decoding=\"async\" width=\"1200\" height=\"900\" class=\"wp-block-cover__image-background wp-image-5770\" alt=\"\" src=\"https:\/\/inzain.bike\/wp-content\/uploads\/2023\/11\/60914680.jpg\" data-object-fit=\"cover\" srcset=\"https:\/\/inzain.bike\/wp-content\/uploads\/2023\/11\/60914680.jpg 1200w, https:\/\/inzain.bike\/wp-content\/uploads\/2023\/11\/60914680-300x225.jpg 300w, https:\/\/inzain.bike\/wp-content\/uploads\/2023\/11\/60914680-1024x768.jpg 1024w, https:\/\/inzain.bike\/wp-content\/uploads\/2023\/11\/60914680-768x576.jpg 768w, https:\/\/inzain.bike\/wp-content\/uploads\/2023\/11\/60914680-16x12.jpg 16w, https:\/\/inzain.bike\/wp-content\/uploads\/2023\/11\/60914680-600x450.jpg 600w\" sizes=\"auto, (max-width: 1200px) 100vw, 1200px\" \/><span aria-hidden=\"true\" class=\"wp-block-cover__background has-background-dim\" style=\"background-color:#8c7462\"><\/span><div class=\"wp-block-cover__inner-container has-global-padding is-layout-constrained wp-block-cover-is-layout-constrained\">\n<p class=\"has-text-align-center is-style-default has-xxx-large-font-size has-custom-weight has-custom-lineheight\" style=\"line-height:1.97;font-weight:bold;font-size:86px\">Unterkunft<\/p>\n<\/div><\/div>\n<\/div>\n<\/div><\/div>\n\n\n\n<div class=\"wp-block-flipbox-block-flipbox-back flip-box-block-back\"><div class=\"flip-box-block-back-inner is-layout-flow wp-block-flipbox-block-flipbox-back-is-layout-flow\">\n<div class=\"wp-block-columns alignwide is-layout-flex wp-container-core-columns-is-layout-d2da2050 wp-block-columns-is-layout-flex\" style=\"margin-bottom:0\">\n<div class=\"wp-block-column has-pale-cyan-blue-background-color has-text-color has-background has-link-color wp-elements-f541e3338ce4c34a3fbd33f4ec867479 is-layout-flow wp-block-column-is-layout-flow\" style=\"color:#000000;padding-top:2em;padding-right:2em;padding-bottom:2em;padding-left:2em\">\n<h2 class=\"wp-block-heading\" id=\"single\" style=\"font-size:clamp(24.034px, 1.502rem + ((1vw - 3.2px) * 1.438), 40px);\"><strong>Unterkunft<\/strong><\/h2>\n\n\n\n<p class=\"has-normal-font-size\" style=\"line-height:1.5\">Wir \u00fcbernachten in einem Hotel in Eskilstuna.<br>\u00dcbernachtung Freitag-Sonntag<br>Das Fr\u00fchst\u00fcck ist am Samstag und Sonntag inbegriffen.<\/p>\n\n\n\n<hr class=\"wp-block-separator has-text-color has-css-opacity has-background is-style-wide\" style=\"background-color:#000000;color:#000000\"\/>\n\n\n\n<ul class=\"wp-block-list has-normal-font-size\">\n<li>Direkt an den Schotterstra\u00dfen<\/li>\n\n\n\n<li>Komfortable Zimmer<\/li>\n\n\n\n<li>W\u00e4hlen Sie Einzelzimmer oder Mehrbettzimmer<\/li>\n<\/ul>\n\n\n\n<div style=\"height:77px\" aria-hidden=\"true\" class=\"wp-block-spacer\"><\/div>\n<\/div>\n<\/div>\n<\/div><\/div>\n<\/div><\/div>\n<\/div>\n\n\n\n<div class=\"wp-block-column is-layout-flow wp-block-column-is-layout-flow\" style=\"border-width:1px;padding-top:var(--wp--preset--spacing--20);padding-right:var(--wp--preset--spacing--20);padding-bottom:var(--wp--preset--spacing--20);padding-left:var(--wp--preset--spacing--20)\">\n<div class=\"wp-block-flipbox-block-flipbox flip-box-block\" style=\"height:460px\"><div class=\"flip-box-block-innner\">\n<div class=\"wp-block-flipbox-block-flipbox-front flip-box-block-front\"><div class=\"flip-box-block-front-inner is-layout-flow wp-block-flipbox-block-flipbox-front-is-layout-flow\">\n<div class=\"wp-block-group has-global-padding is-layout-constrained wp-container-core-group-is-layout-79fec9c1 wp-block-group-is-layout-constrained\" style=\"min-height:400px;margin-top:0;margin-bottom:0;padding-top:0;padding-right:0;padding-bottom:0;padding-left:0\">\n<div class=\"wp-block-cover is-light\" style=\"min-height:460px;aspect-ratio:unset;aspect-ratio:unset;\"><img loading=\"lazy\" decoding=\"async\" width=\"720\" height=\"720\" class=\"wp-block-cover__image-background wp-image-5772\" alt=\"\" src=\"https:\/\/inzain.bike\/wp-content\/uploads\/2023\/11\/mat3.jpg\" data-object-fit=\"cover\" srcset=\"https:\/\/inzain.bike\/wp-content\/uploads\/2023\/11\/mat3.jpg 720w, https:\/\/inzain.bike\/wp-content\/uploads\/2023\/11\/mat3-300x300.jpg 300w, https:\/\/inzain.bike\/wp-content\/uploads\/2023\/11\/mat3-150x150.jpg 150w, https:\/\/inzain.bike\/wp-content\/uploads\/2023\/11\/mat3-12x12.jpg 12w, https:\/\/inzain.bike\/wp-content\/uploads\/2023\/11\/mat3-600x600.jpg 600w, https:\/\/inzain.bike\/wp-content\/uploads\/2023\/11\/mat3-100x100.jpg 100w\" sizes=\"auto, (max-width: 720px) 100vw, 720px\" \/><span aria-hidden=\"true\" class=\"wp-block-cover__background has-background-dim\" style=\"background-color:#9e9a90\"><\/span><div class=\"wp-block-cover__inner-container has-global-padding is-layout-constrained wp-block-cover-is-layout-constrained\">\n<p class=\"has-text-align-center has-xxx-large-font-size\" style=\"font-size:86px\"><strong>Essen<\/strong><\/p>\n<\/div><\/div>\n<\/div>\n<\/div><\/div>\n\n\n\n<div class=\"wp-block-flipbox-block-flipbox-back flip-box-block-back\"><div class=\"flip-box-block-back-inner is-layout-flow wp-block-flipbox-block-flipbox-back-is-layout-flow\">\n<div class=\"wp-block-columns alignwide is-layout-flex wp-container-core-columns-is-layout-d2da2050 wp-block-columns-is-layout-flex\" style=\"margin-bottom:0\">\n<div class=\"wp-block-column has-pale-pink-background-color has-text-color has-background has-link-color wp-elements-ce9147de39de420c93afbacabac31db4 is-layout-flow wp-block-column-is-layout-flow\" style=\"color:#000000;padding-top:2em;padding-right:2em;padding-bottom:2em;padding-left:2em\">\n<h2 class=\"wp-block-heading\" id=\"single\" style=\"font-size:clamp(24.034px, 1.502rem + ((1vw - 3.2px) * 1.438), 40px);\"><strong>ESSEN<\/strong><\/h2>\n\n\n\n<p class=\"has-normal-font-size\" style=\"line-height:1.5\">Super Fr\u00fchst\u00fcck inklusive Samstag und Sonntag<br>Am Samstagabend k\u00f6nnen Sie ein fantastisches Abendessen im Hotel w\u00e4hlen oder drinnen in Eskilstuna essen.<\/p>\n\n\n\n<hr class=\"wp-block-separator has-text-color has-css-opacity has-background is-style-wide\" style=\"background-color:#000000;color:#000000\"\/>\n\n\n\n<ul class=\"wp-block-list has-normal-font-size\">\n<li>Sch\u00f6ne Mittags- und Kaffeelokale<\/li>\n\n\n\n<li>Super Fr\u00fchst\u00fcck<\/li>\n\n\n\n<li>Vegetarier? Vegan? Koscher? Alles ist vorhanden<\/li>\n<\/ul>\n\n\n\n<div style=\"height:81px\" aria-hidden=\"true\" class=\"wp-block-spacer\"><\/div>\n<\/div>\n<\/div>\n<\/div><\/div>\n<\/div><\/div>\n<\/div>\n\n\n\n<div class=\"wp-block-column is-layout-flow wp-block-column-is-layout-flow\" style=\"border-width:1px;padding-top:var(--wp--preset--spacing--20);padding-right:var(--wp--preset--spacing--20);padding-bottom:var(--wp--preset--spacing--20);padding-left:var(--wp--preset--spacing--20)\">\n<div class=\"wp-block-flipbox-block-flipbox flip-box-block\" style=\"height:460px\"><div class=\"flip-box-block-innner\">\n<div class=\"wp-block-flipbox-block-flipbox-front flip-box-block-front\"><div class=\"flip-box-block-front-inner is-layout-flow wp-block-flipbox-block-flipbox-front-is-layout-flow\">\n<div class=\"wp-block-group has-global-padding is-layout-constrained wp-container-core-group-is-layout-79fec9c1 wp-block-group-is-layout-constrained\" style=\"min-height:400px;margin-top:0;margin-bottom:0;padding-top:0;padding-right:0;padding-bottom:0;padding-left:0\">\n<div class=\"wp-block-cover is-light\" style=\"min-height:460px;aspect-ratio:unset;aspect-ratio:unset;\"><img decoding=\"async\" class=\"wp-block-cover__image-background wp-image-5775\" alt=\"\" src=\"https:\/\/inzain.bike\/wp-content\/uploads\/2023\/11\/96084082_2676344519316280_217199914952687616_n.jpg\" data-object-fit=\"cover\"\/><span aria-hidden=\"true\" class=\"wp-block-cover__background has-background-dim\" style=\"background-color:#92a1bc\"><\/span><div class=\"wp-block-cover__inner-container has-global-padding is-layout-constrained wp-block-cover-is-layout-constrained\">\n<p class=\"has-text-align-center has-xxx-large-font-size\"><strong>Radfahren<\/strong><\/p>\n<\/div><\/div>\n<\/div>\n<\/div><\/div>\n\n\n\n<div class=\"wp-block-flipbox-block-flipbox-back flip-box-block-back\"><div class=\"flip-box-block-back-inner is-layout-flow wp-block-flipbox-block-flipbox-back-is-layout-flow\">\n<div class=\"wp-block-columns alignwide is-layout-flex wp-container-core-columns-is-layout-d2da2050 wp-block-columns-is-layout-flex\" style=\"margin-bottom:0\">\n<div class=\"wp-block-column has-light-green-cyan-background-color has-text-color has-background has-link-color wp-elements-be97cc20b771f7641e2f2d94baa6deda is-layout-flow wp-block-column-is-layout-flow\" style=\"color:#000000;padding-top:2em;padding-right:2em;padding-bottom:2em;padding-left:2em\">\n<h2 class=\"wp-block-heading\" id=\"single\" style=\"font-size:clamp(24.034px, 1.502rem + ((1vw - 3.2px) * 1.438), 40px);\"><strong><strong>Radfahren<\/strong><\/strong><\/h2>\n\n\n\n<p class=\"has-normal-font-size\" style=\"line-height:1.5\">Wir fahren Schotter auf den sch\u00f6nsten Stra\u00dfen, die S\u00f6rmland zu bieten hat. Meer, Waldfelder, Kulturlandschaft und Burg.<br><\/p>\n\n\n\n<hr class=\"wp-block-separator has-text-color has-css-opacity has-background is-style-wide\" style=\"background-color:#000000;color:#000000\"\/>\n\n\n\n<ul class=\"wp-block-list has-normal-font-size\">\n<li>Kies<\/li>\n\n\n\n<li>Fantastische Stra\u00dfen<\/li>\n\n\n\n<li>Mittagskaffee der Spitzenklasse<\/li>\n<\/ul>\n\n\n\n<div class=\"wp-block-buttons alignfull is-horizontal is-content-justification-center is-layout-flex wp-container-core-buttons-is-layout-03627597 wp-block-buttons-is-layout-flex\">\n<div class=\"wp-block-button has-custom-width wp-block-button__width-100\"><a class=\"wp-block-button__link has-white-color has-text-color has-background no-border-radius wp-element-button\" href=\"https:\/\/inzain.bike\/de\/sor25-cykling\/\" style=\"background-color:#000000\">Mehr lesen<\/a><\/div>\n<\/div>\n<\/div>\n<\/div>\n<\/div><\/div>\n<\/div><\/div>\n<\/div>\n<\/div>\n\n\n\n<div class=\"wp-block-columns alignwide is-layout-flex wp-container-core-columns-is-layout-f1061711 wp-block-columns-is-layout-flex\" style=\"padding-right:var(--wp--preset--spacing--20);padding-left:var(--wp--preset--spacing--20)\">\n<div class=\"wp-block-column is-layout-flow wp-block-column-is-layout-flow\" style=\"border-width:1px;padding-top:var(--wp--preset--spacing--20);padding-right:var(--wp--preset--spacing--20);padding-bottom:var(--wp--preset--spacing--20);padding-left:var(--wp--preset--spacing--20)\">\n<div class=\"wp-block-flipbox-block-flipbox flip-box-block\" style=\"height:460px\"><div class=\"flip-box-block-innner\">\n<div class=\"wp-block-flipbox-block-flipbox-front flip-box-block-front\"><div class=\"flip-box-block-front-inner is-layout-flow wp-block-flipbox-block-flipbox-front-is-layout-flow\">\n<div class=\"wp-block-group has-global-padding is-layout-constrained wp-container-core-group-is-layout-79fec9c1 wp-block-group-is-layout-constrained\" style=\"min-height:400px;margin-top:0;margin-bottom:0;padding-top:0;padding-right:0;padding-bottom:0;padding-left:0\">\n<div class=\"wp-block-cover is-light is-style-default has-xxx-large-font-size\" style=\"border-width:1px;min-height:460px;aspect-ratio:unset;aspect-ratio:unset;\"><img decoding=\"async\" class=\"wp-block-cover__image-background wp-image-3914\" alt=\"\" src=\"https:\/\/inzain.bike\/wp-content\/uploads\/2023\/10\/DSC1577.jpg\" data-object-fit=\"cover\"\/><span aria-hidden=\"true\" class=\"wp-block-cover__background has-background-dim\" style=\"background-color:#adc4cb\"><\/span><div class=\"wp-block-cover__inner-container has-global-padding is-layout-constrained wp-block-cover-is-layout-constrained\">\n<p class=\"has-text-align-center is-style-default has-xxx-large-font-size has-custom-weight\" style=\"font-weight:bold;font-size:66px\"><strong>Rezensionen<\/strong><\/p>\n<\/div><\/div>\n<\/div>\n<\/div><\/div>\n\n\n\n<div class=\"wp-block-flipbox-block-flipbox-back flip-box-block-back\"><div class=\"flip-box-block-back-inner is-layout-flow wp-block-flipbox-block-flipbox-back-is-layout-flow\">\n<div class=\"wp-block-columns alignwide is-layout-flex wp-container-core-columns-is-layout-d2da2050 wp-block-columns-is-layout-flex\" style=\"margin-bottom:0\">\n<div class=\"wp-block-column has-luminous-vivid-amber-background-color has-text-color has-background has-link-color wp-elements-6dc47d527d23598c1181fed072b31014 is-layout-flow wp-block-column-is-layout-flow\" style=\"color:#000000;padding-top:2em;padding-right:2em;padding-bottom:2em;padding-left:2em\">\n<h2 class=\"wp-block-heading\" id=\"single\" style=\"font-size:clamp(24.034px, 1.502rem + ((1vw - 3.2px) * 1.438), 40px);\"><strong>Rezensionen<\/strong><\/h2>\n\n\n\n<p class=\"has-roboto-font-family has-normal-font-size has-custom-font\" style=\"line-height:1.5;font-family:Roboto;font-size:16px\"><em>\u201eSchloss Nyn\u00e4s und die Steint\u00fcr, wow. Bester Ausflug, den ich je machte&quot;<\/em><br><br><em>\u201eS\u00f6rmland, was f\u00fcr eine Schatztruhe an unbefestigten Stra\u00dfen\u201c<\/em><br><br><em>\u201eWie findet man all diese Perlen? Ohne euch w\u00e4re ich nie dazu gekommen, danke!\u201c<\/em><br><br><br><em>\u201eIch kann es kaum erwarten, bis 2025. Wie wollen Sie dieses Lager besiegen?\u201c<\/em><br><\/p>\n<\/div>\n<\/div>\n<\/div><\/div>\n<\/div><\/div>\n<\/div>\n\n\n\n<div class=\"wp-block-column is-layout-flow wp-block-column-is-layout-flow\" style=\"border-width:1px;padding-top:var(--wp--preset--spacing--20);padding-right:var(--wp--preset--spacing--20);padding-bottom:var(--wp--preset--spacing--20);padding-left:var(--wp--preset--spacing--20)\">\n<div class=\"wp-block-flipbox-block-flipbox flip-box-block\" style=\"height:460px\"><div class=\"flip-box-block-innner\">\n<div class=\"wp-block-flipbox-block-flipbox-front flip-box-block-front\"><div class=\"flip-box-block-front-inner is-layout-flow wp-block-flipbox-block-flipbox-front-is-layout-flow\">\n<div class=\"wp-block-group has-global-padding is-layout-constrained wp-container-core-group-is-layout-79fec9c1 wp-block-group-is-layout-constrained\" style=\"min-height:400px;margin-top:0;margin-bottom:0;padding-top:0;padding-right:0;padding-bottom:0;padding-left:0\">\n<div class=\"wp-block-cover\" style=\"min-height:460px;aspect-ratio:unset;aspect-ratio:unset;\"><img loading=\"lazy\" decoding=\"async\" width=\"1024\" height=\"768\" class=\"wp-block-cover__image-background wp-image-5784\" alt=\"\" src=\"https:\/\/inzain.bike\/wp-content\/uploads\/2023\/11\/sormland.jpg\" data-object-fit=\"cover\" srcset=\"https:\/\/inzain.bike\/wp-content\/uploads\/2023\/11\/sormland.jpg 1024w, https:\/\/inzain.bike\/wp-content\/uploads\/2023\/11\/sormland-300x225.jpg 300w, https:\/\/inzain.bike\/wp-content\/uploads\/2023\/11\/sormland-768x576.jpg 768w, https:\/\/inzain.bike\/wp-content\/uploads\/2023\/11\/sormland-16x12.jpg 16w, https:\/\/inzain.bike\/wp-content\/uploads\/2023\/11\/sormland-600x450.jpg 600w\" sizes=\"auto, (max-width: 1024px) 100vw, 1024px\" \/><span aria-hidden=\"true\" class=\"wp-block-cover__background has-background-dim\" style=\"background-color:#565c88\"><\/span><div class=\"wp-block-cover__inner-container has-global-padding is-layout-constrained wp-block-cover-is-layout-constrained\">\n<p class=\"has-text-align-center has-xxx-large-font-size\"><strong>S\u00f6rmland<\/strong><\/p>\n<\/div><\/div>\n<\/div>\n<\/div><\/div>\n\n\n\n<div class=\"wp-block-flipbox-block-flipbox-back flip-box-block-back\"><div class=\"flip-box-block-back-inner is-layout-flow wp-block-flipbox-block-flipbox-back-is-layout-flow\">\n<div class=\"wp-block-columns alignwide is-layout-flex wp-container-core-columns-is-layout-d2da2050 wp-block-columns-is-layout-flex\" style=\"margin-bottom:0\">\n<div class=\"wp-block-column has-vivid-cyan-blue-background-color has-text-color has-background has-link-color wp-elements-e392824d2f240e9ababf9cbeeb786c5c is-layout-flow wp-block-column-is-layout-flow\" style=\"color:#000000;padding-top:2em;padding-right:2em;padding-bottom:2em;padding-left:2em\">\n<h2 class=\"wp-block-heading\" id=\"single\" style=\"font-size:clamp(24.034px, 1.502rem + ((1vw - 3.2px) * 1.438), 40px);\"><strong>\u00dcber S\u00f6rmland<\/strong><\/h2>\n\n\n\n<p class=\"has-normal-font-size\" style=\"line-height:1.5;font-size:16px\">S\u00f6rmland ist bekannt f\u00fcr seine wundersch\u00f6ne, h\u00fcgelige Landschaft mit Feldern, Wiesen und Wiesen, die sich mit W\u00e4ldern, Eichenh\u00fcgeln, K\u00fcstenwiesen und artenreichen S\u00fcmpfen abwechseln. <br><br>Dass die Grafschaft h\u00fcgelig ist, liegt daran, dass es sich um eine sogenannte Rift-Valley-Landschaft handelt. Die Rift Valley-Landschaft entstand vor etwa 25 Millionen Jahren.<br><br><br>S\u00f6rmland hat viele Schl\u00f6sser und Herrenh\u00e4user, wir werden einige davon besichtigen-<\/p>\n<\/div>\n<\/div>\n<\/div><\/div>\n<\/div><\/div>\n<\/div>\n\n\n\n<div class=\"wp-block-column is-layout-flow wp-block-column-is-layout-flow\" style=\"border-width:1px;padding-top:var(--wp--preset--spacing--20);padding-right:var(--wp--preset--spacing--20);padding-bottom:var(--wp--preset--spacing--20);padding-left:var(--wp--preset--spacing--20)\">\n<div class=\"wp-block-flipbox-block-flipbox flip-box-block\" style=\"height:460px\"><div class=\"flip-box-block-innner\">\n<div class=\"wp-block-flipbox-block-flipbox-front flip-box-block-front\"><div class=\"flip-box-block-front-inner is-layout-flow wp-block-flipbox-block-flipbox-front-is-layout-flow\">\n<div class=\"wp-block-group has-global-padding is-layout-constrained wp-container-core-group-is-layout-79fec9c1 wp-block-group-is-layout-constrained\" style=\"min-height:400px;margin-top:0;margin-bottom:0;padding-top:0;padding-right:0;padding-bottom:0;padding-left:0\">\n<div class=\"wp-block-cover is-light\" style=\"min-height:460px;aspect-ratio:unset;aspect-ratio:unset;\"><img loading=\"lazy\" decoding=\"async\" width=\"400\" height=\"460\" class=\"wp-block-cover__image-background wp-image-4565\" alt=\"\" src=\"https:\/\/inzain.bike\/wp-content\/uploads\/2023\/11\/resa.png\" data-object-fit=\"cover\" srcset=\"https:\/\/inzain.bike\/wp-content\/uploads\/2023\/11\/resa.png 400w, https:\/\/inzain.bike\/wp-content\/uploads\/2023\/11\/resa-261x300.png 261w, https:\/\/inzain.bike\/wp-content\/uploads\/2023\/11\/resa-10x12.png 10w\" sizes=\"auto, (max-width: 400px) 100vw, 400px\" \/><span aria-hidden=\"true\" class=\"wp-block-cover__background has-background-dim\" style=\"background-color:#c1945d\"><\/span><div class=\"wp-block-cover__inner-container has-global-padding is-layout-constrained wp-block-cover-is-layout-constrained\">\n<p class=\"has-text-align-center has-xxx-large-font-size\"><strong>Reise <\/strong><\/p>\n<\/div><\/div>\n<\/div>\n<\/div><\/div>\n\n\n\n<div class=\"wp-block-flipbox-block-flipbox-back flip-box-block-back\"><div class=\"flip-box-block-back-inner is-layout-flow wp-block-flipbox-block-flipbox-back-is-layout-flow\">\n<div class=\"wp-block-columns alignwide is-layout-flex wp-container-core-columns-is-layout-d2da2050 wp-block-columns-is-layout-flex\" style=\"margin-bottom:0\">\n<div class=\"wp-block-column has-cyan-bluish-gray-background-color has-text-color has-background has-link-color wp-elements-6d97775ae60155c5d1cb483d8518f700 is-layout-flow wp-block-column-is-layout-flow\" style=\"color:#000000;padding-top:2em;padding-right:2em;padding-bottom:2em;padding-left:2em\">\n<h2 class=\"wp-block-heading\" id=\"single\" style=\"font-size:clamp(24.034px, 1.502rem + ((1vw - 3.2px) * 1.438), 40px);\"><strong><strong>Reisen und Transport<\/strong><\/strong><\/h2>\n\n\n\n<div style=\"height:62px\" aria-hidden=\"true\" class=\"wp-block-spacer\"><\/div>\n\n\n\n<p class=\"has-normal-font-size\" style=\"line-height:1.5\">Sie k\u00f6nnen nach Eskilstuna fahren oder den Zug nehmen.<br><br>Wenn Sie Hilfe bei der Reisevorbereitung ben\u00f6tigen, kontaktieren Sie uns bitte.<\/p>\n\n\n\n<div style=\"height:108px\" aria-hidden=\"true\" class=\"wp-block-spacer\"><\/div>\n<\/div>\n<\/div>\n<\/div><\/div>\n<\/div><\/div>\n<\/div>\n<\/div>\n\n\n\n<div class=\"wp-block-columns alignwide is-layout-flex wp-container-core-columns-is-layout-28f84493 wp-block-columns-is-layout-flex\">\n<div class=\"wp-block-column is-layout-flow wp-block-column-is-layout-flow\">\n<p class=\"has-text-align-center\" style=\"font-size:53px\">Buchen Sie Ihr Erlebnis<\/p>\n\n\n\n<div class=\"wp-block-columns is-layout-flex wp-container-core-columns-is-layout-28f84493 wp-block-columns-is-layout-flex\">\n<div class=\"wp-block-column is-layout-flow wp-block-column-is-layout-flow\" style=\"flex-basis:100%\">\n<p class=\"has-text-align-center\">Unser Camp findet am Wochenende vom 17.-18. Mai 2025 statt<br>Die Anzahl der Pl\u00e4tze f\u00fcr dieses exklusive Erlebnis ist begrenzt. <br>Registrieren Sie jetzt unten Ihr Interesse, um die besten Chancen auf eine Teilnahme zu erhalten.<\/p>\n\n\n\n<p><strong>Vergeben<\/strong>: 3.100 SEK im Mehrbettzimmer, +1.500 f\u00fcr ein Einzelzimmer.<br>Was ist enthalten: Zwei \u00dcbernachtungen, Fr\u00fchst\u00fcck, F\u00fchrung, Routen, Begleitfahrzeug mit Wasser und Werkzeug.<br>Registrierung geschlossen<\/p>\n\n\n\n<p><\/p>\n<\/div>\n<\/div>\n\n\n\n<p>Anmeldung.<\/p>\n\n\n\n<hr class=\"wp-block-separator has-alpha-channel-opacity\"\/>\n<\/div>\n<\/div>","protected":false},"excerpt":{"rendered":"<p>Eventet st\u00e4lls in &#8211; f\u00f6r f\u00e5 anm\u00e4lda. Gravel Camp i S\u00f6rmland 17-18 Maj. Tv\u00e5 fulla dagar med fantastisk cykling S\u00f6rmland i Sverige \u00e4r ett riktigt eldorado f\u00f6r gravel cykling. Enorma n\u00e4tverk av fina v\u00e4gar, massor med sj\u00f6ar, ekall\u00e9er och f\u00e4lt. Cyklingen \u00e4r varierad med kulturlandskap, skog och sj\u00f6. Eventet sker \u00f6ver en helg med tv\u00e5 [&hellip;]<\/p>\n","protected":false},"author":135133094,"featured_media":0,"parent":0,"menu_order":0,"comment_status":"closed","ping_status":"closed","template":"","meta":{"_coblocks_attr":"Roboto","_coblocks_dimensions":"","_coblocks_responsive_height":"","_coblocks_accordion_ie_support":"","footnotes":""},"class_list":["post-5760","page","type-page","status-publish","hentry"],"yoast_head":"<!-- This site is optimized with the Yoast SEO plugin v27.2 - https:\/\/yoast.com\/product\/yoast-seo-wordpress\/ -->\n<title>S\u00f6rmland Gravel Camp 2025 - INZAIN Cycling EXPERIENCES<\/title>\n<meta name=\"robots\" content=\"index, follow, max-snippet:-1, max-image-preview:large, max-video-preview:-1\" \/>\n<link rel=\"canonical\" href=\"https:\/\/inzain.bike\/de\/sor25\/\" \/>\n<meta property=\"og:locale\" content=\"de_DE\" \/>\n<meta property=\"og:type\" content=\"article\" \/>\n<meta property=\"og:title\" content=\"S\u00f6rmland Gravel Camp 2025 - INZAIN Cycling EXPERIENCES\" \/>\n<meta property=\"og:description\" content=\"Eventet st\u00e4lls in &#8211; f\u00f6r f\u00e5 anm\u00e4lda. Gravel Camp i S\u00f6rmland 17-18 Maj. Tv\u00e5 fulla dagar med fantastisk cykling S\u00f6rmland i Sverige \u00e4r ett riktigt eldorado f\u00f6r gravel cykling. Enorma n\u00e4tverk av fina v\u00e4gar, massor med sj\u00f6ar, ekall\u00e9er och f\u00e4lt. Cyklingen \u00e4r varierad med kulturlandskap, skog och sj\u00f6. Eventet sker \u00f6ver en helg med tv\u00e5 [&hellip;]\" \/>\n<meta property=\"og:url\" content=\"https:\/\/inzain.bike\/de\/sor25\/\" \/>\n<meta property=\"og:site_name\" content=\"INZAIN Cycling EXPERIENCES\" \/>\n<meta property=\"article:publisher\" content=\"https:\/\/www.facebook.com\/Inzain.bike\" \/>\n<meta property=\"article:modified_time\" content=\"2025-04-25T10:34:00+00:00\" \/>\n<meta property=\"og:image\" content=\"https:\/\/inzain.bike\/wp-content\/uploads\/2023\/11\/60914680.jpg\" \/>\n<meta name=\"twitter:card\" content=\"summary_large_image\" \/>\n<meta name=\"twitter:label1\" content=\"Gesch\u00e4tzte Lesezeit\" \/>\n\t<meta name=\"twitter:data1\" content=\"4\u00a0Minuten\" \/>\n<script type=\"application\/ld+json\" class=\"yoast-schema-graph\">{\"@context\":\"https:\/\/schema.org\",\"@graph\":[{\"@type\":\"WebPage\",\"@id\":\"https:\/\/inzain.bike\/en_gb\/sor25\/\",\"url\":\"https:\/\/inzain.bike\/en_gb\/sor25\/\",\"name\":\"S\u00f6rmland Gravel Camp 2025 - INZAIN Cycling EXPERIENCES\",\"isPartOf\":{\"@id\":\"https:\/\/inzain.bike\/fr_be\/#website\"},\"primaryImageOfPage\":{\"@id\":\"https:\/\/inzain.bike\/en_gb\/sor25\/#primaryimage\"},\"image\":{\"@id\":\"https:\/\/inzain.bike\/en_gb\/sor25\/#primaryimage\"},\"thumbnailUrl\":\"https:\/\/inzain.bike\/wp-content\/uploads\/2023\/11\/60914680.jpg\",\"datePublished\":\"2023-11-22T13:44:54+00:00\",\"dateModified\":\"2025-04-25T10:34:00+00:00\",\"breadcrumb\":{\"@id\":\"https:\/\/inzain.bike\/en_gb\/sor25\/#breadcrumb\"},\"inLanguage\":\"de\",\"potentialAction\":[{\"@type\":\"ReadAction\",\"target\":[\"https:\/\/inzain.bike\/en_gb\/sor25\/\"]}]},{\"@type\":\"ImageObject\",\"inLanguage\":\"de\",\"@id\":\"https:\/\/inzain.bike\/en_gb\/sor25\/#primaryimage\",\"url\":\"https:\/\/inzain.bike\/wp-content\/uploads\/2023\/11\/60914680.jpg\",\"contentUrl\":\"https:\/\/inzain.bike\/wp-content\/uploads\/2023\/11\/60914680.jpg\"},{\"@type\":\"BreadcrumbList\",\"@id\":\"https:\/\/inzain.bike\/en_gb\/sor25\/#breadcrumb\",\"itemListElement\":[{\"@type\":\"ListItem\",\"position\":1,\"name\":\"Hem\",\"item\":\"https:\/\/inzain.bike\/fr_be\/\"},{\"@type\":\"ListItem\",\"position\":2,\"name\":\"S\u00f6rmland Gravel Camp 2025\"}]},{\"@type\":\"WebSite\",\"@id\":\"https:\/\/inzain.bike\/fr_be\/#website\",\"url\":\"https:\/\/inzain.bike\/fr_be\/\",\"name\":\"INZAIN Cycling EXPERIENCES\",\"description\":\"Cyckling Adventures  - for everyone\",\"publisher\":{\"@id\":\"https:\/\/inzain.bike\/fr_be\/#organization\"},\"alternateName\":\"INZAIN Gravel & Travel\",\"potentialAction\":[{\"@type\":\"SearchAction\",\"target\":{\"@type\":\"EntryPoint\",\"urlTemplate\":\"https:\/\/inzain.bike\/fr_be\/?s={search_term_string}\"},\"query-input\":{\"@type\":\"PropertyValueSpecification\",\"valueRequired\":true,\"valueName\":\"search_term_string\"}}],\"inLanguage\":\"de\"},{\"@type\":\"Organization\",\"@id\":\"https:\/\/inzain.bike\/fr_be\/#organization\",\"name\":\"INZAIN Cycling EXPERIENCES\",\"url\":\"https:\/\/inzain.bike\/fr_be\/\",\"logo\":{\"@type\":\"ImageObject\",\"inLanguage\":\"de\",\"@id\":\"https:\/\/inzain.bike\/fr_be\/#\/schema\/logo\/image\/\",\"url\":\"https:\/\/i0.wp.com\/inzain.bike\/wp-content\/uploads\/2023\/09\/cropped-INZAIN_512x512_white.png?fit=512%2C512&ssl=1\",\"contentUrl\":\"https:\/\/i0.wp.com\/inzain.bike\/wp-content\/uploads\/2023\/09\/cropped-INZAIN_512x512_white.png?fit=512%2C512&ssl=1\",\"width\":512,\"height\":512,\"caption\":\"INZAIN Cycling EXPERIENCES\"},\"image\":{\"@id\":\"https:\/\/inzain.bike\/fr_be\/#\/schema\/logo\/image\/\"},\"sameAs\":[\"https:\/\/www.facebook.com\/Inzain.bike\",\"https:\/\/www.instagram.com\/inzainbike\"]}]}<\/script>\n<!-- \/ Yoast SEO plugin. -->","yoast_head_json":{"title":"S\u00f6rmland Gravel Camp 2025 - INZAIN Cycling EXPERIENCES","robots":{"index":"index","follow":"follow","max-snippet":"max-snippet:-1","max-image-preview":"max-image-preview:large","max-video-preview":"max-video-preview:-1"},"canonical":"https:\/\/inzain.bike\/de\/sor25\/","og_locale":"de_DE","og_type":"article","og_title":"S\u00f6rmland Gravel Camp 2025 - INZAIN Cycling EXPERIENCES","og_description":"Eventet st\u00e4lls in &#8211; f\u00f6r f\u00e5 anm\u00e4lda. Gravel Camp i S\u00f6rmland 17-18 Maj. Tv\u00e5 fulla dagar med fantastisk cykling S\u00f6rmland i Sverige \u00e4r ett riktigt eldorado f\u00f6r gravel cykling. Enorma n\u00e4tverk av fina v\u00e4gar, massor med sj\u00f6ar, ekall\u00e9er och f\u00e4lt. Cyklingen \u00e4r varierad med kulturlandskap, skog och sj\u00f6. Eventet sker \u00f6ver en helg med tv\u00e5 [&hellip;]","og_url":"https:\/\/inzain.bike\/de\/sor25\/","og_site_name":"INZAIN Cycling EXPERIENCES","article_publisher":"https:\/\/www.facebook.com\/Inzain.bike","article_modified_time":"2025-04-25T10:34:00+00:00","og_image":[{"url":"https:\/\/inzain.bike\/wp-content\/uploads\/2023\/11\/60914680.jpg","type":"","width":"","height":""}],"twitter_card":"summary_large_image","twitter_misc":{"Gesch\u00e4tzte Lesezeit":"4\u00a0Minuten"},"schema":{"@context":"https:\/\/schema.org","@graph":[{"@type":"WebPage","@id":"https:\/\/inzain.bike\/en_gb\/sor25\/","url":"https:\/\/inzain.bike\/en_gb\/sor25\/","name":"S\u00f6rmland Gravel Camp 2025 - INZAIN Cycling EXPERIENCES","isPartOf":{"@id":"https:\/\/inzain.bike\/fr_be\/#website"},"primaryImageOfPage":{"@id":"https:\/\/inzain.bike\/en_gb\/sor25\/#primaryimage"},"image":{"@id":"https:\/\/inzain.bike\/en_gb\/sor25\/#primaryimage"},"thumbnailUrl":"https:\/\/inzain.bike\/wp-content\/uploads\/2023\/11\/60914680.jpg","datePublished":"2023-11-22T13:44:54+00:00","dateModified":"2025-04-25T10:34:00+00:00","breadcrumb":{"@id":"https:\/\/inzain.bike\/en_gb\/sor25\/#breadcrumb"},"inLanguage":"de","potentialAction":[{"@type":"ReadAction","target":["https:\/\/inzain.bike\/en_gb\/sor25\/"]}]},{"@type":"ImageObject","inLanguage":"de","@id":"https:\/\/inzain.bike\/en_gb\/sor25\/#primaryimage","url":"https:\/\/inzain.bike\/wp-content\/uploads\/2023\/11\/60914680.jpg","contentUrl":"https:\/\/inzain.bike\/wp-content\/uploads\/2023\/11\/60914680.jpg"},{"@type":"BreadcrumbList","@id":"https:\/\/inzain.bike\/en_gb\/sor25\/#breadcrumb","itemListElement":[{"@type":"ListItem","position":1,"name":"Hem","item":"https:\/\/inzain.bike\/fr_be\/"},{"@type":"ListItem","position":2,"name":"S\u00f6rmland Gravel Camp 2025"}]},{"@type":"WebSite","@id":"https:\/\/inzain.bike\/fr_be\/#website","url":"https:\/\/inzain.bike\/fr_be\/","name":"INZAIN-Raderlebnisse","description":"Radabenteuer \u2013 f\u00fcr jedermann","publisher":{"@id":"https:\/\/inzain.bike\/fr_be\/#organization"},"alternateName":"INZAIN Gravel & Travel","potentialAction":[{"@type":"SearchAction","target":{"@type":"EntryPoint","urlTemplate":"https:\/\/inzain.bike\/fr_be\/?s={search_term_string}"},"query-input":{"@type":"PropertyValueSpecification","valueRequired":true,"valueName":"search_term_string"}}],"inLanguage":"de"},{"@type":"Organization","@id":"https:\/\/inzain.bike\/fr_be\/#organization","name":"INZAIN-Raderlebnisse","url":"https:\/\/inzain.bike\/fr_be\/","logo":{"@type":"ImageObject","inLanguage":"de","@id":"https:\/\/inzain.bike\/fr_be\/#\/schema\/logo\/image\/","url":"https:\/\/i0.wp.com\/inzain.bike\/wp-content\/uploads\/2023\/09\/cropped-INZAIN_512x512_white.png?fit=512%2C512&ssl=1","contentUrl":"https:\/\/i0.wp.com\/inzain.bike\/wp-content\/uploads\/2023\/09\/cropped-INZAIN_512x512_white.png?fit=512%2C512&ssl=1","width":512,"height":512,"caption":"INZAIN Cycling EXPERIENCES"},"image":{"@id":"https:\/\/inzain.bike\/fr_be\/#\/schema\/logo\/image\/"},"sameAs":["https:\/\/www.facebook.com\/Inzain.bike","https:\/\/www.instagram.com\/inzainbike"]}]}},"amp_enabled":true,"_links":{"self":[{"href":"https:\/\/inzain.bike\/de\/wp-json\/wp\/v2\/pages\/5760","targetHints":{"allow":["GET"]}}],"collection":[{"href":"https:\/\/inzain.bike\/de\/wp-json\/wp\/v2\/pages"}],"about":[{"href":"https:\/\/inzain.bike\/de\/wp-json\/wp\/v2\/types\/page"}],"author":[{"embeddable":true,"href":"https:\/\/inzain.bike\/de\/wp-json\/wp\/v2\/users\/135133094"}],"replies":[{"embeddable":true,"href":"https:\/\/inzain.bike\/de\/wp-json\/wp\/v2\/comments?post=5760"}],"version-history":[{"count":5,"href":"https:\/\/inzain.bike\/de\/wp-json\/wp\/v2\/pages\/5760\/revisions"}],"predecessor-version":[{"id":8125,"href":"https:\/\/inzain.bike\/de\/wp-json\/wp\/v2\/pages\/5760\/revisions\/8125"}],"wp:attachment":[{"href":"https:\/\/inzain.bike\/de\/wp-json\/wp\/v2\/media?parent=5760"}],"curies":[{"name":"wp","href":"https:\/\/api.w.org\/{rel}","templated":true}]}}