{"id":7996,"date":"2025-03-31T10:33:24","date_gmt":"2025-03-31T08:33:24","guid":{"rendered":"https:\/\/inzain.bike\/?page_id=7996"},"modified":"2025-09-12T08:40:27","modified_gmt":"2025-09-12T06:40:27","slug":"tosca","status":"publish","type":"page","link":"https:\/\/inzain.bike\/de\/tosca\/","title":{"rendered":"Wir gehen am 1. Oktober 2025 in die Oper"},"content":{"rendered":"<p class=\"has-text-align-center has-vivid-red-color has-text-color has-link-color has-custom-weight wp-elements-ed4c48e87ce205128c0054ff20d06de5\" style=\"font-weight:bold;font-size:65px\"><strong>TOSCA <\/strong> <\/p>\n\n\n\n<p class=\"has-contrast-color has-text-color has-link-color has-custom-weight has-custom-letterspacing wp-elements-fefb69acae13ec32ed2f877cad462543\" style=\"letter-spacing:1.2px;font-weight:bold;font-size:51px\"><em>Ein Tag, drei Arten zu sterben.<\/em><\/p>\n\n\n\n<figure class=\"wp-block-image size-full\"><img loading=\"lazy\" decoding=\"async\" width=\"750\" height=\"1000\" src=\"https:\/\/inzain.bike\/wp-content\/uploads\/2025\/03\/tosca2.webp\" alt=\"\" class=\"wp-image-7999\" srcset=\"https:\/\/inzain.bike\/wp-content\/uploads\/2025\/03\/tosca2.webp 750w, https:\/\/inzain.bike\/wp-content\/uploads\/2025\/03\/tosca2-225x300.webp 225w, https:\/\/inzain.bike\/wp-content\/uploads\/2025\/03\/tosca2-9x12.webp 9w, https:\/\/inzain.bike\/wp-content\/uploads\/2025\/03\/tosca2-600x800.webp 600w\" sizes=\"auto, (max-width: 750px) 100vw, 750px\" \/><\/figure>\n\n\n\n<p>Wir gehen wieder in die Oper. Eine lange Tradition wird fortgef\u00fchrt. Diesmal handelt es sich um eine fantastische Inszenierung der klassischen Oper Tosca.<br><br><em>Eine thrillerartige Oper, die in einer Zeit politischer Unruhen und Krieg spielt. Im Mittelpunkt stehen die Operns\u00e4ngerin Floria Tosca, ihr Geliebter, der K\u00fcnstler und Freiheitsk\u00e4mpfer Mario Cavaradossi, und der grausame, allm\u00e4chtige Polizeichef Scarpia. Ein Liebesdreiecksdrama, das dank Stub\u00f8s minimalistischer und zutiefst pers\u00f6nlicher Regie entstand.<\/em><\/p>\n\n\n\n<p><em>Auf der intimen B\u00fchne der Folkoperan wird Tosca zu einer packenden Nahaufnahme von Leidenschaft, Machtmissbrauch, Rebellion und Terror. Ein t\u00f6dliches Drama mit der Operns\u00e4ngerin Tosca und Puccinis unvergleichlich sch\u00f6ner Musik im Mittelpunkt.<\/em><\/p>\n\n\n\n<p><em>Der musikalische Leiter der Folkoperan, Henrik Schaefer, erweckt das Triangeldrama gemeinsam mit einer Blaskapelle zum Leben. Hier sucht man in Puccinis Musik das Intime statt das Pomp\u00f6se. Es macht Platz f\u00fcr neue musikalische Nuancen, die die Geschichte und das Drama verst\u00e4rken.&nbsp;<\/em><\/p>\n\n\n\n<p><em>Eirik Stub\u00f8 gab 2022 sein schwedisches Deb\u00fct als Opernregisseur mit Bellinis Norma bei der Folkoperan, das sowohl vom Publikum als auch von der Kritik gelobt wurde. Jetzt kehrt er mit demselben Team zur\u00fcck; B\u00fchnen- und Kost\u00fcmbildnerin Magdalena \u00c5berg, Lichtdesignerin Ellen Ruge, Maskenbildnerin Ther\u00e9sia Frisk und \u00dcbersetzerin Tuvalisa Rangstr\u00f6m.&nbsp;<\/em><\/p>\n\n\n\n<p><em>Puccinis Tosca wurde 1900 in Rom uraufgef\u00fchrt und gilt als eines der Meisterwerke der Opernliteratur. Mit Liedern wie \u00c9 lucivan e stelle (Das Lied des Lebens), Vissi d&#039;arte (Toscas Gebet) und Scarpias Tre sbirri\u2026 una carozza \u2013 das mit dem Chorpart Te Deum endet \u2013 l\u00e4sst es niemanden unber\u00fchrt.<br>Der Italiener Giacomo Puccini ist einer der weltweit bedeutendsten Komponisten und hat Opern wie La Boh\u00e9me, Turandot und Madama Butterfly in seinem Lebenslauf komponiert. Er lebte wie der Superstar, der er war, mit au\u00dferehelichen Aff\u00e4ren, einer Vorliebe f\u00fcr exklusive Kleidung, Villen, Yachten und Autos. Doch sein Leben war auch von Depressionen, Krankheiten und Trag\u00f6dien gepr\u00e4gt. Puccini starb 1924 nach einer fehlgeschlagenen Operation.<\/em><br><\/p>\n\n\n\n<p>Registrieren Sie sich und einen m\u00f6glichen Freund mit dem untenstehenden Formular.<br>Wir kaufen Tickets und sitzen wie gewohnt in Reihe 2.<br>Wer m\u00f6chte, kann im Tapas Restaurant Madrid, direkt neben der Folkoperan, eine Kleinigkeit essen. Wenn Sie auch dabei sein m\u00f6chten, w\u00e4hlen Sie es im Formular aus.<\/p>\n\n\n\n<p>Die Auszahlung erfolgt im Herbst. Tickets kosten 415 SEK pro Person.<\/p>\n\n\n\n<p>Anmeldung geschlossen<\/p>","protected":false},"excerpt":{"rendered":"<p>TOSCA En dag, tre s\u00e4tt att d\u00f6. Vi g\u00e5r p\u00e5 Opera igen. En l\u00e5ng tradition forts\u00e4tter. Denna g\u00e5ng \u00e4r det en fantastisk upps\u00e4ttning av den klassiska operan Tosca. En thrillerartad opera som utspelar sig i en tid av politisk oro och krig. I centrum st\u00e5r operas\u00e5ngerskan Floria Tosca, hennes \u00e4lskade, konstn\u00e4ren och frihetsk\u00e4mpen Mario Cavaradossi [&hellip;]<\/p>\n","protected":false},"author":203917875,"featured_media":0,"parent":0,"menu_order":0,"comment_status":"closed","ping_status":"closed","template":"","meta":{"_coblocks_attr":"","_coblocks_dimensions":"","_coblocks_responsive_height":"","_coblocks_accordion_ie_support":"","footnotes":""},"class_list":["post-7996","page","type-page","status-publish","hentry"],"yoast_head":"<!-- This site is optimized with the Yoast SEO plugin v27.2 - https:\/\/yoast.com\/product\/yoast-seo-wordpress\/ -->\n<title>Vi g\u00e5r p\u00e5 Opera 1 Oktober 2025 - INZAIN Cycling EXPERIENCES<\/title>\n<meta name=\"robots\" content=\"index, follow, max-snippet:-1, max-image-preview:large, max-video-preview:-1\" \/>\n<link rel=\"canonical\" href=\"https:\/\/inzain.bike\/de\/tosca\/\" \/>\n<meta property=\"og:locale\" content=\"de_DE\" \/>\n<meta property=\"og:type\" content=\"article\" \/>\n<meta property=\"og:title\" content=\"Vi g\u00e5r p\u00e5 Opera 1 Oktober 2025 - INZAIN Cycling EXPERIENCES\" \/>\n<meta property=\"og:description\" content=\"TOSCA En dag, tre s\u00e4tt att d\u00f6. Vi g\u00e5r p\u00e5 Opera igen. En l\u00e5ng tradition forts\u00e4tter. Denna g\u00e5ng \u00e4r det en fantastisk upps\u00e4ttning av den klassiska operan Tosca. En thrillerartad opera som utspelar sig i en tid av politisk oro och krig. I centrum st\u00e5r operas\u00e5ngerskan Floria Tosca, hennes \u00e4lskade, konstn\u00e4ren och frihetsk\u00e4mpen Mario Cavaradossi [&hellip;]\" \/>\n<meta property=\"og:url\" content=\"https:\/\/inzain.bike\/de\/tosca\/\" \/>\n<meta property=\"og:site_name\" content=\"INZAIN Cycling EXPERIENCES\" \/>\n<meta property=\"article:publisher\" content=\"https:\/\/www.facebook.com\/Inzain.bike\" \/>\n<meta property=\"article:modified_time\" content=\"2025-09-12T06:40:27+00:00\" \/>\n<meta property=\"og:image\" content=\"https:\/\/inzain.bike\/wp-content\/uploads\/2025\/03\/tosca2.webp\" \/>\n\t<meta property=\"og:image:width\" content=\"750\" \/>\n\t<meta property=\"og:image:height\" content=\"1000\" \/>\n\t<meta property=\"og:image:type\" content=\"image\/webp\" \/>\n<meta name=\"twitter:card\" content=\"summary_large_image\" \/>\n<meta name=\"twitter:label1\" content=\"Gesch\u00e4tzte Lesezeit\" \/>\n\t<meta name=\"twitter:data1\" content=\"2\u00a0Minuten\" \/>\n<script type=\"application\/ld+json\" class=\"yoast-schema-graph\">{\"@context\":\"https:\/\/schema.org\",\"@graph\":[{\"@type\":\"WebPage\",\"@id\":\"https:\/\/inzain.bike\/tosca\/\",\"url\":\"https:\/\/inzain.bike\/tosca\/\",\"name\":\"Vi g\u00e5r p\u00e5 Opera 1 Oktober 2025 - INZAIN Cycling EXPERIENCES\",\"isPartOf\":{\"@id\":\"https:\/\/inzain.bike\/fr_be\/#website\"},\"primaryImageOfPage\":{\"@id\":\"https:\/\/inzain.bike\/tosca\/#primaryimage\"},\"image\":{\"@id\":\"https:\/\/inzain.bike\/tosca\/#primaryimage\"},\"thumbnailUrl\":\"https:\/\/inzain.bike\/wp-content\/uploads\/2025\/03\/tosca2.webp\",\"datePublished\":\"2025-03-31T08:33:24+00:00\",\"dateModified\":\"2025-09-12T06:40:27+00:00\",\"breadcrumb\":{\"@id\":\"https:\/\/inzain.bike\/tosca\/#breadcrumb\"},\"inLanguage\":\"de\",\"potentialAction\":[{\"@type\":\"ReadAction\",\"target\":[\"https:\/\/inzain.bike\/tosca\/\"]}]},{\"@type\":\"ImageObject\",\"inLanguage\":\"de\",\"@id\":\"https:\/\/inzain.bike\/tosca\/#primaryimage\",\"url\":\"https:\/\/inzain.bike\/wp-content\/uploads\/2025\/03\/tosca2.webp\",\"contentUrl\":\"https:\/\/inzain.bike\/wp-content\/uploads\/2025\/03\/tosca2.webp\"},{\"@type\":\"BreadcrumbList\",\"@id\":\"https:\/\/inzain.bike\/tosca\/#breadcrumb\",\"itemListElement\":[{\"@type\":\"ListItem\",\"position\":1,\"name\":\"Hem\",\"item\":\"https:\/\/inzain.bike\/fr_be\/\"},{\"@type\":\"ListItem\",\"position\":2,\"name\":\"Vi g\u00e5r p\u00e5 Opera 1 Oktober 2025\"}]},{\"@type\":\"WebSite\",\"@id\":\"https:\/\/inzain.bike\/fr_be\/#website\",\"url\":\"https:\/\/inzain.bike\/fr_be\/\",\"name\":\"INZAIN Cycling EXPERIENCES\",\"description\":\"Cyckling Adventures  - for everyone\",\"publisher\":{\"@id\":\"https:\/\/inzain.bike\/fr_be\/#organization\"},\"alternateName\":\"INZAIN Gravel & Travel\",\"potentialAction\":[{\"@type\":\"SearchAction\",\"target\":{\"@type\":\"EntryPoint\",\"urlTemplate\":\"https:\/\/inzain.bike\/fr_be\/?s={search_term_string}\"},\"query-input\":{\"@type\":\"PropertyValueSpecification\",\"valueRequired\":true,\"valueName\":\"search_term_string\"}}],\"inLanguage\":\"de\"},{\"@type\":\"Organization\",\"@id\":\"https:\/\/inzain.bike\/fr_be\/#organization\",\"name\":\"INZAIN Cycling EXPERIENCES\",\"url\":\"https:\/\/inzain.bike\/fr_be\/\",\"logo\":{\"@type\":\"ImageObject\",\"inLanguage\":\"de\",\"@id\":\"https:\/\/inzain.bike\/fr_be\/#\/schema\/logo\/image\/\",\"url\":\"https:\/\/i0.wp.com\/inzain.bike\/wp-content\/uploads\/2023\/09\/cropped-INZAIN_512x512_white.png?fit=512%2C512&ssl=1\",\"contentUrl\":\"https:\/\/i0.wp.com\/inzain.bike\/wp-content\/uploads\/2023\/09\/cropped-INZAIN_512x512_white.png?fit=512%2C512&ssl=1\",\"width\":512,\"height\":512,\"caption\":\"INZAIN Cycling EXPERIENCES\"},\"image\":{\"@id\":\"https:\/\/inzain.bike\/fr_be\/#\/schema\/logo\/image\/\"},\"sameAs\":[\"https:\/\/www.facebook.com\/Inzain.bike\",\"https:\/\/www.instagram.com\/inzainbike\"]}]}<\/script>\n<!-- \/ Yoast SEO plugin. -->","yoast_head_json":{"title":"Vi g\u00e5r p\u00e5 Opera 1 Oktober 2025 - INZAIN Cycling EXPERIENCES","robots":{"index":"index","follow":"follow","max-snippet":"max-snippet:-1","max-image-preview":"max-image-preview:large","max-video-preview":"max-video-preview:-1"},"canonical":"https:\/\/inzain.bike\/de\/tosca\/","og_locale":"de_DE","og_type":"article","og_title":"Vi g\u00e5r p\u00e5 Opera 1 Oktober 2025 - INZAIN Cycling EXPERIENCES","og_description":"TOSCA En dag, tre s\u00e4tt att d\u00f6. Vi g\u00e5r p\u00e5 Opera igen. En l\u00e5ng tradition forts\u00e4tter. Denna g\u00e5ng \u00e4r det en fantastisk upps\u00e4ttning av den klassiska operan Tosca. En thrillerartad opera som utspelar sig i en tid av politisk oro och krig. I centrum st\u00e5r operas\u00e5ngerskan Floria Tosca, hennes \u00e4lskade, konstn\u00e4ren och frihetsk\u00e4mpen Mario Cavaradossi [&hellip;]","og_url":"https:\/\/inzain.bike\/de\/tosca\/","og_site_name":"INZAIN Cycling EXPERIENCES","article_publisher":"https:\/\/www.facebook.com\/Inzain.bike","article_modified_time":"2025-09-12T06:40:27+00:00","og_image":[{"width":750,"height":1000,"url":"https:\/\/inzain.bike\/wp-content\/uploads\/2025\/03\/tosca2.webp","type":"image\/webp"}],"twitter_card":"summary_large_image","twitter_misc":{"Gesch\u00e4tzte Lesezeit":"2\u00a0Minuten"},"schema":{"@context":"https:\/\/schema.org","@graph":[{"@type":"WebPage","@id":"https:\/\/inzain.bike\/tosca\/","url":"https:\/\/inzain.bike\/tosca\/","name":"Vi g\u00e5r p\u00e5 Opera 1 Oktober 2025 - INZAIN Cycling EXPERIENCES","isPartOf":{"@id":"https:\/\/inzain.bike\/fr_be\/#website"},"primaryImageOfPage":{"@id":"https:\/\/inzain.bike\/tosca\/#primaryimage"},"image":{"@id":"https:\/\/inzain.bike\/tosca\/#primaryimage"},"thumbnailUrl":"https:\/\/inzain.bike\/wp-content\/uploads\/2025\/03\/tosca2.webp","datePublished":"2025-03-31T08:33:24+00:00","dateModified":"2025-09-12T06:40:27+00:00","breadcrumb":{"@id":"https:\/\/inzain.bike\/tosca\/#breadcrumb"},"inLanguage":"de","potentialAction":[{"@type":"ReadAction","target":["https:\/\/inzain.bike\/tosca\/"]}]},{"@type":"ImageObject","inLanguage":"de","@id":"https:\/\/inzain.bike\/tosca\/#primaryimage","url":"https:\/\/inzain.bike\/wp-content\/uploads\/2025\/03\/tosca2.webp","contentUrl":"https:\/\/inzain.bike\/wp-content\/uploads\/2025\/03\/tosca2.webp"},{"@type":"BreadcrumbList","@id":"https:\/\/inzain.bike\/tosca\/#breadcrumb","itemListElement":[{"@type":"ListItem","position":1,"name":"Hem","item":"https:\/\/inzain.bike\/fr_be\/"},{"@type":"ListItem","position":2,"name":"Vi g\u00e5r p\u00e5 Opera 1 Oktober 2025"}]},{"@type":"WebSite","@id":"https:\/\/inzain.bike\/fr_be\/#website","url":"https:\/\/inzain.bike\/fr_be\/","name":"INZAIN-Raderlebnisse","description":"Radabenteuer \u2013 f\u00fcr jedermann","publisher":{"@id":"https:\/\/inzain.bike\/fr_be\/#organization"},"alternateName":"INZAIN Gravel & Travel","potentialAction":[{"@type":"SearchAction","target":{"@type":"EntryPoint","urlTemplate":"https:\/\/inzain.bike\/fr_be\/?s={search_term_string}"},"query-input":{"@type":"PropertyValueSpecification","valueRequired":true,"valueName":"search_term_string"}}],"inLanguage":"de"},{"@type":"Organization","@id":"https:\/\/inzain.bike\/fr_be\/#organization","name":"INZAIN-Raderlebnisse","url":"https:\/\/inzain.bike\/fr_be\/","logo":{"@type":"ImageObject","inLanguage":"de","@id":"https:\/\/inzain.bike\/fr_be\/#\/schema\/logo\/image\/","url":"https:\/\/i0.wp.com\/inzain.bike\/wp-content\/uploads\/2023\/09\/cropped-INZAIN_512x512_white.png?fit=512%2C512&ssl=1","contentUrl":"https:\/\/i0.wp.com\/inzain.bike\/wp-content\/uploads\/2023\/09\/cropped-INZAIN_512x512_white.png?fit=512%2C512&ssl=1","width":512,"height":512,"caption":"INZAIN Cycling EXPERIENCES"},"image":{"@id":"https:\/\/inzain.bike\/fr_be\/#\/schema\/logo\/image\/"},"sameAs":["https:\/\/www.facebook.com\/Inzain.bike","https:\/\/www.instagram.com\/inzainbike"]}]}},"amp_enabled":true,"_links":{"self":[{"href":"https:\/\/inzain.bike\/de\/wp-json\/wp\/v2\/pages\/7996","targetHints":{"allow":["GET"]}}],"collection":[{"href":"https:\/\/inzain.bike\/de\/wp-json\/wp\/v2\/pages"}],"about":[{"href":"https:\/\/inzain.bike\/de\/wp-json\/wp\/v2\/types\/page"}],"author":[{"embeddable":true,"href":"https:\/\/inzain.bike\/de\/wp-json\/wp\/v2\/users\/203917875"}],"replies":[{"embeddable":true,"href":"https:\/\/inzain.bike\/de\/wp-json\/wp\/v2\/comments?post=7996"}],"version-history":[{"count":5,"href":"https:\/\/inzain.bike\/de\/wp-json\/wp\/v2\/pages\/7996\/revisions"}],"predecessor-version":[{"id":8716,"href":"https:\/\/inzain.bike\/de\/wp-json\/wp\/v2\/pages\/7996\/revisions\/8716"}],"wp:attachment":[{"href":"https:\/\/inzain.bike\/de\/wp-json\/wp\/v2\/media?parent=7996"}],"curies":[{"name":"wp","href":"https:\/\/api.w.org\/{rel}","templated":true}]}}