{"id":3464,"date":"2023-09-28T12:44:16","date_gmt":"2023-09-28T10:44:16","guid":{"rendered":"https:\/\/inzain.bike\/?page_id=3464"},"modified":"2024-03-09T09:54:55","modified_gmt":"2024-03-09T08:54:55","slug":"inzain-gran-canaria-gravel-camp","status":"publish","type":"page","link":"https:\/\/inzain.bike\/en_gb\/inzain-gran-canaria-gravel-camp\/","title":{"rendered":"Gran Canaria Gravel Camp"},"content":{"rendered":"<figure class=\"wp-block-image size-large\"><img loading=\"lazy\" decoding=\"async\" width=\"1024\" height=\"768\" src=\"https:\/\/inzain.bike\/wp-content\/uploads\/2023\/09\/IMG_2545-1024x768.jpg\" alt=\"\" class=\"wp-image-3471\" srcset=\"https:\/\/inzain.bike\/wp-content\/uploads\/2023\/09\/IMG_2545-1024x768.jpg 1024w, https:\/\/inzain.bike\/wp-content\/uploads\/2023\/09\/IMG_2545-300x225.jpg 300w, https:\/\/inzain.bike\/wp-content\/uploads\/2023\/09\/IMG_2545-768x576.jpg 768w, https:\/\/inzain.bike\/wp-content\/uploads\/2023\/09\/IMG_2545-1536x1152.jpg 1536w, https:\/\/inzain.bike\/wp-content\/uploads\/2023\/09\/IMG_2545-16x12.jpg 16w, https:\/\/inzain.bike\/wp-content\/uploads\/2023\/09\/IMG_2545-1320x990.jpg 1320w, https:\/\/inzain.bike\/wp-content\/uploads\/2023\/09\/IMG_2545-600x450.jpg 600w, https:\/\/inzain.bike\/wp-content\/uploads\/2023\/09\/IMG_2545.jpg 1600w\" sizes=\"auto, (max-width: 1024px) 100vw, 1024px\" \/><\/figure>\n\n\n\n<p class=\"translation-block\"><strong>When<\/strong> : 19-26 January 2024<br> <strong>Where<\/strong> : Gran Canaria<br> <strong>How<\/strong> : Adventurous Gravel Camp with lots of climbing<br> <strong>Hotel<\/strong> : We stay at CasaCalma, a dedicated cycling hotel<br> <strong>Eating<\/strong> : Breakfast and dinner at CasaCalma are included.<\/p>\n\n\n\n<p>Inzain and CasaCalma welcome you to Gran Canaria and a week of cycling on trails and dirt roads. For the third year in a row, the cycling hotel CasaCalma opens its doors to us in January.&nbsp;<\/p>\n\n\n\n<figure class=\"wp-block-image size-large\"><img loading=\"lazy\" decoding=\"async\" width=\"1024\" height=\"576\" src=\"https:\/\/inzain.bike\/wp-content\/uploads\/2023\/09\/DJI_0071-1024x576.jpg\" alt=\"\" class=\"wp-image-3550\" srcset=\"https:\/\/inzain.bike\/wp-content\/uploads\/2023\/09\/DJI_0071-1024x576.jpg 1024w, https:\/\/inzain.bike\/wp-content\/uploads\/2023\/09\/DJI_0071-300x169.jpg 300w, https:\/\/inzain.bike\/wp-content\/uploads\/2023\/09\/DJI_0071-768x432.jpg 768w, https:\/\/inzain.bike\/wp-content\/uploads\/2023\/09\/DJI_0071-1536x864.jpg 1536w, https:\/\/inzain.bike\/wp-content\/uploads\/2023\/09\/DJI_0071-2048x1152.jpg 2048w, https:\/\/inzain.bike\/wp-content\/uploads\/2023\/09\/DJI_0071-18x10.jpg 18w, https:\/\/inzain.bike\/wp-content\/uploads\/2023\/09\/DJI_0071-1320x743.jpg 1320w, https:\/\/inzain.bike\/wp-content\/uploads\/2023\/09\/DJI_0071-600x338.jpg 600w\" sizes=\"auto, (max-width: 1024px) 100vw, 1024px\" \/><\/figure>\n\n\n\n<p><br><br>When it is darkest at home, this island with, according to many, the best climate on Earth, awaits us. This week is aimed at you who want to take your bike (gravel or MTB) a little further than the usual ride.&nbsp;<br><\/p>\n\n\n\n<p>The island offers stunning views, tranquility and breathtaking views on every day trip. The only thing that is required is the right gearing and that you have managed the winter training reasonably beforehand.&nbsp;<br><\/p>\n\n\n\n<figure class=\"wp-block-image size-large\"><img loading=\"lazy\" decoding=\"async\" width=\"1024\" height=\"684\" src=\"https:\/\/inzain.bike\/wp-content\/uploads\/2023\/09\/DSC02489-1024x684.jpg\" alt=\"\" class=\"wp-image-3552\" srcset=\"https:\/\/inzain.bike\/wp-content\/uploads\/2023\/09\/DSC02489-1024x684.jpg 1024w, https:\/\/inzain.bike\/wp-content\/uploads\/2023\/09\/DSC02489-300x200.jpg 300w, https:\/\/inzain.bike\/wp-content\/uploads\/2023\/09\/DSC02489-768x513.jpg 768w, https:\/\/inzain.bike\/wp-content\/uploads\/2023\/09\/DSC02489-1536x1027.jpg 1536w, https:\/\/inzain.bike\/wp-content\/uploads\/2023\/09\/DSC02489-18x12.jpg 18w, https:\/\/inzain.bike\/wp-content\/uploads\/2023\/09\/DSC02489-1320x882.jpg 1320w, https:\/\/inzain.bike\/wp-content\/uploads\/2023\/09\/DSC02489-600x401.jpg 600w, https:\/\/inzain.bike\/wp-content\/uploads\/2023\/09\/DSC02489.jpg 1616w\" sizes=\"auto, (max-width: 1024px) 100vw, 1024px\" \/><\/figure>\n\n\n\n<p>CasaCalma is in its fourth year as a cycling hotel and knows exactly what we usually like. New for the last year is that we also have our own companion car available on the longer tours.&nbsp;<\/p>\n\n\n\n<p>CasaCalma also offers self-rental of gravel bikes for those who need and do not choose to bring their own.&nbsp;<\/p>\n\n\n\n<figure class=\"wp-block-image size-large\"><img loading=\"lazy\" decoding=\"async\" width=\"684\" height=\"1024\" src=\"https:\/\/inzain.bike\/wp-content\/uploads\/2023\/09\/DSC02520-684x1024.jpg\" alt=\"\" class=\"wp-image-3554\" srcset=\"https:\/\/inzain.bike\/wp-content\/uploads\/2023\/09\/DSC02520-684x1024.jpg 684w, https:\/\/inzain.bike\/wp-content\/uploads\/2023\/09\/DSC02520-200x300.jpg 200w, https:\/\/inzain.bike\/wp-content\/uploads\/2023\/09\/DSC02520-768x1149.jpg 768w, https:\/\/inzain.bike\/wp-content\/uploads\/2023\/09\/DSC02520-1027x1536.jpg 1027w, https:\/\/inzain.bike\/wp-content\/uploads\/2023\/09\/DSC02520-8x12.jpg 8w, https:\/\/inzain.bike\/wp-content\/uploads\/2023\/09\/DSC02520-600x898.jpg 600w, https:\/\/inzain.bike\/wp-content\/uploads\/2023\/09\/DSC02520.jpg 1080w\" sizes=\"auto, (max-width: 684px) 100vw, 684px\" \/><\/figure>\n\n\n\n<p>The terrain is a bit tougher so bring if you feel more comfortable with a MTB then bring it. At last year&#039;s camp in the same week, we had both MTB and gravel on the same rounds. &nbsp;<\/p>\n\n\n\n<p>Every day has its own unique character. And next year&#039;s novelty is the wine tasting from the vineyards dating back to the 16th century around Bandama. After we have reached the top of the island on a dirt road. Talk about a target image and a nice end to the day.&nbsp;<\/p>\n\n\n\n<p><strong>Day 0<\/strong>.&nbsp;<\/p>\n\n\n\n<p>Arrival and pick-up at the airport. Short 20 min. transfer to CasaCalma. Fix with a bike (own or rental bike). Welcome drink on the large roof terrace. Shared dinner, prepared with local ingredients.<\/p>\n\n\n\n<p><strong>Day 1 \u2013 Grand Canyon<\/strong>&nbsp;<\/p>\n\n\n\n<p>We start a little slowly, but the view is adorable even though we are only a few km from the sea.&nbsp;<\/p>\n\n\n\n<figure class=\"wp-block-image size-full\"><img loading=\"lazy\" decoding=\"async\" width=\"1024\" height=\"114\" src=\"https:\/\/inzain.bike\/wp-content\/uploads\/2023\/09\/image.png\" alt=\"\" class=\"wp-image-3466\" srcset=\"https:\/\/inzain.bike\/wp-content\/uploads\/2023\/09\/image.png 1024w, https:\/\/inzain.bike\/wp-content\/uploads\/2023\/09\/image-300x33.png 300w, https:\/\/inzain.bike\/wp-content\/uploads\/2023\/09\/image-768x86.png 768w, https:\/\/inzain.bike\/wp-content\/uploads\/2023\/09\/image-18x2.png 18w, https:\/\/inzain.bike\/wp-content\/uploads\/2023\/09\/image-600x67.png 600w\" sizes=\"auto, (max-width: 1024px) 100vw, 1024px\" \/><\/figure>\n\n\n\n<p>Despite being next door to the house, it really lives up to its nickname here on the island. It is no coincidence that it is the most visited gravel circuit on the whole island by the resident gravel cyclists. We roll down from the house and already reach the gravel after 5 minutes and get a morning in an environment that has not seen a car (only off-road vehicles) for many years. Towards the end of the tour, we reach the incredibly cozy village of Ayaguares, a coffee or late lunch there before we take the last kilometers back to the house.&nbsp;<\/p>\n\n\n\n<figure class=\"wp-block-image size-large\"><img loading=\"lazy\" decoding=\"async\" width=\"1024\" height=\"576\" src=\"https:\/\/inzain.bike\/wp-content\/uploads\/2023\/09\/DJI_0117-1-1024x576.jpg\" alt=\"\" class=\"wp-image-3553\" srcset=\"https:\/\/inzain.bike\/wp-content\/uploads\/2023\/09\/DJI_0117-1-1024x576.jpg 1024w, https:\/\/inzain.bike\/wp-content\/uploads\/2023\/09\/DJI_0117-1-300x169.jpg 300w, https:\/\/inzain.bike\/wp-content\/uploads\/2023\/09\/DJI_0117-1-768x432.jpg 768w, https:\/\/inzain.bike\/wp-content\/uploads\/2023\/09\/DJI_0117-1-1536x864.jpg 1536w, https:\/\/inzain.bike\/wp-content\/uploads\/2023\/09\/DJI_0117-1-2048x1152.jpg 2048w, https:\/\/inzain.bike\/wp-content\/uploads\/2023\/09\/DJI_0117-1-18x10.jpg 18w, https:\/\/inzain.bike\/wp-content\/uploads\/2023\/09\/DJI_0117-1-1320x743.jpg 1320w, https:\/\/inzain.bike\/wp-content\/uploads\/2023\/09\/DJI_0117-1-600x338.jpg 600w\" sizes=\"auto, (max-width: 1024px) 100vw, 1024px\" \/><figcaption class=\"wp-element-caption\">default<\/figcaption><\/figure>\n\n\n\n<p><strong>Day 2 Pico<\/strong>&nbsp;<\/p>\n\n\n\n<p>We make it to the top, the day begins and ends with car transport. 81km \/ 2,223 hm&nbsp;<br>On this day, it is altitude meters and mile-wide views that count. A trip to the top is one of the great classics here on the island, and now we have drawn up a wonderful route that goes mostly on gravel to get there. Here we also benefit from our companion car that takes us east above the airport. We start directly on the beach and after only 1 km we reach the ravine\/barranco that will take us to the top. Be prepared for tropical vegetation and wildlife out of the ordinary (last time I was there a lizard as big as a dachshund..<img decoding=\"async\" src=\"https:\/\/res-1.cdn.office.net\/officeonline\/we\/s\/hA3596C17DAD9A003_resources\/1053\/progress.gif\">) New for 2024 is that on the way home we visit the fine vineyards around the Bandama area. Imagine tasting local wines dating back to the 16th century. (Unique for Europe!) No one has missed that this has become very popular and well-liked.&nbsp;<\/p>\n\n\n\n<p><br><\/p>\n\n\n\n<p><strong>Day 3 \u2013 TamaBada<\/strong>&nbsp;<\/p>\n\n\n\n<p>Challenge of the week \u2013 de luxe (181km \/ 3,994hm)&nbsp;<\/p>\n\n\n\n<figure class=\"wp-block-image size-full\"><img loading=\"lazy\" decoding=\"async\" width=\"1024\" height=\"113\" src=\"https:\/\/inzain.bike\/wp-content\/uploads\/2023\/09\/image-2.png\" alt=\"\" class=\"wp-image-3469\" srcset=\"https:\/\/inzain.bike\/wp-content\/uploads\/2023\/09\/image-2.png 1024w, https:\/\/inzain.bike\/wp-content\/uploads\/2023\/09\/image-2-300x33.png 300w, https:\/\/inzain.bike\/wp-content\/uploads\/2023\/09\/image-2-768x85.png 768w, https:\/\/inzain.bike\/wp-content\/uploads\/2023\/09\/image-2-18x2.png 18w, https:\/\/inzain.bike\/wp-content\/uploads\/2023\/09\/image-2-600x66.png 600w\" sizes=\"auto, (max-width: 1024px) 100vw, 1024px\" \/><\/figure>\n\n\n\n<p>The big challenge of the week (if you take it on the bike all the way) and the big &quot;jewel&quot; of the week. We make our way to the far west of the island, all the way down to the abandoned country road that nature is starting to take back. We get there cycling with trees growing straight up the road and then we have the sea and Tenerife on our left. Guaranteed a new experience. We then turn right and onto fine sports gravel, towards the middle of the island, desolate and beautiful just as it should be and only a cottage \/ finca here and there. Finally we reach Artenara and the wonderful valley down to Tejeda which is voted the most picturesque village in all of Spain and I&#039;ve never heard anyone disagree. This is a long trip if you take it door to door, but our car is with us all the way.&nbsp;<\/p>\n\n\n\n<p><strong>Day 4<\/strong>&nbsp;\u2013&nbsp;<strong>Pilancones<\/strong>&nbsp;<\/p>\n\n\n\n<figure class=\"wp-block-image size-full\"><img loading=\"lazy\" decoding=\"async\" width=\"1024\" height=\"112\" src=\"https:\/\/inzain.bike\/wp-content\/uploads\/2023\/09\/image-1.png\" alt=\"\" class=\"wp-image-3468\" srcset=\"https:\/\/inzain.bike\/wp-content\/uploads\/2023\/09\/image-1.png 1024w, https:\/\/inzain.bike\/wp-content\/uploads\/2023\/09\/image-1-300x33.png 300w, https:\/\/inzain.bike\/wp-content\/uploads\/2023\/09\/image-1-768x84.png 768w, https:\/\/inzain.bike\/wp-content\/uploads\/2023\/09\/image-1-18x2.png 18w, https:\/\/inzain.bike\/wp-content\/uploads\/2023\/09\/image-1-600x66.png 600w\" sizes=\"auto, (max-width: 1024px) 100vw, 1024px\" \/><\/figure>\n\n\n\n<p>This is the day after the &quot;big day&quot; so this day is much &quot;easier&quot; and maybe a rest day for those who would rather be on the beach. The rest of us will be in for a real adventure. On paper this looks like a pain, but it depends on how you look at it. For the first \u00bd hour, you ride the bike on a narrow path that takes us upwards, and the altitude therefore feels easier. This walk is well worth doing. The environment we will experience is breathtaking. No car all day and therefore completely undisturbed plant life and nature, well worth the effort!!&nbsp;&nbsp;<\/p>\n\n\n\n<p><strong>Day 5 Chira<\/strong>&nbsp;<\/p>\n\n\n\n<p>(82km \/ 1,974 hm)&nbsp;<\/p>\n\n\n\n<figure class=\"wp-block-image size-large\"><img loading=\"lazy\" decoding=\"async\" width=\"1024\" height=\"684\" src=\"https:\/\/inzain.bike\/wp-content\/uploads\/2023\/09\/DSC02526-1024x684.jpg\" alt=\"\" class=\"wp-image-3473\" title=\"You can&#039;t paste the image from the clipboard, but you can save it on your computer and insert it from there.\" srcset=\"https:\/\/inzain.bike\/wp-content\/uploads\/2023\/09\/DSC02526-1024x684.jpg 1024w, https:\/\/inzain.bike\/wp-content\/uploads\/2023\/09\/DSC02526-300x200.jpg 300w, https:\/\/inzain.bike\/wp-content\/uploads\/2023\/09\/DSC02526-768x513.jpg 768w, https:\/\/inzain.bike\/wp-content\/uploads\/2023\/09\/DSC02526-1536x1027.jpg 1536w, https:\/\/inzain.bike\/wp-content\/uploads\/2023\/09\/DSC02526-18x12.jpg 18w, https:\/\/inzain.bike\/wp-content\/uploads\/2023\/09\/DSC02526-1320x882.jpg 1320w, https:\/\/inzain.bike\/wp-content\/uploads\/2023\/09\/DSC02526-600x401.jpg 600w, https:\/\/inzain.bike\/wp-content\/uploads\/2023\/09\/DSC02526.jpg 1616w\" sizes=\"auto, (max-width: 1024px) 100vw, 1024px\" \/><\/figure>\n\n\n\n<p>Our neighborhood and something we see from the house&#039;s roof terrace every day. The round starts on tarmac which takes us up high where the road turns to gravel. Incomparably beautiful and we can see down into the Soria valley where all the racing cyclists unknowingly climb up. After about half of the tour, we reach the large Chira Dam, which is mighty in its size. After this the road flattens out and we reach the large fields which often have flowering rape \/ buttercups. All this not far from the sea and desert climate a few miles away.&nbsp;<\/p>\n\n\n\n<p><strong>Day 6 Santa Lucia<\/strong>&nbsp;<\/p>\n\n\n\n<p>Classic roads mixed with new ones, on gravel (72km \/ 1,561hm)&nbsp;<\/p>\n\n\n\n<figure class=\"wp-block-image size-large\"><img loading=\"lazy\" decoding=\"async\" width=\"1024\" height=\"576\" src=\"https:\/\/inzain.bike\/wp-content\/uploads\/2023\/09\/DJI_0117-1024x576.jpg\" alt=\"\" class=\"wp-image-3474\" title=\"You can&#039;t paste the image from the clipboard, but you can save it on your computer and insert it from there.\" srcset=\"https:\/\/inzain.bike\/wp-content\/uploads\/2023\/09\/DJI_0117-1024x576.jpg 1024w, https:\/\/inzain.bike\/wp-content\/uploads\/2023\/09\/DJI_0117-300x169.jpg 300w, https:\/\/inzain.bike\/wp-content\/uploads\/2023\/09\/DJI_0117-768x432.jpg 768w, https:\/\/inzain.bike\/wp-content\/uploads\/2023\/09\/DJI_0117-1536x864.jpg 1536w, https:\/\/inzain.bike\/wp-content\/uploads\/2023\/09\/DJI_0117-2048x1152.jpg 2048w, https:\/\/inzain.bike\/wp-content\/uploads\/2023\/09\/DJI_0117-18x10.jpg 18w, https:\/\/inzain.bike\/wp-content\/uploads\/2023\/09\/DJI_0117-1320x743.jpg 1320w, https:\/\/inzain.bike\/wp-content\/uploads\/2023\/09\/DJI_0117-600x338.jpg 600w\" sizes=\"auto, (max-width: 1024px) 100vw, 1024px\" \/><figcaption class=\"wp-element-caption\">default<\/figcaption><\/figure>\n\n\n\n<p>The perfect end to a week full of strong experiences. This ride is done on gravel up the west side of the gorge so popular with racing bike sites. We keep seeing the wonderfully beautiful and completely white village of Sankta Lucia on our right. For those who want, we have coffee there before we reach San Bartolome, which is the highest point of the day. Once there, you can choose which route you want to take home. Either straight down the nearest one past the beautiful and famous Fataga (among others from S\u00e4llskapsresan). Or drive even more gravel and variations on &quot;Chira&quot; and &quot;Pilancones&quot;.&nbsp;&nbsp;<\/p>\n\n\n\n<p><strong>Escort car<\/strong>&nbsp;<\/p>\n\n\n\n<p>Our escort car will be with us every day so that we can access the goodies on the island better. It also gives us security in case something happens to you or your bike (or your legs :))&nbsp;<\/p>\n\n\n\n<p>The escort car has water, sports drink, gels, bars, extra bike and possibly extra clothes (which are never needed...)&nbsp;&nbsp;&nbsp;<\/p>\n\n\n\n<p><strong>After Bike and bath<\/strong>&nbsp;<\/p>\n\n\n\n<p>Once back at the house, you can look forward to a delicious dinner made with local ingredients, After Bike up on a roof terrace with a mile-long view of the famous Maspalomas dunes and a sparkling sea behind.&nbsp;&nbsp;<\/p>\n\n\n\n<p>Why not take a bath in the new jacuzzi with only the moon and stars above.&nbsp;<\/p>\n\n\n\n<p>INZAIN wishes you a warm welcome to Gran Canaria<\/p>\n\n\n\n<p><strong>FACTS<\/strong><\/p>\n\n\n\n<figure class=\"wp-block-table\"><table><tbody><tr><td><strong>When<\/strong><\/td><td>19-26 January 2024<\/td><\/tr><tr><td><strong>Where<\/strong><\/td><td>Gran Canaria<\/td><\/tr><tr><td><strong>Accommodation<\/strong><\/td><td>CasaCalma \u2013 Cycling hotel<\/td><\/tr><tr><td><strong>What is included<\/strong><\/td><td>Accommodation (shared double room for two people) with breakfast &amp; dinner, routes, safety car, bike bag storage, guides, photo\/film.<\/td><\/tr><tr><td><strong>Award<\/strong><\/td><td>SEK 14,500<\/td><\/tr><tr><td><strong>Single room<\/strong><\/td><td>+ SEK 4,000<\/td><\/tr><tr><td><strong>Payment<\/strong><\/td><td>When booking: SEK 3,500 registration date = payment date<br>2024-01-01: Remaining part<br>Swish to CJ: 123 139 2919 enter &quot;GC Gravel 2024&quot; and your name<\/td><\/tr><tr><td><strong>Insurance<\/strong><\/td><td>Participants are responsible for their own insurance<\/td><\/tr><tr><td><strong>Flight<\/strong><\/td><td>Everyone books their own flight. Transfer included.<\/td><\/tr><tr><td><strong>Receipt<\/strong><\/td><td>Receipt\/Cash invoice provided upon request<\/td><\/tr><tr><td><strong>Cancellation<\/strong><\/td><td>(<em>Failure to pay automatically means cancellation<\/em>)<br><strong>Empty 2024-01-01<\/strong>: Deposit forfeited<br><strong>Empty 2024-01-15<\/strong>: Full amount forfeited<\/td><\/tr><tr><td><strong>Terms<\/strong><\/td><td>Participation is at your own risk.&nbsp;<a href=\"https:\/\/inzain.bike\/en_gb\/villkor-deltagande\/\">The fine print<\/a><\/td><\/tr><\/tbody><\/table><\/figure>\n\n\n\n<p><br><br><strong>Registration Closed<\/strong><\/p>\n\n\n\n<p><\/p>","protected":false},"excerpt":{"rendered":"<p>N\u00e4r: 19-26 januari 2024Var: Gran CanariaHur: \u00c4ventyrligt Gravel Camp med mycket kl\u00e4ttringHotell: Vi bor p\u00e5 CasaCalma, ett dedicerat cykelhotell\u00c4ta: Frukost och middag p\u00e5 CasaCalma ing\u00e5r. Inzain, och CasaCalma v\u00e4lkomnar dig till Gran Canaria och en veckas cykling p\u00e5 stig och grusv\u00e4g.&nbsp; F\u00f6r tredje \u00e5ret i rad s\u00e5 \u00f6ppnar cykelhotellet CasaCalma sina portar \u00e5t oss i [&hellip;]<\/p>\n","protected":false},"author":135133094,"featured_media":0,"parent":0,"menu_order":0,"comment_status":"closed","ping_status":"closed","template":"","meta":{"_coblocks_attr":"","_coblocks_dimensions":"","_coblocks_responsive_height":"","_coblocks_accordion_ie_support":"","footnotes":""},"class_list":["post-3464","page","type-page","status-publish","hentry"],"yoast_head":"<!-- This site is optimized with the Yoast SEO plugin v27.2 - https:\/\/yoast.com\/product\/yoast-seo-wordpress\/ -->\n<title>Gran Canaria Gravel Camp - INZAIN Cycling EXPERIENCES<\/title>\n<meta name=\"robots\" content=\"index, follow, max-snippet:-1, max-image-preview:large, max-video-preview:-1\" \/>\n<link rel=\"canonical\" href=\"https:\/\/inzain.bike\/en_gb\/inzain-gran-canaria-gravel-camp\/\" \/>\n<meta property=\"og:locale\" content=\"en_GB\" \/>\n<meta property=\"og:type\" content=\"article\" \/>\n<meta property=\"og:title\" content=\"Gran Canaria Gravel Camp - INZAIN Cycling EXPERIENCES\" \/>\n<meta property=\"og:description\" content=\"N\u00e4r: 19-26 januari 2024Var: Gran CanariaHur: \u00c4ventyrligt Gravel Camp med mycket kl\u00e4ttringHotell: Vi bor p\u00e5 CasaCalma, ett dedicerat cykelhotell\u00c4ta: Frukost och middag p\u00e5 CasaCalma ing\u00e5r. Inzain, och CasaCalma v\u00e4lkomnar dig till Gran Canaria och en veckas cykling p\u00e5 stig och grusv\u00e4g.&nbsp; F\u00f6r tredje \u00e5ret i rad s\u00e5 \u00f6ppnar cykelhotellet CasaCalma sina portar \u00e5t oss i [&hellip;]\" \/>\n<meta property=\"og:url\" content=\"https:\/\/inzain.bike\/en_gb\/inzain-gran-canaria-gravel-camp\/\" \/>\n<meta property=\"og:site_name\" content=\"INZAIN Cycling EXPERIENCES\" \/>\n<meta property=\"article:publisher\" content=\"https:\/\/www.facebook.com\/Inzain.bike\" \/>\n<meta property=\"article:modified_time\" content=\"2024-03-09T08:54:55+00:00\" \/>\n<meta property=\"og:image\" content=\"https:\/\/inzain.bike\/wp-content\/uploads\/2023\/09\/IMG_2545-1024x768.jpg\" \/>\n<meta name=\"twitter:card\" content=\"summary_large_image\" \/>\n<meta name=\"twitter:label1\" content=\"Estimated reading time\" \/>\n\t<meta name=\"twitter:data1\" content=\"9 minutes\" \/>\n<script type=\"application\/ld+json\" class=\"yoast-schema-graph\">{\"@context\":\"https:\/\/schema.org\",\"@graph\":[{\"@type\":\"WebPage\",\"@id\":\"https:\/\/inzain.bike\/nl_be\/inzain-gran-canaria-gravel-camp\/\",\"url\":\"https:\/\/inzain.bike\/nl_be\/inzain-gran-canaria-gravel-camp\/\",\"name\":\"Gran Canaria Gravel Camp - INZAIN Cycling EXPERIENCES\",\"isPartOf\":{\"@id\":\"https:\/\/inzain.bike\/fr_be\/#website\"},\"primaryImageOfPage\":{\"@id\":\"https:\/\/inzain.bike\/nl_be\/inzain-gran-canaria-gravel-camp\/#primaryimage\"},\"image\":{\"@id\":\"https:\/\/inzain.bike\/nl_be\/inzain-gran-canaria-gravel-camp\/#primaryimage\"},\"thumbnailUrl\":\"https:\/\/inzain.bike\/wp-content\/uploads\/2023\/09\/IMG_2545-1024x768.jpg\",\"datePublished\":\"2023-09-28T10:44:16+00:00\",\"dateModified\":\"2024-03-09T08:54:55+00:00\",\"breadcrumb\":{\"@id\":\"https:\/\/inzain.bike\/nl_be\/inzain-gran-canaria-gravel-camp\/#breadcrumb\"},\"inLanguage\":\"en-GB\",\"potentialAction\":[{\"@type\":\"ReadAction\",\"target\":[\"https:\/\/inzain.bike\/nl_be\/inzain-gran-canaria-gravel-camp\/\"]}]},{\"@type\":\"ImageObject\",\"inLanguage\":\"en-GB\",\"@id\":\"https:\/\/inzain.bike\/nl_be\/inzain-gran-canaria-gravel-camp\/#primaryimage\",\"url\":\"https:\/\/inzain.bike\/wp-content\/uploads\/2023\/09\/IMG_2545-1024x768.jpg\",\"contentUrl\":\"https:\/\/inzain.bike\/wp-content\/uploads\/2023\/09\/IMG_2545-1024x768.jpg\"},{\"@type\":\"BreadcrumbList\",\"@id\":\"https:\/\/inzain.bike\/nl_be\/inzain-gran-canaria-gravel-camp\/#breadcrumb\",\"itemListElement\":[{\"@type\":\"ListItem\",\"position\":1,\"name\":\"Hem\",\"item\":\"https:\/\/inzain.bike\/fr_be\/\"},{\"@type\":\"ListItem\",\"position\":2,\"name\":\"Gran Canaria Gravel Camp\"}]},{\"@type\":\"WebSite\",\"@id\":\"https:\/\/inzain.bike\/fr_be\/#website\",\"url\":\"https:\/\/inzain.bike\/fr_be\/\",\"name\":\"INZAIN Cycling EXPERIENCES\",\"description\":\"Cyckling Adventures  - for everyone\",\"publisher\":{\"@id\":\"https:\/\/inzain.bike\/fr_be\/#organization\"},\"alternateName\":\"INZAIN Gravel & Travel\",\"potentialAction\":[{\"@type\":\"SearchAction\",\"target\":{\"@type\":\"EntryPoint\",\"urlTemplate\":\"https:\/\/inzain.bike\/fr_be\/?s={search_term_string}\"},\"query-input\":{\"@type\":\"PropertyValueSpecification\",\"valueRequired\":true,\"valueName\":\"search_term_string\"}}],\"inLanguage\":\"en-GB\"},{\"@type\":\"Organization\",\"@id\":\"https:\/\/inzain.bike\/fr_be\/#organization\",\"name\":\"INZAIN Cycling EXPERIENCES\",\"url\":\"https:\/\/inzain.bike\/fr_be\/\",\"logo\":{\"@type\":\"ImageObject\",\"inLanguage\":\"en-GB\",\"@id\":\"https:\/\/inzain.bike\/fr_be\/#\/schema\/logo\/image\/\",\"url\":\"https:\/\/i0.wp.com\/inzain.bike\/wp-content\/uploads\/2023\/09\/cropped-INZAIN_512x512_white.png?fit=512%2C512&ssl=1\",\"contentUrl\":\"https:\/\/i0.wp.com\/inzain.bike\/wp-content\/uploads\/2023\/09\/cropped-INZAIN_512x512_white.png?fit=512%2C512&ssl=1\",\"width\":512,\"height\":512,\"caption\":\"INZAIN Cycling EXPERIENCES\"},\"image\":{\"@id\":\"https:\/\/inzain.bike\/fr_be\/#\/schema\/logo\/image\/\"},\"sameAs\":[\"https:\/\/www.facebook.com\/Inzain.bike\",\"https:\/\/www.instagram.com\/inzainbike\"]}]}<\/script>\n<!-- \/ Yoast SEO plugin. -->","yoast_head_json":{"title":"Gran Canaria Gravel Camp - INZAIN Cycling EXPERIENCES","robots":{"index":"index","follow":"follow","max-snippet":"max-snippet:-1","max-image-preview":"max-image-preview:large","max-video-preview":"max-video-preview:-1"},"canonical":"https:\/\/inzain.bike\/en_gb\/inzain-gran-canaria-gravel-camp\/","og_locale":"en_GB","og_type":"article","og_title":"Gran Canaria Gravel Camp - INZAIN Cycling EXPERIENCES","og_description":"N\u00e4r: 19-26 januari 2024Var: Gran CanariaHur: \u00c4ventyrligt Gravel Camp med mycket kl\u00e4ttringHotell: Vi bor p\u00e5 CasaCalma, ett dedicerat cykelhotell\u00c4ta: Frukost och middag p\u00e5 CasaCalma ing\u00e5r. Inzain, och CasaCalma v\u00e4lkomnar dig till Gran Canaria och en veckas cykling p\u00e5 stig och grusv\u00e4g.&nbsp; F\u00f6r tredje \u00e5ret i rad s\u00e5 \u00f6ppnar cykelhotellet CasaCalma sina portar \u00e5t oss i [&hellip;]","og_url":"https:\/\/inzain.bike\/en_gb\/inzain-gran-canaria-gravel-camp\/","og_site_name":"INZAIN Cycling EXPERIENCES","article_publisher":"https:\/\/www.facebook.com\/Inzain.bike","article_modified_time":"2024-03-09T08:54:55+00:00","og_image":[{"url":"https:\/\/inzain.bike\/wp-content\/uploads\/2023\/09\/IMG_2545-1024x768.jpg","type":"","width":"","height":""}],"twitter_card":"summary_large_image","twitter_misc":{"Estimated reading time":"9 minutes"},"schema":{"@context":"https:\/\/schema.org","@graph":[{"@type":"WebPage","@id":"https:\/\/inzain.bike\/nl_be\/inzain-gran-canaria-gravel-camp\/","url":"https:\/\/inzain.bike\/nl_be\/inzain-gran-canaria-gravel-camp\/","name":"Gran Canaria Gravel Camp - INZAIN Cycling EXPERIENCES","isPartOf":{"@id":"https:\/\/inzain.bike\/fr_be\/#website"},"primaryImageOfPage":{"@id":"https:\/\/inzain.bike\/nl_be\/inzain-gran-canaria-gravel-camp\/#primaryimage"},"image":{"@id":"https:\/\/inzain.bike\/nl_be\/inzain-gran-canaria-gravel-camp\/#primaryimage"},"thumbnailUrl":"https:\/\/inzain.bike\/wp-content\/uploads\/2023\/09\/IMG_2545-1024x768.jpg","datePublished":"2023-09-28T10:44:16+00:00","dateModified":"2024-03-09T08:54:55+00:00","breadcrumb":{"@id":"https:\/\/inzain.bike\/nl_be\/inzain-gran-canaria-gravel-camp\/#breadcrumb"},"inLanguage":"en-GB","potentialAction":[{"@type":"ReadAction","target":["https:\/\/inzain.bike\/nl_be\/inzain-gran-canaria-gravel-camp\/"]}]},{"@type":"ImageObject","inLanguage":"en-GB","@id":"https:\/\/inzain.bike\/nl_be\/inzain-gran-canaria-gravel-camp\/#primaryimage","url":"https:\/\/inzain.bike\/wp-content\/uploads\/2023\/09\/IMG_2545-1024x768.jpg","contentUrl":"https:\/\/inzain.bike\/wp-content\/uploads\/2023\/09\/IMG_2545-1024x768.jpg"},{"@type":"BreadcrumbList","@id":"https:\/\/inzain.bike\/nl_be\/inzain-gran-canaria-gravel-camp\/#breadcrumb","itemListElement":[{"@type":"ListItem","position":1,"name":"Hem","item":"https:\/\/inzain.bike\/fr_be\/"},{"@type":"ListItem","position":2,"name":"Gran Canaria Gravel Camp"}]},{"@type":"WebSite","@id":"https:\/\/inzain.bike\/fr_be\/#website","url":"https:\/\/inzain.bike\/fr_be\/","name":"INZAIN Cycling EXPERIENCES","description":"Cycling Adventures - for everyone","publisher":{"@id":"https:\/\/inzain.bike\/fr_be\/#organization"},"alternateName":"INZAIN Gravel & Travel","potentialAction":[{"@type":"SearchAction","target":{"@type":"EntryPoint","urlTemplate":"https:\/\/inzain.bike\/fr_be\/?s={search_term_string}"},"query-input":{"@type":"PropertyValueSpecification","valueRequired":true,"valueName":"search_term_string"}}],"inLanguage":"en-GB"},{"@type":"Organization","@id":"https:\/\/inzain.bike\/fr_be\/#organization","name":"INZAIN Cycling EXPERIENCES","url":"https:\/\/inzain.bike\/fr_be\/","logo":{"@type":"ImageObject","inLanguage":"en-GB","@id":"https:\/\/inzain.bike\/fr_be\/#\/schema\/logo\/image\/","url":"https:\/\/i0.wp.com\/inzain.bike\/wp-content\/uploads\/2023\/09\/cropped-INZAIN_512x512_white.png?fit=512%2C512&ssl=1","contentUrl":"https:\/\/i0.wp.com\/inzain.bike\/wp-content\/uploads\/2023\/09\/cropped-INZAIN_512x512_white.png?fit=512%2C512&ssl=1","width":512,"height":512,"caption":"INZAIN Cycling EXPERIENCES"},"image":{"@id":"https:\/\/inzain.bike\/fr_be\/#\/schema\/logo\/image\/"},"sameAs":["https:\/\/www.facebook.com\/Inzain.bike","https:\/\/www.instagram.com\/inzainbike"]}]}},"amp_enabled":true,"_links":{"self":[{"href":"https:\/\/inzain.bike\/en_gb\/wp-json\/wp\/v2\/pages\/3464","targetHints":{"allow":["GET"]}}],"collection":[{"href":"https:\/\/inzain.bike\/en_gb\/wp-json\/wp\/v2\/pages"}],"about":[{"href":"https:\/\/inzain.bike\/en_gb\/wp-json\/wp\/v2\/types\/page"}],"author":[{"embeddable":true,"href":"https:\/\/inzain.bike\/en_gb\/wp-json\/wp\/v2\/users\/135133094"}],"replies":[{"embeddable":true,"href":"https:\/\/inzain.bike\/en_gb\/wp-json\/wp\/v2\/comments?post=3464"}],"version-history":[{"count":0,"href":"https:\/\/inzain.bike\/en_gb\/wp-json\/wp\/v2\/pages\/3464\/revisions"}],"wp:attachment":[{"href":"https:\/\/inzain.bike\/en_gb\/wp-json\/wp\/v2\/media?parent=3464"}],"curies":[{"name":"wp","href":"https:\/\/api.w.org\/{rel}","templated":true}]}}