{"id":3464,"date":"2023-09-28T12:44:16","date_gmt":"2023-09-28T10:44:16","guid":{"rendered":"https:\/\/inzain.bike\/?page_id=3464"},"modified":"2024-03-09T09:54:55","modified_gmt":"2024-03-09T08:54:55","slug":"inzain-gran-canaria-gravel-camp","status":"publish","type":"page","link":"https:\/\/inzain.bike\/es\/inzain-gran-canaria-gravel-camp\/","title":{"rendered":"Campamento Gravel Gran Canaria"},"content":{"rendered":"<figure class=\"wp-block-image size-large\"><img loading=\"lazy\" decoding=\"async\" width=\"1024\" height=\"768\" src=\"https:\/\/inzain.bike\/wp-content\/uploads\/2023\/09\/IMG_2545-1024x768.jpg\" alt=\"\" class=\"wp-image-3471\" srcset=\"https:\/\/inzain.bike\/wp-content\/uploads\/2023\/09\/IMG_2545-1024x768.jpg 1024w, https:\/\/inzain.bike\/wp-content\/uploads\/2023\/09\/IMG_2545-300x225.jpg 300w, https:\/\/inzain.bike\/wp-content\/uploads\/2023\/09\/IMG_2545-768x576.jpg 768w, https:\/\/inzain.bike\/wp-content\/uploads\/2023\/09\/IMG_2545-1536x1152.jpg 1536w, https:\/\/inzain.bike\/wp-content\/uploads\/2023\/09\/IMG_2545-16x12.jpg 16w, https:\/\/inzain.bike\/wp-content\/uploads\/2023\/09\/IMG_2545-1320x990.jpg 1320w, https:\/\/inzain.bike\/wp-content\/uploads\/2023\/09\/IMG_2545-600x450.jpg 600w, https:\/\/inzain.bike\/wp-content\/uploads\/2023\/09\/IMG_2545.jpg 1600w\" sizes=\"auto, (max-width: 1024px) 100vw, 1024px\" \/><\/figure>\n\n\n\n<p class=\"translation-block\"><strong>Cu\u00e1ndo<\/strong> : 19-26 de enero de 2024<br> <strong>donde<\/strong> : Gran Canaria<br> <strong>C\u00f3mo<\/strong> : Campamento de grava aventurero con mucha escalada.<br> <strong>Hotel<\/strong> : Nos alojamos en CasaCalma, un hotel dedicado al ciclismo.<br> <strong>Comer<\/strong> : El desayuno y la cena en CasaCalma est\u00e1n incluidos.<\/p>\n\n\n\n<p>Inzain y CasaCalma te dan la bienvenida a Gran Canaria y a una semana de ciclismo por senderos y caminos de tierra. Por tercer a\u00f1o consecutivo, el hotel ciclista CasaCalma nos abre sus puertas en enero.&nbsp;<\/p>\n\n\n\n<figure class=\"wp-block-image size-large\"><img loading=\"lazy\" decoding=\"async\" width=\"1024\" height=\"576\" src=\"https:\/\/inzain.bike\/wp-content\/uploads\/2023\/09\/DJI_0071-1024x576.jpg\" alt=\"\" class=\"wp-image-3550\" srcset=\"https:\/\/inzain.bike\/wp-content\/uploads\/2023\/09\/DJI_0071-1024x576.jpg 1024w, https:\/\/inzain.bike\/wp-content\/uploads\/2023\/09\/DJI_0071-300x169.jpg 300w, https:\/\/inzain.bike\/wp-content\/uploads\/2023\/09\/DJI_0071-768x432.jpg 768w, https:\/\/inzain.bike\/wp-content\/uploads\/2023\/09\/DJI_0071-1536x864.jpg 1536w, https:\/\/inzain.bike\/wp-content\/uploads\/2023\/09\/DJI_0071-2048x1152.jpg 2048w, https:\/\/inzain.bike\/wp-content\/uploads\/2023\/09\/DJI_0071-18x10.jpg 18w, https:\/\/inzain.bike\/wp-content\/uploads\/2023\/09\/DJI_0071-1320x743.jpg 1320w, https:\/\/inzain.bike\/wp-content\/uploads\/2023\/09\/DJI_0071-600x338.jpg 600w\" sizes=\"auto, (max-width: 1024px) 100vw, 1024px\" \/><\/figure>\n\n\n\n<p><br><br>Cuando est\u00e1 m\u00e1s oscuro en casa, nos espera esta isla que, seg\u00fan muchos, tiene el mejor clima de la Tierra. Esta semana est\u00e1 dirigida a ti que quieres llevar tu bicicleta (gravel o MTB) un poco m\u00e1s all\u00e1 de lo habitual.&nbsp;<br><\/p>\n\n\n\n<p>La isla ofrece vistas impresionantes, tranquilidad y vistas impresionantes en cada excursi\u00f3n de un d\u00eda. Lo \u00fanico que se necesita es tener el equipamiento adecuado y haber gestionado el entrenamiento invernal de forma razonable con antelaci\u00f3n.&nbsp;<br><\/p>\n\n\n\n<figure class=\"wp-block-image size-large\"><img loading=\"lazy\" decoding=\"async\" width=\"1024\" height=\"684\" src=\"https:\/\/inzain.bike\/wp-content\/uploads\/2023\/09\/DSC02489-1024x684.jpg\" alt=\"\" class=\"wp-image-3552\" srcset=\"https:\/\/inzain.bike\/wp-content\/uploads\/2023\/09\/DSC02489-1024x684.jpg 1024w, https:\/\/inzain.bike\/wp-content\/uploads\/2023\/09\/DSC02489-300x200.jpg 300w, https:\/\/inzain.bike\/wp-content\/uploads\/2023\/09\/DSC02489-768x513.jpg 768w, https:\/\/inzain.bike\/wp-content\/uploads\/2023\/09\/DSC02489-1536x1027.jpg 1536w, https:\/\/inzain.bike\/wp-content\/uploads\/2023\/09\/DSC02489-18x12.jpg 18w, https:\/\/inzain.bike\/wp-content\/uploads\/2023\/09\/DSC02489-1320x882.jpg 1320w, https:\/\/inzain.bike\/wp-content\/uploads\/2023\/09\/DSC02489-600x401.jpg 600w, https:\/\/inzain.bike\/wp-content\/uploads\/2023\/09\/DSC02489.jpg 1616w\" sizes=\"auto, (max-width: 1024px) 100vw, 1024px\" \/><\/figure>\n\n\n\n<p>CasaCalma cumple su cuarto a\u00f1o como hotel ciclista y sabe exactamente lo que nos gusta habitualmente. La novedad del a\u00f1o pasado es que tambi\u00e9n tenemos nuestro propio coche de acompa\u00f1ante disponible para los recorridos m\u00e1s largos.&nbsp;<\/p>\n\n\n\n<p>CasaCalma tambi\u00e9n ofrece alquiler de bicicletas gravel para aquellos que las necesitan y no eligen traer las suyas.&nbsp;<\/p>\n\n\n\n<figure class=\"wp-block-image size-large\"><img loading=\"lazy\" decoding=\"async\" width=\"684\" height=\"1024\" src=\"https:\/\/inzain.bike\/wp-content\/uploads\/2023\/09\/DSC02520-684x1024.jpg\" alt=\"\" class=\"wp-image-3554\" srcset=\"https:\/\/inzain.bike\/wp-content\/uploads\/2023\/09\/DSC02520-684x1024.jpg 684w, https:\/\/inzain.bike\/wp-content\/uploads\/2023\/09\/DSC02520-200x300.jpg 200w, https:\/\/inzain.bike\/wp-content\/uploads\/2023\/09\/DSC02520-768x1149.jpg 768w, https:\/\/inzain.bike\/wp-content\/uploads\/2023\/09\/DSC02520-1027x1536.jpg 1027w, https:\/\/inzain.bike\/wp-content\/uploads\/2023\/09\/DSC02520-8x12.jpg 8w, https:\/\/inzain.bike\/wp-content\/uploads\/2023\/09\/DSC02520-600x898.jpg 600w, https:\/\/inzain.bike\/wp-content\/uploads\/2023\/09\/DSC02520.jpg 1080w\" sizes=\"auto, (max-width: 684px) 100vw, 684px\" \/><\/figure>\n\n\n\n<p>El terreno es un poco m\u00e1s duro, as\u00ed que tr\u00e1elo si te sientes m\u00e1s c\u00f3modo con una MTB. En el campamento del a\u00f1o pasado, esa misma semana, tuvimos tanto MTB como gravel en las mismas rondas. &nbsp;<\/p>\n\n\n\n<p>Cada d\u00eda tiene su propio car\u00e1cter \u00fanico. Y la novedad del a\u00f1o que viene es la cata de vinos de los vi\u00f1edos que datan del siglo XVI alrededor de Bandama. Despu\u00e9s de llegar a la cima de la isla por un camino de tierra. Hable sobre una imagen objetivo y un buen final del d\u00eda.&nbsp;<\/p>\n\n\n\n<p><strong>D\u00eda 0<\/strong>.&nbsp;<\/p>\n\n\n\n<p>Llegada y recogida en el aeropuerto. Traslado corto de 20 min a CasaCalma. Arreglar con bicicleta (bicicleta propia o de alquiler). Bebida de bienvenida en la gran terraza de la azotea. Cena compartida, preparada con ingredientes locales.<\/p>\n\n\n\n<p><strong>D\u00eda 1 \u2013 Gran Ca\u00f1\u00f3n<\/strong>&nbsp;<\/p>\n\n\n\n<p>Empezamos un poco lento, pero la vista es adorable a pesar de que estamos a s\u00f3lo unos kil\u00f3metros del mar.&nbsp;<\/p>\n\n\n\n<figure class=\"wp-block-image size-full\"><img loading=\"lazy\" decoding=\"async\" width=\"1024\" height=\"114\" src=\"https:\/\/inzain.bike\/wp-content\/uploads\/2023\/09\/image.png\" alt=\"\" class=\"wp-image-3466\" srcset=\"https:\/\/inzain.bike\/wp-content\/uploads\/2023\/09\/image.png 1024w, https:\/\/inzain.bike\/wp-content\/uploads\/2023\/09\/image-300x33.png 300w, https:\/\/inzain.bike\/wp-content\/uploads\/2023\/09\/image-768x86.png 768w, https:\/\/inzain.bike\/wp-content\/uploads\/2023\/09\/image-18x2.png 18w, https:\/\/inzain.bike\/wp-content\/uploads\/2023\/09\/image-600x67.png 600w\" sizes=\"auto, (max-width: 1024px) 100vw, 1024px\" \/><\/figure>\n\n\n\n<p>A pesar de estar al lado de la casa, realmente hace honor a su apodo aqu\u00ed en la isla. No es casualidad que sea el circuito gravel m\u00e1s visitado de toda la isla por los ciclistas gravel residentes. Bajamos de la casa y despu\u00e9s de 5 minutos llegamos a la grava y pasamos la ma\u00f1ana en un entorno en el que no hemos visto ning\u00fan coche (s\u00f3lo todoterrenos) desde hace muchos a\u00f1os. Hacia el final del recorrido, llegamos al incre\u00edblemente acogedor pueblo de Ayaguares, donde tomaremos un caf\u00e9 o un almuerzo tard\u00edo antes de emprender los \u00faltimos kil\u00f3metros de regreso a la casa.&nbsp;<\/p>\n\n\n\n<figure class=\"wp-block-image size-large\"><img loading=\"lazy\" decoding=\"async\" width=\"1024\" height=\"576\" src=\"https:\/\/inzain.bike\/wp-content\/uploads\/2023\/09\/DJI_0117-1-1024x576.jpg\" alt=\"\" class=\"wp-image-3553\" srcset=\"https:\/\/inzain.bike\/wp-content\/uploads\/2023\/09\/DJI_0117-1-1024x576.jpg 1024w, https:\/\/inzain.bike\/wp-content\/uploads\/2023\/09\/DJI_0117-1-300x169.jpg 300w, https:\/\/inzain.bike\/wp-content\/uploads\/2023\/09\/DJI_0117-1-768x432.jpg 768w, https:\/\/inzain.bike\/wp-content\/uploads\/2023\/09\/DJI_0117-1-1536x864.jpg 1536w, https:\/\/inzain.bike\/wp-content\/uploads\/2023\/09\/DJI_0117-1-2048x1152.jpg 2048w, https:\/\/inzain.bike\/wp-content\/uploads\/2023\/09\/DJI_0117-1-18x10.jpg 18w, https:\/\/inzain.bike\/wp-content\/uploads\/2023\/09\/DJI_0117-1-1320x743.jpg 1320w, https:\/\/inzain.bike\/wp-content\/uploads\/2023\/09\/DJI_0117-1-600x338.jpg 600w\" sizes=\"auto, (max-width: 1024px) 100vw, 1024px\" \/><figcaption class=\"wp-element-caption\">por defecto<\/figcaption><\/figure>\n\n\n\n<p><strong>D\u00eda 2 Pico<\/strong>&nbsp;<\/p>\n\n\n\n<p>Llegamos a la cima, el d\u00eda comienza y termina con el transporte en coche. 81km \/ 2.223km&nbsp;<br>En este d\u00eda, lo que cuenta son los metros de altitud y las vistas de kil\u00f3metros de ancho. La subida a la cima es uno de los grandes cl\u00e1sicos aqu\u00ed en la isla, y ahora hemos trazado una maravillosa ruta que transcurre mayoritariamente por tierra para llegar hasta all\u00ed. Aqu\u00ed tambi\u00e9n nos beneficiaremos de nuestro coche acompa\u00f1ante que nos llevar\u00e1 hacia el este, por encima del aeropuerto. Empezamos directamente en la playa y despu\u00e9s de s\u00f3lo 1 km llegamos al barranco\/barranco que nos llevar\u00e1 a la cima. Est\u00e9 preparado para la vegetaci\u00f3n tropical y la vida silvestre fuera de lo com\u00fan (la \u00faltima vez que estuve all\u00ed, un lagarto tan grande como un perro salchicha).<img decoding=\"async\" src=\"https:\/\/res-1.cdn.office.net\/officeonline\/we\/s\/hA3596C17DAD9A003_resources\/1053\/progress.gif\">) La novedad de 2024 es que, de camino a casa, visitaremos los magn\u00edficos vi\u00f1edos de la zona de Bandama. Imag\u00ednese degustar vinos locales que datan del siglo XVI. (\u00a1\u00danico en Europa!) A nadie se le escapa que esto se ha vuelto muy popular y querido.&nbsp;<\/p>\n\n\n\n<p><br><\/p>\n\n\n\n<p><strong>D\u00eda 3 \u2013 TamaBada<\/strong>&nbsp;<\/p>\n\n\n\n<p>Desaf\u00edo de la semana \u2013 de lujo (181 km \/ 3994 hm)&nbsp;<\/p>\n\n\n\n<figure class=\"wp-block-image size-full\"><img loading=\"lazy\" decoding=\"async\" width=\"1024\" height=\"113\" src=\"https:\/\/inzain.bike\/wp-content\/uploads\/2023\/09\/image-2.png\" alt=\"\" class=\"wp-image-3469\" srcset=\"https:\/\/inzain.bike\/wp-content\/uploads\/2023\/09\/image-2.png 1024w, https:\/\/inzain.bike\/wp-content\/uploads\/2023\/09\/image-2-300x33.png 300w, https:\/\/inzain.bike\/wp-content\/uploads\/2023\/09\/image-2-768x85.png 768w, https:\/\/inzain.bike\/wp-content\/uploads\/2023\/09\/image-2-18x2.png 18w, https:\/\/inzain.bike\/wp-content\/uploads\/2023\/09\/image-2-600x66.png 600w\" sizes=\"auto, (max-width: 1024px) 100vw, 1024px\" \/><\/figure>\n\n\n\n<p>El gran reto de la semana (si lo llevas en bici hasta el final) y la gran \u201cjoya\u201d de la semana. Nos dirigimos hacia el extremo oeste de la isla, hasta llegar a la carretera rural abandonada que la naturaleza est\u00e1 empezando a recuperar. Llegamos en bicicleta con \u00e1rboles que crecen recto arriba de la carretera y luego tenemos el mar y Tenerife a nuestra izquierda. Garantizada una nueva experiencia. Luego giramos a la derecha y entramos en gravilla deportiva fina, hacia el centro de la isla, desolada y hermosa como deber\u00eda ser y s\u00f3lo una caba\u00f1a\/finca aqu\u00ed y all\u00e1. Finalmente llegamos a Artenara y al maravilloso valle hasta Tejeda, que est\u00e1 votado como el pueblo m\u00e1s pintoresco de toda Espa\u00f1a y nunca he o\u00eddo a nadie que est\u00e9 en desacuerdo. Este es un viaje largo si lo haces de puerta en puerta, pero nuestro coche nos acompa\u00f1a durante todo el camino.&nbsp;<\/p>\n\n\n\n<p><strong>D\u00eda 4<\/strong>&nbsp;\u2013&nbsp;<strong>Pilancones<\/strong>&nbsp;<\/p>\n\n\n\n<figure class=\"wp-block-image size-full\"><img loading=\"lazy\" decoding=\"async\" width=\"1024\" height=\"112\" src=\"https:\/\/inzain.bike\/wp-content\/uploads\/2023\/09\/image-1.png\" alt=\"\" class=\"wp-image-3468\" srcset=\"https:\/\/inzain.bike\/wp-content\/uploads\/2023\/09\/image-1.png 1024w, https:\/\/inzain.bike\/wp-content\/uploads\/2023\/09\/image-1-300x33.png 300w, https:\/\/inzain.bike\/wp-content\/uploads\/2023\/09\/image-1-768x84.png 768w, https:\/\/inzain.bike\/wp-content\/uploads\/2023\/09\/image-1-18x2.png 18w, https:\/\/inzain.bike\/wp-content\/uploads\/2023\/09\/image-1-600x66.png 600w\" sizes=\"auto, (max-width: 1024px) 100vw, 1024px\" \/><\/figure>\n\n\n\n<p>Este es el d\u00eda despu\u00e9s del &quot;gran d\u00eda&quot;, por lo que este d\u00eda es mucho m\u00e1s &quot;f\u00e1cil&quot; y tal vez un d\u00eda de descanso para aquellos que prefieren estar en la playa. El resto de nosotros viviremos una verdadera aventura. Sobre el papel esto parece una molestia, pero depende de c\u00f3mo se mire. Durante la primera media hora se anda en bicicleta por un sendero estrecho que nos lleva hacia arriba, por lo que la altitud se siente m\u00e1s suave. Vale la pena hacer este paseo. El entorno que experimentaremos es impresionante. No hay coche en todo el d\u00eda y, por lo tanto, la vida vegetal y la naturaleza no se ven perturbadas. \u00a1Vale la pena el esfuerzo!&nbsp;&nbsp;<\/p>\n\n\n\n<p><strong>D\u00eda 5 Chira<\/strong>&nbsp;<\/p>\n\n\n\n<p>(82km \/ 1.974h)&nbsp;<\/p>\n\n\n\n<figure class=\"wp-block-image size-large\"><img loading=\"lazy\" decoding=\"async\" width=\"1024\" height=\"684\" src=\"https:\/\/inzain.bike\/wp-content\/uploads\/2023\/09\/DSC02526-1024x684.jpg\" alt=\"\" class=\"wp-image-3473\" title=\"No puedes pegar la imagen desde el portapapeles, pero puedes guardarla en tu computadora e insertarla desde all\u00ed.\" srcset=\"https:\/\/inzain.bike\/wp-content\/uploads\/2023\/09\/DSC02526-1024x684.jpg 1024w, https:\/\/inzain.bike\/wp-content\/uploads\/2023\/09\/DSC02526-300x200.jpg 300w, https:\/\/inzain.bike\/wp-content\/uploads\/2023\/09\/DSC02526-768x513.jpg 768w, https:\/\/inzain.bike\/wp-content\/uploads\/2023\/09\/DSC02526-1536x1027.jpg 1536w, https:\/\/inzain.bike\/wp-content\/uploads\/2023\/09\/DSC02526-18x12.jpg 18w, https:\/\/inzain.bike\/wp-content\/uploads\/2023\/09\/DSC02526-1320x882.jpg 1320w, https:\/\/inzain.bike\/wp-content\/uploads\/2023\/09\/DSC02526-600x401.jpg 600w, https:\/\/inzain.bike\/wp-content\/uploads\/2023\/09\/DSC02526.jpg 1616w\" sizes=\"auto, (max-width: 1024px) 100vw, 1024px\" \/><\/figure>\n\n\n\n<p>Nuestro barrio y algo que vemos todos los d\u00edas desde la azotea de la casa. La ronda comienza sobre asfalto que nos lleva a lo alto donde el camino se convierte en grava. Es incomparablemente hermoso y podemos ver el valle de Soria, donde todos los ciclistas suben sin saberlo. Despu\u00e9s de aproximadamente la mitad del recorrido, llegamos a la gran presa de Chira, que es imponente por su tama\u00f1o. Despu\u00e9s el camino se vuelve llano y llegamos a los grandes campos en los que a menudo florecen colzas y ran\u00fanculos. Todo ello no muy lejos del mar y del clima des\u00e9rtico a pocos kil\u00f3metros de distancia.&nbsp;<\/p>\n\n\n\n<p><strong>D\u00eda 6 Santa Luc\u00eda<\/strong>&nbsp;<\/p>\n\n\n\n<p>Carreteras cl\u00e1sicas mezcladas con otras nuevas, sobre grava (72km \/ 1.561hm)&nbsp;<\/p>\n\n\n\n<figure class=\"wp-block-image size-large\"><img loading=\"lazy\" decoding=\"async\" width=\"1024\" height=\"576\" src=\"https:\/\/inzain.bike\/wp-content\/uploads\/2023\/09\/DJI_0117-1024x576.jpg\" alt=\"\" class=\"wp-image-3474\" title=\"No puedes pegar la imagen desde el portapapeles, pero puedes guardarla en tu computadora e insertarla desde all\u00ed.\" srcset=\"https:\/\/inzain.bike\/wp-content\/uploads\/2023\/09\/DJI_0117-1024x576.jpg 1024w, https:\/\/inzain.bike\/wp-content\/uploads\/2023\/09\/DJI_0117-300x169.jpg 300w, https:\/\/inzain.bike\/wp-content\/uploads\/2023\/09\/DJI_0117-768x432.jpg 768w, https:\/\/inzain.bike\/wp-content\/uploads\/2023\/09\/DJI_0117-1536x864.jpg 1536w, https:\/\/inzain.bike\/wp-content\/uploads\/2023\/09\/DJI_0117-2048x1152.jpg 2048w, https:\/\/inzain.bike\/wp-content\/uploads\/2023\/09\/DJI_0117-18x10.jpg 18w, https:\/\/inzain.bike\/wp-content\/uploads\/2023\/09\/DJI_0117-1320x743.jpg 1320w, https:\/\/inzain.bike\/wp-content\/uploads\/2023\/09\/DJI_0117-600x338.jpg 600w\" sizes=\"auto, (max-width: 1024px) 100vw, 1024px\" \/><figcaption class=\"wp-element-caption\">por defecto<\/figcaption><\/figure>\n\n\n\n<p>El final perfecto para una semana llena de fuertes experiencias. Este paseo se realiza sobre grava por el lado oeste del desfiladero, tan popular entre los sitios de carreras de bicicletas. Seguimos viendo a nuestra derecha el maravilloso y completamente blanco pueblo de Sankta Lucia. Para los que quieran, tomamos un caf\u00e9 all\u00ed antes de llegar a San Bartolom\u00e9, que es el punto m\u00e1s alto del d\u00eda. Una vez all\u00ed, podr\u00e1s elegir qu\u00e9 ruta quieres llevar a casa. O siga recto por el m\u00e1s cercano pasando por la hermosa y famosa Fataga (entre otras de S\u00e4llskapsresan). O conducir a\u00fan m\u00e1s grava y variaciones de &quot;Chira&quot; y &quot;Pilancones&quot;.&nbsp;&nbsp;<\/p>\n\n\n\n<p><strong>coche de escolta<\/strong>&nbsp;<\/p>\n\n\n\n<p>Nuestro coche de escolta estar\u00e1 con nosotros todos los d\u00edas para que podamos acceder mejor a las delicias de la isla. Tambi\u00e9n nos da seguridad por si te pasa algo a ti o a tu bicicleta (o a tus piernas :))&nbsp;<\/p>\n\n\n\n<p>El coche de escolta dispone de agua, bebida deportiva, geles, barritas, bicicleta extra y posiblemente ropa extra (que nunca hace falta...)&nbsp;&nbsp;&nbsp;<\/p>\n\n\n\n<p><strong>Despu\u00e9s de bicicleta y ba\u00f1o.<\/strong>&nbsp;<\/p>\n\n\n\n<p>Una vez de regreso a casa, podr\u00e1 disfrutar de una deliciosa cena preparada con ingredientes locales. Despu\u00e9s, suba en bicicleta a una terraza en la azotea con una vista de un kil\u00f3metro y medio de las famosas dunas de Maspalomas y el mar resplandeciente detr\u00e1s.&nbsp;&nbsp;<\/p>\n\n\n\n<p>\u00bfPor qu\u00e9 no darse un ba\u00f1o en el nuevo jacuzzi con solo la luna y las estrellas arriba?&nbsp;<\/p>\n\n\n\n<p>INZAIN os desea una c\u00e1lida bienvenida a Gran Canaria<\/p>\n\n\n\n<p><strong>HECHOS<\/strong><\/p>\n\n\n\n<figure class=\"wp-block-table\"><table><tbody><tr><td><strong>Cuando<\/strong><\/td><td>19-26 de enero de 2024<\/td><\/tr><tr><td><strong>D\u00f3nde<\/strong><\/td><td>Gran Canaria<\/td><\/tr><tr><td><strong>Alojamiento<\/strong><\/td><td>CasaCalma \u2013 Hotel ciclista<\/td><\/tr><tr><td><strong>Que esta incluido<\/strong><\/td><td>Alojamiento (habitaci\u00f3n doble compartida para dos personas) con desayuno y cena, rutas, coche de seguridad, guarda bolsas para bicicletas, gu\u00edas, foto\/pel\u00edcula.<\/td><\/tr><tr><td><strong>Otorgar<\/strong><\/td><td>14.500 coronas suecas<\/td><\/tr><tr><td><strong>Habitaci\u00f3n individual<\/strong><\/td><td>+ 4.000 coronas suecas<\/td><\/tr><tr><td><strong>Pago<\/strong><\/td><td>Al reservar: 3500 SEK fecha de registro = fecha de pago<br>2024-01-01: Parte restante<br>Swish a CJ: 123 139 2919 ingresa &quot;GC Gravel 2024&quot; y tu nombre<\/td><\/tr><tr><td><strong>Seguro<\/strong><\/td><td>Los participantes son responsables de su propio seguro.<\/td><\/tr><tr><td><strong>Vuelo<\/strong><\/td><td>Cada uno reserva su propio vuelo. Traslado incluido.<\/td><\/tr><tr><td><strong>Recibo<\/strong><\/td><td>Recibo\/factura en efectivo proporcionada a pedido<\/td><\/tr><tr><td><strong>Cancelaci\u00f3n<\/strong><\/td><td>(<em>La falta de pago significa autom\u00e1ticamente la cancelaci\u00f3n<\/em>)<br><strong>Vac\u00edo 2024-01-01<\/strong>: Dep\u00f3sito perdido<br><strong>Vac\u00edo 2024-01-15<\/strong>: Importe total perdido<\/td><\/tr><tr><td><strong>T\u00e9rminos<\/strong><\/td><td>La participaci\u00f3n es bajo su propio riesgo.&nbsp;<a href=\"https:\/\/inzain.bike\/es\/villkor-deltagande\/\">La letra peque\u00f1a<\/a><\/td><\/tr><\/tbody><\/table><\/figure>\n\n\n\n<p><br><br><strong>Inscripci\u00f3n cerrada<\/strong><\/p>\n\n\n\n<p><\/p>","protected":false},"excerpt":{"rendered":"<p>N\u00e4r: 19-26 januari 2024Var: Gran CanariaHur: \u00c4ventyrligt Gravel Camp med mycket kl\u00e4ttringHotell: Vi bor p\u00e5 CasaCalma, ett dedicerat cykelhotell\u00c4ta: Frukost och middag p\u00e5 CasaCalma ing\u00e5r. Inzain, och CasaCalma v\u00e4lkomnar dig till Gran Canaria och en veckas cykling p\u00e5 stig och grusv\u00e4g.&nbsp; F\u00f6r tredje \u00e5ret i rad s\u00e5 \u00f6ppnar cykelhotellet CasaCalma sina portar \u00e5t oss i [&hellip;]<\/p>\n","protected":false},"author":135133094,"featured_media":0,"parent":0,"menu_order":0,"comment_status":"closed","ping_status":"closed","template":"","meta":{"_coblocks_attr":"","_coblocks_dimensions":"","_coblocks_responsive_height":"","_coblocks_accordion_ie_support":"","footnotes":""},"class_list":["post-3464","page","type-page","status-publish","hentry"],"yoast_head":"<!-- This site is optimized with the Yoast SEO plugin v27.2 - https:\/\/yoast.com\/product\/yoast-seo-wordpress\/ -->\n<title>Gran Canaria Gravel Camp - INZAIN Cycling EXPERIENCES<\/title>\n<meta name=\"robots\" content=\"index, follow, max-snippet:-1, max-image-preview:large, max-video-preview:-1\" \/>\n<link rel=\"canonical\" href=\"https:\/\/inzain.bike\/es\/inzain-gran-canaria-gravel-camp\/\" \/>\n<meta property=\"og:locale\" content=\"es_ES\" \/>\n<meta property=\"og:type\" content=\"article\" \/>\n<meta property=\"og:title\" content=\"Gran Canaria Gravel Camp - INZAIN Cycling EXPERIENCES\" \/>\n<meta property=\"og:description\" content=\"N\u00e4r: 19-26 januari 2024Var: Gran CanariaHur: \u00c4ventyrligt Gravel Camp med mycket kl\u00e4ttringHotell: Vi bor p\u00e5 CasaCalma, ett dedicerat cykelhotell\u00c4ta: Frukost och middag p\u00e5 CasaCalma ing\u00e5r. Inzain, och CasaCalma v\u00e4lkomnar dig till Gran Canaria och en veckas cykling p\u00e5 stig och grusv\u00e4g.&nbsp; F\u00f6r tredje \u00e5ret i rad s\u00e5 \u00f6ppnar cykelhotellet CasaCalma sina portar \u00e5t oss i [&hellip;]\" \/>\n<meta property=\"og:url\" content=\"https:\/\/inzain.bike\/es\/inzain-gran-canaria-gravel-camp\/\" \/>\n<meta property=\"og:site_name\" content=\"INZAIN Cycling EXPERIENCES\" \/>\n<meta property=\"article:publisher\" content=\"https:\/\/www.facebook.com\/Inzain.bike\" \/>\n<meta property=\"article:modified_time\" content=\"2024-03-09T08:54:55+00:00\" \/>\n<meta property=\"og:image\" content=\"https:\/\/inzain.bike\/wp-content\/uploads\/2023\/09\/IMG_2545-1024x768.jpg\" \/>\n<meta name=\"twitter:card\" content=\"summary_large_image\" \/>\n<meta name=\"twitter:label1\" content=\"Tiempo de lectura\" \/>\n\t<meta name=\"twitter:data1\" content=\"9 minutos\" \/>\n<script type=\"application\/ld+json\" class=\"yoast-schema-graph\">{\"@context\":\"https:\/\/schema.org\",\"@graph\":[{\"@type\":\"WebPage\",\"@id\":\"https:\/\/inzain.bike\/nl_be\/inzain-gran-canaria-gravel-camp\/\",\"url\":\"https:\/\/inzain.bike\/nl_be\/inzain-gran-canaria-gravel-camp\/\",\"name\":\"Gran Canaria Gravel Camp - INZAIN Cycling EXPERIENCES\",\"isPartOf\":{\"@id\":\"https:\/\/inzain.bike\/fr_be\/#website\"},\"primaryImageOfPage\":{\"@id\":\"https:\/\/inzain.bike\/nl_be\/inzain-gran-canaria-gravel-camp\/#primaryimage\"},\"image\":{\"@id\":\"https:\/\/inzain.bike\/nl_be\/inzain-gran-canaria-gravel-camp\/#primaryimage\"},\"thumbnailUrl\":\"https:\/\/inzain.bike\/wp-content\/uploads\/2023\/09\/IMG_2545-1024x768.jpg\",\"datePublished\":\"2023-09-28T10:44:16+00:00\",\"dateModified\":\"2024-03-09T08:54:55+00:00\",\"breadcrumb\":{\"@id\":\"https:\/\/inzain.bike\/nl_be\/inzain-gran-canaria-gravel-camp\/#breadcrumb\"},\"inLanguage\":\"es\",\"potentialAction\":[{\"@type\":\"ReadAction\",\"target\":[\"https:\/\/inzain.bike\/nl_be\/inzain-gran-canaria-gravel-camp\/\"]}]},{\"@type\":\"ImageObject\",\"inLanguage\":\"es\",\"@id\":\"https:\/\/inzain.bike\/nl_be\/inzain-gran-canaria-gravel-camp\/#primaryimage\",\"url\":\"https:\/\/inzain.bike\/wp-content\/uploads\/2023\/09\/IMG_2545-1024x768.jpg\",\"contentUrl\":\"https:\/\/inzain.bike\/wp-content\/uploads\/2023\/09\/IMG_2545-1024x768.jpg\"},{\"@type\":\"BreadcrumbList\",\"@id\":\"https:\/\/inzain.bike\/nl_be\/inzain-gran-canaria-gravel-camp\/#breadcrumb\",\"itemListElement\":[{\"@type\":\"ListItem\",\"position\":1,\"name\":\"Hem\",\"item\":\"https:\/\/inzain.bike\/fr_be\/\"},{\"@type\":\"ListItem\",\"position\":2,\"name\":\"Gran Canaria Gravel Camp\"}]},{\"@type\":\"WebSite\",\"@id\":\"https:\/\/inzain.bike\/fr_be\/#website\",\"url\":\"https:\/\/inzain.bike\/fr_be\/\",\"name\":\"INZAIN Cycling EXPERIENCES\",\"description\":\"Cyckling Adventures  - for everyone\",\"publisher\":{\"@id\":\"https:\/\/inzain.bike\/fr_be\/#organization\"},\"alternateName\":\"INZAIN Gravel & Travel\",\"potentialAction\":[{\"@type\":\"SearchAction\",\"target\":{\"@type\":\"EntryPoint\",\"urlTemplate\":\"https:\/\/inzain.bike\/fr_be\/?s={search_term_string}\"},\"query-input\":{\"@type\":\"PropertyValueSpecification\",\"valueRequired\":true,\"valueName\":\"search_term_string\"}}],\"inLanguage\":\"es\"},{\"@type\":\"Organization\",\"@id\":\"https:\/\/inzain.bike\/fr_be\/#organization\",\"name\":\"INZAIN Cycling EXPERIENCES\",\"url\":\"https:\/\/inzain.bike\/fr_be\/\",\"logo\":{\"@type\":\"ImageObject\",\"inLanguage\":\"es\",\"@id\":\"https:\/\/inzain.bike\/fr_be\/#\/schema\/logo\/image\/\",\"url\":\"https:\/\/i0.wp.com\/inzain.bike\/wp-content\/uploads\/2023\/09\/cropped-INZAIN_512x512_white.png?fit=512%2C512&ssl=1\",\"contentUrl\":\"https:\/\/i0.wp.com\/inzain.bike\/wp-content\/uploads\/2023\/09\/cropped-INZAIN_512x512_white.png?fit=512%2C512&ssl=1\",\"width\":512,\"height\":512,\"caption\":\"INZAIN Cycling EXPERIENCES\"},\"image\":{\"@id\":\"https:\/\/inzain.bike\/fr_be\/#\/schema\/logo\/image\/\"},\"sameAs\":[\"https:\/\/www.facebook.com\/Inzain.bike\",\"https:\/\/www.instagram.com\/inzainbike\"]}]}<\/script>\n<!-- \/ Yoast SEO plugin. -->","yoast_head_json":{"title":"Gran Canaria Gravel Camp - INZAIN Cycling EXPERIENCES","robots":{"index":"index","follow":"follow","max-snippet":"max-snippet:-1","max-image-preview":"max-image-preview:large","max-video-preview":"max-video-preview:-1"},"canonical":"https:\/\/inzain.bike\/es\/inzain-gran-canaria-gravel-camp\/","og_locale":"es_ES","og_type":"article","og_title":"Gran Canaria Gravel Camp - INZAIN Cycling EXPERIENCES","og_description":"N\u00e4r: 19-26 januari 2024Var: Gran CanariaHur: \u00c4ventyrligt Gravel Camp med mycket kl\u00e4ttringHotell: Vi bor p\u00e5 CasaCalma, ett dedicerat cykelhotell\u00c4ta: Frukost och middag p\u00e5 CasaCalma ing\u00e5r. Inzain, och CasaCalma v\u00e4lkomnar dig till Gran Canaria och en veckas cykling p\u00e5 stig och grusv\u00e4g.&nbsp; F\u00f6r tredje \u00e5ret i rad s\u00e5 \u00f6ppnar cykelhotellet CasaCalma sina portar \u00e5t oss i [&hellip;]","og_url":"https:\/\/inzain.bike\/es\/inzain-gran-canaria-gravel-camp\/","og_site_name":"INZAIN Cycling EXPERIENCES","article_publisher":"https:\/\/www.facebook.com\/Inzain.bike","article_modified_time":"2024-03-09T08:54:55+00:00","og_image":[{"url":"https:\/\/inzain.bike\/wp-content\/uploads\/2023\/09\/IMG_2545-1024x768.jpg","type":"","width":"","height":""}],"twitter_card":"summary_large_image","twitter_misc":{"Tiempo de lectura":"9 minutos"},"schema":{"@context":"https:\/\/schema.org","@graph":[{"@type":"WebPage","@id":"https:\/\/inzain.bike\/nl_be\/inzain-gran-canaria-gravel-camp\/","url":"https:\/\/inzain.bike\/nl_be\/inzain-gran-canaria-gravel-camp\/","name":"Gran Canaria Gravel Camp - INZAIN Cycling EXPERIENCES","isPartOf":{"@id":"https:\/\/inzain.bike\/fr_be\/#website"},"primaryImageOfPage":{"@id":"https:\/\/inzain.bike\/nl_be\/inzain-gran-canaria-gravel-camp\/#primaryimage"},"image":{"@id":"https:\/\/inzain.bike\/nl_be\/inzain-gran-canaria-gravel-camp\/#primaryimage"},"thumbnailUrl":"https:\/\/inzain.bike\/wp-content\/uploads\/2023\/09\/IMG_2545-1024x768.jpg","datePublished":"2023-09-28T10:44:16+00:00","dateModified":"2024-03-09T08:54:55+00:00","breadcrumb":{"@id":"https:\/\/inzain.bike\/nl_be\/inzain-gran-canaria-gravel-camp\/#breadcrumb"},"inLanguage":"es","potentialAction":[{"@type":"ReadAction","target":["https:\/\/inzain.bike\/nl_be\/inzain-gran-canaria-gravel-camp\/"]}]},{"@type":"ImageObject","inLanguage":"es","@id":"https:\/\/inzain.bike\/nl_be\/inzain-gran-canaria-gravel-camp\/#primaryimage","url":"https:\/\/inzain.bike\/wp-content\/uploads\/2023\/09\/IMG_2545-1024x768.jpg","contentUrl":"https:\/\/inzain.bike\/wp-content\/uploads\/2023\/09\/IMG_2545-1024x768.jpg"},{"@type":"BreadcrumbList","@id":"https:\/\/inzain.bike\/nl_be\/inzain-gran-canaria-gravel-camp\/#breadcrumb","itemListElement":[{"@type":"ListItem","position":1,"name":"Hem","item":"https:\/\/inzain.bike\/fr_be\/"},{"@type":"ListItem","position":2,"name":"Gran Canaria Gravel Camp"}]},{"@type":"WebSite","@id":"https:\/\/inzain.bike\/fr_be\/#website","url":"https:\/\/inzain.bike\/fr_be\/","name":"EXPERIENCIAS Ciclismo INZAIN","description":"Aventuras en bicicleta: para todos","publisher":{"@id":"https:\/\/inzain.bike\/fr_be\/#organization"},"alternateName":"INZAIN Gravel & Travel","potentialAction":[{"@type":"SearchAction","target":{"@type":"EntryPoint","urlTemplate":"https:\/\/inzain.bike\/fr_be\/?s={search_term_string}"},"query-input":{"@type":"PropertyValueSpecification","valueRequired":true,"valueName":"search_term_string"}}],"inLanguage":"es"},{"@type":"Organization","@id":"https:\/\/inzain.bike\/fr_be\/#organization","name":"EXPERIENCIAS Ciclismo INZAIN","url":"https:\/\/inzain.bike\/fr_be\/","logo":{"@type":"ImageObject","inLanguage":"es","@id":"https:\/\/inzain.bike\/fr_be\/#\/schema\/logo\/image\/","url":"https:\/\/i0.wp.com\/inzain.bike\/wp-content\/uploads\/2023\/09\/cropped-INZAIN_512x512_white.png?fit=512%2C512&ssl=1","contentUrl":"https:\/\/i0.wp.com\/inzain.bike\/wp-content\/uploads\/2023\/09\/cropped-INZAIN_512x512_white.png?fit=512%2C512&ssl=1","width":512,"height":512,"caption":"INZAIN Cycling EXPERIENCES"},"image":{"@id":"https:\/\/inzain.bike\/fr_be\/#\/schema\/logo\/image\/"},"sameAs":["https:\/\/www.facebook.com\/Inzain.bike","https:\/\/www.instagram.com\/inzainbike"]}]}},"amp_enabled":true,"_links":{"self":[{"href":"https:\/\/inzain.bike\/es\/wp-json\/wp\/v2\/pages\/3464","targetHints":{"allow":["GET"]}}],"collection":[{"href":"https:\/\/inzain.bike\/es\/wp-json\/wp\/v2\/pages"}],"about":[{"href":"https:\/\/inzain.bike\/es\/wp-json\/wp\/v2\/types\/page"}],"author":[{"embeddable":true,"href":"https:\/\/inzain.bike\/es\/wp-json\/wp\/v2\/users\/135133094"}],"replies":[{"embeddable":true,"href":"https:\/\/inzain.bike\/es\/wp-json\/wp\/v2\/comments?post=3464"}],"version-history":[{"count":0,"href":"https:\/\/inzain.bike\/es\/wp-json\/wp\/v2\/pages\/3464\/revisions"}],"wp:attachment":[{"href":"https:\/\/inzain.bike\/es\/wp-json\/wp\/v2\/media?parent=3464"}],"curies":[{"name":"gracias","href":"https:\/\/api.w.org\/{rel}","templated":true}]}}