{"id":5084,"date":"2023-11-11T18:43:21","date_gmt":"2023-11-11T17:43:21","guid":{"rendered":"https:\/\/inzain.bike\/?page_id=5084"},"modified":"2023-11-16T13:58:25","modified_gmt":"2023-11-16T12:58:25","slug":"gir24-cycling","status":"publish","type":"page","link":"https:\/\/inzain.bike\/es\/gir24-cycling\/","title":{"rendered":"Ciclismo en Gerona"},"content":{"rendered":"<div class=\"wp-block-columns alignwide is-layout-flex wp-container-core-columns-is-layout-28f84493 wp-block-columns-is-layout-flex\">\n<div class=\"wp-block-column is-layout-flow wp-block-column-is-layout-flow\">\n<p><strong>Rutas<\/strong><\/p>\n\n\n\n<p>Hemos contado con la ayuda del gu\u00eda m\u00e1s famoso y experimentado de Girona para crear una semana \u00e9pica. Pedalearemos en todas direcciones y experimentaremos lo mejor de lo mejor. Con suficiente antelaci\u00f3n al viaje, te enviamos nuestra famosa Gu\u00eda del Jinete con toda la informaci\u00f3n que necesitas.<\/p>\n\n\n\n<p><strong>Bicicleta<\/strong><br>Trae la tuya o alquila una muy buena bicicleta de gravel en el lugar. Coordinamos contactos.<\/p>\n\n\n\n<figure class=\"wp-block-image size-full\"><img loading=\"lazy\" decoding=\"async\" width=\"980\" height=\"765\" src=\"https:\/\/inzain.bike\/wp-content\/uploads\/2022\/11\/image-27.png\" alt=\"\" class=\"wp-image-2413\" srcset=\"https:\/\/inzain.bike\/wp-content\/uploads\/2022\/11\/image-27.png 980w, https:\/\/inzain.bike\/wp-content\/uploads\/2022\/11\/image-27-300x234.png 300w, https:\/\/inzain.bike\/wp-content\/uploads\/2022\/11\/image-27-768x600.png 768w, https:\/\/inzain.bike\/wp-content\/uploads\/2022\/11\/image-27-15x12.png 15w, https:\/\/inzain.bike\/wp-content\/uploads\/2022\/11\/image-27-600x468.png 600w\" sizes=\"auto, (max-width: 980px) 100vw, 980px\" \/><\/figure>\n<\/div>\n<\/div>\n\n\n\n<p class=\"has-text-align-left has-custom-weight\" style=\"font-weight:bold;font-size:30px\">programa diurno<\/p>\n\n\n\n<div class=\"wp-block-columns alignwide is-layout-flex wp-container-core-columns-is-layout-28f84493 wp-block-columns-is-layout-flex\">\n<div class=\"wp-block-column is-layout-flow wp-block-column-is-layout-flow\">\n<figure class=\"wp-block-image size-full\"><img decoding=\"async\" src=\"https:\/\/inzain.bike\/wp-content\/uploads\/2023\/11\/IMG_5220.jpg\" alt=\"\" class=\"wp-image-4911\"\/><\/figure>\n<\/div>\n\n\n\n<div class=\"wp-block-column is-layout-flow wp-block-column-is-layout-flow\">\n<p><strong><strong>S\u00e1bado 26 de abril Paseo de salida<\/strong><\/strong><\/p>\n\n\n\n<p>Un bonito paseo por el r\u00edo de 42 km y 187hm. Tomamos un caf\u00e9 en Angl\u00e9s y regresamos a casa por carreteras chulas, parecidas al Outback australiano, el \u00faltimo tramo de vuelta a Girona por la v\u00eda ciclista V\u00eda Verde.<br><\/p>\n\n\n\n<figure class=\"wp-block-image size-large\"><img loading=\"lazy\" decoding=\"async\" width=\"1024\" height=\"115\" src=\"https:\/\/inzain.bike\/wp-content\/uploads\/2022\/11\/image-21-1024x115.png\" alt=\"\" class=\"wp-image-2396\" srcset=\"https:\/\/inzain.bike\/wp-content\/uploads\/2022\/11\/image-21-1024x115.png 1024w, https:\/\/inzain.bike\/wp-content\/uploads\/2022\/11\/image-21-300x34.png 300w, https:\/\/inzain.bike\/wp-content\/uploads\/2022\/11\/image-21-768x87.png 768w, https:\/\/inzain.bike\/wp-content\/uploads\/2022\/11\/image-21-1536x173.png 1536w, https:\/\/inzain.bike\/wp-content\/uploads\/2022\/11\/image-21-2048x231.png 2048w, https:\/\/inzain.bike\/wp-content\/uploads\/2022\/11\/image-21-18x2.png 18w, https:\/\/inzain.bike\/wp-content\/uploads\/2022\/11\/image-21-1320x149.png 1320w, https:\/\/inzain.bike\/wp-content\/uploads\/2022\/11\/image-21-600x68.png 600w\" sizes=\"auto, (max-width: 1024px) 100vw, 1024px\" \/><\/figure>\n<\/div>\n<\/div>\n\n\n\n<div class=\"wp-block-columns alignwide is-layout-flex wp-container-core-columns-is-layout-28f84493 wp-block-columns-is-layout-flex\">\n<div class=\"wp-block-column is-layout-flow wp-block-column-is-layout-flow\">\n<p><strong><strong><strong>Domingo <\/strong>27 de abril<\/strong> <strong>R\u00fastico<\/strong><\/strong><\/p>\n\n\n\n<figure class=\"wp-block-image size-large\"><img loading=\"lazy\" decoding=\"async\" width=\"1024\" height=\"235\" src=\"https:\/\/inzain.bike\/wp-content\/uploads\/2022\/11\/image-9-1024x235.png\" alt=\"\" class=\"wp-image-2307\" srcset=\"https:\/\/inzain.bike\/wp-content\/uploads\/2022\/11\/image-9-1024x235.png 1024w, https:\/\/inzain.bike\/wp-content\/uploads\/2022\/11\/image-9-300x69.png 300w, https:\/\/inzain.bike\/wp-content\/uploads\/2022\/11\/image-9-768x176.png 768w, https:\/\/inzain.bike\/wp-content\/uploads\/2022\/11\/image-9-1536x352.png 1536w, https:\/\/inzain.bike\/wp-content\/uploads\/2022\/11\/image-9-2048x469.png 2048w, https:\/\/inzain.bike\/wp-content\/uploads\/2022\/11\/image-9-18x4.png 18w, https:\/\/inzain.bike\/wp-content\/uploads\/2022\/11\/image-9-1320x302.png 1320w, https:\/\/inzain.bike\/wp-content\/uploads\/2022\/11\/image-9-600x137.png 600w\" sizes=\"auto, (max-width: 1024px) 100vw, 1024px\" \/><\/figure>\n\n\n\n<figure class=\"wp-block-image size-large\"><img loading=\"lazy\" decoding=\"async\" width=\"1024\" height=\"115\" src=\"https:\/\/inzain.bike\/wp-content\/uploads\/2022\/11\/image-22-1024x115.png\" alt=\"\" class=\"wp-image-2397\" srcset=\"https:\/\/inzain.bike\/wp-content\/uploads\/2022\/11\/image-22-1024x115.png 1024w, https:\/\/inzain.bike\/wp-content\/uploads\/2022\/11\/image-22-300x34.png 300w, https:\/\/inzain.bike\/wp-content\/uploads\/2022\/11\/image-22-768x86.png 768w, https:\/\/inzain.bike\/wp-content\/uploads\/2022\/11\/image-22-1536x173.png 1536w, https:\/\/inzain.bike\/wp-content\/uploads\/2022\/11\/image-22-2048x230.png 2048w, https:\/\/inzain.bike\/wp-content\/uploads\/2022\/11\/image-22-18x2.png 18w, https:\/\/inzain.bike\/wp-content\/uploads\/2022\/11\/image-22-1320x148.png 1320w, https:\/\/inzain.bike\/wp-content\/uploads\/2022\/11\/image-22-600x67.png 600w\" sizes=\"auto, (max-width: 1024px) 100vw, 1024px\" \/><\/figure>\n\n\n\n<p><br>Empezamos suave con un recorrido llano (90km \/279hm) y almorzamos en un cl\u00e1sico.  <a href=\"https:\/\/rustikemporda.wixsite.com\/rustikemporda\">R\u00fastico<\/a>, el famoso restaurante. Despu\u00e9s de regresar a Girona, puedes optar por continuar otros 4 kil\u00f3metros y ser recompensado con un fant\u00e1stico helado.<\/p>\n<\/div>\n\n\n\n<div class=\"wp-block-column is-layout-flow wp-block-column-is-layout-flow\">\n<figure class=\"wp-block-image size-full\"><img loading=\"lazy\" decoding=\"async\" width=\"800\" height=\"533\" src=\"https:\/\/inzain.bike\/wp-content\/uploads\/2023\/11\/image-11.png\" alt=\"\" class=\"wp-image-5085\" srcset=\"https:\/\/inzain.bike\/wp-content\/uploads\/2023\/11\/image-11.png 800w, https:\/\/inzain.bike\/wp-content\/uploads\/2023\/11\/image-11-300x200.png 300w, https:\/\/inzain.bike\/wp-content\/uploads\/2023\/11\/image-11-768x512.png 768w, https:\/\/inzain.bike\/wp-content\/uploads\/2023\/11\/image-11-18x12.png 18w, https:\/\/inzain.bike\/wp-content\/uploads\/2023\/11\/image-11-600x400.png 600w\" sizes=\"auto, (max-width: 800px) 100vw, 800px\" \/><\/figure>\n<\/div>\n<\/div>\n\n\n\n<div class=\"wp-block-columns alignwide is-layout-flex wp-container-core-columns-is-layout-28f84493 wp-block-columns-is-layout-flex\">\n<div class=\"wp-block-column is-layout-flow wp-block-column-is-layout-flow\">\n<figure class=\"wp-block-image size-full\"><img decoding=\"async\" src=\"https:\/\/inzain.bike\/wp-content\/uploads\/2023\/11\/IMG_6269.jpg\" alt=\"\" class=\"wp-image-4886\"\/><\/figure>\n<\/div>\n\n\n\n<div class=\"wp-block-column is-layout-flow wp-block-column-is-layout-flow\">\n<p><strong><strong>lunes 29 de abril<\/strong> \u2013 <strong>Ba\u00f1olas<\/strong><\/strong><\/p>\n\n\n\n<p>82 km 651 hm) Ahora nos dirigimos al norte. Un d\u00eda con un poco m\u00e1s de altitud y carreteras absolutamente fant\u00e1sticas. Almorzaremos en Banyoles tras 55km.<br><\/p>\n\n\n\n<figure class=\"wp-block-image size-large\"><img loading=\"lazy\" decoding=\"async\" width=\"1024\" height=\"113\" src=\"https:\/\/inzain.bike\/wp-content\/uploads\/2022\/11\/image-23-1024x113.png\" alt=\"\" class=\"wp-image-2398\" srcset=\"https:\/\/inzain.bike\/wp-content\/uploads\/2022\/11\/image-23-1024x113.png 1024w, https:\/\/inzain.bike\/wp-content\/uploads\/2022\/11\/image-23-300x33.png 300w, https:\/\/inzain.bike\/wp-content\/uploads\/2022\/11\/image-23-768x85.png 768w, https:\/\/inzain.bike\/wp-content\/uploads\/2022\/11\/image-23-1536x170.png 1536w, https:\/\/inzain.bike\/wp-content\/uploads\/2022\/11\/image-23-2048x227.png 2048w, https:\/\/inzain.bike\/wp-content\/uploads\/2022\/11\/image-23-18x2.png 18w, https:\/\/inzain.bike\/wp-content\/uploads\/2022\/11\/image-23-1320x146.png 1320w, https:\/\/inzain.bike\/wp-content\/uploads\/2022\/11\/image-23-600x66.png 600w\" sizes=\"auto, (max-width: 1024px) 100vw, 1024px\" \/><\/figure>\n<\/div>\n<\/div>\n\n\n\n<div class=\"wp-block-columns alignwide is-layout-flex wp-container-core-columns-is-layout-28f84493 wp-block-columns-is-layout-flex\">\n<div class=\"wp-block-column is-layout-flow wp-block-column-is-layout-flow\">\n<p><strong><strong><strong>Martes 30 de abril<\/strong> \u2013 Santa Vall<\/strong><\/strong><\/p>\n\n\n\n<p>\u00a1Hacia el sur! (95km 700hm). Comenzamos por la orilla norte del r\u00edo, cuando giramos hacia el sur conseguimos una subida, seguida de un fant\u00e1stico camino de tierra en bajada. Almorzaremos y tomaremos un caf\u00e9 durante la ruta. <br><\/p>\n\n\n\n<figure class=\"wp-block-image size-large\"><img loading=\"lazy\" decoding=\"async\" width=\"1024\" height=\"111\" src=\"https:\/\/inzain.bike\/wp-content\/uploads\/2022\/11\/image-24-1024x111.png\" alt=\"\" class=\"wp-image-2399\" srcset=\"https:\/\/inzain.bike\/wp-content\/uploads\/2022\/11\/image-24-1024x111.png 1024w, https:\/\/inzain.bike\/wp-content\/uploads\/2022\/11\/image-24-300x33.png 300w, https:\/\/inzain.bike\/wp-content\/uploads\/2022\/11\/image-24-768x84.png 768w, https:\/\/inzain.bike\/wp-content\/uploads\/2022\/11\/image-24-1536x167.png 1536w, https:\/\/inzain.bike\/wp-content\/uploads\/2022\/11\/image-24-2048x223.png 2048w, https:\/\/inzain.bike\/wp-content\/uploads\/2022\/11\/image-24-18x2.png 18w, https:\/\/inzain.bike\/wp-content\/uploads\/2022\/11\/image-24-1320x144.png 1320w, https:\/\/inzain.bike\/wp-content\/uploads\/2022\/11\/image-24-600x65.png 600w\" sizes=\"auto, (max-width: 1024px) 100vw, 1024px\" \/><\/figure>\n<\/div>\n\n\n\n<div class=\"wp-block-column is-layout-flow wp-block-column-is-layout-flow\">\n<figure class=\"wp-block-image size-full\"><img loading=\"lazy\" decoding=\"async\" width=\"1600\" height=\"1200\" src=\"https:\/\/inzain.bike\/wp-content\/uploads\/2023\/11\/59d8cc2a-c457-4bdb-8cbb-0106a4f346b7.jpg\" alt=\"\" class=\"wp-image-4917\" srcset=\"https:\/\/inzain.bike\/wp-content\/uploads\/2023\/11\/59d8cc2a-c457-4bdb-8cbb-0106a4f346b7.jpg 1600w, https:\/\/inzain.bike\/wp-content\/uploads\/2023\/11\/59d8cc2a-c457-4bdb-8cbb-0106a4f346b7-300x225.jpg 300w, https:\/\/inzain.bike\/wp-content\/uploads\/2023\/11\/59d8cc2a-c457-4bdb-8cbb-0106a4f346b7-1024x768.jpg 1024w, https:\/\/inzain.bike\/wp-content\/uploads\/2023\/11\/59d8cc2a-c457-4bdb-8cbb-0106a4f346b7-768x576.jpg 768w, https:\/\/inzain.bike\/wp-content\/uploads\/2023\/11\/59d8cc2a-c457-4bdb-8cbb-0106a4f346b7-1536x1152.jpg 1536w, https:\/\/inzain.bike\/wp-content\/uploads\/2023\/11\/59d8cc2a-c457-4bdb-8cbb-0106a4f346b7-16x12.jpg 16w, https:\/\/inzain.bike\/wp-content\/uploads\/2023\/11\/59d8cc2a-c457-4bdb-8cbb-0106a4f346b7-1320x990.jpg 1320w, https:\/\/inzain.bike\/wp-content\/uploads\/2023\/11\/59d8cc2a-c457-4bdb-8cbb-0106a4f346b7-600x450.jpg 600w\" sizes=\"auto, (max-width: 1600px) 100vw, 1600px\" \/><\/figure>\n<\/div>\n<\/div>\n\n\n\n<div class=\"wp-block-columns alignwide is-layout-flex wp-container-core-columns-is-layout-28f84493 wp-block-columns-is-layout-flex\">\n<div class=\"wp-block-column is-layout-flow wp-block-column-is-layout-flow\">\n<figure class=\"wp-block-image size-full\"><img decoding=\"async\" src=\"https:\/\/inzain.bike\/wp-content\/uploads\/2023\/11\/IMG_4677.jpg\" alt=\"\" class=\"wp-image-4918\"\/><\/figure>\n<\/div>\n\n\n\n<div class=\"wp-block-column is-layout-flow wp-block-column-is-layout-flow\">\n<p><strong><strong><strong>mi\u00e9rcoles 1 de mayo <\/strong>  - D\u00eda de descanso<\/strong><\/strong><\/p>\n\n\n\n<p>Nos tomamos un d\u00eda de descanso y descubrimos Girona, quiz\u00e1s una excursi\u00f3n a la casa natal de Salvador Dal\u00ed, <strong>Cifras <\/strong>y el famoso <a href=\"https:\/\/www.salvador-dali.org\/en\/museums\/dali-theatre-museum-in-figueres\/\">el Museo<\/a>, o por qu\u00e9 no tomar el tren hasta <strong>Barcelona<\/strong>, s\u00f3lo lleva 38 minutos. Para aquellos que no quieran descansar, por supuesto, hay disponible una agradable y suave ronda de grava.<\/p>\n<\/div>\n<\/div>\n\n\n\n<div class=\"wp-block-columns alignwide is-layout-flex wp-container-core-columns-is-layout-28f84493 wp-block-columns-is-layout-flex\">\n<div class=\"wp-block-column is-layout-flow wp-block-column-is-layout-flow\">\n<p><strong><strong><strong>jueves 2 de mayo<\/strong><\/strong> <strong>Al mar<\/strong><\/strong><\/p>\n\n\n\n<p>\u00a1El mar Mediterr\u00e1neo! (100 km 800 hm) Pedaleamos por ripio hasta el mar. Un viaje realmente agradable con la posibilidad de darse un chapuz\u00f3n si quieres. Almuerzo junto al agua.&nbsp;<\/p>\n<\/div>\n\n\n\n<div class=\"wp-block-column is-layout-flow wp-block-column-is-layout-flow\">\n<figure class=\"wp-block-image size-full\"><img loading=\"lazy\" decoding=\"async\" width=\"1024\" height=\"512\" src=\"https:\/\/inzain.bike\/wp-content\/uploads\/2022\/11\/image-25.png\" alt=\"\" class=\"wp-image-2401\" srcset=\"https:\/\/inzain.bike\/wp-content\/uploads\/2022\/11\/image-25.png 1024w, https:\/\/inzain.bike\/wp-content\/uploads\/2022\/11\/image-25-300x150.png 300w, https:\/\/inzain.bike\/wp-content\/uploads\/2022\/11\/image-25-768x384.png 768w, https:\/\/inzain.bike\/wp-content\/uploads\/2022\/11\/image-25-18x9.png 18w, https:\/\/inzain.bike\/wp-content\/uploads\/2022\/11\/image-25-600x300.png 600w\" sizes=\"auto, (max-width: 1024px) 100vw, 1024px\" \/><\/figure>\n<\/div>\n<\/div>\n\n\n\n<div class=\"wp-block-columns alignwide is-layout-flex wp-container-core-columns-is-layout-28f84493 wp-block-columns-is-layout-flex\">\n<div class=\"wp-block-column is-layout-flow wp-block-column-is-layout-flow\">\n<figure class=\"wp-block-image size-full\"><img decoding=\"async\" src=\"https:\/\/inzain.bike\/wp-content\/uploads\/2023\/11\/IMG_4677.jpg\" alt=\"\" class=\"wp-image-4918\"\/><\/figure>\n<\/div>\n\n\n\n<div class=\"wp-block-column is-layout-flow wp-block-column-is-layout-flow\">\n<p><strong><strong><strong><strong>viernes 3 de mayo<\/strong>  <strong>Rocacorba<\/strong><\/strong><\/strong><\/strong><\/p>\n\n\n\n<p>Jornada de escalada (78km 1.500 hm). Caminamos hacia el Noroeste por el valle, y llegamos al reto de hoy, 7 km con una media de 8,8% hasta la plaza de Finesters. La recompensa es una vista absolutamente impresionante. Regresamos a casa por otro valle. Caf\u00e9 y almuerzo en el camino.<\/p>\n\n\n\n<figure class=\"wp-block-image size-large\"><img loading=\"lazy\" decoding=\"async\" width=\"1024\" height=\"112\" src=\"https:\/\/inzain.bike\/wp-content\/uploads\/2022\/11\/image-26-1024x112.png\" alt=\"\" class=\"wp-image-2402\" srcset=\"https:\/\/inzain.bike\/wp-content\/uploads\/2022\/11\/image-26-1024x112.png 1024w, https:\/\/inzain.bike\/wp-content\/uploads\/2022\/11\/image-26-300x33.png 300w, https:\/\/inzain.bike\/wp-content\/uploads\/2022\/11\/image-26-768x84.png 768w, https:\/\/inzain.bike\/wp-content\/uploads\/2022\/11\/image-26-1536x168.png 1536w, https:\/\/inzain.bike\/wp-content\/uploads\/2022\/11\/image-26-2048x223.png 2048w, https:\/\/inzain.bike\/wp-content\/uploads\/2022\/11\/image-26-18x2.png 18w, https:\/\/inzain.bike\/wp-content\/uploads\/2022\/11\/image-26-1320x144.png 1320w, https:\/\/inzain.bike\/wp-content\/uploads\/2022\/11\/image-26-600x65.png 600w\" sizes=\"auto, (max-width: 1024px) 100vw, 1024px\" \/><\/figure>\n<\/div>\n<\/div>\n\n\n\n<div class=\"wp-block-columns alignwide is-layout-flex wp-container-core-columns-is-layout-28f84493 wp-block-columns-is-layout-flex\">\n<div class=\"wp-block-column is-layout-flow wp-block-column-is-layout-flow\">\n<p><strong><strong><strong><strong>S\u00e1bado 4 de mayo<\/strong> <strong>Santuario de la Mare<\/strong><\/strong><\/strong><\/strong><\/p>\n\n\n\n<p> Terminamos con estilo y una vuelta relativamente suave (79km\/895hm) que tiene un ascenso hacia el final. Pasaremos por el famoso monasterio y, como siempre, comeremos y tomaremos un buen caf\u00e9. Cuando llegamos a casa recogemos las bicicletas y salimos a disfrutar de una mejor cena de despedida.<\/p>\n<\/div>\n\n\n\n<div class=\"wp-block-column is-layout-flow wp-block-column-is-layout-flow\">\n<figure class=\"wp-block-image size-large\"><img loading=\"lazy\" decoding=\"async\" width=\"1024\" height=\"416\" src=\"https:\/\/inzain.bike\/wp-content\/uploads\/2022\/11\/image-14-1024x416.png\" alt=\"\" class=\"wp-image-2318\" srcset=\"https:\/\/inzain.bike\/wp-content\/uploads\/2022\/11\/image-14-1024x416.png 1024w, https:\/\/inzain.bike\/wp-content\/uploads\/2022\/11\/image-14-300x122.png 300w, https:\/\/inzain.bike\/wp-content\/uploads\/2022\/11\/image-14-768x312.png 768w, https:\/\/inzain.bike\/wp-content\/uploads\/2022\/11\/image-14-1536x624.png 1536w, https:\/\/inzain.bike\/wp-content\/uploads\/2022\/11\/image-14-18x7.png 18w, https:\/\/inzain.bike\/wp-content\/uploads\/2022\/11\/image-14-1320x536.png 1320w, https:\/\/inzain.bike\/wp-content\/uploads\/2022\/11\/image-14-600x244.png 600w, https:\/\/inzain.bike\/wp-content\/uploads\/2022\/11\/image-14.png 1920w\" sizes=\"auto, (max-width: 1024px) 100vw, 1024px\" \/><\/figure>\n<\/div>\n<\/div>\n\n\n\n<div class=\"wp-block-columns alignwide is-layout-flex wp-container-core-columns-is-layout-28f84493 wp-block-columns-is-layout-flex\">\n<div class=\"wp-block-column is-layout-flow wp-block-column-is-layout-flow\">\n<figure class=\"wp-block-image size-large\"><img loading=\"lazy\" decoding=\"async\" width=\"1024\" height=\"683\" src=\"https:\/\/inzain.bike\/wp-content\/uploads\/2022\/10\/gi2-1024x683.jpg\" alt=\"\" class=\"wp-image-2030\" srcset=\"https:\/\/inzain.bike\/wp-content\/uploads\/2022\/10\/gi2-1024x683.jpg 1024w, https:\/\/inzain.bike\/wp-content\/uploads\/2022\/10\/gi2-300x200.jpg 300w, https:\/\/inzain.bike\/wp-content\/uploads\/2022\/10\/gi2-768x512.jpg 768w, https:\/\/inzain.bike\/wp-content\/uploads\/2022\/10\/gi2-18x12.jpg 18w, https:\/\/inzain.bike\/wp-content\/uploads\/2022\/10\/gi2-600x400.jpg 600w, https:\/\/inzain.bike\/wp-content\/uploads\/2022\/10\/gi2.jpg 1200w\" sizes=\"auto, (max-width: 1024px) 100vw, 1024px\" \/><\/figure>\n<\/div>\n\n\n\n<div class=\"wp-block-column is-layout-flow wp-block-column-is-layout-flow\">\n<p><strong><strong><strong><strong><strong>Domingo 5 de mayo \u2013 Viaje a casa<\/strong><\/strong><\/strong><\/strong><\/strong><\/p>\n\n\n\n<p>Empacamos, desayunamos y luego nos dirigimos a Barcelona para el viaje de regreso.<\/p>\n\n\n\n<figure class=\"wp-block-image size-large\"><img loading=\"lazy\" decoding=\"async\" width=\"1024\" height=\"112\" src=\"https:\/\/inzain.bike\/wp-content\/uploads\/2022\/11\/image-26-1024x112.png\" alt=\"\" class=\"wp-image-2402\" srcset=\"https:\/\/inzain.bike\/wp-content\/uploads\/2022\/11\/image-26-1024x112.png 1024w, https:\/\/inzain.bike\/wp-content\/uploads\/2022\/11\/image-26-300x33.png 300w, https:\/\/inzain.bike\/wp-content\/uploads\/2022\/11\/image-26-768x84.png 768w, https:\/\/inzain.bike\/wp-content\/uploads\/2022\/11\/image-26-1536x168.png 1536w, https:\/\/inzain.bike\/wp-content\/uploads\/2022\/11\/image-26-2048x223.png 2048w, https:\/\/inzain.bike\/wp-content\/uploads\/2022\/11\/image-26-18x2.png 18w, https:\/\/inzain.bike\/wp-content\/uploads\/2022\/11\/image-26-1320x144.png 1320w, https:\/\/inzain.bike\/wp-content\/uploads\/2022\/11\/image-26-600x65.png 600w\" sizes=\"auto, (max-width: 1024px) 100vw, 1024px\" \/><\/figure>\n<\/div>\n<\/div>\n\n\n\n<div class=\"wp-block-columns alignwide is-layout-flex wp-container-core-columns-is-layout-28f84493 wp-block-columns-is-layout-flex\">\n<div class=\"wp-block-column is-layout-flow wp-block-column-is-layout-flow\">\n<p><\/p>\n<\/div>\n<\/div>\n\n\n\n<p><br><\/p>","protected":false},"excerpt":{"rendered":"<p>Rutter Vi har tagit hj\u00e4lp av den mest ber\u00f6mda och erfarna guiden i Girona f\u00f6r att skapa en episk vecka. Vi kommer cykla i alla v\u00e4derstreck och f\u00e5r uppleva det b\u00e4sta av det b\u00e4sta. I god tid innan resan s\u00e5 skickar vi ut v\u00e5r ber\u00f6mda Riders Guide med all information du beh\u00f6ver. CykelTa med din [&hellip;]<\/p>\n","protected":false},"author":135133094,"featured_media":0,"parent":0,"menu_order":0,"comment_status":"closed","ping_status":"closed","template":"","meta":{"_coblocks_attr":"","_coblocks_dimensions":"","_coblocks_responsive_height":"","_coblocks_accordion_ie_support":"","footnotes":""},"class_list":["post-5084","page","type-page","status-publish","hentry"],"yoast_head":"<!-- This site is optimized with the Yoast SEO plugin v27.2 - https:\/\/yoast.com\/product\/yoast-seo-wordpress\/ -->\n<title>Girona Cykling - INZAIN Cycling EXPERIENCES<\/title>\n<meta name=\"robots\" content=\"index, follow, max-snippet:-1, max-image-preview:large, max-video-preview:-1\" \/>\n<link rel=\"canonical\" href=\"https:\/\/inzain.bike\/es\/gir24-cycling\/\" \/>\n<meta property=\"og:locale\" content=\"es_ES\" \/>\n<meta property=\"og:type\" content=\"article\" \/>\n<meta property=\"og:title\" content=\"Girona Cykling - INZAIN Cycling EXPERIENCES\" \/>\n<meta property=\"og:description\" content=\"Rutter Vi har tagit hj\u00e4lp av den mest ber\u00f6mda och erfarna guiden i Girona f\u00f6r att skapa en episk vecka. Vi kommer cykla i alla v\u00e4derstreck och f\u00e5r uppleva det b\u00e4sta av det b\u00e4sta. I god tid innan resan s\u00e5 skickar vi ut v\u00e5r ber\u00f6mda Riders Guide med all information du beh\u00f6ver. CykelTa med din [&hellip;]\" \/>\n<meta property=\"og:url\" content=\"https:\/\/inzain.bike\/es\/gir24-cycling\/\" \/>\n<meta property=\"og:site_name\" content=\"INZAIN Cycling EXPERIENCES\" \/>\n<meta property=\"article:publisher\" content=\"https:\/\/www.facebook.com\/Inzain.bike\" \/>\n<meta property=\"article:modified_time\" content=\"2023-11-16T12:58:25+00:00\" \/>\n<meta property=\"og:image\" content=\"https:\/\/inzain.bike\/wp-content\/uploads\/2022\/11\/image-27.png\" \/>\n<meta name=\"twitter:card\" content=\"summary_large_image\" \/>\n<meta name=\"twitter:label1\" content=\"Tiempo de lectura\" \/>\n\t<meta name=\"twitter:data1\" content=\"6 minutos\" \/>\n<script type=\"application\/ld+json\" class=\"yoast-schema-graph\">{\"@context\":\"https:\/\/schema.org\",\"@graph\":[{\"@type\":\"WebPage\",\"@id\":\"https:\/\/inzain.bike\/fr_be\/gir24-cycling\/\",\"url\":\"https:\/\/inzain.bike\/fr_be\/gir24-cycling\/\",\"name\":\"Girona Cykling - INZAIN Cycling EXPERIENCES\",\"isPartOf\":{\"@id\":\"https:\/\/inzain.bike\/fr_be\/#website\"},\"primaryImageOfPage\":{\"@id\":\"https:\/\/inzain.bike\/fr_be\/gir24-cycling\/#primaryimage\"},\"image\":{\"@id\":\"https:\/\/inzain.bike\/fr_be\/gir24-cycling\/#primaryimage\"},\"thumbnailUrl\":\"https:\/\/inzain.bike\/wp-content\/uploads\/2022\/11\/image-27.png\",\"datePublished\":\"2023-11-11T17:43:21+00:00\",\"dateModified\":\"2023-11-16T12:58:25+00:00\",\"breadcrumb\":{\"@id\":\"https:\/\/inzain.bike\/fr_be\/gir24-cycling\/#breadcrumb\"},\"inLanguage\":\"es\",\"potentialAction\":[{\"@type\":\"ReadAction\",\"target\":[\"https:\/\/inzain.bike\/fr_be\/gir24-cycling\/\"]}]},{\"@type\":\"ImageObject\",\"inLanguage\":\"es\",\"@id\":\"https:\/\/inzain.bike\/fr_be\/gir24-cycling\/#primaryimage\",\"url\":\"https:\/\/inzain.bike\/wp-content\/uploads\/2022\/11\/image-27.png\",\"contentUrl\":\"https:\/\/inzain.bike\/wp-content\/uploads\/2022\/11\/image-27.png\"},{\"@type\":\"BreadcrumbList\",\"@id\":\"https:\/\/inzain.bike\/fr_be\/gir24-cycling\/#breadcrumb\",\"itemListElement\":[{\"@type\":\"ListItem\",\"position\":1,\"name\":\"Hem\",\"item\":\"https:\/\/inzain.bike\/fr_be\/\"},{\"@type\":\"ListItem\",\"position\":2,\"name\":\"Girona Cykling\"}]},{\"@type\":\"WebSite\",\"@id\":\"https:\/\/inzain.bike\/fr_be\/#website\",\"url\":\"https:\/\/inzain.bike\/fr_be\/\",\"name\":\"INZAIN Cycling EXPERIENCES\",\"description\":\"Cyckling Adventures  - for everyone\",\"publisher\":{\"@id\":\"https:\/\/inzain.bike\/fr_be\/#organization\"},\"alternateName\":\"INZAIN Gravel & Travel\",\"potentialAction\":[{\"@type\":\"SearchAction\",\"target\":{\"@type\":\"EntryPoint\",\"urlTemplate\":\"https:\/\/inzain.bike\/fr_be\/?s={search_term_string}\"},\"query-input\":{\"@type\":\"PropertyValueSpecification\",\"valueRequired\":true,\"valueName\":\"search_term_string\"}}],\"inLanguage\":\"es\"},{\"@type\":\"Organization\",\"@id\":\"https:\/\/inzain.bike\/fr_be\/#organization\",\"name\":\"INZAIN Cycling EXPERIENCES\",\"url\":\"https:\/\/inzain.bike\/fr_be\/\",\"logo\":{\"@type\":\"ImageObject\",\"inLanguage\":\"es\",\"@id\":\"https:\/\/inzain.bike\/fr_be\/#\/schema\/logo\/image\/\",\"url\":\"https:\/\/i0.wp.com\/inzain.bike\/wp-content\/uploads\/2023\/09\/cropped-INZAIN_512x512_white.png?fit=512%2C512&ssl=1\",\"contentUrl\":\"https:\/\/i0.wp.com\/inzain.bike\/wp-content\/uploads\/2023\/09\/cropped-INZAIN_512x512_white.png?fit=512%2C512&ssl=1\",\"width\":512,\"height\":512,\"caption\":\"INZAIN Cycling EXPERIENCES\"},\"image\":{\"@id\":\"https:\/\/inzain.bike\/fr_be\/#\/schema\/logo\/image\/\"},\"sameAs\":[\"https:\/\/www.facebook.com\/Inzain.bike\",\"https:\/\/www.instagram.com\/inzainbike\"]}]}<\/script>\n<!-- \/ Yoast SEO plugin. -->","yoast_head_json":{"title":"Ciclismo en Girona - EXPERIENCIAS Ciclista INZAIN","robots":{"index":"index","follow":"follow","max-snippet":"max-snippet:-1","max-image-preview":"max-image-preview:large","max-video-preview":"max-video-preview:-1"},"canonical":"https:\/\/inzain.bike\/es\/gir24-cycling\/","og_locale":"es_ES","og_type":"article","og_title":"Girona Cykling - INZAIN Cycling EXPERIENCES","og_description":"Rutter Vi har tagit hj\u00e4lp av den mest ber\u00f6mda och erfarna guiden i Girona f\u00f6r att skapa en episk vecka. Vi kommer cykla i alla v\u00e4derstreck och f\u00e5r uppleva det b\u00e4sta av det b\u00e4sta. I god tid innan resan s\u00e5 skickar vi ut v\u00e5r ber\u00f6mda Riders Guide med all information du beh\u00f6ver. CykelTa med din [&hellip;]","og_url":"https:\/\/inzain.bike\/es\/gir24-cycling\/","og_site_name":"INZAIN Cycling EXPERIENCES","article_publisher":"https:\/\/www.facebook.com\/Inzain.bike","article_modified_time":"2023-11-16T12:58:25+00:00","og_image":[{"url":"https:\/\/inzain.bike\/wp-content\/uploads\/2022\/11\/image-27.png","type":"","width":"","height":""}],"twitter_card":"summary_large_image","twitter_misc":{"Tiempo de lectura":"6 minutos"},"schema":{"@context":"https:\/\/schema.org","@graph":[{"@type":"WebPage","@id":"https:\/\/inzain.bike\/fr_be\/gir24-cycling\/","url":"https:\/\/inzain.bike\/fr_be\/gir24-cycling\/","name":"Ciclismo en Girona - EXPERIENCIAS Ciclista INZAIN","isPartOf":{"@id":"https:\/\/inzain.bike\/fr_be\/#website"},"primaryImageOfPage":{"@id":"https:\/\/inzain.bike\/fr_be\/gir24-cycling\/#primaryimage"},"image":{"@id":"https:\/\/inzain.bike\/fr_be\/gir24-cycling\/#primaryimage"},"thumbnailUrl":"https:\/\/inzain.bike\/wp-content\/uploads\/2022\/11\/image-27.png","datePublished":"2023-11-11T17:43:21+00:00","dateModified":"2023-11-16T12:58:25+00:00","breadcrumb":{"@id":"https:\/\/inzain.bike\/fr_be\/gir24-cycling\/#breadcrumb"},"inLanguage":"es","potentialAction":[{"@type":"ReadAction","target":["https:\/\/inzain.bike\/fr_be\/gir24-cycling\/"]}]},{"@type":"ImageObject","inLanguage":"es","@id":"https:\/\/inzain.bike\/fr_be\/gir24-cycling\/#primaryimage","url":"https:\/\/inzain.bike\/wp-content\/uploads\/2022\/11\/image-27.png","contentUrl":"https:\/\/inzain.bike\/wp-content\/uploads\/2022\/11\/image-27.png"},{"@type":"BreadcrumbList","@id":"https:\/\/inzain.bike\/fr_be\/gir24-cycling\/#breadcrumb","itemListElement":[{"@type":"ListItem","position":1,"name":"Hem","item":"https:\/\/inzain.bike\/fr_be\/"},{"@type":"ListItem","position":2,"name":"Girona Cykling"}]},{"@type":"WebSite","@id":"https:\/\/inzain.bike\/fr_be\/#website","url":"https:\/\/inzain.bike\/fr_be\/","name":"EXPERIENCIAS Ciclismo INZAIN","description":"Aventuras en bicicleta: para todos","publisher":{"@id":"https:\/\/inzain.bike\/fr_be\/#organization"},"alternateName":"INZAIN Gravel & Travel","potentialAction":[{"@type":"SearchAction","target":{"@type":"EntryPoint","urlTemplate":"https:\/\/inzain.bike\/fr_be\/?s={search_term_string}"},"query-input":{"@type":"PropertyValueSpecification","valueRequired":true,"valueName":"search_term_string"}}],"inLanguage":"es"},{"@type":"Organization","@id":"https:\/\/inzain.bike\/fr_be\/#organization","name":"EXPERIENCIAS Ciclismo INZAIN","url":"https:\/\/inzain.bike\/fr_be\/","logo":{"@type":"ImageObject","inLanguage":"es","@id":"https:\/\/inzain.bike\/fr_be\/#\/schema\/logo\/image\/","url":"https:\/\/i0.wp.com\/inzain.bike\/wp-content\/uploads\/2023\/09\/cropped-INZAIN_512x512_white.png?fit=512%2C512&ssl=1","contentUrl":"https:\/\/i0.wp.com\/inzain.bike\/wp-content\/uploads\/2023\/09\/cropped-INZAIN_512x512_white.png?fit=512%2C512&ssl=1","width":512,"height":512,"caption":"INZAIN Cycling EXPERIENCES"},"image":{"@id":"https:\/\/inzain.bike\/fr_be\/#\/schema\/logo\/image\/"},"sameAs":["https:\/\/www.facebook.com\/Inzain.bike","https:\/\/www.instagram.com\/inzainbike"]}]}},"amp_enabled":true,"_links":{"self":[{"href":"https:\/\/inzain.bike\/es\/wp-json\/wp\/v2\/pages\/5084","targetHints":{"allow":["GET"]}}],"collection":[{"href":"https:\/\/inzain.bike\/es\/wp-json\/wp\/v2\/pages"}],"about":[{"href":"https:\/\/inzain.bike\/es\/wp-json\/wp\/v2\/types\/page"}],"author":[{"embeddable":true,"href":"https:\/\/inzain.bike\/es\/wp-json\/wp\/v2\/users\/135133094"}],"replies":[{"embeddable":true,"href":"https:\/\/inzain.bike\/es\/wp-json\/wp\/v2\/comments?post=5084"}],"version-history":[{"count":0,"href":"https:\/\/inzain.bike\/es\/wp-json\/wp\/v2\/pages\/5084\/revisions"}],"wp:attachment":[{"href":"https:\/\/inzain.bike\/es\/wp-json\/wp\/v2\/media?parent=5084"}],"curies":[{"name":"gracias","href":"https:\/\/api.w.org\/{rel}","templated":true}]}}