{"id":3464,"date":"2023-09-28T12:44:16","date_gmt":"2023-09-28T10:44:16","guid":{"rendered":"https:\/\/inzain.bike\/?page_id=3464"},"modified":"2024-03-09T09:54:55","modified_gmt":"2024-03-09T08:54:55","slug":"inzain-gran-canaria-gravel-camp","status":"publish","type":"page","link":"https:\/\/inzain.bike\/fi\/inzain-gran-canaria-gravel-camp\/","title":{"rendered":"Gran Canarian soraleiri"},"content":{"rendered":"<figure class=\"wp-block-image size-large\"><img loading=\"lazy\" decoding=\"async\" width=\"1024\" height=\"768\" src=\"https:\/\/inzain.bike\/wp-content\/uploads\/2023\/09\/IMG_2545-1024x768.jpg\" alt=\"\" class=\"wp-image-3471\" srcset=\"https:\/\/inzain.bike\/wp-content\/uploads\/2023\/09\/IMG_2545-1024x768.jpg 1024w, https:\/\/inzain.bike\/wp-content\/uploads\/2023\/09\/IMG_2545-300x225.jpg 300w, https:\/\/inzain.bike\/wp-content\/uploads\/2023\/09\/IMG_2545-768x576.jpg 768w, https:\/\/inzain.bike\/wp-content\/uploads\/2023\/09\/IMG_2545-1536x1152.jpg 1536w, https:\/\/inzain.bike\/wp-content\/uploads\/2023\/09\/IMG_2545-16x12.jpg 16w, https:\/\/inzain.bike\/wp-content\/uploads\/2023\/09\/IMG_2545-1320x990.jpg 1320w, https:\/\/inzain.bike\/wp-content\/uploads\/2023\/09\/IMG_2545-600x450.jpg 600w, https:\/\/inzain.bike\/wp-content\/uploads\/2023\/09\/IMG_2545.jpg 1600w\" sizes=\"auto, (max-width: 1024px) 100vw, 1024px\" \/><\/figure>\n\n\n\n<p class=\"translation-block\"><strong>Milloin<\/strong> : 19.-26.1.2024<br> <strong>Miss\u00e4<\/strong> : Gran Canaria<br> <strong>Miten<\/strong> : Seikkailunhaluinen soraleiri, jossa on paljon kiipeily\u00e4<br> <strong>Hotelli<\/strong> : Majoitumme CasaCalmassa, joka on oma py\u00f6r\u00e4ilyhotelli<br> <strong>Sy\u00f6minen<\/strong> : Aamiainen ja illallinen CasaCalmassa sis\u00e4ltyv\u00e4t hintaan.<\/p>\n\n\n\n<p>Inzain ja CasaCalma toivottavat sinut tervetulleeksi Gran Canarialle ja viikoksi py\u00f6r\u00e4ilem\u00e4\u00e4n poluilla ja hiekkateill\u00e4. Kolmantena vuonna per\u00e4kk\u00e4in py\u00f6r\u00e4ilyhotelli CasaCalma avaa ovensa meille tammikuussa.&nbsp;<\/p>\n\n\n\n<figure class=\"wp-block-image size-large\"><img loading=\"lazy\" decoding=\"async\" width=\"1024\" height=\"576\" src=\"https:\/\/inzain.bike\/wp-content\/uploads\/2023\/09\/DJI_0071-1024x576.jpg\" alt=\"\" class=\"wp-image-3550\" srcset=\"https:\/\/inzain.bike\/wp-content\/uploads\/2023\/09\/DJI_0071-1024x576.jpg 1024w, https:\/\/inzain.bike\/wp-content\/uploads\/2023\/09\/DJI_0071-300x169.jpg 300w, https:\/\/inzain.bike\/wp-content\/uploads\/2023\/09\/DJI_0071-768x432.jpg 768w, https:\/\/inzain.bike\/wp-content\/uploads\/2023\/09\/DJI_0071-1536x864.jpg 1536w, https:\/\/inzain.bike\/wp-content\/uploads\/2023\/09\/DJI_0071-2048x1152.jpg 2048w, https:\/\/inzain.bike\/wp-content\/uploads\/2023\/09\/DJI_0071-18x10.jpg 18w, https:\/\/inzain.bike\/wp-content\/uploads\/2023\/09\/DJI_0071-1320x743.jpg 1320w, https:\/\/inzain.bike\/wp-content\/uploads\/2023\/09\/DJI_0071-600x338.jpg 600w\" sizes=\"auto, (max-width: 1024px) 100vw, 1024px\" \/><\/figure>\n\n\n\n<p><br><br>Kun kotona on pimeint\u00e4, t\u00e4m\u00e4 saari, jolla on monien mielest\u00e4 maailman paras ilmasto, odottaa meit\u00e4. T\u00e4m\u00e4 viikko on suunnattu sinulle, joka haluat vied\u00e4 py\u00f6r\u00e4si (sora tai MTB) hieman tavallista matkaa pidemm\u00e4lle.&nbsp;<br><\/p>\n\n\n\n<p>Saari tarjoaa upeat n\u00e4kym\u00e4t, rauhaa ja henke\u00e4salpaavat n\u00e4kym\u00e4t jokaiselle p\u00e4iv\u00e4retkelle. Ainoa, mit\u00e4 vaaditaan on kunnonlainen vaihteisto ja ett\u00e4 olet hoitanut talviharjoittelut kohtuullisesti etuk\u00e4teen.&nbsp;<br><\/p>\n\n\n\n<figure class=\"wp-block-image size-large\"><img loading=\"lazy\" decoding=\"async\" width=\"1024\" height=\"684\" src=\"https:\/\/inzain.bike\/wp-content\/uploads\/2023\/09\/DSC02489-1024x684.jpg\" alt=\"\" class=\"wp-image-3552\" srcset=\"https:\/\/inzain.bike\/wp-content\/uploads\/2023\/09\/DSC02489-1024x684.jpg 1024w, https:\/\/inzain.bike\/wp-content\/uploads\/2023\/09\/DSC02489-300x200.jpg 300w, https:\/\/inzain.bike\/wp-content\/uploads\/2023\/09\/DSC02489-768x513.jpg 768w, https:\/\/inzain.bike\/wp-content\/uploads\/2023\/09\/DSC02489-1536x1027.jpg 1536w, https:\/\/inzain.bike\/wp-content\/uploads\/2023\/09\/DSC02489-18x12.jpg 18w, https:\/\/inzain.bike\/wp-content\/uploads\/2023\/09\/DSC02489-1320x882.jpg 1320w, https:\/\/inzain.bike\/wp-content\/uploads\/2023\/09\/DSC02489-600x401.jpg 600w, https:\/\/inzain.bike\/wp-content\/uploads\/2023\/09\/DSC02489.jpg 1616w\" sizes=\"auto, (max-width: 1024px) 100vw, 1024px\" \/><\/figure>\n\n\n\n<p>CasaCalma toimii nelj\u00e4tt\u00e4 vuotta py\u00f6r\u00e4ilyhotellina ja tiet\u00e4\u00e4 tarkalleen, mist\u00e4 yleens\u00e4 pid\u00e4mme. Viime vuoden uutuus on, ett\u00e4 meill\u00e4 on my\u00f6s oma seuraauto k\u00e4ytett\u00e4viss\u00e4 pidemmill\u00e4 matkoilla.&nbsp;<\/p>\n\n\n\n<p>CasaCalma tarjoaa my\u00f6s itsevuokraavia sorapy\u00f6ri\u00e4 niille, jotka tarvitsevat eiv\u00e4tk\u00e4 halua tuoda omiaan.&nbsp;<\/p>\n\n\n\n<figure class=\"wp-block-image size-large\"><img loading=\"lazy\" decoding=\"async\" width=\"684\" height=\"1024\" src=\"https:\/\/inzain.bike\/wp-content\/uploads\/2023\/09\/DSC02520-684x1024.jpg\" alt=\"\" class=\"wp-image-3554\" srcset=\"https:\/\/inzain.bike\/wp-content\/uploads\/2023\/09\/DSC02520-684x1024.jpg 684w, https:\/\/inzain.bike\/wp-content\/uploads\/2023\/09\/DSC02520-200x300.jpg 200w, https:\/\/inzain.bike\/wp-content\/uploads\/2023\/09\/DSC02520-768x1149.jpg 768w, https:\/\/inzain.bike\/wp-content\/uploads\/2023\/09\/DSC02520-1027x1536.jpg 1027w, https:\/\/inzain.bike\/wp-content\/uploads\/2023\/09\/DSC02520-8x12.jpg 8w, https:\/\/inzain.bike\/wp-content\/uploads\/2023\/09\/DSC02520-600x898.jpg 600w, https:\/\/inzain.bike\/wp-content\/uploads\/2023\/09\/DSC02520.jpg 1080w\" sizes=\"auto, (max-width: 684px) 100vw, 684px\" \/><\/figure>\n\n\n\n<p>Maasto on hieman vaikeampaa, joten tuo se, jos tunnet olosi mukavammaksi MTB:n kanssa. Viime vuoden leirill\u00e4 samalla viikolla meill\u00e4 oli sek\u00e4 MTB ett\u00e4 sora samoilla kierroksilla. &nbsp;<\/p>\n\n\n\n<p>Jokaisella p\u00e4iv\u00e4ll\u00e4 on oma ainutlaatuinen luonteensa. Ja ensi vuoden uutuus on Bandaman ymp\u00e4rill\u00e4 1500-luvulta per\u00e4isin olevien viinitarhojen viininmaistajaiset. Saavuttuamme hiekkatiet\u00e4 pitkin saaren huipulle. Puhu kohdekuvasta ja mukavasta lopetuksesta p\u00e4iv\u00e4lle.&nbsp;<\/p>\n\n\n\n<p><strong>P\u00e4iv\u00e4 0<\/strong>.&nbsp;<\/p>\n\n\n\n<p>Saapuminen ja nouto lentokent\u00e4lt\u00e4. Lyhyt 20 min kuljetus CasaCalmaan. Korjaus py\u00f6r\u00e4ll\u00e4 (oma tai vuokrapy\u00f6r\u00e4). Tervetuliaisdrinkki suurella kattoterassilla. Jaettu illallinen, valmistettu paikallisista raaka-aineista.<\/p>\n\n\n\n<p><strong>P\u00e4iv\u00e4 1 \u2013 Grand Canyon<\/strong>&nbsp;<\/p>\n\n\n\n<p>Aloitamme hieman hitaasti, mutta n\u00e4kym\u00e4 on ihana, vaikka olemme vain muutaman kilometrin p\u00e4\u00e4ss\u00e4 merest\u00e4.&nbsp;<\/p>\n\n\n\n<figure class=\"wp-block-image size-full\"><img loading=\"lazy\" decoding=\"async\" width=\"1024\" height=\"114\" src=\"https:\/\/inzain.bike\/wp-content\/uploads\/2023\/09\/image.png\" alt=\"\" class=\"wp-image-3466\" srcset=\"https:\/\/inzain.bike\/wp-content\/uploads\/2023\/09\/image.png 1024w, https:\/\/inzain.bike\/wp-content\/uploads\/2023\/09\/image-300x33.png 300w, https:\/\/inzain.bike\/wp-content\/uploads\/2023\/09\/image-768x86.png 768w, https:\/\/inzain.bike\/wp-content\/uploads\/2023\/09\/image-18x2.png 18w, https:\/\/inzain.bike\/wp-content\/uploads\/2023\/09\/image-600x67.png 600w\" sizes=\"auto, (max-width: 1024px) 100vw, 1024px\" \/><\/figure>\n\n\n\n<p>Huolimatta siit\u00e4, ett\u00e4 se on talon vieress\u00e4, se todella t\u00e4ytt\u00e4\u00e4 lempinimens\u00e4 t\u00e4\u00e4ll\u00e4 saarella. Ei ole sattumaa, ett\u00e4 se on asukkaiden sorapy\u00f6r\u00e4ilij\u00f6iden suosituin sorarata koko saarella. Rullaamme alas talolta ja saavumme jo 5 minuutin kuluttua soralle ja saamme aamun ymp\u00e4rist\u00f6ss\u00e4, jossa ei ole n\u00e4hty autoa (vain maastoautoja) moneen vuoteen. Kierroksen loppupuolella saavumme uskomattoman viihtyis\u00e4\u00e4n Ayaguaresin kyl\u00e4\u00e4n, jossa kahvit tai my\u00f6h\u00e4inen lounas ennen kuin l\u00e4hdemme viimeiset kilometrit takaisin kotiin.&nbsp;<\/p>\n\n\n\n<figure class=\"wp-block-image size-large\"><img loading=\"lazy\" decoding=\"async\" width=\"1024\" height=\"576\" src=\"https:\/\/inzain.bike\/wp-content\/uploads\/2023\/09\/DJI_0117-1-1024x576.jpg\" alt=\"\" class=\"wp-image-3553\" srcset=\"https:\/\/inzain.bike\/wp-content\/uploads\/2023\/09\/DJI_0117-1-1024x576.jpg 1024w, https:\/\/inzain.bike\/wp-content\/uploads\/2023\/09\/DJI_0117-1-300x169.jpg 300w, https:\/\/inzain.bike\/wp-content\/uploads\/2023\/09\/DJI_0117-1-768x432.jpg 768w, https:\/\/inzain.bike\/wp-content\/uploads\/2023\/09\/DJI_0117-1-1536x864.jpg 1536w, https:\/\/inzain.bike\/wp-content\/uploads\/2023\/09\/DJI_0117-1-2048x1152.jpg 2048w, https:\/\/inzain.bike\/wp-content\/uploads\/2023\/09\/DJI_0117-1-18x10.jpg 18w, https:\/\/inzain.bike\/wp-content\/uploads\/2023\/09\/DJI_0117-1-1320x743.jpg 1320w, https:\/\/inzain.bike\/wp-content\/uploads\/2023\/09\/DJI_0117-1-600x338.jpg 600w\" sizes=\"auto, (max-width: 1024px) 100vw, 1024px\" \/><figcaption class=\"wp-element-caption\">oletuksena<\/figcaption><\/figure>\n\n\n\n<p><strong>P\u00e4iv\u00e4 2 Pico<\/strong>&nbsp;<\/p>\n\n\n\n<p>P\u00e4\u00e4semme huipulle, p\u00e4iv\u00e4 alkaa ja p\u00e4\u00e4ttyy autokuljetukseen. 81 km \/ 2223 hm&nbsp;<br>T\u00e4n\u00e4 p\u00e4iv\u00e4n\u00e4 korkeusmittarit ja mailien leve\u00e4t n\u00e4kym\u00e4t ratkaisevat. Matka huipulle on yksi suurimmista klassikoista t\u00e4\u00e4ll\u00e4 saarella, ja nyt olemme laatineet upean reitin, joka kulkee p\u00e4\u00e4osin soraa pitkin. T\u00e4\u00e4ll\u00e4 hy\u00f6dymme my\u00f6s seuraautostamme, joka vie meid\u00e4t it\u00e4\u00e4n lentokent\u00e4n yl\u00e4puolelle. Aloitamme suoraan rannalta ja vain 1 km:n j\u00e4lkeen saavutamme rotkon\/barrancon, joka vie meid\u00e4t huipulle. Varaudu trooppiseen kasvillisuuteen ja tavallisista poikkeaviin villiel\u00e4imiin (viime kerralla kun olin siell\u00e4 m\u00e4yr\u00e4koiran kokoinen lisko..<img decoding=\"async\" src=\"https:\/\/res-1.cdn.office.net\/officeonline\/we\/s\/hA3596C17DAD9A003_resources\/1053\/progress.gif\">) Uutta vuodelle 2024 on, ett\u00e4 kotimatkalla vierailemme Bandaman alueen hienoilla viinitarhoilla. Kuvittele maistavasi paikallisia viinej\u00e4, jotka ovat per\u00e4isin 1500-luvulta. (Ainutlaatuista Euroopassa!) Kukaan ei ole j\u00e4\u00e4nyt huomaamatta, ett\u00e4 t\u00e4st\u00e4 on tullut eritt\u00e4in suosittu ja pidetty.&nbsp;<\/p>\n\n\n\n<p><br><\/p>\n\n\n\n<p><strong>P\u00e4iv\u00e4 3 - TamaBada<\/strong>&nbsp;<\/p>\n\n\n\n<p>Viikon haaste \u2013 de luxe (181km \/ 3994hm)&nbsp;<\/p>\n\n\n\n<figure class=\"wp-block-image size-full\"><img loading=\"lazy\" decoding=\"async\" width=\"1024\" height=\"113\" src=\"https:\/\/inzain.bike\/wp-content\/uploads\/2023\/09\/image-2.png\" alt=\"\" class=\"wp-image-3469\" srcset=\"https:\/\/inzain.bike\/wp-content\/uploads\/2023\/09\/image-2.png 1024w, https:\/\/inzain.bike\/wp-content\/uploads\/2023\/09\/image-2-300x33.png 300w, https:\/\/inzain.bike\/wp-content\/uploads\/2023\/09\/image-2-768x85.png 768w, https:\/\/inzain.bike\/wp-content\/uploads\/2023\/09\/image-2-18x2.png 18w, https:\/\/inzain.bike\/wp-content\/uploads\/2023\/09\/image-2-600x66.png 600w\" sizes=\"auto, (max-width: 1024px) 100vw, 1024px\" \/><\/figure>\n\n\n\n<p>Viikon suuri haaste (jos ottaa sen py\u00f6r\u00e4ll\u00e4 koko matkan) ja viikon iso &quot;jalokivi&quot;. Suuntaamme saaren l\u00e4nteen, aina hyl\u00e4tylle maantielle, jota luonto alkaa ottaa takaisin. P\u00e4\u00e4semme sinne py\u00f6r\u00e4illen puiden kasvaessa suoraan tiet\u00e4 pitkin ja sitten on meri ja Teneriffa vasemmalla. Uusi kokemus taattu. Sitten k\u00e4\u00e4nnymme oikealle hienolle urheilusoralle, kohti saaren keskustaa, autio ja kaunis niin kuin pit\u00e4\u00e4kin ja vain m\u00f6kki\/finca siell\u00e4 t\u00e4\u00e4ll\u00e4. Lopulta saavutamme Artenaran ja upean laakson alas Tejedaan, joka on \u00e4\u00e4nestetty kauneimmaksi kyl\u00e4ksi koko Espanjassa, enk\u00e4 ole koskaan kuullut kenenk\u00e4\u00e4n olevan eri mielt\u00e4. T\u00e4m\u00e4 on pitk\u00e4 matka, jos vie sen ovelta ovelle, mutta automme on kanssamme koko matkan.&nbsp;<\/p>\n\n\n\n<p><strong>P\u00e4iv\u00e4 4<\/strong>&nbsp;\u2013&nbsp;<strong>Pilancones<\/strong>&nbsp;<\/p>\n\n\n\n<figure class=\"wp-block-image size-full\"><img loading=\"lazy\" decoding=\"async\" width=\"1024\" height=\"112\" src=\"https:\/\/inzain.bike\/wp-content\/uploads\/2023\/09\/image-1.png\" alt=\"\" class=\"wp-image-3468\" srcset=\"https:\/\/inzain.bike\/wp-content\/uploads\/2023\/09\/image-1.png 1024w, https:\/\/inzain.bike\/wp-content\/uploads\/2023\/09\/image-1-300x33.png 300w, https:\/\/inzain.bike\/wp-content\/uploads\/2023\/09\/image-1-768x84.png 768w, https:\/\/inzain.bike\/wp-content\/uploads\/2023\/09\/image-1-18x2.png 18w, https:\/\/inzain.bike\/wp-content\/uploads\/2023\/09\/image-1-600x66.png 600w\" sizes=\"auto, (max-width: 1024px) 100vw, 1024px\" \/><\/figure>\n\n\n\n<p>T\u00e4m\u00e4 on &quot;suuren p\u00e4iv\u00e4n&quot; j\u00e4lkeinen p\u00e4iv\u00e4, joten t\u00e4m\u00e4 p\u00e4iv\u00e4 on paljon &quot;helpompi&quot; ja ehk\u00e4 lepop\u00e4iv\u00e4 niille, jotka mieluummin olisivat rannalla. Me muut olemme todellisessa seikkailussa. Paperilla t\u00e4m\u00e4 n\u00e4ytt\u00e4\u00e4 tuskalta, mutta se riippuu siit\u00e4, miten sit\u00e4 katsoo. Ensimm\u00e4iset \u00bd tuntia py\u00f6r\u00e4ilet kapealla polulla, joka vie meid\u00e4t yl\u00f6sp\u00e4in, ja siksi korkeus tuntuu helpommalta. T\u00e4m\u00e4 k\u00e4vely kannattaa tehd\u00e4. Ymp\u00e4rist\u00f6, jonka koemme, on henke\u00e4salpaava. Ei autoa koko p\u00e4iv\u00e4n ja siksi t\u00e4ysin h\u00e4iriintynyt kasvisto ja luonto, vaivan arvoista!!&nbsp;&nbsp;<\/p>\n\n\n\n<p><strong>P\u00e4iv\u00e4 5 Chira<\/strong>&nbsp;<\/p>\n\n\n\n<p>(82 km \/ 1 974 hm)&nbsp;<\/p>\n\n\n\n<figure class=\"wp-block-image size-large\"><img loading=\"lazy\" decoding=\"async\" width=\"1024\" height=\"684\" src=\"https:\/\/inzain.bike\/wp-content\/uploads\/2023\/09\/DSC02526-1024x684.jpg\" alt=\"\" class=\"wp-image-3473\" title=\"Et voi liitt\u00e4\u00e4 kuvaa leikep\u00f6yd\u00e4lt\u00e4, mutta voit tallentaa sen tietokoneellesi ja lis\u00e4t\u00e4 sen sielt\u00e4.\" srcset=\"https:\/\/inzain.bike\/wp-content\/uploads\/2023\/09\/DSC02526-1024x684.jpg 1024w, https:\/\/inzain.bike\/wp-content\/uploads\/2023\/09\/DSC02526-300x200.jpg 300w, https:\/\/inzain.bike\/wp-content\/uploads\/2023\/09\/DSC02526-768x513.jpg 768w, https:\/\/inzain.bike\/wp-content\/uploads\/2023\/09\/DSC02526-1536x1027.jpg 1536w, https:\/\/inzain.bike\/wp-content\/uploads\/2023\/09\/DSC02526-18x12.jpg 18w, https:\/\/inzain.bike\/wp-content\/uploads\/2023\/09\/DSC02526-1320x882.jpg 1320w, https:\/\/inzain.bike\/wp-content\/uploads\/2023\/09\/DSC02526-600x401.jpg 600w, https:\/\/inzain.bike\/wp-content\/uploads\/2023\/09\/DSC02526.jpg 1616w\" sizes=\"auto, (max-width: 1024px) 100vw, 1024px\" \/><\/figure>\n\n\n\n<p>Naapurustomme ja jotain mit\u00e4 n\u00e4emme talon kattoterassilta joka p\u00e4iv\u00e4. Kierros alkaa asfaltilta, joka vie meid\u00e4t korkealle, miss\u00e4 tie muuttuu soraksi. Verrattoman kaunis ja n\u00e4emme alas Sorian laaksoon, jossa kaikki kilpapy\u00f6r\u00e4ilij\u00e4t kiipe\u00e4v\u00e4t tiet\u00e4m\u00e4tt\u00e4\u00e4n yl\u00f6s. Noin puolen kierroksen j\u00e4lkeen saavumme suurelle Chira Damille, joka on kooltaan mahtava. T\u00e4m\u00e4n j\u00e4lkeen tie tasoittuu ja saavumme suurille pelloille, joilla usein kukkii rapsia\/lenikuppeja. Kaikki t\u00e4m\u00e4 ei ole kaukana merest\u00e4 ja aavikkoilmastosta muutaman kilometrin p\u00e4\u00e4ss\u00e4.&nbsp;<\/p>\n\n\n\n<p><strong>P\u00e4iv\u00e4 6 Santa Lucia<\/strong>&nbsp;<\/p>\n\n\n\n<p>Klassiset tiet sekoitettuna uusiin, soralla (72km \/ 1561hm)&nbsp;<\/p>\n\n\n\n<figure class=\"wp-block-image size-large\"><img loading=\"lazy\" decoding=\"async\" width=\"1024\" height=\"576\" src=\"https:\/\/inzain.bike\/wp-content\/uploads\/2023\/09\/DJI_0117-1024x576.jpg\" alt=\"\" class=\"wp-image-3474\" title=\"Et voi liitt\u00e4\u00e4 kuvaa leikep\u00f6yd\u00e4lt\u00e4, mutta voit tallentaa sen tietokoneellesi ja lis\u00e4t\u00e4 sen sielt\u00e4.\" srcset=\"https:\/\/inzain.bike\/wp-content\/uploads\/2023\/09\/DJI_0117-1024x576.jpg 1024w, https:\/\/inzain.bike\/wp-content\/uploads\/2023\/09\/DJI_0117-300x169.jpg 300w, https:\/\/inzain.bike\/wp-content\/uploads\/2023\/09\/DJI_0117-768x432.jpg 768w, https:\/\/inzain.bike\/wp-content\/uploads\/2023\/09\/DJI_0117-1536x864.jpg 1536w, https:\/\/inzain.bike\/wp-content\/uploads\/2023\/09\/DJI_0117-2048x1152.jpg 2048w, https:\/\/inzain.bike\/wp-content\/uploads\/2023\/09\/DJI_0117-18x10.jpg 18w, https:\/\/inzain.bike\/wp-content\/uploads\/2023\/09\/DJI_0117-1320x743.jpg 1320w, https:\/\/inzain.bike\/wp-content\/uploads\/2023\/09\/DJI_0117-600x338.jpg 600w\" sizes=\"auto, (max-width: 1024px) 100vw, 1024px\" \/><figcaption class=\"wp-element-caption\">oletuksena<\/figcaption><\/figure>\n\n\n\n<p>T\u00e4ydellinen lopetus viikolle, joka on t\u00e4ynn\u00e4 vahvoja kokemuksia. T\u00e4m\u00e4 ajelu tehd\u00e4\u00e4n soralla rotkon l\u00e4nsipuolella, joka on niin suosittu kilpapy\u00f6r\u00e4ilypaikkojen keskuudessa. N\u00e4emme jatkuvasti upean kauniin ja t\u00e4ysin valkoisen Sankta Lucian kyl\u00e4n oikealla puolellamme. Niille, jotka haluavat, juomme siell\u00e4 kahvia ennen kuin saavumme San Bartolomeen, joka on p\u00e4iv\u00e4n korkein kohta. Siell\u00e4 voit valita, mink\u00e4 reitin haluat menn\u00e4 kotiin. Joko suoraan alas l\u00e4himp\u00e4\u00e4n kauniin ja kuuluisan Fatagan ohi (muun muassa S\u00e4llskapsresanista). Tai aja viel\u00e4 enemm\u00e4n soraa ja muunnelmia &quot;Chiralla&quot; ja &quot;Pilanconesilla&quot;.&nbsp;&nbsp;<\/p>\n\n\n\n<p><strong>Escort-auto<\/strong>&nbsp;<\/p>\n\n\n\n<p>Saatuautomme on kanssamme joka p\u00e4iv\u00e4, jotta p\u00e4\u00e4semme paremmin k\u00e4siksi saaren herkkuihin. Se antaa meille my\u00f6s turvaa silt\u00e4 varalta, ett\u00e4 sinulle tai py\u00f6r\u00e4llesi (tai jaloillesi) tapahtuu jotain :)&nbsp;<\/p>\n\n\n\n<p>Saatuautossa on vett\u00e4, urheilujuomaa, geelej\u00e4, patukat, ylim\u00e4\u00e4r\u00e4inen py\u00f6r\u00e4 ja mahdollisesti ylim\u00e4\u00e4r\u00e4iset vaatteet (joita ei koskaan tarvita...)&nbsp;&nbsp;&nbsp;<\/p>\n\n\n\n<p><strong>Py\u00f6r\u00e4n ja kylvyn j\u00e4lkeen<\/strong>&nbsp;<\/p>\n\n\n\n<p>Kotiin palattuasi voit odottaa herkullista paikallisista raaka-aineista valmistettua illallista After Bike -kattoterassilla, josta on kilometrin pituinen n\u00e4kym\u00e4 kuuluisille Maspalomasin dyyneille ja kimaltelevalle merelle takana.&nbsp;&nbsp;<\/p>\n\n\n\n<p>Mikset voisi k\u00e4yd\u00e4 kylvyss\u00e4 uudessa porealtaassa, jonka yl\u00e4puolella on vain kuu ja t\u00e4hdet.&nbsp;<\/p>\n\n\n\n<p>INZAIN toivottaa sinut l\u00e4mpim\u00e4sti tervetulleeksi Gran Canarialle<\/p>\n\n\n\n<p><strong>FAKTAT<\/strong><\/p>\n\n\n\n<figure class=\"wp-block-table\"><table><tbody><tr><td><strong>Kun<\/strong><\/td><td>19.\u201326. tammikuuta 2024<\/td><\/tr><tr><td><strong>Miss\u00e4<\/strong><\/td><td>Gran Canaria<\/td><\/tr><tr><td><strong>Majoitus<\/strong><\/td><td>CasaCalma \u2013 Py\u00f6r\u00e4ilyhotelli<\/td><\/tr><tr><td><strong>Mit\u00e4 sis\u00e4ltyy<\/strong><\/td><td>Majoitus (jaettu kahden hengen huone kahdelle hengelle) aamiaisella ja illallisella, reitit, turvaauto, py\u00f6r\u00e4laukkuvarasto, oppaat, valokuva\/filmi.<\/td><\/tr><tr><td><strong>Hinta<\/strong><\/td><td>14 500 SEK<\/td><\/tr><tr><td><strong>Yhden hengen huone<\/strong><\/td><td>+ 4 000 SEK<\/td><\/tr><tr><td><strong>Maksu<\/strong><\/td><td>Varauksen yhteydess\u00e4: SEK 3 500 ilmoittautumisp\u00e4iv\u00e4 = maksup\u00e4iv\u00e4<br>2024-01-01: J\u00e4ljell\u00e4 oleva osa<br>Swish to CJ: 123 139 2919 kirjoita &quot;GC Gravel 2024&quot; ja nimesi<\/td><\/tr><tr><td><strong>Vakuutus<\/strong><\/td><td>Osallistujat vastaavat itse vakuutuksistaan<\/td><\/tr><tr><td><strong>Lento<\/strong><\/td><td>Jokainen varaa oman lentonsa. Kuljetus sis\u00e4ltyy hintaan.<\/td><\/tr><tr><td><strong>Kuitti<\/strong><\/td><td>Kuitti\/k\u00e4teislasku pyydett\u00e4ess\u00e4<\/td><\/tr><tr><td><strong>Peruutus<\/strong><\/td><td>(<em>Maksun laiminly\u00f6nti tarkoittaa automaattisesti peruuttamista<\/em>)<br><strong>Tyhj\u00e4 2024-01-01<\/strong>: Talletus menetetty<br><strong>Tyhj\u00e4n\u00e4 15.1.2024<\/strong>: Koko summa menetetty<\/td><\/tr><tr><td><strong>Ehdot<\/strong><\/td><td>Osallistuminen on omalla vastuullasi.&nbsp;<a href=\"https:\/\/inzain.bike\/fi\/villkor-deltagande\/\">Hieno printti<\/a><\/td><\/tr><\/tbody><\/table><\/figure>\n\n\n\n<p><br><br><strong>Ilmoittautuminen suljettu<\/strong><\/p>\n\n\n\n<p><\/p>","protected":false},"excerpt":{"rendered":"<p>N\u00e4r: 19-26 januari 2024Var: Gran CanariaHur: \u00c4ventyrligt Gravel Camp med mycket kl\u00e4ttringHotell: Vi bor p\u00e5 CasaCalma, ett dedicerat cykelhotell\u00c4ta: Frukost och middag p\u00e5 CasaCalma ing\u00e5r. Inzain, och CasaCalma v\u00e4lkomnar dig till Gran Canaria och en veckas cykling p\u00e5 stig och grusv\u00e4g.&nbsp; F\u00f6r tredje \u00e5ret i rad s\u00e5 \u00f6ppnar cykelhotellet CasaCalma sina portar \u00e5t oss i [&hellip;]<\/p>\n","protected":false},"author":135133094,"featured_media":0,"parent":0,"menu_order":0,"comment_status":"closed","ping_status":"closed","template":"","meta":{"_coblocks_attr":"","_coblocks_dimensions":"","_coblocks_responsive_height":"","_coblocks_accordion_ie_support":"","footnotes":""},"class_list":["post-3464","page","type-page","status-publish","hentry"],"yoast_head":"<!-- This site is optimized with the Yoast SEO plugin v27.2 - https:\/\/yoast.com\/product\/yoast-seo-wordpress\/ -->\n<title>Gran Canaria Gravel Camp - INZAIN Cycling EXPERIENCES<\/title>\n<meta name=\"robots\" content=\"index, follow, max-snippet:-1, max-image-preview:large, max-video-preview:-1\" \/>\n<link rel=\"canonical\" href=\"https:\/\/inzain.bike\/fi\/inzain-gran-canaria-gravel-camp\/\" \/>\n<meta property=\"og:locale\" content=\"fi_FI\" \/>\n<meta property=\"og:type\" content=\"article\" \/>\n<meta property=\"og:title\" content=\"Gran Canaria Gravel Camp - INZAIN Cycling EXPERIENCES\" \/>\n<meta property=\"og:description\" content=\"N\u00e4r: 19-26 januari 2024Var: Gran CanariaHur: \u00c4ventyrligt Gravel Camp med mycket kl\u00e4ttringHotell: Vi bor p\u00e5 CasaCalma, ett dedicerat cykelhotell\u00c4ta: Frukost och middag p\u00e5 CasaCalma ing\u00e5r. Inzain, och CasaCalma v\u00e4lkomnar dig till Gran Canaria och en veckas cykling p\u00e5 stig och grusv\u00e4g.&nbsp; F\u00f6r tredje \u00e5ret i rad s\u00e5 \u00f6ppnar cykelhotellet CasaCalma sina portar \u00e5t oss i [&hellip;]\" \/>\n<meta property=\"og:url\" content=\"https:\/\/inzain.bike\/fi\/inzain-gran-canaria-gravel-camp\/\" \/>\n<meta property=\"og:site_name\" content=\"INZAIN Cycling EXPERIENCES\" \/>\n<meta property=\"article:publisher\" content=\"https:\/\/www.facebook.com\/Inzain.bike\" \/>\n<meta property=\"article:modified_time\" content=\"2024-03-09T08:54:55+00:00\" \/>\n<meta property=\"og:image\" content=\"https:\/\/inzain.bike\/wp-content\/uploads\/2023\/09\/IMG_2545-1024x768.jpg\" \/>\n<meta name=\"twitter:card\" content=\"summary_large_image\" \/>\n<meta name=\"twitter:label1\" content=\"Arvioitu lukuaika\" \/>\n\t<meta name=\"twitter:data1\" content=\"9 minuuttia\" \/>\n<script type=\"application\/ld+json\" class=\"yoast-schema-graph\">{\"@context\":\"https:\/\/schema.org\",\"@graph\":[{\"@type\":\"WebPage\",\"@id\":\"https:\/\/inzain.bike\/nl_be\/inzain-gran-canaria-gravel-camp\/\",\"url\":\"https:\/\/inzain.bike\/nl_be\/inzain-gran-canaria-gravel-camp\/\",\"name\":\"Gran Canaria Gravel Camp - INZAIN Cycling EXPERIENCES\",\"isPartOf\":{\"@id\":\"https:\/\/inzain.bike\/fr_be\/#website\"},\"primaryImageOfPage\":{\"@id\":\"https:\/\/inzain.bike\/nl_be\/inzain-gran-canaria-gravel-camp\/#primaryimage\"},\"image\":{\"@id\":\"https:\/\/inzain.bike\/nl_be\/inzain-gran-canaria-gravel-camp\/#primaryimage\"},\"thumbnailUrl\":\"https:\/\/inzain.bike\/wp-content\/uploads\/2023\/09\/IMG_2545-1024x768.jpg\",\"datePublished\":\"2023-09-28T10:44:16+00:00\",\"dateModified\":\"2024-03-09T08:54:55+00:00\",\"breadcrumb\":{\"@id\":\"https:\/\/inzain.bike\/nl_be\/inzain-gran-canaria-gravel-camp\/#breadcrumb\"},\"inLanguage\":\"fi\",\"potentialAction\":[{\"@type\":\"ReadAction\",\"target\":[\"https:\/\/inzain.bike\/nl_be\/inzain-gran-canaria-gravel-camp\/\"]}]},{\"@type\":\"ImageObject\",\"inLanguage\":\"fi\",\"@id\":\"https:\/\/inzain.bike\/nl_be\/inzain-gran-canaria-gravel-camp\/#primaryimage\",\"url\":\"https:\/\/inzain.bike\/wp-content\/uploads\/2023\/09\/IMG_2545-1024x768.jpg\",\"contentUrl\":\"https:\/\/inzain.bike\/wp-content\/uploads\/2023\/09\/IMG_2545-1024x768.jpg\"},{\"@type\":\"BreadcrumbList\",\"@id\":\"https:\/\/inzain.bike\/nl_be\/inzain-gran-canaria-gravel-camp\/#breadcrumb\",\"itemListElement\":[{\"@type\":\"ListItem\",\"position\":1,\"name\":\"Hem\",\"item\":\"https:\/\/inzain.bike\/fr_be\/\"},{\"@type\":\"ListItem\",\"position\":2,\"name\":\"Gran Canaria Gravel Camp\"}]},{\"@type\":\"WebSite\",\"@id\":\"https:\/\/inzain.bike\/fr_be\/#website\",\"url\":\"https:\/\/inzain.bike\/fr_be\/\",\"name\":\"INZAIN Cycling EXPERIENCES\",\"description\":\"Cyckling Adventures  - for everyone\",\"publisher\":{\"@id\":\"https:\/\/inzain.bike\/fr_be\/#organization\"},\"alternateName\":\"INZAIN Gravel & Travel\",\"potentialAction\":[{\"@type\":\"SearchAction\",\"target\":{\"@type\":\"EntryPoint\",\"urlTemplate\":\"https:\/\/inzain.bike\/fr_be\/?s={search_term_string}\"},\"query-input\":{\"@type\":\"PropertyValueSpecification\",\"valueRequired\":true,\"valueName\":\"search_term_string\"}}],\"inLanguage\":\"fi\"},{\"@type\":\"Organization\",\"@id\":\"https:\/\/inzain.bike\/fr_be\/#organization\",\"name\":\"INZAIN Cycling EXPERIENCES\",\"url\":\"https:\/\/inzain.bike\/fr_be\/\",\"logo\":{\"@type\":\"ImageObject\",\"inLanguage\":\"fi\",\"@id\":\"https:\/\/inzain.bike\/fr_be\/#\/schema\/logo\/image\/\",\"url\":\"https:\/\/i0.wp.com\/inzain.bike\/wp-content\/uploads\/2023\/09\/cropped-INZAIN_512x512_white.png?fit=512%2C512&ssl=1\",\"contentUrl\":\"https:\/\/i0.wp.com\/inzain.bike\/wp-content\/uploads\/2023\/09\/cropped-INZAIN_512x512_white.png?fit=512%2C512&ssl=1\",\"width\":512,\"height\":512,\"caption\":\"INZAIN Cycling EXPERIENCES\"},\"image\":{\"@id\":\"https:\/\/inzain.bike\/fr_be\/#\/schema\/logo\/image\/\"},\"sameAs\":[\"https:\/\/www.facebook.com\/Inzain.bike\",\"https:\/\/www.instagram.com\/inzainbike\"]}]}<\/script>\n<!-- \/ Yoast SEO plugin. -->","yoast_head_json":{"title":"Gran Canarian soratiet - INZAIN Cycling EXPERIENCES","robots":{"index":"index","follow":"follow","max-snippet":"max-snippet:-1","max-image-preview":"max-image-preview:large","max-video-preview":"max-video-preview:-1"},"canonical":"https:\/\/inzain.bike\/fi\/inzain-gran-canaria-gravel-camp\/","og_locale":"fi_FI","og_type":"article","og_title":"Gran Canaria Gravel Camp - INZAIN Cycling EXPERIENCES","og_description":"N\u00e4r: 19-26 januari 2024Var: Gran CanariaHur: \u00c4ventyrligt Gravel Camp med mycket kl\u00e4ttringHotell: Vi bor p\u00e5 CasaCalma, ett dedicerat cykelhotell\u00c4ta: Frukost och middag p\u00e5 CasaCalma ing\u00e5r. Inzain, och CasaCalma v\u00e4lkomnar dig till Gran Canaria och en veckas cykling p\u00e5 stig och grusv\u00e4g.&nbsp; F\u00f6r tredje \u00e5ret i rad s\u00e5 \u00f6ppnar cykelhotellet CasaCalma sina portar \u00e5t oss i [&hellip;]","og_url":"https:\/\/inzain.bike\/fi\/inzain-gran-canaria-gravel-camp\/","og_site_name":"INZAIN Cycling EXPERIENCES","article_publisher":"https:\/\/www.facebook.com\/Inzain.bike","article_modified_time":"2024-03-09T08:54:55+00:00","og_image":[{"url":"https:\/\/inzain.bike\/wp-content\/uploads\/2023\/09\/IMG_2545-1024x768.jpg","type":"","width":"","height":""}],"twitter_card":"summary_large_image","twitter_misc":{"Arvioitu lukuaika":"9 minuuttia"},"schema":{"@context":"https:\/\/schema.org","@graph":[{"@type":"WebPage","@id":"https:\/\/inzain.bike\/nl_be\/inzain-gran-canaria-gravel-camp\/","url":"https:\/\/inzain.bike\/nl_be\/inzain-gran-canaria-gravel-camp\/","name":"Gran Canarian soratiet - INZAIN Cycling EXPERIENCES","isPartOf":{"@id":"https:\/\/inzain.bike\/fr_be\/#website"},"primaryImageOfPage":{"@id":"https:\/\/inzain.bike\/nl_be\/inzain-gran-canaria-gravel-camp\/#primaryimage"},"image":{"@id":"https:\/\/inzain.bike\/nl_be\/inzain-gran-canaria-gravel-camp\/#primaryimage"},"thumbnailUrl":"https:\/\/inzain.bike\/wp-content\/uploads\/2023\/09\/IMG_2545-1024x768.jpg","datePublished":"2023-09-28T10:44:16+00:00","dateModified":"2024-03-09T08:54:55+00:00","breadcrumb":{"@id":"https:\/\/inzain.bike\/nl_be\/inzain-gran-canaria-gravel-camp\/#breadcrumb"},"inLanguage":"fi","potentialAction":[{"@type":"ReadAction","target":["https:\/\/inzain.bike\/nl_be\/inzain-gran-canaria-gravel-camp\/"]}]},{"@type":"ImageObject","inLanguage":"fi","@id":"https:\/\/inzain.bike\/nl_be\/inzain-gran-canaria-gravel-camp\/#primaryimage","url":"https:\/\/inzain.bike\/wp-content\/uploads\/2023\/09\/IMG_2545-1024x768.jpg","contentUrl":"https:\/\/inzain.bike\/wp-content\/uploads\/2023\/09\/IMG_2545-1024x768.jpg"},{"@type":"BreadcrumbList","@id":"https:\/\/inzain.bike\/nl_be\/inzain-gran-canaria-gravel-camp\/#breadcrumb","itemListElement":[{"@type":"ListItem","position":1,"name":"Hem","item":"https:\/\/inzain.bike\/fr_be\/"},{"@type":"ListItem","position":2,"name":"Gran Canaria Gravel Camp"}]},{"@type":"WebSite","@id":"https:\/\/inzain.bike\/fr_be\/#website","url":"https:\/\/inzain.bike\/fr_be\/","name":"INZAIN Py\u00f6r\u00e4ily-KOKEMUKSIA","description":"Py\u00f6r\u00e4ilyseikkailut - kaikille","publisher":{"@id":"https:\/\/inzain.bike\/fr_be\/#organization"},"alternateName":"INZAIN Gravel & Travel","potentialAction":[{"@type":"SearchAction","target":{"@type":"EntryPoint","urlTemplate":"https:\/\/inzain.bike\/fr_be\/?s={search_term_string}"},"query-input":{"@type":"PropertyValueSpecification","valueRequired":true,"valueName":"search_term_string"}}],"inLanguage":"fi"},{"@type":"Organization","@id":"https:\/\/inzain.bike\/fr_be\/#organization","name":"INZAIN Py\u00f6r\u00e4ily-KOKEMUKSIA","url":"https:\/\/inzain.bike\/fr_be\/","logo":{"@type":"ImageObject","inLanguage":"fi","@id":"https:\/\/inzain.bike\/fr_be\/#\/schema\/logo\/image\/","url":"https:\/\/i0.wp.com\/inzain.bike\/wp-content\/uploads\/2023\/09\/cropped-INZAIN_512x512_white.png?fit=512%2C512&ssl=1","contentUrl":"https:\/\/i0.wp.com\/inzain.bike\/wp-content\/uploads\/2023\/09\/cropped-INZAIN_512x512_white.png?fit=512%2C512&ssl=1","width":512,"height":512,"caption":"INZAIN Cycling EXPERIENCES"},"image":{"@id":"https:\/\/inzain.bike\/fr_be\/#\/schema\/logo\/image\/"},"sameAs":["https:\/\/www.facebook.com\/Inzain.bike","https:\/\/www.instagram.com\/inzainbike"]}]}},"amp_enabled":true,"_links":{"self":[{"href":"https:\/\/inzain.bike\/fi\/wp-json\/wp\/v2\/pages\/3464","targetHints":{"allow":["GET"]}}],"collection":[{"href":"https:\/\/inzain.bike\/fi\/wp-json\/wp\/v2\/pages"}],"about":[{"href":"https:\/\/inzain.bike\/fi\/wp-json\/wp\/v2\/types\/page"}],"author":[{"embeddable":true,"href":"https:\/\/inzain.bike\/fi\/wp-json\/wp\/v2\/users\/135133094"}],"replies":[{"embeddable":true,"href":"https:\/\/inzain.bike\/fi\/wp-json\/wp\/v2\/comments?post=3464"}],"version-history":[{"count":0,"href":"https:\/\/inzain.bike\/fi\/wp-json\/wp\/v2\/pages\/3464\/revisions"}],"wp:attachment":[{"href":"https:\/\/inzain.bike\/fi\/wp-json\/wp\/v2\/media?parent=3464"}],"curies":[{"name":"wp","href":"https:\/\/api.w.org\/{rel}","templated":true}]}}