{"id":5084,"date":"2023-11-11T18:43:21","date_gmt":"2023-11-11T17:43:21","guid":{"rendered":"https:\/\/inzain.bike\/?page_id=5084"},"modified":"2023-11-16T13:58:25","modified_gmt":"2023-11-16T12:58:25","slug":"gir24-cycling","status":"publish","type":"page","link":"https:\/\/inzain.bike\/fi\/gir24-cycling\/","title":{"rendered":"Girona Py\u00f6r\u00e4ily"},"content":{"rendered":"<div class=\"wp-block-columns alignwide is-layout-flex wp-container-core-columns-is-layout-28f84493 wp-block-columns-is-layout-flex\">\n<div class=\"wp-block-column is-layout-flow wp-block-column-is-layout-flow\">\n<p><strong>Reitit<\/strong><\/p>\n\n\n\n<p>Olemme pyyt\u00e4neet Gironan kuuluisimman ja kokeneen oppaan avuksi eeppisen viikon luomiseen. Py\u00f6r\u00e4ilemme kaikkiin suuntiin ja koemme parhaat puolet. Hyviss\u00e4 ajoin ennen matkaa l\u00e4het\u00e4mme kuuluisan Riders Guide -oppaamme kaikki tarvitsemasi tiedot.<\/p>\n\n\n\n<p><strong>Py\u00f6r\u00e4<\/strong><br>Tuo omasi tai vuokraa todella hyv\u00e4 sorapy\u00f6r\u00e4 paikan p\u00e4\u00e4lt\u00e4. J\u00e4rjest\u00e4mme yhteydenottoja.<\/p>\n\n\n\n<figure class=\"wp-block-image size-full\"><img loading=\"lazy\" decoding=\"async\" width=\"980\" height=\"765\" src=\"https:\/\/inzain.bike\/wp-content\/uploads\/2022\/11\/image-27.png\" alt=\"\" class=\"wp-image-2413\" srcset=\"https:\/\/inzain.bike\/wp-content\/uploads\/2022\/11\/image-27.png 980w, https:\/\/inzain.bike\/wp-content\/uploads\/2022\/11\/image-27-300x234.png 300w, https:\/\/inzain.bike\/wp-content\/uploads\/2022\/11\/image-27-768x600.png 768w, https:\/\/inzain.bike\/wp-content\/uploads\/2022\/11\/image-27-15x12.png 15w, https:\/\/inzain.bike\/wp-content\/uploads\/2022\/11\/image-27-600x468.png 600w\" sizes=\"auto, (max-width: 980px) 100vw, 980px\" \/><\/figure>\n<\/div>\n<\/div>\n\n\n\n<p class=\"has-text-align-left has-custom-weight\" style=\"font-weight:bold;font-size:30px\">P\u00e4iv\u00e4n ohjelma<\/p>\n\n\n\n<div class=\"wp-block-columns alignwide is-layout-flex wp-container-core-columns-is-layout-28f84493 wp-block-columns-is-layout-flex\">\n<div class=\"wp-block-column is-layout-flow wp-block-column-is-layout-flow\">\n<figure class=\"wp-block-image size-full\"><img decoding=\"async\" src=\"https:\/\/inzain.bike\/wp-content\/uploads\/2023\/11\/IMG_5220.jpg\" alt=\"\" class=\"wp-image-4911\"\/><\/figure>\n<\/div>\n\n\n\n<div class=\"wp-block-column is-layout-flow wp-block-column-is-layout-flow\">\n<p><strong><strong>Lauantai 26. huhtikuuta Uloskirjautuminen<\/strong><\/strong><\/p>\n\n\n\n<p>Mukava matka jokea pitkin 42 km ja 187hm. Juomme kahvia Angl\u00e9sissa ja l\u00e4hdemme kotiin viileit\u00e4 teit\u00e4 pitkin, kuten Australian Outback, viimeinen pala takaisin Gironaan Via Verde -py\u00f6r\u00e4tiet\u00e4 pitkin.<br><\/p>\n\n\n\n<figure class=\"wp-block-image size-large\"><img loading=\"lazy\" decoding=\"async\" width=\"1024\" height=\"115\" src=\"https:\/\/inzain.bike\/wp-content\/uploads\/2022\/11\/image-21-1024x115.png\" alt=\"\" class=\"wp-image-2396\" srcset=\"https:\/\/inzain.bike\/wp-content\/uploads\/2022\/11\/image-21-1024x115.png 1024w, https:\/\/inzain.bike\/wp-content\/uploads\/2022\/11\/image-21-300x34.png 300w, https:\/\/inzain.bike\/wp-content\/uploads\/2022\/11\/image-21-768x87.png 768w, https:\/\/inzain.bike\/wp-content\/uploads\/2022\/11\/image-21-1536x173.png 1536w, https:\/\/inzain.bike\/wp-content\/uploads\/2022\/11\/image-21-2048x231.png 2048w, https:\/\/inzain.bike\/wp-content\/uploads\/2022\/11\/image-21-18x2.png 18w, https:\/\/inzain.bike\/wp-content\/uploads\/2022\/11\/image-21-1320x149.png 1320w, https:\/\/inzain.bike\/wp-content\/uploads\/2022\/11\/image-21-600x68.png 600w\" sizes=\"auto, (max-width: 1024px) 100vw, 1024px\" \/><\/figure>\n<\/div>\n<\/div>\n\n\n\n<div class=\"wp-block-columns alignwide is-layout-flex wp-container-core-columns-is-layout-28f84493 wp-block-columns-is-layout-flex\">\n<div class=\"wp-block-column is-layout-flow wp-block-column-is-layout-flow\">\n<p><strong><strong><strong>sunnuntai <\/strong>27. huhtikuuta<\/strong> <strong>Maalaismainen<\/strong><\/strong><\/p>\n\n\n\n<figure class=\"wp-block-image size-large\"><img loading=\"lazy\" decoding=\"async\" width=\"1024\" height=\"235\" src=\"https:\/\/inzain.bike\/wp-content\/uploads\/2022\/11\/image-9-1024x235.png\" alt=\"\" class=\"wp-image-2307\" srcset=\"https:\/\/inzain.bike\/wp-content\/uploads\/2022\/11\/image-9-1024x235.png 1024w, https:\/\/inzain.bike\/wp-content\/uploads\/2022\/11\/image-9-300x69.png 300w, https:\/\/inzain.bike\/wp-content\/uploads\/2022\/11\/image-9-768x176.png 768w, https:\/\/inzain.bike\/wp-content\/uploads\/2022\/11\/image-9-1536x352.png 1536w, https:\/\/inzain.bike\/wp-content\/uploads\/2022\/11\/image-9-2048x469.png 2048w, https:\/\/inzain.bike\/wp-content\/uploads\/2022\/11\/image-9-18x4.png 18w, https:\/\/inzain.bike\/wp-content\/uploads\/2022\/11\/image-9-1320x302.png 1320w, https:\/\/inzain.bike\/wp-content\/uploads\/2022\/11\/image-9-600x137.png 600w\" sizes=\"auto, (max-width: 1024px) 100vw, 1024px\" \/><\/figure>\n\n\n\n<figure class=\"wp-block-image size-large\"><img loading=\"lazy\" decoding=\"async\" width=\"1024\" height=\"115\" src=\"https:\/\/inzain.bike\/wp-content\/uploads\/2022\/11\/image-22-1024x115.png\" alt=\"\" class=\"wp-image-2397\" srcset=\"https:\/\/inzain.bike\/wp-content\/uploads\/2022\/11\/image-22-1024x115.png 1024w, https:\/\/inzain.bike\/wp-content\/uploads\/2022\/11\/image-22-300x34.png 300w, https:\/\/inzain.bike\/wp-content\/uploads\/2022\/11\/image-22-768x86.png 768w, https:\/\/inzain.bike\/wp-content\/uploads\/2022\/11\/image-22-1536x173.png 1536w, https:\/\/inzain.bike\/wp-content\/uploads\/2022\/11\/image-22-2048x230.png 2048w, https:\/\/inzain.bike\/wp-content\/uploads\/2022\/11\/image-22-18x2.png 18w, https:\/\/inzain.bike\/wp-content\/uploads\/2022\/11\/image-22-1320x148.png 1320w, https:\/\/inzain.bike\/wp-content\/uploads\/2022\/11\/image-22-600x67.png 600w\" sizes=\"auto, (max-width: 1024px) 100vw, 1024px\" \/><\/figure>\n\n\n\n<p><br>Meill\u00e4 on pehme\u00e4 aloitus tasaisella matkalla (90km \/279hm) ja lounas klassikossa  <a href=\"https:\/\/rustikemporda.wixsite.com\/rustikemporda\">Maalaismainen<\/a>, kuuluisa ruokapaikka. Palattuasi Gironaan voit jatkaa viel\u00e4 4 mailia ja saada palkinnoksi upea j\u00e4\u00e4tel\u00f6.<\/p>\n<\/div>\n\n\n\n<div class=\"wp-block-column is-layout-flow wp-block-column-is-layout-flow\">\n<figure class=\"wp-block-image size-full\"><img loading=\"lazy\" decoding=\"async\" width=\"800\" height=\"533\" src=\"https:\/\/inzain.bike\/wp-content\/uploads\/2023\/11\/image-11.png\" alt=\"\" class=\"wp-image-5085\" srcset=\"https:\/\/inzain.bike\/wp-content\/uploads\/2023\/11\/image-11.png 800w, https:\/\/inzain.bike\/wp-content\/uploads\/2023\/11\/image-11-300x200.png 300w, https:\/\/inzain.bike\/wp-content\/uploads\/2023\/11\/image-11-768x512.png 768w, https:\/\/inzain.bike\/wp-content\/uploads\/2023\/11\/image-11-18x12.png 18w, https:\/\/inzain.bike\/wp-content\/uploads\/2023\/11\/image-11-600x400.png 600w\" sizes=\"auto, (max-width: 800px) 100vw, 800px\" \/><\/figure>\n<\/div>\n<\/div>\n\n\n\n<div class=\"wp-block-columns alignwide is-layout-flex wp-container-core-columns-is-layout-28f84493 wp-block-columns-is-layout-flex\">\n<div class=\"wp-block-column is-layout-flow wp-block-column-is-layout-flow\">\n<figure class=\"wp-block-image size-full\"><img decoding=\"async\" src=\"https:\/\/inzain.bike\/wp-content\/uploads\/2023\/11\/IMG_6269.jpg\" alt=\"\" class=\"wp-image-4886\"\/><\/figure>\n<\/div>\n\n\n\n<div class=\"wp-block-column is-layout-flow wp-block-column-is-layout-flow\">\n<p><strong><strong>Maanantai 29 huhtikuuta<\/strong> \u2013 <strong>Banyoles<\/strong><\/strong><\/p>\n\n\n\n<p>82 km 651 hm) Nyt menn\u00e4\u00e4n pohjoiseen. P\u00e4iv\u00e4, jossa on hieman enemm\u00e4n korkeutta ja aivan upeita teit\u00e4. Lounaamme Banyolesissa 55 km:n j\u00e4lkeen.<br><\/p>\n\n\n\n<figure class=\"wp-block-image size-large\"><img loading=\"lazy\" decoding=\"async\" width=\"1024\" height=\"113\" src=\"https:\/\/inzain.bike\/wp-content\/uploads\/2022\/11\/image-23-1024x113.png\" alt=\"\" class=\"wp-image-2398\" srcset=\"https:\/\/inzain.bike\/wp-content\/uploads\/2022\/11\/image-23-1024x113.png 1024w, https:\/\/inzain.bike\/wp-content\/uploads\/2022\/11\/image-23-300x33.png 300w, https:\/\/inzain.bike\/wp-content\/uploads\/2022\/11\/image-23-768x85.png 768w, https:\/\/inzain.bike\/wp-content\/uploads\/2022\/11\/image-23-1536x170.png 1536w, https:\/\/inzain.bike\/wp-content\/uploads\/2022\/11\/image-23-2048x227.png 2048w, https:\/\/inzain.bike\/wp-content\/uploads\/2022\/11\/image-23-18x2.png 18w, https:\/\/inzain.bike\/wp-content\/uploads\/2022\/11\/image-23-1320x146.png 1320w, https:\/\/inzain.bike\/wp-content\/uploads\/2022\/11\/image-23-600x66.png 600w\" sizes=\"auto, (max-width: 1024px) 100vw, 1024px\" \/><\/figure>\n<\/div>\n<\/div>\n\n\n\n<div class=\"wp-block-columns alignwide is-layout-flex wp-container-core-columns-is-layout-28f84493 wp-block-columns-is-layout-flex\">\n<div class=\"wp-block-column is-layout-flow wp-block-column-is-layout-flow\">\n<p><strong><strong><strong>Tiistaina, huhtikuun 30<\/strong> \u2013 Santa Vall<\/strong><\/strong><\/p>\n\n\n\n<p>Etel\u00e4\u00e4n! (95km 700hm). Aloitamme joen pohjoisrantaa pitkin, kun k\u00e4\u00e4nnymme etel\u00e4\u00e4n, saamme nousun, jota seuraa upea hiekkatie alam\u00e4keen. Nautimme lounaan ja kahvin reitin varrella. <br><\/p>\n\n\n\n<figure class=\"wp-block-image size-large\"><img loading=\"lazy\" decoding=\"async\" width=\"1024\" height=\"111\" src=\"https:\/\/inzain.bike\/wp-content\/uploads\/2022\/11\/image-24-1024x111.png\" alt=\"\" class=\"wp-image-2399\" srcset=\"https:\/\/inzain.bike\/wp-content\/uploads\/2022\/11\/image-24-1024x111.png 1024w, https:\/\/inzain.bike\/wp-content\/uploads\/2022\/11\/image-24-300x33.png 300w, https:\/\/inzain.bike\/wp-content\/uploads\/2022\/11\/image-24-768x84.png 768w, https:\/\/inzain.bike\/wp-content\/uploads\/2022\/11\/image-24-1536x167.png 1536w, https:\/\/inzain.bike\/wp-content\/uploads\/2022\/11\/image-24-2048x223.png 2048w, https:\/\/inzain.bike\/wp-content\/uploads\/2022\/11\/image-24-18x2.png 18w, https:\/\/inzain.bike\/wp-content\/uploads\/2022\/11\/image-24-1320x144.png 1320w, https:\/\/inzain.bike\/wp-content\/uploads\/2022\/11\/image-24-600x65.png 600w\" sizes=\"auto, (max-width: 1024px) 100vw, 1024px\" \/><\/figure>\n<\/div>\n\n\n\n<div class=\"wp-block-column is-layout-flow wp-block-column-is-layout-flow\">\n<figure class=\"wp-block-image size-full\"><img loading=\"lazy\" decoding=\"async\" width=\"1600\" height=\"1200\" src=\"https:\/\/inzain.bike\/wp-content\/uploads\/2023\/11\/59d8cc2a-c457-4bdb-8cbb-0106a4f346b7.jpg\" alt=\"\" class=\"wp-image-4917\" srcset=\"https:\/\/inzain.bike\/wp-content\/uploads\/2023\/11\/59d8cc2a-c457-4bdb-8cbb-0106a4f346b7.jpg 1600w, https:\/\/inzain.bike\/wp-content\/uploads\/2023\/11\/59d8cc2a-c457-4bdb-8cbb-0106a4f346b7-300x225.jpg 300w, https:\/\/inzain.bike\/wp-content\/uploads\/2023\/11\/59d8cc2a-c457-4bdb-8cbb-0106a4f346b7-1024x768.jpg 1024w, https:\/\/inzain.bike\/wp-content\/uploads\/2023\/11\/59d8cc2a-c457-4bdb-8cbb-0106a4f346b7-768x576.jpg 768w, https:\/\/inzain.bike\/wp-content\/uploads\/2023\/11\/59d8cc2a-c457-4bdb-8cbb-0106a4f346b7-1536x1152.jpg 1536w, https:\/\/inzain.bike\/wp-content\/uploads\/2023\/11\/59d8cc2a-c457-4bdb-8cbb-0106a4f346b7-16x12.jpg 16w, https:\/\/inzain.bike\/wp-content\/uploads\/2023\/11\/59d8cc2a-c457-4bdb-8cbb-0106a4f346b7-1320x990.jpg 1320w, https:\/\/inzain.bike\/wp-content\/uploads\/2023\/11\/59d8cc2a-c457-4bdb-8cbb-0106a4f346b7-600x450.jpg 600w\" sizes=\"auto, (max-width: 1600px) 100vw, 1600px\" \/><\/figure>\n<\/div>\n<\/div>\n\n\n\n<div class=\"wp-block-columns alignwide is-layout-flex wp-container-core-columns-is-layout-28f84493 wp-block-columns-is-layout-flex\">\n<div class=\"wp-block-column is-layout-flow wp-block-column-is-layout-flow\">\n<figure class=\"wp-block-image size-full\"><img decoding=\"async\" src=\"https:\/\/inzain.bike\/wp-content\/uploads\/2023\/11\/IMG_4677.jpg\" alt=\"\" class=\"wp-image-4918\"\/><\/figure>\n<\/div>\n\n\n\n<div class=\"wp-block-column is-layout-flow wp-block-column-is-layout-flow\">\n<p><strong><strong><strong>Keskiviikkona 1. toukokuuta <\/strong>  - Lepop\u00e4iv\u00e4<\/strong><\/strong><\/p>\n\n\n\n<p>Pid\u00e4mme lepop\u00e4iv\u00e4n ja tutustumme Gironaan, ehk\u00e4 retkell\u00e4 Salvador Dalin syntym\u00e4paikkaan, <strong>Kuvat <\/strong>ja kuuluisa <a href=\"https:\/\/www.salvador-dali.org\/en\/museums\/dali-theatre-museum-in-figueres\/\">museo<\/a>, tai miksei menisi junalla <strong>Barcelona<\/strong>, se kest\u00e4\u00e4 vain 38 minuuttia. Niille, jotka eiv\u00e4t halua lev\u00e4t\u00e4, on tietysti tarjolla mukava ja lempe\u00e4 sorakierros.<\/p>\n<\/div>\n<\/div>\n\n\n\n<div class=\"wp-block-columns alignwide is-layout-flex wp-container-core-columns-is-layout-28f84493 wp-block-columns-is-layout-flex\">\n<div class=\"wp-block-column is-layout-flow wp-block-column-is-layout-flow\">\n<p><strong><strong><strong>Torstai 2. toukokuuta<\/strong><\/strong> <strong>Merelle<\/strong><\/strong><\/p>\n\n\n\n<p>V\u00e4limeri! (100 km 800 hm) Py\u00f6r\u00e4ilemme soralla merelle. Todella mukava matka, jossa on mahdollisuus pulahtaa halutessasi. Lounas veden \u00e4\u00e4rell\u00e4.&nbsp;<\/p>\n<\/div>\n\n\n\n<div class=\"wp-block-column is-layout-flow wp-block-column-is-layout-flow\">\n<figure class=\"wp-block-image size-full\"><img loading=\"lazy\" decoding=\"async\" width=\"1024\" height=\"512\" src=\"https:\/\/inzain.bike\/wp-content\/uploads\/2022\/11\/image-25.png\" alt=\"\" class=\"wp-image-2401\" srcset=\"https:\/\/inzain.bike\/wp-content\/uploads\/2022\/11\/image-25.png 1024w, https:\/\/inzain.bike\/wp-content\/uploads\/2022\/11\/image-25-300x150.png 300w, https:\/\/inzain.bike\/wp-content\/uploads\/2022\/11\/image-25-768x384.png 768w, https:\/\/inzain.bike\/wp-content\/uploads\/2022\/11\/image-25-18x9.png 18w, https:\/\/inzain.bike\/wp-content\/uploads\/2022\/11\/image-25-600x300.png 600w\" sizes=\"auto, (max-width: 1024px) 100vw, 1024px\" \/><\/figure>\n<\/div>\n<\/div>\n\n\n\n<div class=\"wp-block-columns alignwide is-layout-flex wp-container-core-columns-is-layout-28f84493 wp-block-columns-is-layout-flex\">\n<div class=\"wp-block-column is-layout-flow wp-block-column-is-layout-flow\">\n<figure class=\"wp-block-image size-full\"><img decoding=\"async\" src=\"https:\/\/inzain.bike\/wp-content\/uploads\/2023\/11\/IMG_4677.jpg\" alt=\"\" class=\"wp-image-4918\"\/><\/figure>\n<\/div>\n\n\n\n<div class=\"wp-block-column is-layout-flow wp-block-column-is-layout-flow\">\n<p><strong><strong><strong><strong>Perjantai, toukokuun 3<\/strong>  <strong>Rocacorba<\/strong><\/strong><\/strong><\/strong><\/p>\n\n\n\n<p>Kiipeilyp\u00e4iv\u00e4 (78 km 1500 hm). K\u00e4velemme luoteeseen laaksoa pitkin ja saavutamme t\u00e4m\u00e4n p\u00e4iv\u00e4n haasteen, 7 km, keskim\u00e4\u00e4rin 8.8% placa de Finestersiin (ikkunaaukio). Palkinto on aivan upea n\u00e4kym\u00e4. Py\u00f6r\u00e4ilemme kotiin toisen laakson kautta. Kahvi ja lounas matkalla.<\/p>\n\n\n\n<figure class=\"wp-block-image size-large\"><img loading=\"lazy\" decoding=\"async\" width=\"1024\" height=\"112\" src=\"https:\/\/inzain.bike\/wp-content\/uploads\/2022\/11\/image-26-1024x112.png\" alt=\"\" class=\"wp-image-2402\" srcset=\"https:\/\/inzain.bike\/wp-content\/uploads\/2022\/11\/image-26-1024x112.png 1024w, https:\/\/inzain.bike\/wp-content\/uploads\/2022\/11\/image-26-300x33.png 300w, https:\/\/inzain.bike\/wp-content\/uploads\/2022\/11\/image-26-768x84.png 768w, https:\/\/inzain.bike\/wp-content\/uploads\/2022\/11\/image-26-1536x168.png 1536w, https:\/\/inzain.bike\/wp-content\/uploads\/2022\/11\/image-26-2048x223.png 2048w, https:\/\/inzain.bike\/wp-content\/uploads\/2022\/11\/image-26-18x2.png 18w, https:\/\/inzain.bike\/wp-content\/uploads\/2022\/11\/image-26-1320x144.png 1320w, https:\/\/inzain.bike\/wp-content\/uploads\/2022\/11\/image-26-600x65.png 600w\" sizes=\"auto, (max-width: 1024px) 100vw, 1024px\" \/><\/figure>\n<\/div>\n<\/div>\n\n\n\n<div class=\"wp-block-columns alignwide is-layout-flex wp-container-core-columns-is-layout-28f84493 wp-block-columns-is-layout-flex\">\n<div class=\"wp-block-column is-layout-flow wp-block-column-is-layout-flow\">\n<p><strong><strong><strong><strong>Lauantaina 4 toukokuuta<\/strong> <strong>Santuari de la Mare<\/strong><\/strong><\/strong><\/strong><\/p>\n\n\n\n<p> P\u00e4\u00e4semme maaliin tyylill\u00e4 ja suhteellisen lempe\u00e4ll\u00e4 kierroksella (79km\/895hm), jolla on nousua loppua kohden. Kuljemme kuuluisan luostarin ohi ja, kuten tavallista, sek\u00e4 sy\u00f6mme ett\u00e4 juomme hyv\u00e4\u00e4 kahvia. Kotiin palattuamme pakkaamme py\u00f6r\u00e4mme ja menemme ulos sy\u00f6m\u00e4\u00e4n parempaa j\u00e4\u00e4hyv\u00e4iset.<\/p>\n<\/div>\n\n\n\n<div class=\"wp-block-column is-layout-flow wp-block-column-is-layout-flow\">\n<figure class=\"wp-block-image size-large\"><img loading=\"lazy\" decoding=\"async\" width=\"1024\" height=\"416\" src=\"https:\/\/inzain.bike\/wp-content\/uploads\/2022\/11\/image-14-1024x416.png\" alt=\"\" class=\"wp-image-2318\" srcset=\"https:\/\/inzain.bike\/wp-content\/uploads\/2022\/11\/image-14-1024x416.png 1024w, https:\/\/inzain.bike\/wp-content\/uploads\/2022\/11\/image-14-300x122.png 300w, https:\/\/inzain.bike\/wp-content\/uploads\/2022\/11\/image-14-768x312.png 768w, https:\/\/inzain.bike\/wp-content\/uploads\/2022\/11\/image-14-1536x624.png 1536w, https:\/\/inzain.bike\/wp-content\/uploads\/2022\/11\/image-14-18x7.png 18w, https:\/\/inzain.bike\/wp-content\/uploads\/2022\/11\/image-14-1320x536.png 1320w, https:\/\/inzain.bike\/wp-content\/uploads\/2022\/11\/image-14-600x244.png 600w, https:\/\/inzain.bike\/wp-content\/uploads\/2022\/11\/image-14.png 1920w\" sizes=\"auto, (max-width: 1024px) 100vw, 1024px\" \/><\/figure>\n<\/div>\n<\/div>\n\n\n\n<div class=\"wp-block-columns alignwide is-layout-flex wp-container-core-columns-is-layout-28f84493 wp-block-columns-is-layout-flex\">\n<div class=\"wp-block-column is-layout-flow wp-block-column-is-layout-flow\">\n<figure class=\"wp-block-image size-large\"><img loading=\"lazy\" decoding=\"async\" width=\"1024\" height=\"683\" src=\"https:\/\/inzain.bike\/wp-content\/uploads\/2022\/10\/gi2-1024x683.jpg\" alt=\"\" class=\"wp-image-2030\" srcset=\"https:\/\/inzain.bike\/wp-content\/uploads\/2022\/10\/gi2-1024x683.jpg 1024w, https:\/\/inzain.bike\/wp-content\/uploads\/2022\/10\/gi2-300x200.jpg 300w, https:\/\/inzain.bike\/wp-content\/uploads\/2022\/10\/gi2-768x512.jpg 768w, https:\/\/inzain.bike\/wp-content\/uploads\/2022\/10\/gi2-18x12.jpg 18w, https:\/\/inzain.bike\/wp-content\/uploads\/2022\/10\/gi2-600x400.jpg 600w, https:\/\/inzain.bike\/wp-content\/uploads\/2022\/10\/gi2.jpg 1200w\" sizes=\"auto, (max-width: 1024px) 100vw, 1024px\" \/><\/figure>\n<\/div>\n\n\n\n<div class=\"wp-block-column is-layout-flow wp-block-column-is-layout-flow\">\n<p><strong><strong><strong><strong><strong>Sunnuntai 5. toukokuuta \u2013 Kotimatka<\/strong><\/strong><\/strong><\/strong><\/strong><\/p>\n\n\n\n<p>Pakkaamme, sy\u00f6mme aamiaisen ja l\u00e4hdemme sitten Barcelonaan paluumatkalle.<\/p>\n\n\n\n<figure class=\"wp-block-image size-large\"><img loading=\"lazy\" decoding=\"async\" width=\"1024\" height=\"112\" src=\"https:\/\/inzain.bike\/wp-content\/uploads\/2022\/11\/image-26-1024x112.png\" alt=\"\" class=\"wp-image-2402\" srcset=\"https:\/\/inzain.bike\/wp-content\/uploads\/2022\/11\/image-26-1024x112.png 1024w, https:\/\/inzain.bike\/wp-content\/uploads\/2022\/11\/image-26-300x33.png 300w, https:\/\/inzain.bike\/wp-content\/uploads\/2022\/11\/image-26-768x84.png 768w, https:\/\/inzain.bike\/wp-content\/uploads\/2022\/11\/image-26-1536x168.png 1536w, https:\/\/inzain.bike\/wp-content\/uploads\/2022\/11\/image-26-2048x223.png 2048w, https:\/\/inzain.bike\/wp-content\/uploads\/2022\/11\/image-26-18x2.png 18w, https:\/\/inzain.bike\/wp-content\/uploads\/2022\/11\/image-26-1320x144.png 1320w, https:\/\/inzain.bike\/wp-content\/uploads\/2022\/11\/image-26-600x65.png 600w\" sizes=\"auto, (max-width: 1024px) 100vw, 1024px\" \/><\/figure>\n<\/div>\n<\/div>\n\n\n\n<div class=\"wp-block-columns alignwide is-layout-flex wp-container-core-columns-is-layout-28f84493 wp-block-columns-is-layout-flex\">\n<div class=\"wp-block-column is-layout-flow wp-block-column-is-layout-flow\">\n<p><\/p>\n<\/div>\n<\/div>\n\n\n\n<p><br><\/p>","protected":false},"excerpt":{"rendered":"<p>Rutter Vi har tagit hj\u00e4lp av den mest ber\u00f6mda och erfarna guiden i Girona f\u00f6r att skapa en episk vecka. Vi kommer cykla i alla v\u00e4derstreck och f\u00e5r uppleva det b\u00e4sta av det b\u00e4sta. I god tid innan resan s\u00e5 skickar vi ut v\u00e5r ber\u00f6mda Riders Guide med all information du beh\u00f6ver. CykelTa med din [&hellip;]<\/p>\n","protected":false},"author":135133094,"featured_media":0,"parent":0,"menu_order":0,"comment_status":"closed","ping_status":"closed","template":"","meta":{"_coblocks_attr":"","_coblocks_dimensions":"","_coblocks_responsive_height":"","_coblocks_accordion_ie_support":"","footnotes":""},"class_list":["post-5084","page","type-page","status-publish","hentry"],"yoast_head":"<!-- This site is optimized with the Yoast SEO plugin v27.2 - https:\/\/yoast.com\/product\/yoast-seo-wordpress\/ -->\n<title>Girona Cykling - INZAIN Cycling EXPERIENCES<\/title>\n<meta name=\"robots\" content=\"index, follow, max-snippet:-1, max-image-preview:large, max-video-preview:-1\" \/>\n<link rel=\"canonical\" href=\"https:\/\/inzain.bike\/fi\/gir24-cycling\/\" \/>\n<meta property=\"og:locale\" content=\"fi_FI\" \/>\n<meta property=\"og:type\" content=\"article\" \/>\n<meta property=\"og:title\" content=\"Girona Cykling - INZAIN Cycling EXPERIENCES\" \/>\n<meta property=\"og:description\" content=\"Rutter Vi har tagit hj\u00e4lp av den mest ber\u00f6mda och erfarna guiden i Girona f\u00f6r att skapa en episk vecka. Vi kommer cykla i alla v\u00e4derstreck och f\u00e5r uppleva det b\u00e4sta av det b\u00e4sta. I god tid innan resan s\u00e5 skickar vi ut v\u00e5r ber\u00f6mda Riders Guide med all information du beh\u00f6ver. CykelTa med din [&hellip;]\" \/>\n<meta property=\"og:url\" content=\"https:\/\/inzain.bike\/fi\/gir24-cycling\/\" \/>\n<meta property=\"og:site_name\" content=\"INZAIN Cycling EXPERIENCES\" \/>\n<meta property=\"article:publisher\" content=\"https:\/\/www.facebook.com\/Inzain.bike\" \/>\n<meta property=\"article:modified_time\" content=\"2023-11-16T12:58:25+00:00\" \/>\n<meta property=\"og:image\" content=\"https:\/\/inzain.bike\/wp-content\/uploads\/2022\/11\/image-27.png\" \/>\n<meta name=\"twitter:card\" content=\"summary_large_image\" \/>\n<meta name=\"twitter:label1\" content=\"Arvioitu lukuaika\" \/>\n\t<meta name=\"twitter:data1\" content=\"6 minuuttia\" \/>\n<script type=\"application\/ld+json\" class=\"yoast-schema-graph\">{\"@context\":\"https:\/\/schema.org\",\"@graph\":[{\"@type\":\"WebPage\",\"@id\":\"https:\/\/inzain.bike\/fr_be\/gir24-cycling\/\",\"url\":\"https:\/\/inzain.bike\/fr_be\/gir24-cycling\/\",\"name\":\"Girona Cykling - INZAIN Cycling EXPERIENCES\",\"isPartOf\":{\"@id\":\"https:\/\/inzain.bike\/fr_be\/#website\"},\"primaryImageOfPage\":{\"@id\":\"https:\/\/inzain.bike\/fr_be\/gir24-cycling\/#primaryimage\"},\"image\":{\"@id\":\"https:\/\/inzain.bike\/fr_be\/gir24-cycling\/#primaryimage\"},\"thumbnailUrl\":\"https:\/\/inzain.bike\/wp-content\/uploads\/2022\/11\/image-27.png\",\"datePublished\":\"2023-11-11T17:43:21+00:00\",\"dateModified\":\"2023-11-16T12:58:25+00:00\",\"breadcrumb\":{\"@id\":\"https:\/\/inzain.bike\/fr_be\/gir24-cycling\/#breadcrumb\"},\"inLanguage\":\"fi\",\"potentialAction\":[{\"@type\":\"ReadAction\",\"target\":[\"https:\/\/inzain.bike\/fr_be\/gir24-cycling\/\"]}]},{\"@type\":\"ImageObject\",\"inLanguage\":\"fi\",\"@id\":\"https:\/\/inzain.bike\/fr_be\/gir24-cycling\/#primaryimage\",\"url\":\"https:\/\/inzain.bike\/wp-content\/uploads\/2022\/11\/image-27.png\",\"contentUrl\":\"https:\/\/inzain.bike\/wp-content\/uploads\/2022\/11\/image-27.png\"},{\"@type\":\"BreadcrumbList\",\"@id\":\"https:\/\/inzain.bike\/fr_be\/gir24-cycling\/#breadcrumb\",\"itemListElement\":[{\"@type\":\"ListItem\",\"position\":1,\"name\":\"Hem\",\"item\":\"https:\/\/inzain.bike\/fr_be\/\"},{\"@type\":\"ListItem\",\"position\":2,\"name\":\"Girona Cykling\"}]},{\"@type\":\"WebSite\",\"@id\":\"https:\/\/inzain.bike\/fr_be\/#website\",\"url\":\"https:\/\/inzain.bike\/fr_be\/\",\"name\":\"INZAIN Cycling EXPERIENCES\",\"description\":\"Cyckling Adventures  - for everyone\",\"publisher\":{\"@id\":\"https:\/\/inzain.bike\/fr_be\/#organization\"},\"alternateName\":\"INZAIN Gravel & Travel\",\"potentialAction\":[{\"@type\":\"SearchAction\",\"target\":{\"@type\":\"EntryPoint\",\"urlTemplate\":\"https:\/\/inzain.bike\/fr_be\/?s={search_term_string}\"},\"query-input\":{\"@type\":\"PropertyValueSpecification\",\"valueRequired\":true,\"valueName\":\"search_term_string\"}}],\"inLanguage\":\"fi\"},{\"@type\":\"Organization\",\"@id\":\"https:\/\/inzain.bike\/fr_be\/#organization\",\"name\":\"INZAIN Cycling EXPERIENCES\",\"url\":\"https:\/\/inzain.bike\/fr_be\/\",\"logo\":{\"@type\":\"ImageObject\",\"inLanguage\":\"fi\",\"@id\":\"https:\/\/inzain.bike\/fr_be\/#\/schema\/logo\/image\/\",\"url\":\"https:\/\/i0.wp.com\/inzain.bike\/wp-content\/uploads\/2023\/09\/cropped-INZAIN_512x512_white.png?fit=512%2C512&ssl=1\",\"contentUrl\":\"https:\/\/i0.wp.com\/inzain.bike\/wp-content\/uploads\/2023\/09\/cropped-INZAIN_512x512_white.png?fit=512%2C512&ssl=1\",\"width\":512,\"height\":512,\"caption\":\"INZAIN Cycling EXPERIENCES\"},\"image\":{\"@id\":\"https:\/\/inzain.bike\/fr_be\/#\/schema\/logo\/image\/\"},\"sameAs\":[\"https:\/\/www.facebook.com\/Inzain.bike\",\"https:\/\/www.instagram.com\/inzainbike\"]}]}<\/script>\n<!-- \/ Yoast SEO plugin. -->","yoast_head_json":{"title":"Gironan py\u00f6r\u00e4ily - INZAIN-py\u00f6r\u00e4ilykokemukset","robots":{"index":"index","follow":"follow","max-snippet":"max-snippet:-1","max-image-preview":"max-image-preview:large","max-video-preview":"max-video-preview:-1"},"canonical":"https:\/\/inzain.bike\/fi\/gir24-cycling\/","og_locale":"fi_FI","og_type":"article","og_title":"Girona Cykling - INZAIN Cycling EXPERIENCES","og_description":"Rutter Vi har tagit hj\u00e4lp av den mest ber\u00f6mda och erfarna guiden i Girona f\u00f6r att skapa en episk vecka. Vi kommer cykla i alla v\u00e4derstreck och f\u00e5r uppleva det b\u00e4sta av det b\u00e4sta. I god tid innan resan s\u00e5 skickar vi ut v\u00e5r ber\u00f6mda Riders Guide med all information du beh\u00f6ver. CykelTa med din [&hellip;]","og_url":"https:\/\/inzain.bike\/fi\/gir24-cycling\/","og_site_name":"INZAIN Cycling EXPERIENCES","article_publisher":"https:\/\/www.facebook.com\/Inzain.bike","article_modified_time":"2023-11-16T12:58:25+00:00","og_image":[{"url":"https:\/\/inzain.bike\/wp-content\/uploads\/2022\/11\/image-27.png","type":"","width":"","height":""}],"twitter_card":"summary_large_image","twitter_misc":{"Arvioitu lukuaika":"6 minuuttia"},"schema":{"@context":"https:\/\/schema.org","@graph":[{"@type":"WebPage","@id":"https:\/\/inzain.bike\/fr_be\/gir24-cycling\/","url":"https:\/\/inzain.bike\/fr_be\/gir24-cycling\/","name":"Gironan py\u00f6r\u00e4ily - INZAIN-py\u00f6r\u00e4ilykokemukset","isPartOf":{"@id":"https:\/\/inzain.bike\/fr_be\/#website"},"primaryImageOfPage":{"@id":"https:\/\/inzain.bike\/fr_be\/gir24-cycling\/#primaryimage"},"image":{"@id":"https:\/\/inzain.bike\/fr_be\/gir24-cycling\/#primaryimage"},"thumbnailUrl":"https:\/\/inzain.bike\/wp-content\/uploads\/2022\/11\/image-27.png","datePublished":"2023-11-11T17:43:21+00:00","dateModified":"2023-11-16T12:58:25+00:00","breadcrumb":{"@id":"https:\/\/inzain.bike\/fr_be\/gir24-cycling\/#breadcrumb"},"inLanguage":"fi","potentialAction":[{"@type":"ReadAction","target":["https:\/\/inzain.bike\/fr_be\/gir24-cycling\/"]}]},{"@type":"ImageObject","inLanguage":"fi","@id":"https:\/\/inzain.bike\/fr_be\/gir24-cycling\/#primaryimage","url":"https:\/\/inzain.bike\/wp-content\/uploads\/2022\/11\/image-27.png","contentUrl":"https:\/\/inzain.bike\/wp-content\/uploads\/2022\/11\/image-27.png"},{"@type":"BreadcrumbList","@id":"https:\/\/inzain.bike\/fr_be\/gir24-cycling\/#breadcrumb","itemListElement":[{"@type":"ListItem","position":1,"name":"Hem","item":"https:\/\/inzain.bike\/fr_be\/"},{"@type":"ListItem","position":2,"name":"Girona Cykling"}]},{"@type":"WebSite","@id":"https:\/\/inzain.bike\/fr_be\/#website","url":"https:\/\/inzain.bike\/fr_be\/","name":"INZAIN Py\u00f6r\u00e4ily-KOKEMUKSIA","description":"Py\u00f6r\u00e4ilyseikkailut - kaikille","publisher":{"@id":"https:\/\/inzain.bike\/fr_be\/#organization"},"alternateName":"INZAIN Gravel & Travel","potentialAction":[{"@type":"SearchAction","target":{"@type":"EntryPoint","urlTemplate":"https:\/\/inzain.bike\/fr_be\/?s={search_term_string}"},"query-input":{"@type":"PropertyValueSpecification","valueRequired":true,"valueName":"search_term_string"}}],"inLanguage":"fi"},{"@type":"Organization","@id":"https:\/\/inzain.bike\/fr_be\/#organization","name":"INZAIN Py\u00f6r\u00e4ily-KOKEMUKSIA","url":"https:\/\/inzain.bike\/fr_be\/","logo":{"@type":"ImageObject","inLanguage":"fi","@id":"https:\/\/inzain.bike\/fr_be\/#\/schema\/logo\/image\/","url":"https:\/\/i0.wp.com\/inzain.bike\/wp-content\/uploads\/2023\/09\/cropped-INZAIN_512x512_white.png?fit=512%2C512&ssl=1","contentUrl":"https:\/\/i0.wp.com\/inzain.bike\/wp-content\/uploads\/2023\/09\/cropped-INZAIN_512x512_white.png?fit=512%2C512&ssl=1","width":512,"height":512,"caption":"INZAIN Cycling EXPERIENCES"},"image":{"@id":"https:\/\/inzain.bike\/fr_be\/#\/schema\/logo\/image\/"},"sameAs":["https:\/\/www.facebook.com\/Inzain.bike","https:\/\/www.instagram.com\/inzainbike"]}]}},"amp_enabled":true,"_links":{"self":[{"href":"https:\/\/inzain.bike\/fi\/wp-json\/wp\/v2\/pages\/5084","targetHints":{"allow":["GET"]}}],"collection":[{"href":"https:\/\/inzain.bike\/fi\/wp-json\/wp\/v2\/pages"}],"about":[{"href":"https:\/\/inzain.bike\/fi\/wp-json\/wp\/v2\/types\/page"}],"author":[{"embeddable":true,"href":"https:\/\/inzain.bike\/fi\/wp-json\/wp\/v2\/users\/135133094"}],"replies":[{"embeddable":true,"href":"https:\/\/inzain.bike\/fi\/wp-json\/wp\/v2\/comments?post=5084"}],"version-history":[{"count":0,"href":"https:\/\/inzain.bike\/fi\/wp-json\/wp\/v2\/pages\/5084\/revisions"}],"wp:attachment":[{"href":"https:\/\/inzain.bike\/fi\/wp-json\/wp\/v2\/media?parent=5084"}],"curies":[{"name":"wp","href":"https:\/\/api.w.org\/{rel}","templated":true}]}}