{"id":3464,"date":"2023-09-28T12:44:16","date_gmt":"2023-09-28T10:44:16","guid":{"rendered":"https:\/\/inzain.bike\/?page_id=3464"},"modified":"2024-03-09T09:54:55","modified_gmt":"2024-03-09T08:54:55","slug":"inzain-gran-canaria-gravel-camp","status":"publish","type":"page","link":"https:\/\/inzain.bike\/fr_be\/inzain-gran-canaria-gravel-camp\/","title":{"rendered":"Camp de gravier de Gran Canaria"},"content":{"rendered":"<figure class=\"wp-block-image size-large\"><img loading=\"lazy\" decoding=\"async\" width=\"1024\" height=\"768\" src=\"https:\/\/inzain.bike\/wp-content\/uploads\/2023\/09\/IMG_2545-1024x768.jpg\" alt=\"\" class=\"wp-image-3471\" srcset=\"https:\/\/inzain.bike\/wp-content\/uploads\/2023\/09\/IMG_2545-1024x768.jpg 1024w, https:\/\/inzain.bike\/wp-content\/uploads\/2023\/09\/IMG_2545-300x225.jpg 300w, https:\/\/inzain.bike\/wp-content\/uploads\/2023\/09\/IMG_2545-768x576.jpg 768w, https:\/\/inzain.bike\/wp-content\/uploads\/2023\/09\/IMG_2545-1536x1152.jpg 1536w, https:\/\/inzain.bike\/wp-content\/uploads\/2023\/09\/IMG_2545-16x12.jpg 16w, https:\/\/inzain.bike\/wp-content\/uploads\/2023\/09\/IMG_2545-1320x990.jpg 1320w, https:\/\/inzain.bike\/wp-content\/uploads\/2023\/09\/IMG_2545-600x450.jpg 600w, https:\/\/inzain.bike\/wp-content\/uploads\/2023\/09\/IMG_2545.jpg 1600w\" sizes=\"auto, (max-width: 1024px) 100vw, 1024px\" \/><\/figure>\n\n\n\n<p class=\"translation-block\"><strong>Quand<\/strong> : 19-26 janvier 2024<br> <strong>O\u00f9<\/strong> : Grande Canarie<br> <strong>Comment<\/strong> : Gravel Camp aventureux avec beaucoup d&#039;escalade<br> <strong>H\u00f4tel<\/strong> : Nous logeons \u00e0 CasaCalma, un h\u00f4tel d\u00e9di\u00e9 au v\u00e9lo<br> <strong>Restauration<\/strong> : Le petit-d\u00e9jeuner et le d\u00eener \u00e0 CasaCalma sont inclus.<\/p>\n\n\n\n<p>Inzain et CasaCalma vous accueillent \u00e0 Gran Canaria et pour une semaine de v\u00e9lo sur sentiers et chemins de terre. Pour la troisi\u00e8me ann\u00e9e cons\u00e9cutive, le v\u00e9lo-h\u00f4tel CasaCalma nous ouvre ses portes en janvier.&nbsp;<\/p>\n\n\n\n<figure class=\"wp-block-image size-large\"><img loading=\"lazy\" decoding=\"async\" width=\"1024\" height=\"576\" src=\"https:\/\/inzain.bike\/wp-content\/uploads\/2023\/09\/DJI_0071-1024x576.jpg\" alt=\"\" class=\"wp-image-3550\" srcset=\"https:\/\/inzain.bike\/wp-content\/uploads\/2023\/09\/DJI_0071-1024x576.jpg 1024w, https:\/\/inzain.bike\/wp-content\/uploads\/2023\/09\/DJI_0071-300x169.jpg 300w, https:\/\/inzain.bike\/wp-content\/uploads\/2023\/09\/DJI_0071-768x432.jpg 768w, https:\/\/inzain.bike\/wp-content\/uploads\/2023\/09\/DJI_0071-1536x864.jpg 1536w, https:\/\/inzain.bike\/wp-content\/uploads\/2023\/09\/DJI_0071-2048x1152.jpg 2048w, https:\/\/inzain.bike\/wp-content\/uploads\/2023\/09\/DJI_0071-18x10.jpg 18w, https:\/\/inzain.bike\/wp-content\/uploads\/2023\/09\/DJI_0071-1320x743.jpg 1320w, https:\/\/inzain.bike\/wp-content\/uploads\/2023\/09\/DJI_0071-600x338.jpg 600w\" sizes=\"auto, (max-width: 1024px) 100vw, 1024px\" \/><\/figure>\n\n\n\n<p><br><br>Quand il fait le plus sombre chez nous, cette \u00eele avec, selon beaucoup, le meilleur climat de la plan\u00e8te, nous attend. Cette semaine s&#039;adresse \u00e0 ceux d&#039;entre vous qui souhaitent emmener leur v\u00e9lo (gravel ou VTT) un peu plus loin que la balade habituelle.&nbsp;<br><\/p>\n\n\n\n<p>L&#039;\u00eele offre des vues imprenables, une tranquillit\u00e9 et des vues \u00e0 couper le souffle lors de chaque excursion d&#039;une journ\u00e9e. La seule chose qui est requise est d&#039;avoir le bon \u00e9quipement et d&#039;avoir g\u00e9r\u00e9 l&#039;entra\u00eenement hivernal raisonnablement au pr\u00e9alable.&nbsp;<br><\/p>\n\n\n\n<figure class=\"wp-block-image size-large\"><img loading=\"lazy\" decoding=\"async\" width=\"1024\" height=\"684\" src=\"https:\/\/inzain.bike\/wp-content\/uploads\/2023\/09\/DSC02489-1024x684.jpg\" alt=\"\" class=\"wp-image-3552\" srcset=\"https:\/\/inzain.bike\/wp-content\/uploads\/2023\/09\/DSC02489-1024x684.jpg 1024w, https:\/\/inzain.bike\/wp-content\/uploads\/2023\/09\/DSC02489-300x200.jpg 300w, https:\/\/inzain.bike\/wp-content\/uploads\/2023\/09\/DSC02489-768x513.jpg 768w, https:\/\/inzain.bike\/wp-content\/uploads\/2023\/09\/DSC02489-1536x1027.jpg 1536w, https:\/\/inzain.bike\/wp-content\/uploads\/2023\/09\/DSC02489-18x12.jpg 18w, https:\/\/inzain.bike\/wp-content\/uploads\/2023\/09\/DSC02489-1320x882.jpg 1320w, https:\/\/inzain.bike\/wp-content\/uploads\/2023\/09\/DSC02489-600x401.jpg 600w, https:\/\/inzain.bike\/wp-content\/uploads\/2023\/09\/DSC02489.jpg 1616w\" sizes=\"auto, (max-width: 1024px) 100vw, 1024px\" \/><\/figure>\n\n\n\n<p>CasaCalma en est \u00e0 sa quatri\u00e8me ann\u00e9e en tant qu&#039;h\u00f4tel pour cyclistes et sait exactement ce que nous aimons habituellement. La nouveaut\u00e9 de l&#039;ann\u00e9e derni\u00e8re est que nous disposons \u00e9galement de notre propre voiture d&#039;accompagnement pour les circuits plus longs.&nbsp;<\/p>\n\n\n\n<p>CasaCalma propose \u00e9galement l&#039;auto-location de v\u00e9los de gravel pour ceux qui en ont besoin et ne choisissent pas d&#039;apporter les leurs.&nbsp;<\/p>\n\n\n\n<figure class=\"wp-block-image size-large\"><img loading=\"lazy\" decoding=\"async\" width=\"684\" height=\"1024\" src=\"https:\/\/inzain.bike\/wp-content\/uploads\/2023\/09\/DSC02520-684x1024.jpg\" alt=\"\" class=\"wp-image-3554\" srcset=\"https:\/\/inzain.bike\/wp-content\/uploads\/2023\/09\/DSC02520-684x1024.jpg 684w, https:\/\/inzain.bike\/wp-content\/uploads\/2023\/09\/DSC02520-200x300.jpg 200w, https:\/\/inzain.bike\/wp-content\/uploads\/2023\/09\/DSC02520-768x1149.jpg 768w, https:\/\/inzain.bike\/wp-content\/uploads\/2023\/09\/DSC02520-1027x1536.jpg 1027w, https:\/\/inzain.bike\/wp-content\/uploads\/2023\/09\/DSC02520-8x12.jpg 8w, https:\/\/inzain.bike\/wp-content\/uploads\/2023\/09\/DSC02520-600x898.jpg 600w, https:\/\/inzain.bike\/wp-content\/uploads\/2023\/09\/DSC02520.jpg 1080w\" sizes=\"auto, (max-width: 684px) 100vw, 684px\" \/><\/figure>\n\n\n\n<p>Le terrain est un peu plus difficile, alors apportez-le si vous vous sentez plus \u00e0 l&#039;aise avec un VTT. Lors du camp de l&#039;ann\u00e9e derni\u00e8re, la m\u00eame semaine, nous avions \u00e0 la fois du VTT et du gravel sur les m\u00eames parcours. &nbsp;<\/p>\n\n\n\n<p>Chaque jour a son propre caract\u00e8re unique. Et la nouveaut\u00e9 de l&#039;ann\u00e9e prochaine, c&#039;est la d\u00e9gustation des vins des vignobles datant du 16\u00e8me si\u00e8cle autour de Bandama. Apr\u00e8s nous avons atteint le sommet de l&#039;\u00eele par un chemin de terre. Parlez d\u2019une image cible et d\u2019une belle fin de journ\u00e9e.&nbsp;<\/p>\n\n\n\n<p><strong>Jour 0<\/strong>.&nbsp;<\/p>\n\n\n\n<p>Arriv\u00e9e et prise en charge \u00e0 l&#039;a\u00e9roport. Court transfert de 20 minutes \u00e0 CasaCalma. Fixation avec un v\u00e9lo (propre v\u00e9lo ou v\u00e9lo de location). Ap\u00e9ritif de bienvenue sur la grande terrasse sur le toit. D\u00eener partag\u00e9, pr\u00e9par\u00e9 avec des ingr\u00e9dients locaux.<\/p>\n\n\n\n<p><strong>Jour 1 \u2013 Grand Canyon<\/strong>&nbsp;<\/p>\n\n\n\n<p>Nous d\u00e9marrons un peu lentement, mais la vue est adorable m\u00eame si nous ne sommes qu&#039;\u00e0 quelques km de la mer.&nbsp;<\/p>\n\n\n\n<figure class=\"wp-block-image size-full\"><img loading=\"lazy\" decoding=\"async\" width=\"1024\" height=\"114\" src=\"https:\/\/inzain.bike\/wp-content\/uploads\/2023\/09\/image.png\" alt=\"\" class=\"wp-image-3466\" srcset=\"https:\/\/inzain.bike\/wp-content\/uploads\/2023\/09\/image.png 1024w, https:\/\/inzain.bike\/wp-content\/uploads\/2023\/09\/image-300x33.png 300w, https:\/\/inzain.bike\/wp-content\/uploads\/2023\/09\/image-768x86.png 768w, https:\/\/inzain.bike\/wp-content\/uploads\/2023\/09\/image-18x2.png 18w, https:\/\/inzain.bike\/wp-content\/uploads\/2023\/09\/image-600x67.png 600w\" sizes=\"auto, (max-width: 1024px) 100vw, 1024px\" \/><\/figure>\n\n\n\n<p>Bien qu&#039;elle se trouve \u00e0 c\u00f4t\u00e9 de la maison, elle porte bien son surnom ici sur l&#039;\u00eele. Ce n&#039;est pas un hasard s&#039;il s&#039;agit du circuit gravel le plus visit\u00e9 de toute l&#039;\u00eele par les cyclistes gravel r\u00e9sidents. Nous descendons de la maison et atteignons d\u00e9j\u00e0 le gravier apr\u00e8s 5 minutes et passons une matin\u00e9e dans un environnement qui n&#039;a pas vu de voiture (uniquement des v\u00e9hicules tout-terrain) depuis de nombreuses ann\u00e9es. Vers la fin de la visite, nous atteignons le village incroyablement chaleureux d&#039;Ayaguares, o\u00f9 nous prenons un caf\u00e9 ou un d\u00e9jeuner tardif avant de reprendre les derniers kilom\u00e8tres jusqu&#039;\u00e0 la maison.&nbsp;<\/p>\n\n\n\n<figure class=\"wp-block-image size-large\"><img loading=\"lazy\" decoding=\"async\" width=\"1024\" height=\"576\" src=\"https:\/\/inzain.bike\/wp-content\/uploads\/2023\/09\/DJI_0117-1-1024x576.jpg\" alt=\"\" class=\"wp-image-3553\" srcset=\"https:\/\/inzain.bike\/wp-content\/uploads\/2023\/09\/DJI_0117-1-1024x576.jpg 1024w, https:\/\/inzain.bike\/wp-content\/uploads\/2023\/09\/DJI_0117-1-300x169.jpg 300w, https:\/\/inzain.bike\/wp-content\/uploads\/2023\/09\/DJI_0117-1-768x432.jpg 768w, https:\/\/inzain.bike\/wp-content\/uploads\/2023\/09\/DJI_0117-1-1536x864.jpg 1536w, https:\/\/inzain.bike\/wp-content\/uploads\/2023\/09\/DJI_0117-1-2048x1152.jpg 2048w, https:\/\/inzain.bike\/wp-content\/uploads\/2023\/09\/DJI_0117-1-18x10.jpg 18w, https:\/\/inzain.bike\/wp-content\/uploads\/2023\/09\/DJI_0117-1-1320x743.jpg 1320w, https:\/\/inzain.bike\/wp-content\/uploads\/2023\/09\/DJI_0117-1-600x338.jpg 600w\" sizes=\"auto, (max-width: 1024px) 100vw, 1024px\" \/><figcaption class=\"wp-element-caption\">d\u00e9faut<\/figcaption><\/figure>\n\n\n\n<p><strong>Jour 2Pico<\/strong>&nbsp;<\/p>\n\n\n\n<p>Nous arrivons au sommet, la journ\u00e9e commence et se termine par le transport en voiture. 81 km \/ 2 223 hm&nbsp;<br>Ce jour-l\u00e0, ce sont les altim\u00e8tres et les vues sur des kilom\u00e8tres qui comptent. L&#039;ascension du sommet est l&#039;un des grands classiques de l&#039;\u00eele, et nous avons d\u00e9sormais \u00e9labor\u00e9 un magnifique itin\u00e9raire qui emprunte principalement du gravier pour y arriver. Ici, nous b\u00e9n\u00e9ficions \u00e9galement de notre voiture d&#039;accompagnement qui nous emm\u00e8ne vers l&#039;est au-dessus de l&#039;a\u00e9roport. Nous partons directement de la plage et apr\u00e8s seulement 1 km nous atteignons le ravin\/barranco qui nous m\u00e8nera au sommet. Pr\u00e9parez-vous \u00e0 une v\u00e9g\u00e9tation tropicale et une faune hors du commun (la derni\u00e8re fois que j&#039;y suis all\u00e9 un l\u00e9zard gros comme un teckel..<img decoding=\"async\" src=\"https:\/\/res-1.cdn.office.net\/officeonline\/we\/s\/hA3596C17DAD9A003_resources\/1053\/progress.gif\">) La nouveaut\u00e9 pour 2024 est que sur le chemin du retour, nous visitons les beaux vignobles autour de la r\u00e9gion de Bandama. Imaginez-vous en train de d\u00e9guster des vins locaux datant du 16\u00e8me si\u00e8cle. (Unique en Europe !) Personne n&#039;a manqu\u00e9 que ce soit devenu tr\u00e8s populaire et appr\u00e9ci\u00e9.&nbsp;<\/p>\n\n\n\n<p><br><\/p>\n\n\n\n<p><strong>Jour 3 \u2013 TamaBada<\/strong>&nbsp;<\/p>\n\n\n\n<p>D\u00e9fi de la semaine \u2013 de luxe (181 km \/ 3 994 hm)&nbsp;<\/p>\n\n\n\n<figure class=\"wp-block-image size-full\"><img loading=\"lazy\" decoding=\"async\" width=\"1024\" height=\"113\" src=\"https:\/\/inzain.bike\/wp-content\/uploads\/2023\/09\/image-2.png\" alt=\"\" class=\"wp-image-3469\" srcset=\"https:\/\/inzain.bike\/wp-content\/uploads\/2023\/09\/image-2.png 1024w, https:\/\/inzain.bike\/wp-content\/uploads\/2023\/09\/image-2-300x33.png 300w, https:\/\/inzain.bike\/wp-content\/uploads\/2023\/09\/image-2-768x85.png 768w, https:\/\/inzain.bike\/wp-content\/uploads\/2023\/09\/image-2-18x2.png 18w, https:\/\/inzain.bike\/wp-content\/uploads\/2023\/09\/image-2-600x66.png 600w\" sizes=\"auto, (max-width: 1024px) 100vw, 1024px\" \/><\/figure>\n\n\n\n<p>Le grand d\u00e9fi de la semaine (si vous le faites \u00e0 v\u00e9lo jusqu&#039;au bout) et le gros &quot;bijou&quot; de la semaine. Nous nous dirigeons vers l&#039;extr\u00eame ouest de l&#039;\u00eele, jusqu&#039;\u00e0 la route de campagne abandonn\u00e9e que la nature commence \u00e0 reprendre. Nous y arrivons \u00e0 v\u00e9lo, parmi les arbres qui poussent tout droit sur la route, puis nous avons la mer et Tenerife sur notre gauche. Une nouvelle exp\u00e9rience garantie. Nous prenons ensuite \u00e0 droite et sur de beaux graviers sportifs, vers le milieu de l&#039;\u00eele, d\u00e9sol\u00e9e et belle comme elle devrait l&#039;\u00eatre et seulement un cottage\/finca ici et l\u00e0. Enfin, nous atteignons Artenara et la magnifique vall\u00e9e jusqu&#039;\u00e0 Tejeda, \u00e9lu village le plus pittoresque de toute l&#039;Espagne et je n&#039;ai jamais entendu personne en d\u00e9saccord. C&#039;est un long voyage si vous faites du porte \u00e0 porte, mais notre voiture nous accompagne tout au long du trajet.&nbsp;<\/p>\n\n\n\n<p><strong>Jour 4<\/strong>&nbsp;\u2013&nbsp;<strong>Pilancones<\/strong>&nbsp;<\/p>\n\n\n\n<figure class=\"wp-block-image size-full\"><img loading=\"lazy\" decoding=\"async\" width=\"1024\" height=\"112\" src=\"https:\/\/inzain.bike\/wp-content\/uploads\/2023\/09\/image-1.png\" alt=\"\" class=\"wp-image-3468\" srcset=\"https:\/\/inzain.bike\/wp-content\/uploads\/2023\/09\/image-1.png 1024w, https:\/\/inzain.bike\/wp-content\/uploads\/2023\/09\/image-1-300x33.png 300w, https:\/\/inzain.bike\/wp-content\/uploads\/2023\/09\/image-1-768x84.png 768w, https:\/\/inzain.bike\/wp-content\/uploads\/2023\/09\/image-1-18x2.png 18w, https:\/\/inzain.bike\/wp-content\/uploads\/2023\/09\/image-1-600x66.png 600w\" sizes=\"auto, (max-width: 1024px) 100vw, 1024px\" \/><\/figure>\n\n\n\n<p>C&#039;est le lendemain du &quot;grand jour&quot; donc cette journ\u00e9e est beaucoup &quot;plus facile&quot; et peut-\u00eatre une journ\u00e9e de repos pour ceux qui pr\u00e9f\u00e8rent \u00eatre \u00e0 la plage. Le reste d\u2019entre nous vivra une v\u00e9ritable aventure. Sur le papier, cela semble p\u00e9nible, mais cela d\u00e9pend de la fa\u00e7on dont vous voyez les choses. Pendant la premi\u00e8re demi-heure, vous roulez en v\u00e9lo sur un chemin \u00e9troit qui nous emm\u00e8ne vers le haut, et l&#039;altitude semble donc plus facile. Cette promenade vaut la peine d&#039;\u00eatre faite. L\u2019environnement que nous d\u00e9couvrirons est \u00e0 couper le souffle. Pas de voiture toute la journ\u00e9e et donc une vie v\u00e9g\u00e9tale et naturelle totalement pr\u00e9serv\u00e9e, cela en vaut la peine !!&nbsp;&nbsp;<\/p>\n\n\n\n<p><strong>Jour 5 Chira<\/strong>&nbsp;<\/p>\n\n\n\n<p>(82 km \/ 1 974 milles)&nbsp;<\/p>\n\n\n\n<figure class=\"wp-block-image size-large\"><img loading=\"lazy\" decoding=\"async\" width=\"1024\" height=\"684\" src=\"https:\/\/inzain.bike\/wp-content\/uploads\/2023\/09\/DSC02526-1024x684.jpg\" alt=\"\" class=\"wp-image-3473\" title=\"Vous ne pouvez pas coller l&#039;image depuis le presse-papiers, mais vous pouvez l&#039;enregistrer sur votre ordinateur et l&#039;ins\u00e9rer \u00e0 partir de l\u00e0.\" srcset=\"https:\/\/inzain.bike\/wp-content\/uploads\/2023\/09\/DSC02526-1024x684.jpg 1024w, https:\/\/inzain.bike\/wp-content\/uploads\/2023\/09\/DSC02526-300x200.jpg 300w, https:\/\/inzain.bike\/wp-content\/uploads\/2023\/09\/DSC02526-768x513.jpg 768w, https:\/\/inzain.bike\/wp-content\/uploads\/2023\/09\/DSC02526-1536x1027.jpg 1536w, https:\/\/inzain.bike\/wp-content\/uploads\/2023\/09\/DSC02526-18x12.jpg 18w, https:\/\/inzain.bike\/wp-content\/uploads\/2023\/09\/DSC02526-1320x882.jpg 1320w, https:\/\/inzain.bike\/wp-content\/uploads\/2023\/09\/DSC02526-600x401.jpg 600w, https:\/\/inzain.bike\/wp-content\/uploads\/2023\/09\/DSC02526.jpg 1616w\" sizes=\"auto, (max-width: 1024px) 100vw, 1024px\" \/><\/figure>\n\n\n\n<p>Notre quartier et quelque chose que nous voyons chaque jour depuis le toit-terrasse de la maison. La manche commence sur du bitume qui nous emm\u00e8ne en hauteur o\u00f9 la route se transforme en gravier. D&#039;une beaut\u00e9 incomparable, nous pouvons voir la vall\u00e9e de Soria o\u00f9 tous les coureurs cyclistes montent sans le savoir. Apr\u00e8s environ la moiti\u00e9 du parcours, nous atteignons le grand barrage de Chira, imposant par sa taille. Apr\u00e8s cela, la route s&#039;aplanit et nous atteignons les grands champs o\u00f9 poussent souvent des colzas et des renoncules en fleurs. Tout cela non loin de la mer et du climat d\u00e9sertique \u00e0 quelques kilom\u00e8tres.&nbsp;<\/p>\n\n\n\n<p><strong>Jour 6 Santa Lucia<\/strong>&nbsp;<\/p>\n\n\n\n<p>Routes classiques m\u00e9lang\u00e9es \u00e0 des nouvelles, sur gravier (72 km \/ 1 561 hm)&nbsp;<\/p>\n\n\n\n<figure class=\"wp-block-image size-large\"><img loading=\"lazy\" decoding=\"async\" width=\"1024\" height=\"576\" src=\"https:\/\/inzain.bike\/wp-content\/uploads\/2023\/09\/DJI_0117-1024x576.jpg\" alt=\"\" class=\"wp-image-3474\" title=\"Vous ne pouvez pas coller l&#039;image depuis le presse-papiers, mais vous pouvez l&#039;enregistrer sur votre ordinateur et l&#039;ins\u00e9rer \u00e0 partir de l\u00e0.\" srcset=\"https:\/\/inzain.bike\/wp-content\/uploads\/2023\/09\/DJI_0117-1024x576.jpg 1024w, https:\/\/inzain.bike\/wp-content\/uploads\/2023\/09\/DJI_0117-300x169.jpg 300w, https:\/\/inzain.bike\/wp-content\/uploads\/2023\/09\/DJI_0117-768x432.jpg 768w, https:\/\/inzain.bike\/wp-content\/uploads\/2023\/09\/DJI_0117-1536x864.jpg 1536w, https:\/\/inzain.bike\/wp-content\/uploads\/2023\/09\/DJI_0117-2048x1152.jpg 2048w, https:\/\/inzain.bike\/wp-content\/uploads\/2023\/09\/DJI_0117-18x10.jpg 18w, https:\/\/inzain.bike\/wp-content\/uploads\/2023\/09\/DJI_0117-1320x743.jpg 1320w, https:\/\/inzain.bike\/wp-content\/uploads\/2023\/09\/DJI_0117-600x338.jpg 600w\" sizes=\"auto, (max-width: 1024px) 100vw, 1024px\" \/><figcaption class=\"wp-element-caption\">d\u00e9faut<\/figcaption><\/figure>\n\n\n\n<p>La fin parfaite d\u2019une semaine riche en exp\u00e9riences fortes. Cette balade se fait sur du gravier du c\u00f4t\u00e9 ouest de la gorge, si populaire aupr\u00e8s des sites de v\u00e9lo de course. Nous continuons \u00e0 voir sur notre droite le village merveilleusement beau et enti\u00e8rement blanc de Sankta Lucia. Pour ceux qui le souhaitent, nous y prenons un caf\u00e9 avant d&#039;atteindre San Bartolom\u00e9, qui est le point culminant de la journ\u00e9e. Une fois sur place, vous pouvez choisir l&#039;itin\u00e9raire que vous souhaitez ramener chez vous. Soit tout droit en descendant le plus proche en passant devant la belle et c\u00e9l\u00e8bre Fataga (entre autres de S\u00e4llskapsresan). Ou conduisez encore plus de gravier et de variations sur &quot;Chira&quot; et &quot;Pilancones&quot;.&nbsp;&nbsp;<\/p>\n\n\n\n<p><strong>Voiture d&#039;escorte<\/strong>&nbsp;<\/p>\n\n\n\n<p>Notre voiture d&#039;escorte sera avec nous tous les jours afin que nous puissions mieux acc\u00e9der aux tr\u00e9sors de l&#039;\u00eele. Cela nous donne \u00e9galement une s\u00e9curit\u00e9 au cas o\u00f9 quelque chose arriverait \u00e0 vous, \u00e0 votre v\u00e9lo (ou \u00e0 vos jambes :))&nbsp;<\/p>\n\n\n\n<p>La voiture d&#039;escorte dispose d&#039;eau, de boissons pour sportifs, de gels, de barres, d&#039;un v\u00e9lo suppl\u00e9mentaire et \u00e9ventuellement de v\u00eatements suppl\u00e9mentaires (qui ne sont jamais n\u00e9cessaires...)&nbsp;&nbsp;&nbsp;<\/p>\n\n\n\n<p><strong>Apr\u00e8s v\u00e9lo et bain<\/strong>&nbsp;<\/p>\n\n\n\n<p>Une fois de retour \u00e0 la maison, vous pouvez vous attendre \u00e0 un d\u00e9licieux d\u00eener \u00e0 base d&#039;ingr\u00e9dients locaux. Apr\u00e8s, faites du v\u00e9lo sur un toit-terrasse avec une vue sur les c\u00e9l\u00e8bres dunes de Maspalomas et une mer \u00e9tincelante derri\u00e8re.&nbsp;&nbsp;<\/p>\n\n\n\n<p>Pourquoi ne pas prendre un bain dans le nouveau jacuzzi avec seulement la lune et les \u00e9toiles au-dessus.&nbsp;<\/p>\n\n\n\n<p>INZAIN vous souhaite la bienvenue \u00e0 Gran Canaria<\/p>\n\n\n\n<p><strong>FAITS<\/strong><\/p>\n\n\n\n<figure class=\"wp-block-table\"><table><tbody><tr><td><strong>Quand<\/strong><\/td><td>19-26 janvier 2024<\/td><\/tr><tr><td><strong>O\u00f9<\/strong><\/td><td>Grande Canarie<\/td><\/tr><tr><td><strong>H\u00e9bergement<\/strong><\/td><td>CasaCalma \u2013 H\u00f4tel pour cyclistes<\/td><\/tr><tr><td><strong>Ce qui est inclus<\/strong><\/td><td>H\u00e9bergement (chambre double partag\u00e9e pour deux personnes) avec petit-d\u00e9jeuner et d\u00eener, itin\u00e9raires, voiture de s\u00e9curit\u00e9, local pour sac \u00e0 v\u00e9lo, guides, photo\/film.<\/td><\/tr><tr><td><strong>Prix<\/strong><\/td><td>14 500 SEK<\/td><\/tr><tr><td><strong>Chambre simple<\/strong><\/td><td>+ 4 000 SEK<\/td><\/tr><tr><td><strong>Paiement<\/strong><\/td><td>Lors de la r\u00e9servation : 3 500 SEK, date d&#039;inscription = date de paiement<br>01\/01\/2024 : Partie restante<br>Swish \u00e0 CJ : 123 139 2919 entrez \u00ab GC Gravel 2024 \u00bb et votre nom<\/td><\/tr><tr><td><strong>Assurance<\/strong><\/td><td>Les participants sont responsables de leur propre assurance<\/td><\/tr><tr><td><strong>Vol<\/strong><\/td><td>Chacun r\u00e9serve son propre vol. Transfert inclus.<\/td><\/tr><tr><td><strong>Re\u00e7u<\/strong><\/td><td>Re\u00e7u\/facture de paiement fourni sur demande<\/td><\/tr><tr><td><strong>Annulation<\/strong><\/td><td>(<em>Le d\u00e9faut de paiement entra\u00eene automatiquement l&#039;annulation<\/em>)<br><strong>Vide 2024-01-01<\/strong>: D\u00e9p\u00f4t perdu<br><strong>Vide 2024-01-15<\/strong>: Montant total confisqu\u00e9<\/td><\/tr><tr><td><strong>Termes<\/strong><\/td><td>La participation est \u00e0 vos propres risques.&nbsp;<a href=\"https:\/\/inzain.bike\/fr_be\/villkor-deltagande\/\">Les petits caract\u00e8res<\/a><\/td><\/tr><\/tbody><\/table><\/figure>\n\n\n\n<p><br><br><strong>Inscription cl\u00f4tur\u00e9e<\/strong><\/p>\n\n\n\n<p><\/p>","protected":false},"excerpt":{"rendered":"<p>N\u00e4r: 19-26 januari 2024Var: Gran CanariaHur: \u00c4ventyrligt Gravel Camp med mycket kl\u00e4ttringHotell: Vi bor p\u00e5 CasaCalma, ett dedicerat cykelhotell\u00c4ta: Frukost och middag p\u00e5 CasaCalma ing\u00e5r. Inzain, och CasaCalma v\u00e4lkomnar dig till Gran Canaria och en veckas cykling p\u00e5 stig och grusv\u00e4g.&nbsp; F\u00f6r tredje \u00e5ret i rad s\u00e5 \u00f6ppnar cykelhotellet CasaCalma sina portar \u00e5t oss i [&hellip;]<\/p>\n","protected":false},"author":135133094,"featured_media":0,"parent":0,"menu_order":0,"comment_status":"closed","ping_status":"closed","template":"","meta":{"_coblocks_attr":"","_coblocks_dimensions":"","_coblocks_responsive_height":"","_coblocks_accordion_ie_support":"","footnotes":""},"class_list":["post-3464","page","type-page","status-publish","hentry"],"yoast_head":"<!-- This site is optimized with the Yoast SEO plugin v27.2 - https:\/\/yoast.com\/product\/yoast-seo-wordpress\/ -->\n<title>Gran Canaria Gravel Camp - INZAIN Cycling EXPERIENCES<\/title>\n<meta name=\"robots\" content=\"index, follow, max-snippet:-1, max-image-preview:large, max-video-preview:-1\" \/>\n<link rel=\"canonical\" href=\"https:\/\/inzain.bike\/fr_be\/inzain-gran-canaria-gravel-camp\/\" \/>\n<meta property=\"og:locale\" content=\"fr_FR\" \/>\n<meta property=\"og:type\" content=\"article\" \/>\n<meta property=\"og:title\" content=\"Gran Canaria Gravel Camp - INZAIN Cycling EXPERIENCES\" \/>\n<meta property=\"og:description\" content=\"N\u00e4r: 19-26 januari 2024Var: Gran CanariaHur: \u00c4ventyrligt Gravel Camp med mycket kl\u00e4ttringHotell: Vi bor p\u00e5 CasaCalma, ett dedicerat cykelhotell\u00c4ta: Frukost och middag p\u00e5 CasaCalma ing\u00e5r. Inzain, och CasaCalma v\u00e4lkomnar dig till Gran Canaria och en veckas cykling p\u00e5 stig och grusv\u00e4g.&nbsp; F\u00f6r tredje \u00e5ret i rad s\u00e5 \u00f6ppnar cykelhotellet CasaCalma sina portar \u00e5t oss i [&hellip;]\" \/>\n<meta property=\"og:url\" content=\"https:\/\/inzain.bike\/fr_be\/inzain-gran-canaria-gravel-camp\/\" \/>\n<meta property=\"og:site_name\" content=\"INZAIN Cycling EXPERIENCES\" \/>\n<meta property=\"article:publisher\" content=\"https:\/\/www.facebook.com\/Inzain.bike\" \/>\n<meta property=\"article:modified_time\" content=\"2024-03-09T08:54:55+00:00\" \/>\n<meta property=\"og:image\" content=\"https:\/\/inzain.bike\/wp-content\/uploads\/2023\/09\/IMG_2545-1024x768.jpg\" \/>\n<meta name=\"twitter:card\" content=\"summary_large_image\" \/>\n<meta name=\"twitter:label1\" content=\"Dur\u00e9e de lecture est.\" \/>\n\t<meta name=\"twitter:data1\" content=\"9 minutes\" \/>\n<script type=\"application\/ld+json\" class=\"yoast-schema-graph\">{\"@context\":\"https:\/\/schema.org\",\"@graph\":[{\"@type\":\"WebPage\",\"@id\":\"https:\/\/inzain.bike\/nl_be\/inzain-gran-canaria-gravel-camp\/\",\"url\":\"https:\/\/inzain.bike\/nl_be\/inzain-gran-canaria-gravel-camp\/\",\"name\":\"Gran Canaria Gravel Camp - INZAIN Cycling EXPERIENCES\",\"isPartOf\":{\"@id\":\"https:\/\/inzain.bike\/fr_be\/#website\"},\"primaryImageOfPage\":{\"@id\":\"https:\/\/inzain.bike\/nl_be\/inzain-gran-canaria-gravel-camp\/#primaryimage\"},\"image\":{\"@id\":\"https:\/\/inzain.bike\/nl_be\/inzain-gran-canaria-gravel-camp\/#primaryimage\"},\"thumbnailUrl\":\"https:\/\/inzain.bike\/wp-content\/uploads\/2023\/09\/IMG_2545-1024x768.jpg\",\"datePublished\":\"2023-09-28T10:44:16+00:00\",\"dateModified\":\"2024-03-09T08:54:55+00:00\",\"breadcrumb\":{\"@id\":\"https:\/\/inzain.bike\/nl_be\/inzain-gran-canaria-gravel-camp\/#breadcrumb\"},\"inLanguage\":\"fr-BE\",\"potentialAction\":[{\"@type\":\"ReadAction\",\"target\":[\"https:\/\/inzain.bike\/nl_be\/inzain-gran-canaria-gravel-camp\/\"]}]},{\"@type\":\"ImageObject\",\"inLanguage\":\"fr-BE\",\"@id\":\"https:\/\/inzain.bike\/nl_be\/inzain-gran-canaria-gravel-camp\/#primaryimage\",\"url\":\"https:\/\/inzain.bike\/wp-content\/uploads\/2023\/09\/IMG_2545-1024x768.jpg\",\"contentUrl\":\"https:\/\/inzain.bike\/wp-content\/uploads\/2023\/09\/IMG_2545-1024x768.jpg\"},{\"@type\":\"BreadcrumbList\",\"@id\":\"https:\/\/inzain.bike\/nl_be\/inzain-gran-canaria-gravel-camp\/#breadcrumb\",\"itemListElement\":[{\"@type\":\"ListItem\",\"position\":1,\"name\":\"Hem\",\"item\":\"https:\/\/inzain.bike\/fr_be\/\"},{\"@type\":\"ListItem\",\"position\":2,\"name\":\"Gran Canaria Gravel Camp\"}]},{\"@type\":\"WebSite\",\"@id\":\"https:\/\/inzain.bike\/fr_be\/#website\",\"url\":\"https:\/\/inzain.bike\/fr_be\/\",\"name\":\"INZAIN Cycling EXPERIENCES\",\"description\":\"Cyckling Adventures  - for everyone\",\"publisher\":{\"@id\":\"https:\/\/inzain.bike\/fr_be\/#organization\"},\"alternateName\":\"INZAIN Gravel & Travel\",\"potentialAction\":[{\"@type\":\"SearchAction\",\"target\":{\"@type\":\"EntryPoint\",\"urlTemplate\":\"https:\/\/inzain.bike\/fr_be\/?s={search_term_string}\"},\"query-input\":{\"@type\":\"PropertyValueSpecification\",\"valueRequired\":true,\"valueName\":\"search_term_string\"}}],\"inLanguage\":\"fr-BE\"},{\"@type\":\"Organization\",\"@id\":\"https:\/\/inzain.bike\/fr_be\/#organization\",\"name\":\"INZAIN Cycling EXPERIENCES\",\"url\":\"https:\/\/inzain.bike\/fr_be\/\",\"logo\":{\"@type\":\"ImageObject\",\"inLanguage\":\"fr-BE\",\"@id\":\"https:\/\/inzain.bike\/fr_be\/#\/schema\/logo\/image\/\",\"url\":\"https:\/\/i0.wp.com\/inzain.bike\/wp-content\/uploads\/2023\/09\/cropped-INZAIN_512x512_white.png?fit=512%2C512&ssl=1\",\"contentUrl\":\"https:\/\/i0.wp.com\/inzain.bike\/wp-content\/uploads\/2023\/09\/cropped-INZAIN_512x512_white.png?fit=512%2C512&ssl=1\",\"width\":512,\"height\":512,\"caption\":\"INZAIN Cycling EXPERIENCES\"},\"image\":{\"@id\":\"https:\/\/inzain.bike\/fr_be\/#\/schema\/logo\/image\/\"},\"sameAs\":[\"https:\/\/www.facebook.com\/Inzain.bike\",\"https:\/\/www.instagram.com\/inzainbike\"]}]}<\/script>\n<!-- \/ Yoast SEO plugin. -->","yoast_head_json":{"title":"Gran Canaria Gravel Camp - INZAIN Exp\u00e9riences cyclistes","robots":{"index":"index","follow":"follow","max-snippet":"max-snippet:-1","max-image-preview":"max-image-preview:large","max-video-preview":"max-video-preview:-1"},"canonical":"https:\/\/inzain.bike\/fr_be\/inzain-gran-canaria-gravel-camp\/","og_locale":"fr_FR","og_type":"article","og_title":"Gran Canaria Gravel Camp - INZAIN Cycling EXPERIENCES","og_description":"N\u00e4r: 19-26 januari 2024Var: Gran CanariaHur: \u00c4ventyrligt Gravel Camp med mycket kl\u00e4ttringHotell: Vi bor p\u00e5 CasaCalma, ett dedicerat cykelhotell\u00c4ta: Frukost och middag p\u00e5 CasaCalma ing\u00e5r. Inzain, och CasaCalma v\u00e4lkomnar dig till Gran Canaria och en veckas cykling p\u00e5 stig och grusv\u00e4g.&nbsp; F\u00f6r tredje \u00e5ret i rad s\u00e5 \u00f6ppnar cykelhotellet CasaCalma sina portar \u00e5t oss i [&hellip;]","og_url":"https:\/\/inzain.bike\/fr_be\/inzain-gran-canaria-gravel-camp\/","og_site_name":"INZAIN Cycling EXPERIENCES","article_publisher":"https:\/\/www.facebook.com\/Inzain.bike","article_modified_time":"2024-03-09T08:54:55+00:00","og_image":[{"url":"https:\/\/inzain.bike\/wp-content\/uploads\/2023\/09\/IMG_2545-1024x768.jpg","type":"","width":"","height":""}],"twitter_card":"summary_large_image","twitter_misc":{"Dur\u00e9e de lecture est.":"9 minutes"},"schema":{"@context":"https:\/\/schema.org","@graph":[{"@type":"WebPage","@id":"https:\/\/inzain.bike\/nl_be\/inzain-gran-canaria-gravel-camp\/","url":"https:\/\/inzain.bike\/nl_be\/inzain-gran-canaria-gravel-camp\/","name":"Gran Canaria Gravel Camp - INZAIN Exp\u00e9riences cyclistes","isPartOf":{"@id":"https:\/\/inzain.bike\/fr_be\/#website"},"primaryImageOfPage":{"@id":"https:\/\/inzain.bike\/nl_be\/inzain-gran-canaria-gravel-camp\/#primaryimage"},"image":{"@id":"https:\/\/inzain.bike\/nl_be\/inzain-gran-canaria-gravel-camp\/#primaryimage"},"thumbnailUrl":"https:\/\/inzain.bike\/wp-content\/uploads\/2023\/09\/IMG_2545-1024x768.jpg","datePublished":"2023-09-28T10:44:16+00:00","dateModified":"2024-03-09T08:54:55+00:00","breadcrumb":{"@id":"https:\/\/inzain.bike\/nl_be\/inzain-gran-canaria-gravel-camp\/#breadcrumb"},"inLanguage":"fr-BE","potentialAction":[{"@type":"ReadAction","target":["https:\/\/inzain.bike\/nl_be\/inzain-gran-canaria-gravel-camp\/"]}]},{"@type":"ImageObject","inLanguage":"fr-BE","@id":"https:\/\/inzain.bike\/nl_be\/inzain-gran-canaria-gravel-camp\/#primaryimage","url":"https:\/\/inzain.bike\/wp-content\/uploads\/2023\/09\/IMG_2545-1024x768.jpg","contentUrl":"https:\/\/inzain.bike\/wp-content\/uploads\/2023\/09\/IMG_2545-1024x768.jpg"},{"@type":"BreadcrumbList","@id":"https:\/\/inzain.bike\/nl_be\/inzain-gran-canaria-gravel-camp\/#breadcrumb","itemListElement":[{"@type":"ListItem","position":1,"name":"Hem","item":"https:\/\/inzain.bike\/fr_be\/"},{"@type":"ListItem","position":2,"name":"Gran Canaria Gravel Camp"}]},{"@type":"WebSite","@id":"https:\/\/inzain.bike\/fr_be\/#website","url":"https:\/\/inzain.bike\/fr_be\/","name":"EXP\u00c9RIENCES Cyclistes INZAIN","description":"Aventures \u00e0 v\u00e9lo - pour tous","publisher":{"@id":"https:\/\/inzain.bike\/fr_be\/#organization"},"alternateName":"INZAIN Gravel & Travel","potentialAction":[{"@type":"SearchAction","target":{"@type":"EntryPoint","urlTemplate":"https:\/\/inzain.bike\/fr_be\/?s={search_term_string}"},"query-input":{"@type":"PropertyValueSpecification","valueRequired":true,"valueName":"search_term_string"}}],"inLanguage":"fr-BE"},{"@type":"Organization","@id":"https:\/\/inzain.bike\/fr_be\/#organization","name":"EXP\u00c9RIENCES Cyclistes INZAIN","url":"https:\/\/inzain.bike\/fr_be\/","logo":{"@type":"ImageObject","inLanguage":"fr-BE","@id":"https:\/\/inzain.bike\/fr_be\/#\/schema\/logo\/image\/","url":"https:\/\/i0.wp.com\/inzain.bike\/wp-content\/uploads\/2023\/09\/cropped-INZAIN_512x512_white.png?fit=512%2C512&ssl=1","contentUrl":"https:\/\/i0.wp.com\/inzain.bike\/wp-content\/uploads\/2023\/09\/cropped-INZAIN_512x512_white.png?fit=512%2C512&ssl=1","width":512,"height":512,"caption":"INZAIN Cycling EXPERIENCES"},"image":{"@id":"https:\/\/inzain.bike\/fr_be\/#\/schema\/logo\/image\/"},"sameAs":["https:\/\/www.facebook.com\/Inzain.bike","https:\/\/www.instagram.com\/inzainbike"]}]}},"amp_enabled":true,"_links":{"self":[{"href":"https:\/\/inzain.bike\/fr_be\/wp-json\/wp\/v2\/pages\/3464","targetHints":{"allow":["GET"]}}],"collection":[{"href":"https:\/\/inzain.bike\/fr_be\/wp-json\/wp\/v2\/pages"}],"about":[{"href":"https:\/\/inzain.bike\/fr_be\/wp-json\/wp\/v2\/types\/page"}],"author":[{"embeddable":true,"href":"https:\/\/inzain.bike\/fr_be\/wp-json\/wp\/v2\/users\/135133094"}],"replies":[{"embeddable":true,"href":"https:\/\/inzain.bike\/fr_be\/wp-json\/wp\/v2\/comments?post=3464"}],"version-history":[{"count":0,"href":"https:\/\/inzain.bike\/fr_be\/wp-json\/wp\/v2\/pages\/3464\/revisions"}],"wp:attachment":[{"href":"https:\/\/inzain.bike\/fr_be\/wp-json\/wp\/v2\/media?parent=3464"}],"curies":[{"name":"wp","href":"https:\/\/api.w.org\/{rel}","templated":true}]}}