{"id":3464,"date":"2023-09-28T12:44:16","date_gmt":"2023-09-28T10:44:16","guid":{"rendered":"https:\/\/inzain.bike\/?page_id=3464"},"modified":"2024-03-09T09:54:55","modified_gmt":"2024-03-09T08:54:55","slug":"inzain-gran-canaria-gravel-camp","status":"publish","type":"page","link":"https:\/\/inzain.bike\/nb\/inzain-gran-canaria-gravel-camp\/","title":{"rendered":"Gran Canaria Gravel Camp"},"content":{"rendered":"<figure class=\"wp-block-image size-large\"><img loading=\"lazy\" decoding=\"async\" width=\"1024\" height=\"768\" src=\"https:\/\/inzain.bike\/wp-content\/uploads\/2023\/09\/IMG_2545-1024x768.jpg\" alt=\"\" class=\"wp-image-3471\" srcset=\"https:\/\/inzain.bike\/wp-content\/uploads\/2023\/09\/IMG_2545-1024x768.jpg 1024w, https:\/\/inzain.bike\/wp-content\/uploads\/2023\/09\/IMG_2545-300x225.jpg 300w, https:\/\/inzain.bike\/wp-content\/uploads\/2023\/09\/IMG_2545-768x576.jpg 768w, https:\/\/inzain.bike\/wp-content\/uploads\/2023\/09\/IMG_2545-1536x1152.jpg 1536w, https:\/\/inzain.bike\/wp-content\/uploads\/2023\/09\/IMG_2545-16x12.jpg 16w, https:\/\/inzain.bike\/wp-content\/uploads\/2023\/09\/IMG_2545-1320x990.jpg 1320w, https:\/\/inzain.bike\/wp-content\/uploads\/2023\/09\/IMG_2545-600x450.jpg 600w, https:\/\/inzain.bike\/wp-content\/uploads\/2023\/09\/IMG_2545.jpg 1600w\" sizes=\"auto, (max-width: 1024px) 100vw, 1024px\" \/><\/figure>\n\n\n\n<p class=\"translation-block\"><strong>N\u00e5r<\/strong> : 19.\u201326. januar 2024<br> <strong>Hvor<\/strong> : Gran Canaria<br> <strong>Hvordan<\/strong> : Eventyrlig Grusleir med mye klatring<br> <strong>Hotell<\/strong> : Vi bor p\u00e5 CasaCalma, et dedikert sykkelhotell<br> <strong>Spise<\/strong> : Frokost og middag p\u00e5 CasaCalma er inkludert.<\/p>\n\n\n\n<p>Inzain og CasaCalma \u00f8nsker deg velkommen til Gran Canaria og en uke med sykling p\u00e5 stier og grusveier. For tredje \u00e5r p\u00e5 rad \u00e5pner sykkelhotellet CasaCalma d\u00f8rene for oss i januar.&nbsp;<\/p>\n\n\n\n<figure class=\"wp-block-image size-large\"><img loading=\"lazy\" decoding=\"async\" width=\"1024\" height=\"576\" src=\"https:\/\/inzain.bike\/wp-content\/uploads\/2023\/09\/DJI_0071-1024x576.jpg\" alt=\"\" class=\"wp-image-3550\" srcset=\"https:\/\/inzain.bike\/wp-content\/uploads\/2023\/09\/DJI_0071-1024x576.jpg 1024w, https:\/\/inzain.bike\/wp-content\/uploads\/2023\/09\/DJI_0071-300x169.jpg 300w, https:\/\/inzain.bike\/wp-content\/uploads\/2023\/09\/DJI_0071-768x432.jpg 768w, https:\/\/inzain.bike\/wp-content\/uploads\/2023\/09\/DJI_0071-1536x864.jpg 1536w, https:\/\/inzain.bike\/wp-content\/uploads\/2023\/09\/DJI_0071-2048x1152.jpg 2048w, https:\/\/inzain.bike\/wp-content\/uploads\/2023\/09\/DJI_0071-18x10.jpg 18w, https:\/\/inzain.bike\/wp-content\/uploads\/2023\/09\/DJI_0071-1320x743.jpg 1320w, https:\/\/inzain.bike\/wp-content\/uploads\/2023\/09\/DJI_0071-600x338.jpg 600w\" sizes=\"auto, (max-width: 1024px) 100vw, 1024px\" \/><\/figure>\n\n\n\n<p><br><br>N\u00e5r det er som m\u00f8rkest hjemme, venter denne \u00f8ya med, if\u00f8lge mange, det beste klimaet p\u00e5 jorden. Denne uken er rettet mot deg som \u00f8nsker \u00e5 ta sykkelen (grus eller MTB) litt lenger enn vanlig tur.&nbsp;<br><\/p>\n\n\n\n<p>\u00d8ya byr p\u00e5 fantastisk utsikt, ro og fantastisk utsikt p\u00e5 hver dagstur. Det eneste som kreves er riktig giring og at du har klart vintertreningen rimelig p\u00e5 forh\u00e5nd.&nbsp;<br><\/p>\n\n\n\n<figure class=\"wp-block-image size-large\"><img loading=\"lazy\" decoding=\"async\" width=\"1024\" height=\"684\" src=\"https:\/\/inzain.bike\/wp-content\/uploads\/2023\/09\/DSC02489-1024x684.jpg\" alt=\"\" class=\"wp-image-3552\" srcset=\"https:\/\/inzain.bike\/wp-content\/uploads\/2023\/09\/DSC02489-1024x684.jpg 1024w, https:\/\/inzain.bike\/wp-content\/uploads\/2023\/09\/DSC02489-300x200.jpg 300w, https:\/\/inzain.bike\/wp-content\/uploads\/2023\/09\/DSC02489-768x513.jpg 768w, https:\/\/inzain.bike\/wp-content\/uploads\/2023\/09\/DSC02489-1536x1027.jpg 1536w, https:\/\/inzain.bike\/wp-content\/uploads\/2023\/09\/DSC02489-18x12.jpg 18w, https:\/\/inzain.bike\/wp-content\/uploads\/2023\/09\/DSC02489-1320x882.jpg 1320w, https:\/\/inzain.bike\/wp-content\/uploads\/2023\/09\/DSC02489-600x401.jpg 600w, https:\/\/inzain.bike\/wp-content\/uploads\/2023\/09\/DSC02489.jpg 1616w\" sizes=\"auto, (max-width: 1024px) 100vw, 1024px\" \/><\/figure>\n\n\n\n<p>CasaCalma er inne i sitt fjerde \u00e5r som sykkelhotell og vet n\u00f8yaktig hva vi vanligvis liker. Nytt for det siste \u00e5ret er at vi ogs\u00e5 har egen f\u00f8lgebil tilgjengelig p\u00e5 de lengre turene.&nbsp;<\/p>\n\n\n\n<p>CasaCalma tilbyr ogs\u00e5 selvutleie av grussykler for de som trenger og ikke velger \u00e5 ta med egne.&nbsp;<\/p>\n\n\n\n<figure class=\"wp-block-image size-large\"><img loading=\"lazy\" decoding=\"async\" width=\"684\" height=\"1024\" src=\"https:\/\/inzain.bike\/wp-content\/uploads\/2023\/09\/DSC02520-684x1024.jpg\" alt=\"\" class=\"wp-image-3554\" srcset=\"https:\/\/inzain.bike\/wp-content\/uploads\/2023\/09\/DSC02520-684x1024.jpg 684w, https:\/\/inzain.bike\/wp-content\/uploads\/2023\/09\/DSC02520-200x300.jpg 200w, https:\/\/inzain.bike\/wp-content\/uploads\/2023\/09\/DSC02520-768x1149.jpg 768w, https:\/\/inzain.bike\/wp-content\/uploads\/2023\/09\/DSC02520-1027x1536.jpg 1027w, https:\/\/inzain.bike\/wp-content\/uploads\/2023\/09\/DSC02520-8x12.jpg 8w, https:\/\/inzain.bike\/wp-content\/uploads\/2023\/09\/DSC02520-600x898.jpg 600w, https:\/\/inzain.bike\/wp-content\/uploads\/2023\/09\/DSC02520.jpg 1080w\" sizes=\"auto, (max-width: 684px) 100vw, 684px\" \/><\/figure>\n\n\n\n<p>Terrenget er litt t\u00f8ffere s\u00e5 ta med hvis du f\u00f8ler deg mer komfortabel med en MTB s\u00e5 ta den med. P\u00e5 fjor\u00e5rets leir samme uke hadde vi b\u00e5de MTB og grus p\u00e5 de samme rundene. &nbsp;<\/p>\n\n\n\n<p>Hver dag har sin egen unike karakter. Og neste \u00e5rs nyhet er vinsmakingen fra ving\u00e5rdene som dateres tilbake til 1500-tallet rundt Bandama. Etter at vi har n\u00e5dd toppen av \u00f8ya p\u00e5 en grusvei. Snakk om et m\u00e5lbilde og en fin avslutning p\u00e5 dagen.&nbsp;<\/p>\n\n\n\n<p><strong>Dag 0<\/strong>.&nbsp;<\/p>\n\n\n\n<p>Ankomst og henting p\u00e5 flyplassen. Kort 20 min transport til CasaCalma. Fiks med sykkel (egen eller leiesykkel). Velkomstdrink p\u00e5 den store takterrassen. Felles middag, tilberedt med lokale r\u00e5varer.<\/p>\n\n\n\n<p><strong>Dag 1 \u2013 Grand Canyon<\/strong>&nbsp;<\/p>\n\n\n\n<p>Vi starter litt sakte, men utsikten er bed\u00e5rende selv om vi bare er noen f\u00e5 km fra sj\u00f8en.&nbsp;<\/p>\n\n\n\n<figure class=\"wp-block-image size-full\"><img loading=\"lazy\" decoding=\"async\" width=\"1024\" height=\"114\" src=\"https:\/\/inzain.bike\/wp-content\/uploads\/2023\/09\/image.png\" alt=\"\" class=\"wp-image-3466\" srcset=\"https:\/\/inzain.bike\/wp-content\/uploads\/2023\/09\/image.png 1024w, https:\/\/inzain.bike\/wp-content\/uploads\/2023\/09\/image-300x33.png 300w, https:\/\/inzain.bike\/wp-content\/uploads\/2023\/09\/image-768x86.png 768w, https:\/\/inzain.bike\/wp-content\/uploads\/2023\/09\/image-18x2.png 18w, https:\/\/inzain.bike\/wp-content\/uploads\/2023\/09\/image-600x67.png 600w\" sizes=\"auto, (max-width: 1024px) 100vw, 1024px\" \/><\/figure>\n\n\n\n<p>Til tross for at den ligger vegg i vegg med huset, lever den virkelig opp til kallenavnet sitt her p\u00e5 \u00f8ya. Det er ingen tilfeldighet at det er den mest bes\u00f8kte grusbanen p\u00e5 hele \u00f8ya av de fastboende grussyklistene. Vi triller ned fra huset og n\u00e5r allerede grusen etter 5 minutter og f\u00e5r en formiddag i et milj\u00f8 som ikke har sett bil (kun terrengkj\u00f8ret\u00f8y) p\u00e5 mange \u00e5r. Mot slutten av turen n\u00e5r vi den utrolig koselige landsbyen Ayaguares, en kaffe eller sen lunsj der f\u00f8r vi tar de siste kilometerne tilbake til huset.&nbsp;<\/p>\n\n\n\n<figure class=\"wp-block-image size-large\"><img loading=\"lazy\" decoding=\"async\" width=\"1024\" height=\"576\" src=\"https:\/\/inzain.bike\/wp-content\/uploads\/2023\/09\/DJI_0117-1-1024x576.jpg\" alt=\"\" class=\"wp-image-3553\" srcset=\"https:\/\/inzain.bike\/wp-content\/uploads\/2023\/09\/DJI_0117-1-1024x576.jpg 1024w, https:\/\/inzain.bike\/wp-content\/uploads\/2023\/09\/DJI_0117-1-300x169.jpg 300w, https:\/\/inzain.bike\/wp-content\/uploads\/2023\/09\/DJI_0117-1-768x432.jpg 768w, https:\/\/inzain.bike\/wp-content\/uploads\/2023\/09\/DJI_0117-1-1536x864.jpg 1536w, https:\/\/inzain.bike\/wp-content\/uploads\/2023\/09\/DJI_0117-1-2048x1152.jpg 2048w, https:\/\/inzain.bike\/wp-content\/uploads\/2023\/09\/DJI_0117-1-18x10.jpg 18w, https:\/\/inzain.bike\/wp-content\/uploads\/2023\/09\/DJI_0117-1-1320x743.jpg 1320w, https:\/\/inzain.bike\/wp-content\/uploads\/2023\/09\/DJI_0117-1-600x338.jpg 600w\" sizes=\"auto, (max-width: 1024px) 100vw, 1024px\" \/><figcaption class=\"wp-element-caption\">misligholde<\/figcaption><\/figure>\n\n\n\n<p><strong>Dag 2 Pico<\/strong>&nbsp;<\/p>\n\n\n\n<p>Vi kommer oss til toppen, dagen begynner og avsluttes med biltransport. 81 km \/ 2.223 hm&nbsp;<br>Denne dagen er det h\u00f8ydemeter og milevid utsikt som gjelder. En tur til toppen er en av de store klassikerne her p\u00e5 \u00f8ya, og n\u00e5 har vi laget en flott rute som g\u00e5r mest p\u00e5 grus for \u00e5 komme dit. Her drar vi ogs\u00e5 nytte av v\u00e5r f\u00f8lgebil som tar oss \u00f8stover flyplassen. Vi starter direkte p\u00e5 stranden og etter bare 1 km kommer vi til ravinen\/barrancoen som tar oss til toppen. V\u00e6r forberedt p\u00e5 tropisk vegetasjon og dyreliv utenom det vanlige (siste gang jeg var der en \u00f8gle s\u00e5 stor som en dachs..<img decoding=\"async\" src=\"https:\/\/res-1.cdn.office.net\/officeonline\/we\/s\/hA3596C17DAD9A003_resources\/1053\/progress.gif\">) Nytt for 2024 er at vi p\u00e5 vei hjem bes\u00f8ker de fine ving\u00e5rdene rundt Bandama-omr\u00e5det. Tenk deg \u00e5 smake p\u00e5 lokale viner som dateres tilbake til 1500-tallet. (Unikt for Europa!) Ingen har savnet at dette har blitt veldig popul\u00e6rt og godt likt.&nbsp;<\/p>\n\n\n\n<p><br><\/p>\n\n\n\n<p><strong>Dag 3 \u2013 TamaBada<\/strong>&nbsp;<\/p>\n\n\n\n<p>Ukens utfordring \u2013 de luxe (181 km \/ 3,994 hm)&nbsp;<\/p>\n\n\n\n<figure class=\"wp-block-image size-full\"><img loading=\"lazy\" decoding=\"async\" width=\"1024\" height=\"113\" src=\"https:\/\/inzain.bike\/wp-content\/uploads\/2023\/09\/image-2.png\" alt=\"\" class=\"wp-image-3469\" srcset=\"https:\/\/inzain.bike\/wp-content\/uploads\/2023\/09\/image-2.png 1024w, https:\/\/inzain.bike\/wp-content\/uploads\/2023\/09\/image-2-300x33.png 300w, https:\/\/inzain.bike\/wp-content\/uploads\/2023\/09\/image-2-768x85.png 768w, https:\/\/inzain.bike\/wp-content\/uploads\/2023\/09\/image-2-18x2.png 18w, https:\/\/inzain.bike\/wp-content\/uploads\/2023\/09\/image-2-600x66.png 600w\" sizes=\"auto, (max-width: 1024px) 100vw, 1024px\" \/><\/figure>\n\n\n\n<p>Ukens store utfordring (om du tar den p\u00e5 sykkelen hele veien) og ukens store &quot;juvel&quot;. Vi tar oss helt vest p\u00e5 \u00f8ya, helt ned til den forlatte landeveien som naturen begynner \u00e5 ta tilbake. Vi kommer dit syklende med tr\u00e6r som vokser rett oppover veien og s\u00e5 har vi havet og Tenerife p\u00e5 venstre side. Garantert en ny opplevelse. Vi tar s\u00e5 til h\u00f8yre og inn p\u00e5 fin sportsgrus, mot midten av \u00f8ya, \u00f8de og vakker akkurat som det skal v\u00e6re og kun en hytte\/finca her og der. Til slutt n\u00e5r vi Artenara og den fantastiske dalen ned til Tejeda som er k\u00e5ret til den mest pittoreske landsbyen i hele Spania og jeg har aldri h\u00f8rt noen v\u00e6re uenig. Dette er en lang tur hvis du tar den fra d\u00f8r til d\u00f8r, men bilen v\u00e5r er med oss hele veien.&nbsp;<\/p>\n\n\n\n<p><strong>Dag 4<\/strong>&nbsp;\u2013&nbsp;<strong>Pilankoner<\/strong>&nbsp;<\/p>\n\n\n\n<figure class=\"wp-block-image size-full\"><img loading=\"lazy\" decoding=\"async\" width=\"1024\" height=\"112\" src=\"https:\/\/inzain.bike\/wp-content\/uploads\/2023\/09\/image-1.png\" alt=\"\" class=\"wp-image-3468\" srcset=\"https:\/\/inzain.bike\/wp-content\/uploads\/2023\/09\/image-1.png 1024w, https:\/\/inzain.bike\/wp-content\/uploads\/2023\/09\/image-1-300x33.png 300w, https:\/\/inzain.bike\/wp-content\/uploads\/2023\/09\/image-1-768x84.png 768w, https:\/\/inzain.bike\/wp-content\/uploads\/2023\/09\/image-1-18x2.png 18w, https:\/\/inzain.bike\/wp-content\/uploads\/2023\/09\/image-1-600x66.png 600w\" sizes=\"auto, (max-width: 1024px) 100vw, 1024px\" \/><\/figure>\n\n\n\n<p>Dette er dagen etter &quot;den store dagen&quot; s\u00e5 denne dagen er mye &quot;lettere&quot; og kanskje en hviledag for de som heller vil v\u00e6re p\u00e5 stranden. Vi andre kommer til \u00e5 f\u00e5 et skikkelig eventyr. P\u00e5 papiret ser dette ut som en smerte, men det avhenger av hvordan du ser p\u00e5 det. Den f\u00f8rste \u00bd timen sykler du p\u00e5 en smal sti som tar oss oppover, og h\u00f8yden f\u00f8les derfor lettere. Denne turen er vel verdt \u00e5 gj\u00f8re. Milj\u00f8et vi vil oppleve er fantastisk. Ingen bil hele dagen og derfor helt uforstyrret planteliv og natur, vel verdt innsatsen!!&nbsp;&nbsp;<\/p>\n\n\n\n<p><strong>Dag 5 Chira<\/strong>&nbsp;<\/p>\n\n\n\n<p>(82 km \/ 1 974 hm)&nbsp;<\/p>\n\n\n\n<figure class=\"wp-block-image size-large\"><img loading=\"lazy\" decoding=\"async\" width=\"1024\" height=\"684\" src=\"https:\/\/inzain.bike\/wp-content\/uploads\/2023\/09\/DSC02526-1024x684.jpg\" alt=\"\" class=\"wp-image-3473\" title=\"Du kan ikke lime inn bildet fra utklippstavlen, men du kan lagre det p\u00e5 datamaskinen og sette det inn derfra.\" srcset=\"https:\/\/inzain.bike\/wp-content\/uploads\/2023\/09\/DSC02526-1024x684.jpg 1024w, https:\/\/inzain.bike\/wp-content\/uploads\/2023\/09\/DSC02526-300x200.jpg 300w, https:\/\/inzain.bike\/wp-content\/uploads\/2023\/09\/DSC02526-768x513.jpg 768w, https:\/\/inzain.bike\/wp-content\/uploads\/2023\/09\/DSC02526-1536x1027.jpg 1536w, https:\/\/inzain.bike\/wp-content\/uploads\/2023\/09\/DSC02526-18x12.jpg 18w, https:\/\/inzain.bike\/wp-content\/uploads\/2023\/09\/DSC02526-1320x882.jpg 1320w, https:\/\/inzain.bike\/wp-content\/uploads\/2023\/09\/DSC02526-600x401.jpg 600w, https:\/\/inzain.bike\/wp-content\/uploads\/2023\/09\/DSC02526.jpg 1616w\" sizes=\"auto, (max-width: 1024px) 100vw, 1024px\" \/><\/figure>\n\n\n\n<p>Nabolaget v\u00e5rt og noe vi ser fra husets takterrasse hver dag. Runden starter p\u00e5 asfalt som tar oss h\u00f8yt opp der veien g\u00e5r over til grus. Usammenlignelig vakkert og vi kan se ned i Soria-dalen der alle racersyklistene ubevisst klatrer opp. Etter omtrent halvparten av turen kommer vi til den store Chira-demningen, som er mektig i sin st\u00f8rrelse. Etter dette flater veien ut og vi kommer til de store jordene som ofte har blomstrende raps\/ranunkler. Alt dette ikke langt fra havet og \u00f8rkenklimaet noen f\u00e5 mil unna.&nbsp;<\/p>\n\n\n\n<p><strong>Dag 6 Santa Lucia<\/strong>&nbsp;<\/p>\n\n\n\n<p>Klassiske veier blandet med nye, p\u00e5 grus (72km \/ 1561hm)&nbsp;<\/p>\n\n\n\n<figure class=\"wp-block-image size-large\"><img loading=\"lazy\" decoding=\"async\" width=\"1024\" height=\"576\" src=\"https:\/\/inzain.bike\/wp-content\/uploads\/2023\/09\/DJI_0117-1024x576.jpg\" alt=\"\" class=\"wp-image-3474\" title=\"Du kan ikke lime inn bildet fra utklippstavlen, men du kan lagre det p\u00e5 datamaskinen og sette det inn derfra.\" srcset=\"https:\/\/inzain.bike\/wp-content\/uploads\/2023\/09\/DJI_0117-1024x576.jpg 1024w, https:\/\/inzain.bike\/wp-content\/uploads\/2023\/09\/DJI_0117-300x169.jpg 300w, https:\/\/inzain.bike\/wp-content\/uploads\/2023\/09\/DJI_0117-768x432.jpg 768w, https:\/\/inzain.bike\/wp-content\/uploads\/2023\/09\/DJI_0117-1536x864.jpg 1536w, https:\/\/inzain.bike\/wp-content\/uploads\/2023\/09\/DJI_0117-2048x1152.jpg 2048w, https:\/\/inzain.bike\/wp-content\/uploads\/2023\/09\/DJI_0117-18x10.jpg 18w, https:\/\/inzain.bike\/wp-content\/uploads\/2023\/09\/DJI_0117-1320x743.jpg 1320w, https:\/\/inzain.bike\/wp-content\/uploads\/2023\/09\/DJI_0117-600x338.jpg 600w\" sizes=\"auto, (max-width: 1024px) 100vw, 1024px\" \/><figcaption class=\"wp-element-caption\">misligholde<\/figcaption><\/figure>\n\n\n\n<p>Den perfekte avslutningen p\u00e5 en uke full av sterke opplevelser. Denne turen gj\u00f8res p\u00e5 grus opp vestsiden av kl\u00f8ften som er s\u00e5 popul\u00e6r blant racersykkelplasser. Vi ser stadig den fantastisk vakre og helt hvite landsbyen Sankta Lucia p\u00e5 h\u00f8yre side. For de som \u00f8nsker, tar vi kaffe der f\u00f8r vi n\u00e5r San Bartolome, som er dagens h\u00f8yeste punkt. Vel fremme kan du velge hvilken rute du vil ta hjem. Enten rett ned den n\u00e6rmeste forbi vakre og ber\u00f8mte Fataga (blant annet fra S\u00e4llskapsresan). Eller kj\u00f8r enda mer grus og varianter p\u00e5 \u00abChira\u00bb og \u00abPilancones\u00bb.&nbsp;&nbsp;<\/p>\n\n\n\n<p><strong>F\u00f8lgebil<\/strong>&nbsp;<\/p>\n\n\n\n<p>F\u00f8lgebilen v\u00e5r vil v\u00e6re med oss hver dag slik at vi f\u00e5r bedre tilgang til godsakene p\u00e5 \u00f8ya. Det gir oss ogs\u00e5 sikkerhet i tilfelle noe skulle skje med deg eller sykkelen din (eller beina :))&nbsp;<\/p>\n\n\n\n<p>F\u00f8lgebilen har vann, sportsdrikk, geler, barer, ekstra sykkel og eventuelt ekstra kl\u00e6r (som aldri trengs...)&nbsp;&nbsp;&nbsp;<\/p>\n\n\n\n<p><strong>Etter Sykkel og bad<\/strong>&nbsp;<\/p>\n\n\n\n<p>Vel tilbake i huset kan du se frem til en deilig middag laget med lokale r\u00e5varer, After Bike opp p\u00e5 en takterrasse med en milslang utsikt over de kjente Maspalomas sanddyner og et glitrende hav bak.&nbsp;&nbsp;<\/p>\n\n\n\n<p>Hvorfor ikke ta et bad i det nye boblebadet med bare m\u00e5nen og stjernene over.&nbsp;<\/p>\n\n\n\n<p>INZAIN \u00f8nsker deg hjertelig velkommen til Gran Canaria<\/p>\n\n\n\n<p><strong>FAKTA<\/strong><\/p>\n\n\n\n<figure class=\"wp-block-table\"><table><tbody><tr><td><strong>N\u00e5r<\/strong><\/td><td>19.\u201326. januar 2024<\/td><\/tr><tr><td><strong>Hvor<\/strong><\/td><td>Gran Canaria<\/td><\/tr><tr><td><strong>Overnatting<\/strong><\/td><td>CasaCalma \u2013 Sykkelhotell<\/td><\/tr><tr><td><strong>Hva er inkludert<\/strong><\/td><td>Overnatting (delt dobbeltrom for to personer) med frokost og middag, ruter, sikkerhetsbil, sykkelbagoppbevaring, guider, foto\/film.<\/td><\/tr><tr><td><strong>Tildele<\/strong><\/td><td>14 500 kr<\/td><\/tr><tr><td><strong>Enkeltrom<\/strong><\/td><td>+ 4000 kr<\/td><\/tr><tr><td><strong>innbetaling<\/strong><\/td><td>Ved bestilling: 3500 SEK registreringsdato = betalingsdato<br>2024-01-01: Resterende del<br>Swish til CJ: 123 139 2919 skriv inn &quot;GC Gravel 2024&quot; og navnet ditt<\/td><\/tr><tr><td><strong>Forsikring<\/strong><\/td><td>Deltakerne er ansvarlige for egen forsikring<\/td><\/tr><tr><td><strong>Flygning<\/strong><\/td><td>Alle bestiller sitt eget fly. Overf\u00f8ring inkludert.<\/td><\/tr><tr><td><strong>Kvittering<\/strong><\/td><td>Kvittering\/kontantfaktura leveres p\u00e5 foresp\u00f8rsel<\/td><\/tr><tr><td><strong>Kansellering<\/strong><\/td><td>(<em>Manglende betaling betyr automatisk kansellering<\/em>)<br><strong>Tom 2024-01-01<\/strong>: Innskudd tapt<br><strong>Tom 2024-01-15<\/strong>: Hele bel\u00f8pet er tapt<\/td><\/tr><tr><td><strong>Vilk\u00e5r<\/strong><\/td><td>Deltakelse er p\u00e5 eget ansvar.&nbsp;<a href=\"https:\/\/inzain.bike\/nb\/villkor-deltagande\/\">Den fine skriften<\/a><\/td><\/tr><\/tbody><\/table><\/figure>\n\n\n\n<p><br><br><strong>P\u00e5melding stengt<\/strong><\/p>\n\n\n\n<p><\/p>","protected":false},"excerpt":{"rendered":"<p>N\u00e4r: 19-26 januari 2024Var: Gran CanariaHur: \u00c4ventyrligt Gravel Camp med mycket kl\u00e4ttringHotell: Vi bor p\u00e5 CasaCalma, ett dedicerat cykelhotell\u00c4ta: Frukost och middag p\u00e5 CasaCalma ing\u00e5r. Inzain, och CasaCalma v\u00e4lkomnar dig till Gran Canaria och en veckas cykling p\u00e5 stig och grusv\u00e4g.&nbsp; F\u00f6r tredje \u00e5ret i rad s\u00e5 \u00f6ppnar cykelhotellet CasaCalma sina portar \u00e5t oss i [&hellip;]<\/p>\n","protected":false},"author":135133094,"featured_media":0,"parent":0,"menu_order":0,"comment_status":"closed","ping_status":"closed","template":"","meta":{"_coblocks_attr":"","_coblocks_dimensions":"","_coblocks_responsive_height":"","_coblocks_accordion_ie_support":"","footnotes":""},"class_list":["post-3464","page","type-page","status-publish","hentry"],"yoast_head":"<!-- This site is optimized with the Yoast SEO plugin v27.2 - https:\/\/yoast.com\/product\/yoast-seo-wordpress\/ -->\n<title>Gran Canaria Gravel Camp - INZAIN Cycling EXPERIENCES<\/title>\n<meta name=\"robots\" content=\"index, follow, max-snippet:-1, max-image-preview:large, max-video-preview:-1\" \/>\n<link rel=\"canonical\" href=\"https:\/\/inzain.bike\/nb\/inzain-gran-canaria-gravel-camp\/\" \/>\n<meta property=\"og:locale\" content=\"nb_NO\" \/>\n<meta property=\"og:type\" content=\"article\" \/>\n<meta property=\"og:title\" content=\"Gran Canaria Gravel Camp - INZAIN Cycling EXPERIENCES\" \/>\n<meta property=\"og:description\" content=\"N\u00e4r: 19-26 januari 2024Var: Gran CanariaHur: \u00c4ventyrligt Gravel Camp med mycket kl\u00e4ttringHotell: Vi bor p\u00e5 CasaCalma, ett dedicerat cykelhotell\u00c4ta: Frukost och middag p\u00e5 CasaCalma ing\u00e5r. Inzain, och CasaCalma v\u00e4lkomnar dig till Gran Canaria och en veckas cykling p\u00e5 stig och grusv\u00e4g.&nbsp; F\u00f6r tredje \u00e5ret i rad s\u00e5 \u00f6ppnar cykelhotellet CasaCalma sina portar \u00e5t oss i [&hellip;]\" \/>\n<meta property=\"og:url\" content=\"https:\/\/inzain.bike\/nb\/inzain-gran-canaria-gravel-camp\/\" \/>\n<meta property=\"og:site_name\" content=\"INZAIN Cycling EXPERIENCES\" \/>\n<meta property=\"article:publisher\" content=\"https:\/\/www.facebook.com\/Inzain.bike\" \/>\n<meta property=\"article:modified_time\" content=\"2024-03-09T08:54:55+00:00\" \/>\n<meta property=\"og:image\" content=\"https:\/\/inzain.bike\/wp-content\/uploads\/2023\/09\/IMG_2545-1024x768.jpg\" \/>\n<meta name=\"twitter:card\" content=\"summary_large_image\" \/>\n<meta name=\"twitter:label1\" content=\"Ansl. lesetid\" \/>\n\t<meta name=\"twitter:data1\" content=\"9 minutter\" \/>\n<script type=\"application\/ld+json\" class=\"yoast-schema-graph\">{\"@context\":\"https:\/\/schema.org\",\"@graph\":[{\"@type\":\"WebPage\",\"@id\":\"https:\/\/inzain.bike\/nl_be\/inzain-gran-canaria-gravel-camp\/\",\"url\":\"https:\/\/inzain.bike\/nl_be\/inzain-gran-canaria-gravel-camp\/\",\"name\":\"Gran Canaria Gravel Camp - INZAIN Cycling EXPERIENCES\",\"isPartOf\":{\"@id\":\"https:\/\/inzain.bike\/fr_be\/#website\"},\"primaryImageOfPage\":{\"@id\":\"https:\/\/inzain.bike\/nl_be\/inzain-gran-canaria-gravel-camp\/#primaryimage\"},\"image\":{\"@id\":\"https:\/\/inzain.bike\/nl_be\/inzain-gran-canaria-gravel-camp\/#primaryimage\"},\"thumbnailUrl\":\"https:\/\/inzain.bike\/wp-content\/uploads\/2023\/09\/IMG_2545-1024x768.jpg\",\"datePublished\":\"2023-09-28T10:44:16+00:00\",\"dateModified\":\"2024-03-09T08:54:55+00:00\",\"breadcrumb\":{\"@id\":\"https:\/\/inzain.bike\/nl_be\/inzain-gran-canaria-gravel-camp\/#breadcrumb\"},\"inLanguage\":\"nb-NO\",\"potentialAction\":[{\"@type\":\"ReadAction\",\"target\":[\"https:\/\/inzain.bike\/nl_be\/inzain-gran-canaria-gravel-camp\/\"]}]},{\"@type\":\"ImageObject\",\"inLanguage\":\"nb-NO\",\"@id\":\"https:\/\/inzain.bike\/nl_be\/inzain-gran-canaria-gravel-camp\/#primaryimage\",\"url\":\"https:\/\/inzain.bike\/wp-content\/uploads\/2023\/09\/IMG_2545-1024x768.jpg\",\"contentUrl\":\"https:\/\/inzain.bike\/wp-content\/uploads\/2023\/09\/IMG_2545-1024x768.jpg\"},{\"@type\":\"BreadcrumbList\",\"@id\":\"https:\/\/inzain.bike\/nl_be\/inzain-gran-canaria-gravel-camp\/#breadcrumb\",\"itemListElement\":[{\"@type\":\"ListItem\",\"position\":1,\"name\":\"Hem\",\"item\":\"https:\/\/inzain.bike\/fr_be\/\"},{\"@type\":\"ListItem\",\"position\":2,\"name\":\"Gran Canaria Gravel Camp\"}]},{\"@type\":\"WebSite\",\"@id\":\"https:\/\/inzain.bike\/fr_be\/#website\",\"url\":\"https:\/\/inzain.bike\/fr_be\/\",\"name\":\"INZAIN Cycling EXPERIENCES\",\"description\":\"Cyckling Adventures  - for everyone\",\"publisher\":{\"@id\":\"https:\/\/inzain.bike\/fr_be\/#organization\"},\"alternateName\":\"INZAIN Gravel & Travel\",\"potentialAction\":[{\"@type\":\"SearchAction\",\"target\":{\"@type\":\"EntryPoint\",\"urlTemplate\":\"https:\/\/inzain.bike\/fr_be\/?s={search_term_string}\"},\"query-input\":{\"@type\":\"PropertyValueSpecification\",\"valueRequired\":true,\"valueName\":\"search_term_string\"}}],\"inLanguage\":\"nb-NO\"},{\"@type\":\"Organization\",\"@id\":\"https:\/\/inzain.bike\/fr_be\/#organization\",\"name\":\"INZAIN Cycling EXPERIENCES\",\"url\":\"https:\/\/inzain.bike\/fr_be\/\",\"logo\":{\"@type\":\"ImageObject\",\"inLanguage\":\"nb-NO\",\"@id\":\"https:\/\/inzain.bike\/fr_be\/#\/schema\/logo\/image\/\",\"url\":\"https:\/\/i0.wp.com\/inzain.bike\/wp-content\/uploads\/2023\/09\/cropped-INZAIN_512x512_white.png?fit=512%2C512&ssl=1\",\"contentUrl\":\"https:\/\/i0.wp.com\/inzain.bike\/wp-content\/uploads\/2023\/09\/cropped-INZAIN_512x512_white.png?fit=512%2C512&ssl=1\",\"width\":512,\"height\":512,\"caption\":\"INZAIN Cycling EXPERIENCES\"},\"image\":{\"@id\":\"https:\/\/inzain.bike\/fr_be\/#\/schema\/logo\/image\/\"},\"sameAs\":[\"https:\/\/www.facebook.com\/Inzain.bike\",\"https:\/\/www.instagram.com\/inzainbike\"]}]}<\/script>\n<!-- \/ Yoast SEO plugin. -->","yoast_head_json":{"title":"Gran Canaria Gravel Camp - INZAIN Sykkelopplevelser","robots":{"index":"index","follow":"follow","max-snippet":"max-snippet:-1","max-image-preview":"max-image-preview:large","max-video-preview":"max-video-preview:-1"},"canonical":"https:\/\/inzain.bike\/nb\/inzain-gran-canaria-gravel-camp\/","og_locale":"nb_NO","og_type":"article","og_title":"Gran Canaria Gravel Camp - INZAIN Cycling EXPERIENCES","og_description":"N\u00e4r: 19-26 januari 2024Var: Gran CanariaHur: \u00c4ventyrligt Gravel Camp med mycket kl\u00e4ttringHotell: Vi bor p\u00e5 CasaCalma, ett dedicerat cykelhotell\u00c4ta: Frukost och middag p\u00e5 CasaCalma ing\u00e5r. Inzain, och CasaCalma v\u00e4lkomnar dig till Gran Canaria och en veckas cykling p\u00e5 stig och grusv\u00e4g.&nbsp; F\u00f6r tredje \u00e5ret i rad s\u00e5 \u00f6ppnar cykelhotellet CasaCalma sina portar \u00e5t oss i [&hellip;]","og_url":"https:\/\/inzain.bike\/nb\/inzain-gran-canaria-gravel-camp\/","og_site_name":"INZAIN Cycling EXPERIENCES","article_publisher":"https:\/\/www.facebook.com\/Inzain.bike","article_modified_time":"2024-03-09T08:54:55+00:00","og_image":[{"url":"https:\/\/inzain.bike\/wp-content\/uploads\/2023\/09\/IMG_2545-1024x768.jpg","type":"","width":"","height":""}],"twitter_card":"summary_large_image","twitter_misc":{"Ansl. lesetid":"9 minutter"},"schema":{"@context":"https:\/\/schema.org","@graph":[{"@type":"WebPage","@id":"https:\/\/inzain.bike\/nl_be\/inzain-gran-canaria-gravel-camp\/","url":"https:\/\/inzain.bike\/nl_be\/inzain-gran-canaria-gravel-camp\/","name":"Gran Canaria Gravel Camp - INZAIN Sykkelopplevelser","isPartOf":{"@id":"https:\/\/inzain.bike\/fr_be\/#website"},"primaryImageOfPage":{"@id":"https:\/\/inzain.bike\/nl_be\/inzain-gran-canaria-gravel-camp\/#primaryimage"},"image":{"@id":"https:\/\/inzain.bike\/nl_be\/inzain-gran-canaria-gravel-camp\/#primaryimage"},"thumbnailUrl":"https:\/\/inzain.bike\/wp-content\/uploads\/2023\/09\/IMG_2545-1024x768.jpg","datePublished":"2023-09-28T10:44:16+00:00","dateModified":"2024-03-09T08:54:55+00:00","breadcrumb":{"@id":"https:\/\/inzain.bike\/nl_be\/inzain-gran-canaria-gravel-camp\/#breadcrumb"},"inLanguage":"nb-NO","potentialAction":[{"@type":"ReadAction","target":["https:\/\/inzain.bike\/nl_be\/inzain-gran-canaria-gravel-camp\/"]}]},{"@type":"ImageObject","inLanguage":"nb-NO","@id":"https:\/\/inzain.bike\/nl_be\/inzain-gran-canaria-gravel-camp\/#primaryimage","url":"https:\/\/inzain.bike\/wp-content\/uploads\/2023\/09\/IMG_2545-1024x768.jpg","contentUrl":"https:\/\/inzain.bike\/wp-content\/uploads\/2023\/09\/IMG_2545-1024x768.jpg"},{"@type":"BreadcrumbList","@id":"https:\/\/inzain.bike\/nl_be\/inzain-gran-canaria-gravel-camp\/#breadcrumb","itemListElement":[{"@type":"ListItem","position":1,"name":"Hem","item":"https:\/\/inzain.bike\/fr_be\/"},{"@type":"ListItem","position":2,"name":"Gran Canaria Gravel Camp"}]},{"@type":"WebSite","@id":"https:\/\/inzain.bike\/fr_be\/#website","url":"https:\/\/inzain.bike\/fr_be\/","name":"INZAIN SYKKELOPPLEVELSER","description":"Sykkeleventyr - for alle","publisher":{"@id":"https:\/\/inzain.bike\/fr_be\/#organization"},"alternateName":"INZAIN Gravel & Travel","potentialAction":[{"@type":"SearchAction","target":{"@type":"EntryPoint","urlTemplate":"https:\/\/inzain.bike\/fr_be\/?s={search_term_string}"},"query-input":{"@type":"PropertyValueSpecification","valueRequired":true,"valueName":"search_term_string"}}],"inLanguage":"nb-NO"},{"@type":"Organization","@id":"https:\/\/inzain.bike\/fr_be\/#organization","name":"INZAIN SYKKELOPPLEVELSER","url":"https:\/\/inzain.bike\/fr_be\/","logo":{"@type":"ImageObject","inLanguage":"nb-NO","@id":"https:\/\/inzain.bike\/fr_be\/#\/schema\/logo\/image\/","url":"https:\/\/i0.wp.com\/inzain.bike\/wp-content\/uploads\/2023\/09\/cropped-INZAIN_512x512_white.png?fit=512%2C512&ssl=1","contentUrl":"https:\/\/i0.wp.com\/inzain.bike\/wp-content\/uploads\/2023\/09\/cropped-INZAIN_512x512_white.png?fit=512%2C512&ssl=1","width":512,"height":512,"caption":"INZAIN Cycling EXPERIENCES"},"image":{"@id":"https:\/\/inzain.bike\/fr_be\/#\/schema\/logo\/image\/"},"sameAs":["https:\/\/www.facebook.com\/Inzain.bike","https:\/\/www.instagram.com\/inzainbike"]}]}},"amp_enabled":true,"_links":{"self":[{"href":"https:\/\/inzain.bike\/nb\/wp-json\/wp\/v2\/pages\/3464","targetHints":{"allow":["GET"]}}],"collection":[{"href":"https:\/\/inzain.bike\/nb\/wp-json\/wp\/v2\/pages"}],"about":[{"href":"https:\/\/inzain.bike\/nb\/wp-json\/wp\/v2\/types\/page"}],"author":[{"embeddable":true,"href":"https:\/\/inzain.bike\/nb\/wp-json\/wp\/v2\/users\/135133094"}],"replies":[{"embeddable":true,"href":"https:\/\/inzain.bike\/nb\/wp-json\/wp\/v2\/comments?post=3464"}],"version-history":[{"count":0,"href":"https:\/\/inzain.bike\/nb\/wp-json\/wp\/v2\/pages\/3464\/revisions"}],"wp:attachment":[{"href":"https:\/\/inzain.bike\/nb\/wp-json\/wp\/v2\/media?parent=3464"}],"curies":[{"name":"wp","href":"https:\/\/api.w.org\/{rel}","templated":true}]}}