{"id":7996,"date":"2025-03-31T10:33:24","date_gmt":"2025-03-31T08:33:24","guid":{"rendered":"https:\/\/inzain.bike\/?page_id=7996"},"modified":"2025-09-12T08:40:27","modified_gmt":"2025-09-12T06:40:27","slug":"tosca","status":"publish","type":"page","link":"https:\/\/inzain.bike\/nb\/tosca\/","title":{"rendered":"Vi skal til Operaen 1. oktober 2025"},"content":{"rendered":"<p class=\"has-text-align-center has-vivid-red-color has-text-color has-link-color has-custom-weight wp-elements-ed4c48e87ce205128c0054ff20d06de5\" style=\"font-weight:bold;font-size:65px\"><strong>TOSCA <\/strong> <\/p>\n\n\n\n<p class=\"has-contrast-color has-text-color has-link-color has-custom-weight has-custom-letterspacing wp-elements-fefb69acae13ec32ed2f877cad462543\" style=\"letter-spacing:1.2px;font-weight:bold;font-size:51px\"><em>En dag, tre m\u00e5ter \u00e5 d\u00f8 p\u00e5.<\/em><\/p>\n\n\n\n<figure class=\"wp-block-image size-full\"><img loading=\"lazy\" decoding=\"async\" width=\"750\" height=\"1000\" src=\"https:\/\/inzain.bike\/wp-content\/uploads\/2025\/03\/tosca2.webp\" alt=\"\" class=\"wp-image-7999\" srcset=\"https:\/\/inzain.bike\/wp-content\/uploads\/2025\/03\/tosca2.webp 750w, https:\/\/inzain.bike\/wp-content\/uploads\/2025\/03\/tosca2-225x300.webp 225w, https:\/\/inzain.bike\/wp-content\/uploads\/2025\/03\/tosca2-9x12.webp 9w, https:\/\/inzain.bike\/wp-content\/uploads\/2025\/03\/tosca2-600x800.webp 600w\" sizes=\"auto, (max-width: 750px) 100vw, 750px\" \/><\/figure>\n\n\n\n<p>Vi skal til Operaen igjen. En lang tradisjon fortsetter. Denne gangen er det en fantastisk produksjon av den klassiske operaen Tosca.<br><br><em>En thrilleraktig opera som utspiller seg i en tid med politisk uro og krig. I sentrum st\u00e5r operasangerinnen Floria Tosca, hennes elsker, artisten og frihetskjemperen Mario Cavaradossi, og den grusomme, allmektige politisjefen Scarpia. Et kj\u00e6rlighetstrekantdrama som ble skapt for Stub\u00f8s minimalistiske og dypt personlige regi.<\/em><\/p>\n\n\n\n<p><em>P\u00e5 Folkoperans intime scene blir Tosca en gripende n\u00e6rstudie av lidenskap, maktmisbruk, oppr\u00f8r og terror. Et d\u00f8delig drama med operasangerinnen Tosca og Puccinis uforlignelig vakre musikk i sentrum.<\/em><\/p>\n\n\n\n<p><em>Folkoperans musikalske leder Henrik Schaefer vekker triangeldramaet til live sammen med et brassband. Her ser man etter det intime i stedet for det pomp\u00f8se i Puccinis musikk. Det gir plass til nye musikalske nyanser som forsterker historien og dramaet.&nbsp;<\/em><\/p>\n\n\n\n<p><em>Eirik Stub\u00f8 debuterte i Sverige som operasjef med Bellinis Norma p\u00e5 Folkoperanen i 2022, som ble rost av b\u00e5de publikum og kritikere. N\u00e5 kommer han tilbake med samme lag; scenograf og kostymedesigner Magdalena \u00c5berg, lysdesigner Ellen Ruge, makeupartist Ther\u00e9sia Frisk og oversetter Tuvalisa Rangstr\u00f6m.&nbsp;<\/em><\/p>\n\n\n\n<p><em>Puccinis Tosca hadde premiere i Roma i 1900 og regnes som et av operalitteraturens mesterverk. Med sanger som \u00c9 lucivan e stelle (livets sang), Vissi d&#039;arte (Toscas b\u00f8nn) og Scarpias Tre sbirri... una carozza \u2013 som avsluttes med korstemmen Te Deum, lar den ingen v\u00e6re uber\u00f8rt.<br>Italieneren Giacomo Puccini er en av verdens fremste komponister med operaer som La Boh\u00e9me, Turandot og Madama Butterfly p\u00e5 CV-en. Han levde som superstjernen han var med utroskaper, en forkj\u00e6rlighet for eksklusive kl\u00e6r, villaer, yachter og biler. Men livet hans var ogs\u00e5 preget av depresjon, sykdom og tragedie. Puccini d\u00f8de etter en mislykket operasjon i 1924.<\/em><br><\/p>\n\n\n\n<p>Registrer deg selv og en mulig venn ved \u00e5 bruke skjemaet nedenfor.<br>Vi kj\u00f8per billetter og sitter som vanlig p\u00e5 rad 2.<br>For de som \u00f8nsker, tar vi en matbit p\u00e5 Tapas Restaurant Madrid, rett i n\u00e6rheten av Folkoperan. \u00d8nsker du \u00e5 v\u00e6re med p\u00e5 det ogs\u00e5, velg det p\u00e5 skjemaet.<\/p>\n\n\n\n<p>Utbetaling skjer til h\u00f8sten. Billetter koster 415 SEK per person.<\/p>\n\n\n\n<p>P\u00e5melding stengt<\/p>","protected":false},"excerpt":{"rendered":"<p>TOSCA En dag, tre s\u00e4tt att d\u00f6. Vi g\u00e5r p\u00e5 Opera igen. En l\u00e5ng tradition forts\u00e4tter. Denna g\u00e5ng \u00e4r det en fantastisk upps\u00e4ttning av den klassiska operan Tosca. En thrillerartad opera som utspelar sig i en tid av politisk oro och krig. I centrum st\u00e5r operas\u00e5ngerskan Floria Tosca, hennes \u00e4lskade, konstn\u00e4ren och frihetsk\u00e4mpen Mario Cavaradossi [&hellip;]<\/p>\n","protected":false},"author":203917875,"featured_media":0,"parent":0,"menu_order":0,"comment_status":"closed","ping_status":"closed","template":"","meta":{"_coblocks_attr":"","_coblocks_dimensions":"","_coblocks_responsive_height":"","_coblocks_accordion_ie_support":"","footnotes":""},"class_list":["post-7996","page","type-page","status-publish","hentry"],"yoast_head":"<!-- This site is optimized with the Yoast SEO plugin v27.2 - https:\/\/yoast.com\/product\/yoast-seo-wordpress\/ -->\n<title>Vi g\u00e5r p\u00e5 Opera 1 Oktober 2025 - INZAIN Cycling EXPERIENCES<\/title>\n<meta name=\"robots\" content=\"index, follow, max-snippet:-1, max-image-preview:large, max-video-preview:-1\" \/>\n<link rel=\"canonical\" href=\"https:\/\/inzain.bike\/nb\/tosca\/\" \/>\n<meta property=\"og:locale\" content=\"nb_NO\" \/>\n<meta property=\"og:type\" content=\"article\" \/>\n<meta property=\"og:title\" content=\"Vi g\u00e5r p\u00e5 Opera 1 Oktober 2025 - INZAIN Cycling EXPERIENCES\" \/>\n<meta property=\"og:description\" content=\"TOSCA En dag, tre s\u00e4tt att d\u00f6. Vi g\u00e5r p\u00e5 Opera igen. En l\u00e5ng tradition forts\u00e4tter. Denna g\u00e5ng \u00e4r det en fantastisk upps\u00e4ttning av den klassiska operan Tosca. En thrillerartad opera som utspelar sig i en tid av politisk oro och krig. I centrum st\u00e5r operas\u00e5ngerskan Floria Tosca, hennes \u00e4lskade, konstn\u00e4ren och frihetsk\u00e4mpen Mario Cavaradossi [&hellip;]\" \/>\n<meta property=\"og:url\" content=\"https:\/\/inzain.bike\/nb\/tosca\/\" \/>\n<meta property=\"og:site_name\" content=\"INZAIN Cycling EXPERIENCES\" \/>\n<meta property=\"article:publisher\" content=\"https:\/\/www.facebook.com\/Inzain.bike\" \/>\n<meta property=\"article:modified_time\" content=\"2025-09-12T06:40:27+00:00\" \/>\n<meta property=\"og:image\" content=\"https:\/\/inzain.bike\/wp-content\/uploads\/2025\/03\/tosca2.webp\" \/>\n\t<meta property=\"og:image:width\" content=\"750\" \/>\n\t<meta property=\"og:image:height\" content=\"1000\" \/>\n\t<meta property=\"og:image:type\" content=\"image\/webp\" \/>\n<meta name=\"twitter:card\" content=\"summary_large_image\" \/>\n<meta name=\"twitter:label1\" content=\"Ansl. lesetid\" \/>\n\t<meta name=\"twitter:data1\" content=\"2 minutter\" \/>\n<script type=\"application\/ld+json\" class=\"yoast-schema-graph\">{\"@context\":\"https:\/\/schema.org\",\"@graph\":[{\"@type\":\"WebPage\",\"@id\":\"https:\/\/inzain.bike\/tosca\/\",\"url\":\"https:\/\/inzain.bike\/tosca\/\",\"name\":\"Vi g\u00e5r p\u00e5 Opera 1 Oktober 2025 - INZAIN Cycling EXPERIENCES\",\"isPartOf\":{\"@id\":\"https:\/\/inzain.bike\/fr_be\/#website\"},\"primaryImageOfPage\":{\"@id\":\"https:\/\/inzain.bike\/tosca\/#primaryimage\"},\"image\":{\"@id\":\"https:\/\/inzain.bike\/tosca\/#primaryimage\"},\"thumbnailUrl\":\"https:\/\/inzain.bike\/wp-content\/uploads\/2025\/03\/tosca2.webp\",\"datePublished\":\"2025-03-31T08:33:24+00:00\",\"dateModified\":\"2025-09-12T06:40:27+00:00\",\"breadcrumb\":{\"@id\":\"https:\/\/inzain.bike\/tosca\/#breadcrumb\"},\"inLanguage\":\"nb-NO\",\"potentialAction\":[{\"@type\":\"ReadAction\",\"target\":[\"https:\/\/inzain.bike\/tosca\/\"]}]},{\"@type\":\"ImageObject\",\"inLanguage\":\"nb-NO\",\"@id\":\"https:\/\/inzain.bike\/tosca\/#primaryimage\",\"url\":\"https:\/\/inzain.bike\/wp-content\/uploads\/2025\/03\/tosca2.webp\",\"contentUrl\":\"https:\/\/inzain.bike\/wp-content\/uploads\/2025\/03\/tosca2.webp\"},{\"@type\":\"BreadcrumbList\",\"@id\":\"https:\/\/inzain.bike\/tosca\/#breadcrumb\",\"itemListElement\":[{\"@type\":\"ListItem\",\"position\":1,\"name\":\"Hem\",\"item\":\"https:\/\/inzain.bike\/fr_be\/\"},{\"@type\":\"ListItem\",\"position\":2,\"name\":\"Vi g\u00e5r p\u00e5 Opera 1 Oktober 2025\"}]},{\"@type\":\"WebSite\",\"@id\":\"https:\/\/inzain.bike\/fr_be\/#website\",\"url\":\"https:\/\/inzain.bike\/fr_be\/\",\"name\":\"INZAIN Cycling EXPERIENCES\",\"description\":\"Cyckling Adventures  - for everyone\",\"publisher\":{\"@id\":\"https:\/\/inzain.bike\/fr_be\/#organization\"},\"alternateName\":\"INZAIN Gravel & Travel\",\"potentialAction\":[{\"@type\":\"SearchAction\",\"target\":{\"@type\":\"EntryPoint\",\"urlTemplate\":\"https:\/\/inzain.bike\/fr_be\/?s={search_term_string}\"},\"query-input\":{\"@type\":\"PropertyValueSpecification\",\"valueRequired\":true,\"valueName\":\"search_term_string\"}}],\"inLanguage\":\"nb-NO\"},{\"@type\":\"Organization\",\"@id\":\"https:\/\/inzain.bike\/fr_be\/#organization\",\"name\":\"INZAIN Cycling EXPERIENCES\",\"url\":\"https:\/\/inzain.bike\/fr_be\/\",\"logo\":{\"@type\":\"ImageObject\",\"inLanguage\":\"nb-NO\",\"@id\":\"https:\/\/inzain.bike\/fr_be\/#\/schema\/logo\/image\/\",\"url\":\"https:\/\/i0.wp.com\/inzain.bike\/wp-content\/uploads\/2023\/09\/cropped-INZAIN_512x512_white.png?fit=512%2C512&ssl=1\",\"contentUrl\":\"https:\/\/i0.wp.com\/inzain.bike\/wp-content\/uploads\/2023\/09\/cropped-INZAIN_512x512_white.png?fit=512%2C512&ssl=1\",\"width\":512,\"height\":512,\"caption\":\"INZAIN Cycling EXPERIENCES\"},\"image\":{\"@id\":\"https:\/\/inzain.bike\/fr_be\/#\/schema\/logo\/image\/\"},\"sameAs\":[\"https:\/\/www.facebook.com\/Inzain.bike\",\"https:\/\/www.instagram.com\/inzainbike\"]}]}<\/script>\n<!-- \/ Yoast SEO plugin. -->","yoast_head_json":{"title":"Vi g\u00e5r p\u00e5 Opera 1 Oktober 2025 - INZAIN Cycling EXPERIENCES","robots":{"index":"index","follow":"follow","max-snippet":"max-snippet:-1","max-image-preview":"max-image-preview:large","max-video-preview":"max-video-preview:-1"},"canonical":"https:\/\/inzain.bike\/nb\/tosca\/","og_locale":"nb_NO","og_type":"article","og_title":"Vi g\u00e5r p\u00e5 Opera 1 Oktober 2025 - INZAIN Cycling EXPERIENCES","og_description":"TOSCA En dag, tre s\u00e4tt att d\u00f6. Vi g\u00e5r p\u00e5 Opera igen. En l\u00e5ng tradition forts\u00e4tter. Denna g\u00e5ng \u00e4r det en fantastisk upps\u00e4ttning av den klassiska operan Tosca. En thrillerartad opera som utspelar sig i en tid av politisk oro och krig. I centrum st\u00e5r operas\u00e5ngerskan Floria Tosca, hennes \u00e4lskade, konstn\u00e4ren och frihetsk\u00e4mpen Mario Cavaradossi [&hellip;]","og_url":"https:\/\/inzain.bike\/nb\/tosca\/","og_site_name":"INZAIN Cycling EXPERIENCES","article_publisher":"https:\/\/www.facebook.com\/Inzain.bike","article_modified_time":"2025-09-12T06:40:27+00:00","og_image":[{"width":750,"height":1000,"url":"https:\/\/inzain.bike\/wp-content\/uploads\/2025\/03\/tosca2.webp","type":"image\/webp"}],"twitter_card":"summary_large_image","twitter_misc":{"Ansl. lesetid":"2 minutter"},"schema":{"@context":"https:\/\/schema.org","@graph":[{"@type":"WebPage","@id":"https:\/\/inzain.bike\/tosca\/","url":"https:\/\/inzain.bike\/tosca\/","name":"Vi g\u00e5r p\u00e5 Opera 1 Oktober 2025 - INZAIN Cycling EXPERIENCES","isPartOf":{"@id":"https:\/\/inzain.bike\/fr_be\/#website"},"primaryImageOfPage":{"@id":"https:\/\/inzain.bike\/tosca\/#primaryimage"},"image":{"@id":"https:\/\/inzain.bike\/tosca\/#primaryimage"},"thumbnailUrl":"https:\/\/inzain.bike\/wp-content\/uploads\/2025\/03\/tosca2.webp","datePublished":"2025-03-31T08:33:24+00:00","dateModified":"2025-09-12T06:40:27+00:00","breadcrumb":{"@id":"https:\/\/inzain.bike\/tosca\/#breadcrumb"},"inLanguage":"nb-NO","potentialAction":[{"@type":"ReadAction","target":["https:\/\/inzain.bike\/tosca\/"]}]},{"@type":"ImageObject","inLanguage":"nb-NO","@id":"https:\/\/inzain.bike\/tosca\/#primaryimage","url":"https:\/\/inzain.bike\/wp-content\/uploads\/2025\/03\/tosca2.webp","contentUrl":"https:\/\/inzain.bike\/wp-content\/uploads\/2025\/03\/tosca2.webp"},{"@type":"BreadcrumbList","@id":"https:\/\/inzain.bike\/tosca\/#breadcrumb","itemListElement":[{"@type":"ListItem","position":1,"name":"Hem","item":"https:\/\/inzain.bike\/fr_be\/"},{"@type":"ListItem","position":2,"name":"Vi g\u00e5r p\u00e5 Opera 1 Oktober 2025"}]},{"@type":"WebSite","@id":"https:\/\/inzain.bike\/fr_be\/#website","url":"https:\/\/inzain.bike\/fr_be\/","name":"INZAIN SYKKELOPPLEVELSER","description":"Sykkeleventyr - for alle","publisher":{"@id":"https:\/\/inzain.bike\/fr_be\/#organization"},"alternateName":"INZAIN Gravel & Travel","potentialAction":[{"@type":"SearchAction","target":{"@type":"EntryPoint","urlTemplate":"https:\/\/inzain.bike\/fr_be\/?s={search_term_string}"},"query-input":{"@type":"PropertyValueSpecification","valueRequired":true,"valueName":"search_term_string"}}],"inLanguage":"nb-NO"},{"@type":"Organization","@id":"https:\/\/inzain.bike\/fr_be\/#organization","name":"INZAIN SYKKELOPPLEVELSER","url":"https:\/\/inzain.bike\/fr_be\/","logo":{"@type":"ImageObject","inLanguage":"nb-NO","@id":"https:\/\/inzain.bike\/fr_be\/#\/schema\/logo\/image\/","url":"https:\/\/i0.wp.com\/inzain.bike\/wp-content\/uploads\/2023\/09\/cropped-INZAIN_512x512_white.png?fit=512%2C512&ssl=1","contentUrl":"https:\/\/i0.wp.com\/inzain.bike\/wp-content\/uploads\/2023\/09\/cropped-INZAIN_512x512_white.png?fit=512%2C512&ssl=1","width":512,"height":512,"caption":"INZAIN Cycling EXPERIENCES"},"image":{"@id":"https:\/\/inzain.bike\/fr_be\/#\/schema\/logo\/image\/"},"sameAs":["https:\/\/www.facebook.com\/Inzain.bike","https:\/\/www.instagram.com\/inzainbike"]}]}},"amp_enabled":true,"_links":{"self":[{"href":"https:\/\/inzain.bike\/nb\/wp-json\/wp\/v2\/pages\/7996","targetHints":{"allow":["GET"]}}],"collection":[{"href":"https:\/\/inzain.bike\/nb\/wp-json\/wp\/v2\/pages"}],"about":[{"href":"https:\/\/inzain.bike\/nb\/wp-json\/wp\/v2\/types\/page"}],"author":[{"embeddable":true,"href":"https:\/\/inzain.bike\/nb\/wp-json\/wp\/v2\/users\/203917875"}],"replies":[{"embeddable":true,"href":"https:\/\/inzain.bike\/nb\/wp-json\/wp\/v2\/comments?post=7996"}],"version-history":[{"count":5,"href":"https:\/\/inzain.bike\/nb\/wp-json\/wp\/v2\/pages\/7996\/revisions"}],"predecessor-version":[{"id":8716,"href":"https:\/\/inzain.bike\/nb\/wp-json\/wp\/v2\/pages\/7996\/revisions\/8716"}],"wp:attachment":[{"href":"https:\/\/inzain.bike\/nb\/wp-json\/wp\/v2\/media?parent=7996"}],"curies":[{"name":"wp","href":"https:\/\/api.w.org\/{rel}","templated":true}]}}