{"id":5760,"date":"2023-11-22T14:44:54","date_gmt":"2023-11-22T13:44:54","guid":{"rendered":"https:\/\/inzain.bike\/?page_id=5760"},"modified":"2025-04-25T12:34:00","modified_gmt":"2025-04-25T10:34:00","slug":"sor25","status":"publish","type":"page","link":"https:\/\/inzain.bike\/nl\/sor25\/","title":{"rendered":"S\u00f6rmland Gravelkamp 2025"},"content":{"rendered":"<div class=\"wp-block-columns alignwide is-layout-flex wp-container-core-columns-is-layout-28f84493 wp-block-columns-is-layout-flex\">\n<div class=\"wp-block-column is-layout-flow wp-block-column-is-layout-flow\">\n<p>Het evenement is geannuleerd. Er hebben zich te weinig mensen aangemeld.<br><br><strong>Gravelkamp in S\u00f6rmland 17-18 mei. Twee volle dagen fantastisch fietsen<\/strong><br><br>S\u00f6rmland in Zweden is een waar eldorado voor grindfietsen.<\/p>\n\n\n\n<p>Enorm netwerk van fijne wegen, veel meren, geplaveide straten en velden. Het fietsen is afwisselend met cultuurlandschappen, bossen en meren.<br><br>Het evenement vindt plaats gedurende een weekend met twee overnachtingen met ontbijt. We komen op leuke plekken voor koffie en lunch. Onze begeleidersauto helpt waar nodig met water en energie. Het biedt ook zekerheid als er iets met u of uw fiets gebeurt. Naast pompen en medische apparatuur beschikken wij over reserveonderdelen en gereedschappen.<\/p>\n\n\n\n<figure class=\"wp-block-embed is-type-video is-provider-youtube wp-block-embed-youtube wp-embed-aspect-16-9 wp-has-aspect-ratio\"><div class=\"wp-block-embed__wrapper\">\n<iframe loading=\"lazy\" title=\"INZAIN S\u00f6rmland Grindkamp\" width=\"500\" height=\"281\" src=\"https:\/\/www.youtube.com\/embed\/cNxMi_GqjyE?feature=oembed\" frameborder=\"0\" allow=\"accelerometer; autoplay; clipboard-write; encrypted-media; gyroscope; picture-in-picture; web-share\" referrerpolicy=\"strict-origin-when-cross-origin\" allowfullscreen><\/iframe>\n<\/div><\/figure>\n\n\n\n<p><\/p>\n\n\n\n<p>Lees hieronder meer over de verschillende onderdelen van de reis. Van harte welkom bij S\u00f6rmland Gravel Camp 2025.<\/p>\n<\/div>\n<\/div>\n\n\n\n<div class=\"wp-block-columns alignwide is-layout-flex wp-container-core-columns-is-layout-f1061711 wp-block-columns-is-layout-flex\" style=\"padding-right:var(--wp--preset--spacing--20);padding-left:var(--wp--preset--spacing--20)\">\n<div class=\"wp-block-column is-layout-flow wp-block-column-is-layout-flow\" style=\"border-width:1px;padding-top:var(--wp--preset--spacing--20);padding-right:var(--wp--preset--spacing--20);padding-bottom:var(--wp--preset--spacing--20);padding-left:var(--wp--preset--spacing--20)\">\n<div class=\"wp-block-flipbox-block-flipbox flip-box-block\" style=\"height:460px\"><div class=\"flip-box-block-innner\">\n<div class=\"wp-block-flipbox-block-flipbox-front flip-box-block-front\"><div class=\"flip-box-block-front-inner is-layout-flow wp-block-flipbox-block-flipbox-front-is-layout-flow\">\n<div class=\"wp-block-group has-global-padding is-layout-constrained wp-container-core-group-is-layout-79fec9c1 wp-block-group-is-layout-constrained\" style=\"min-height:400px;margin-top:0;margin-bottom:0;padding-top:0;padding-right:0;padding-bottom:0;padding-left:0\">\n<div class=\"wp-block-cover is-light is-style-default has-base-color has-text-color has-link-color has-x-large-font-size wp-elements-38fd2a937edbfa5fea68dc78cdb8e10c wp-duotone-unset-1\" style=\"border-width:1px;min-height:460px;aspect-ratio:unset;aspect-ratio:unset;\"><img loading=\"lazy\" decoding=\"async\" width=\"1200\" height=\"900\" class=\"wp-block-cover__image-background wp-image-5770\" alt=\"\" src=\"https:\/\/inzain.bike\/wp-content\/uploads\/2023\/11\/60914680.jpg\" data-object-fit=\"cover\" srcset=\"https:\/\/inzain.bike\/wp-content\/uploads\/2023\/11\/60914680.jpg 1200w, https:\/\/inzain.bike\/wp-content\/uploads\/2023\/11\/60914680-300x225.jpg 300w, https:\/\/inzain.bike\/wp-content\/uploads\/2023\/11\/60914680-1024x768.jpg 1024w, https:\/\/inzain.bike\/wp-content\/uploads\/2023\/11\/60914680-768x576.jpg 768w, https:\/\/inzain.bike\/wp-content\/uploads\/2023\/11\/60914680-16x12.jpg 16w, https:\/\/inzain.bike\/wp-content\/uploads\/2023\/11\/60914680-600x450.jpg 600w\" sizes=\"auto, (max-width: 1200px) 100vw, 1200px\" \/><span aria-hidden=\"true\" class=\"wp-block-cover__background has-background-dim\" style=\"background-color:#8c7462\"><\/span><div class=\"wp-block-cover__inner-container has-global-padding is-layout-constrained wp-block-cover-is-layout-constrained\">\n<p class=\"has-text-align-center is-style-default has-xxx-large-font-size has-custom-weight has-custom-lineheight\" style=\"line-height:1.97;font-weight:bold;font-size:86px\">Accommodatie<\/p>\n<\/div><\/div>\n<\/div>\n<\/div><\/div>\n\n\n\n<div class=\"wp-block-flipbox-block-flipbox-back flip-box-block-back\"><div class=\"flip-box-block-back-inner is-layout-flow wp-block-flipbox-block-flipbox-back-is-layout-flow\">\n<div class=\"wp-block-columns alignwide is-layout-flex wp-container-core-columns-is-layout-d2da2050 wp-block-columns-is-layout-flex\" style=\"margin-bottom:0\">\n<div class=\"wp-block-column has-pale-cyan-blue-background-color has-text-color has-background has-link-color wp-elements-f541e3338ce4c34a3fbd33f4ec867479 is-layout-flow wp-block-column-is-layout-flow\" style=\"color:#000000;padding-top:2em;padding-right:2em;padding-bottom:2em;padding-left:2em\">\n<h2 class=\"wp-block-heading\" id=\"single\" style=\"font-size:clamp(24.034px, 1.502rem + ((1vw - 3.2px) * 1.438), 40px);\"><strong>Accommodatie<\/strong><\/h2>\n\n\n\n<p class=\"has-normal-font-size\" style=\"line-height:1.5\">Wij verblijven in een hotel in Eskilstuna.<br>Overnachting vrijdag-zondag<br>Ontbijt op zaterdag en zondag is inbegrepen.<\/p>\n\n\n\n<hr class=\"wp-block-separator has-text-color has-css-opacity has-background is-style-wide\" style=\"background-color:#000000;color:#000000\"\/>\n\n\n\n<ul class=\"wp-block-list has-normal-font-size\">\n<li>Direct aan de onverharde wegen<\/li>\n\n\n\n<li>Comfortabele kamers<\/li>\n\n\n\n<li>Kies voor een eenpersoonskamer of gedeelde kamer<\/li>\n<\/ul>\n\n\n\n<div style=\"height:77px\" aria-hidden=\"true\" class=\"wp-block-spacer\"><\/div>\n<\/div>\n<\/div>\n<\/div><\/div>\n<\/div><\/div>\n<\/div>\n\n\n\n<div class=\"wp-block-column is-layout-flow wp-block-column-is-layout-flow\" style=\"border-width:1px;padding-top:var(--wp--preset--spacing--20);padding-right:var(--wp--preset--spacing--20);padding-bottom:var(--wp--preset--spacing--20);padding-left:var(--wp--preset--spacing--20)\">\n<div class=\"wp-block-flipbox-block-flipbox flip-box-block\" style=\"height:460px\"><div class=\"flip-box-block-innner\">\n<div class=\"wp-block-flipbox-block-flipbox-front flip-box-block-front\"><div class=\"flip-box-block-front-inner is-layout-flow wp-block-flipbox-block-flipbox-front-is-layout-flow\">\n<div class=\"wp-block-group has-global-padding is-layout-constrained wp-container-core-group-is-layout-79fec9c1 wp-block-group-is-layout-constrained\" style=\"min-height:400px;margin-top:0;margin-bottom:0;padding-top:0;padding-right:0;padding-bottom:0;padding-left:0\">\n<div class=\"wp-block-cover is-light\" style=\"min-height:460px;aspect-ratio:unset;aspect-ratio:unset;\"><img loading=\"lazy\" decoding=\"async\" width=\"720\" height=\"720\" class=\"wp-block-cover__image-background wp-image-5772\" alt=\"\" src=\"https:\/\/inzain.bike\/wp-content\/uploads\/2023\/11\/mat3.jpg\" data-object-fit=\"cover\" srcset=\"https:\/\/inzain.bike\/wp-content\/uploads\/2023\/11\/mat3.jpg 720w, https:\/\/inzain.bike\/wp-content\/uploads\/2023\/11\/mat3-300x300.jpg 300w, https:\/\/inzain.bike\/wp-content\/uploads\/2023\/11\/mat3-150x150.jpg 150w, https:\/\/inzain.bike\/wp-content\/uploads\/2023\/11\/mat3-12x12.jpg 12w, https:\/\/inzain.bike\/wp-content\/uploads\/2023\/11\/mat3-600x600.jpg 600w, https:\/\/inzain.bike\/wp-content\/uploads\/2023\/11\/mat3-100x100.jpg 100w\" sizes=\"auto, (max-width: 720px) 100vw, 720px\" \/><span aria-hidden=\"true\" class=\"wp-block-cover__background has-background-dim\" style=\"background-color:#9e9a90\"><\/span><div class=\"wp-block-cover__inner-container has-global-padding is-layout-constrained wp-block-cover-is-layout-constrained\">\n<p class=\"has-text-align-center has-xxx-large-font-size\" style=\"font-size:86px\"><strong>Voedsel<\/strong><\/p>\n<\/div><\/div>\n<\/div>\n<\/div><\/div>\n\n\n\n<div class=\"wp-block-flipbox-block-flipbox-back flip-box-block-back\"><div class=\"flip-box-block-back-inner is-layout-flow wp-block-flipbox-block-flipbox-back-is-layout-flow\">\n<div class=\"wp-block-columns alignwide is-layout-flex wp-container-core-columns-is-layout-d2da2050 wp-block-columns-is-layout-flex\" style=\"margin-bottom:0\">\n<div class=\"wp-block-column has-pale-pink-background-color has-text-color has-background has-link-color wp-elements-ce9147de39de420c93afbacabac31db4 is-layout-flow wp-block-column-is-layout-flow\" style=\"color:#000000;padding-top:2em;padding-right:2em;padding-bottom:2em;padding-left:2em\">\n<h2 class=\"wp-block-heading\" id=\"single\" style=\"font-size:clamp(24.034px, 1.502rem + ((1vw - 3.2px) * 1.438), 40px);\"><strong>VOEDSEL<\/strong><\/h2>\n\n\n\n<p class=\"has-normal-font-size\" style=\"line-height:1.5\">Fantastisch ontbijt inclusief zaterdag en zondag<br>Op zaterdagavond kunt u kiezen voor een fantastisch diner in het hotel of binnen eten in Eskilstuna<\/p>\n\n\n\n<hr class=\"wp-block-separator has-text-color has-css-opacity has-background is-style-wide\" style=\"background-color:#000000;color:#000000\"\/>\n\n\n\n<ul class=\"wp-block-list has-normal-font-size\">\n<li>Leuke lunch- en koffieplaatsen<\/li>\n\n\n\n<li>Fantastisch ontbijt<\/li>\n\n\n\n<li>Vegetarisch? Veganistisch? Koosjer? Alles is aanwezig<\/li>\n<\/ul>\n\n\n\n<div style=\"height:81px\" aria-hidden=\"true\" class=\"wp-block-spacer\"><\/div>\n<\/div>\n<\/div>\n<\/div><\/div>\n<\/div><\/div>\n<\/div>\n\n\n\n<div class=\"wp-block-column is-layout-flow wp-block-column-is-layout-flow\" style=\"border-width:1px;padding-top:var(--wp--preset--spacing--20);padding-right:var(--wp--preset--spacing--20);padding-bottom:var(--wp--preset--spacing--20);padding-left:var(--wp--preset--spacing--20)\">\n<div class=\"wp-block-flipbox-block-flipbox flip-box-block\" style=\"height:460px\"><div class=\"flip-box-block-innner\">\n<div class=\"wp-block-flipbox-block-flipbox-front flip-box-block-front\"><div class=\"flip-box-block-front-inner is-layout-flow wp-block-flipbox-block-flipbox-front-is-layout-flow\">\n<div class=\"wp-block-group has-global-padding is-layout-constrained wp-container-core-group-is-layout-79fec9c1 wp-block-group-is-layout-constrained\" style=\"min-height:400px;margin-top:0;margin-bottom:0;padding-top:0;padding-right:0;padding-bottom:0;padding-left:0\">\n<div class=\"wp-block-cover is-light\" style=\"min-height:460px;aspect-ratio:unset;aspect-ratio:unset;\"><img decoding=\"async\" class=\"wp-block-cover__image-background wp-image-5775\" alt=\"\" src=\"https:\/\/inzain.bike\/wp-content\/uploads\/2023\/11\/96084082_2676344519316280_217199914952687616_n.jpg\" data-object-fit=\"cover\"\/><span aria-hidden=\"true\" class=\"wp-block-cover__background has-background-dim\" style=\"background-color:#92a1bc\"><\/span><div class=\"wp-block-cover__inner-container has-global-padding is-layout-constrained wp-block-cover-is-layout-constrained\">\n<p class=\"has-text-align-center has-xxx-large-font-size\"><strong>Wielersport<\/strong><\/p>\n<\/div><\/div>\n<\/div>\n<\/div><\/div>\n\n\n\n<div class=\"wp-block-flipbox-block-flipbox-back flip-box-block-back\"><div class=\"flip-box-block-back-inner is-layout-flow wp-block-flipbox-block-flipbox-back-is-layout-flow\">\n<div class=\"wp-block-columns alignwide is-layout-flex wp-container-core-columns-is-layout-d2da2050 wp-block-columns-is-layout-flex\" style=\"margin-bottom:0\">\n<div class=\"wp-block-column has-light-green-cyan-background-color has-text-color has-background has-link-color wp-elements-be97cc20b771f7641e2f2d94baa6deda is-layout-flow wp-block-column-is-layout-flow\" style=\"color:#000000;padding-top:2em;padding-right:2em;padding-bottom:2em;padding-left:2em\">\n<h2 class=\"wp-block-heading\" id=\"single\" style=\"font-size:clamp(24.034px, 1.502rem + ((1vw - 3.2px) * 1.438), 40px);\"><strong><strong>Wielersport<\/strong><\/strong><\/h2>\n\n\n\n<p class=\"has-normal-font-size\" style=\"line-height:1.5\">We rijden grind op de mooiste wegen die S\u00f6rmland biedt. Zee, bosvelden, cultuurlandschap en kasteel.<br><\/p>\n\n\n\n<hr class=\"wp-block-separator has-text-color has-css-opacity has-background is-style-wide\" style=\"background-color:#000000;color:#000000\"\/>\n\n\n\n<ul class=\"wp-block-list has-normal-font-size\">\n<li>Grind<\/li>\n\n\n\n<li>Fantastische wegen<\/li>\n\n\n\n<li>Lunchkoffie in topklasse<\/li>\n<\/ul>\n\n\n\n<div class=\"wp-block-buttons alignfull is-horizontal is-content-justification-center is-layout-flex wp-container-core-buttons-is-layout-03627597 wp-block-buttons-is-layout-flex\">\n<div class=\"wp-block-button has-custom-width wp-block-button__width-100\"><a class=\"wp-block-button__link has-white-color has-text-color has-background no-border-radius wp-element-button\" href=\"https:\/\/inzain.bike\/nl\/sor25-cykling\/\" style=\"background-color:#000000\">Lees verder<\/a><\/div>\n<\/div>\n<\/div>\n<\/div>\n<\/div><\/div>\n<\/div><\/div>\n<\/div>\n<\/div>\n\n\n\n<div class=\"wp-block-columns alignwide is-layout-flex wp-container-core-columns-is-layout-f1061711 wp-block-columns-is-layout-flex\" style=\"padding-right:var(--wp--preset--spacing--20);padding-left:var(--wp--preset--spacing--20)\">\n<div class=\"wp-block-column is-layout-flow wp-block-column-is-layout-flow\" style=\"border-width:1px;padding-top:var(--wp--preset--spacing--20);padding-right:var(--wp--preset--spacing--20);padding-bottom:var(--wp--preset--spacing--20);padding-left:var(--wp--preset--spacing--20)\">\n<div class=\"wp-block-flipbox-block-flipbox flip-box-block\" style=\"height:460px\"><div class=\"flip-box-block-innner\">\n<div class=\"wp-block-flipbox-block-flipbox-front flip-box-block-front\"><div class=\"flip-box-block-front-inner is-layout-flow wp-block-flipbox-block-flipbox-front-is-layout-flow\">\n<div class=\"wp-block-group has-global-padding is-layout-constrained wp-container-core-group-is-layout-79fec9c1 wp-block-group-is-layout-constrained\" style=\"min-height:400px;margin-top:0;margin-bottom:0;padding-top:0;padding-right:0;padding-bottom:0;padding-left:0\">\n<div class=\"wp-block-cover is-light is-style-default has-xxx-large-font-size\" style=\"border-width:1px;min-height:460px;aspect-ratio:unset;aspect-ratio:unset;\"><img decoding=\"async\" class=\"wp-block-cover__image-background wp-image-3914\" alt=\"\" src=\"https:\/\/inzain.bike\/wp-content\/uploads\/2023\/10\/DSC1577.jpg\" data-object-fit=\"cover\"\/><span aria-hidden=\"true\" class=\"wp-block-cover__background has-background-dim\" style=\"background-color:#adc4cb\"><\/span><div class=\"wp-block-cover__inner-container has-global-padding is-layout-constrained wp-block-cover-is-layout-constrained\">\n<p class=\"has-text-align-center is-style-default has-xxx-large-font-size has-custom-weight\" style=\"font-weight:bold;font-size:66px\"><strong>Recensies<\/strong><\/p>\n<\/div><\/div>\n<\/div>\n<\/div><\/div>\n\n\n\n<div class=\"wp-block-flipbox-block-flipbox-back flip-box-block-back\"><div class=\"flip-box-block-back-inner is-layout-flow wp-block-flipbox-block-flipbox-back-is-layout-flow\">\n<div class=\"wp-block-columns alignwide is-layout-flex wp-container-core-columns-is-layout-d2da2050 wp-block-columns-is-layout-flex\" style=\"margin-bottom:0\">\n<div class=\"wp-block-column has-luminous-vivid-amber-background-color has-text-color has-background has-link-color wp-elements-6dc47d527d23598c1181fed072b31014 is-layout-flow wp-block-column-is-layout-flow\" style=\"color:#000000;padding-top:2em;padding-right:2em;padding-bottom:2em;padding-left:2em\">\n<h2 class=\"wp-block-heading\" id=\"single\" style=\"font-size:clamp(24.034px, 1.502rem + ((1vw - 3.2px) * 1.438), 40px);\"><strong>Recensies<\/strong><\/h2>\n\n\n\n<p class=\"has-roboto-font-family has-normal-font-size has-custom-font\" style=\"line-height:1.5;font-family:Roboto;font-size:16px\"><em>\u201cKasteel van Nyn\u00e4s en de stenen deur, wauw. Beste uitstapje ooit&quot;<\/em><br><br><em>&quot;S\u00f6rmland, wat een schatkist aan onverharde wegen&quot;<\/em><br><br><em>\u201cHoe vind je al deze parels? Zonder jou was ik hier nooit aan toegekomen, bedankt!\u201d<\/em><br><br><br><em>\u201cIk kan niet wachten tot 2025, hoe ga je dit kamp verslaan?\u201d<\/em><br><\/p>\n<\/div>\n<\/div>\n<\/div><\/div>\n<\/div><\/div>\n<\/div>\n\n\n\n<div class=\"wp-block-column is-layout-flow wp-block-column-is-layout-flow\" style=\"border-width:1px;padding-top:var(--wp--preset--spacing--20);padding-right:var(--wp--preset--spacing--20);padding-bottom:var(--wp--preset--spacing--20);padding-left:var(--wp--preset--spacing--20)\">\n<div class=\"wp-block-flipbox-block-flipbox flip-box-block\" style=\"height:460px\"><div class=\"flip-box-block-innner\">\n<div class=\"wp-block-flipbox-block-flipbox-front flip-box-block-front\"><div class=\"flip-box-block-front-inner is-layout-flow wp-block-flipbox-block-flipbox-front-is-layout-flow\">\n<div class=\"wp-block-group has-global-padding is-layout-constrained wp-container-core-group-is-layout-79fec9c1 wp-block-group-is-layout-constrained\" style=\"min-height:400px;margin-top:0;margin-bottom:0;padding-top:0;padding-right:0;padding-bottom:0;padding-left:0\">\n<div class=\"wp-block-cover\" style=\"min-height:460px;aspect-ratio:unset;aspect-ratio:unset;\"><img loading=\"lazy\" decoding=\"async\" width=\"1024\" height=\"768\" class=\"wp-block-cover__image-background wp-image-5784\" alt=\"\" src=\"https:\/\/inzain.bike\/wp-content\/uploads\/2023\/11\/sormland.jpg\" data-object-fit=\"cover\" srcset=\"https:\/\/inzain.bike\/wp-content\/uploads\/2023\/11\/sormland.jpg 1024w, https:\/\/inzain.bike\/wp-content\/uploads\/2023\/11\/sormland-300x225.jpg 300w, https:\/\/inzain.bike\/wp-content\/uploads\/2023\/11\/sormland-768x576.jpg 768w, https:\/\/inzain.bike\/wp-content\/uploads\/2023\/11\/sormland-16x12.jpg 16w, https:\/\/inzain.bike\/wp-content\/uploads\/2023\/11\/sormland-600x450.jpg 600w\" sizes=\"auto, (max-width: 1024px) 100vw, 1024px\" \/><span aria-hidden=\"true\" class=\"wp-block-cover__background has-background-dim\" style=\"background-color:#565c88\"><\/span><div class=\"wp-block-cover__inner-container has-global-padding is-layout-constrained wp-block-cover-is-layout-constrained\">\n<p class=\"has-text-align-center has-xxx-large-font-size\"><strong>S\u00f6rmland<\/strong><\/p>\n<\/div><\/div>\n<\/div>\n<\/div><\/div>\n\n\n\n<div class=\"wp-block-flipbox-block-flipbox-back flip-box-block-back\"><div class=\"flip-box-block-back-inner is-layout-flow wp-block-flipbox-block-flipbox-back-is-layout-flow\">\n<div class=\"wp-block-columns alignwide is-layout-flex wp-container-core-columns-is-layout-d2da2050 wp-block-columns-is-layout-flex\" style=\"margin-bottom:0\">\n<div class=\"wp-block-column has-vivid-cyan-blue-background-color has-text-color has-background has-link-color wp-elements-e392824d2f240e9ababf9cbeeb786c5c is-layout-flow wp-block-column-is-layout-flow\" style=\"color:#000000;padding-top:2em;padding-right:2em;padding-bottom:2em;padding-left:2em\">\n<h2 class=\"wp-block-heading\" id=\"single\" style=\"font-size:clamp(24.034px, 1.502rem + ((1vw - 3.2px) * 1.438), 40px);\"><strong>Over S\u00f6rmland<\/strong><\/h2>\n\n\n\n<p class=\"has-normal-font-size\" style=\"line-height:1.5;font-size:16px\">S\u00f6rmland staat bekend om zijn prachtige, heuvelachtige landschap met velden, weilanden en weilanden afgewisseld met bossen, eikenheuvels, kustweiden en soortenrijke moerassen. <br><br>Dat de provincie heuvelachtig is, komt doordat het een zogenaamd Rift Valley-landschap is. Het kloofvalleilandschap werd ongeveer 25 miljoen jaar geleden gevormd.<br><br><br>S\u00f6rmland heeft veel kastelen en landhuizen, we zullen er verschillende bezoeken-<\/p>\n<\/div>\n<\/div>\n<\/div><\/div>\n<\/div><\/div>\n<\/div>\n\n\n\n<div class=\"wp-block-column is-layout-flow wp-block-column-is-layout-flow\" style=\"border-width:1px;padding-top:var(--wp--preset--spacing--20);padding-right:var(--wp--preset--spacing--20);padding-bottom:var(--wp--preset--spacing--20);padding-left:var(--wp--preset--spacing--20)\">\n<div class=\"wp-block-flipbox-block-flipbox flip-box-block\" style=\"height:460px\"><div class=\"flip-box-block-innner\">\n<div class=\"wp-block-flipbox-block-flipbox-front flip-box-block-front\"><div class=\"flip-box-block-front-inner is-layout-flow wp-block-flipbox-block-flipbox-front-is-layout-flow\">\n<div class=\"wp-block-group has-global-padding is-layout-constrained wp-container-core-group-is-layout-79fec9c1 wp-block-group-is-layout-constrained\" style=\"min-height:400px;margin-top:0;margin-bottom:0;padding-top:0;padding-right:0;padding-bottom:0;padding-left:0\">\n<div class=\"wp-block-cover is-light\" style=\"min-height:460px;aspect-ratio:unset;aspect-ratio:unset;\"><img loading=\"lazy\" decoding=\"async\" width=\"400\" height=\"460\" class=\"wp-block-cover__image-background wp-image-4565\" alt=\"\" src=\"https:\/\/inzain.bike\/wp-content\/uploads\/2023\/11\/resa.png\" data-object-fit=\"cover\" srcset=\"https:\/\/inzain.bike\/wp-content\/uploads\/2023\/11\/resa.png 400w, https:\/\/inzain.bike\/wp-content\/uploads\/2023\/11\/resa-261x300.png 261w, https:\/\/inzain.bike\/wp-content\/uploads\/2023\/11\/resa-10x12.png 10w\" sizes=\"auto, (max-width: 400px) 100vw, 400px\" \/><span aria-hidden=\"true\" class=\"wp-block-cover__background has-background-dim\" style=\"background-color:#c1945d\"><\/span><div class=\"wp-block-cover__inner-container has-global-padding is-layout-constrained wp-block-cover-is-layout-constrained\">\n<p class=\"has-text-align-center has-xxx-large-font-size\"><strong>Reis <\/strong><\/p>\n<\/div><\/div>\n<\/div>\n<\/div><\/div>\n\n\n\n<div class=\"wp-block-flipbox-block-flipbox-back flip-box-block-back\"><div class=\"flip-box-block-back-inner is-layout-flow wp-block-flipbox-block-flipbox-back-is-layout-flow\">\n<div class=\"wp-block-columns alignwide is-layout-flex wp-container-core-columns-is-layout-d2da2050 wp-block-columns-is-layout-flex\" style=\"margin-bottom:0\">\n<div class=\"wp-block-column has-cyan-bluish-gray-background-color has-text-color has-background has-link-color wp-elements-6d97775ae60155c5d1cb483d8518f700 is-layout-flow wp-block-column-is-layout-flow\" style=\"color:#000000;padding-top:2em;padding-right:2em;padding-bottom:2em;padding-left:2em\">\n<h2 class=\"wp-block-heading\" id=\"single\" style=\"font-size:clamp(24.034px, 1.502rem + ((1vw - 3.2px) * 1.438), 40px);\"><strong><strong>Reizen en transport<\/strong><\/strong><\/h2>\n\n\n\n<div style=\"height:62px\" aria-hidden=\"true\" class=\"wp-block-spacer\"><\/div>\n\n\n\n<p class=\"has-normal-font-size\" style=\"line-height:1.5\">U kunt naar Eskilstuna rijden of de trein nemen.<br><br>Als u hulp nodig hebt bij het regelen van uw reis, neem dan contact met ons op.<\/p>\n\n\n\n<div style=\"height:108px\" aria-hidden=\"true\" class=\"wp-block-spacer\"><\/div>\n<\/div>\n<\/div>\n<\/div><\/div>\n<\/div><\/div>\n<\/div>\n<\/div>\n\n\n\n<div class=\"wp-block-columns alignwide is-layout-flex wp-container-core-columns-is-layout-28f84493 wp-block-columns-is-layout-flex\">\n<div class=\"wp-block-column is-layout-flow wp-block-column-is-layout-flow\">\n<p class=\"has-text-align-center\" style=\"font-size:53px\">Boek uw ervaring<\/p>\n\n\n\n<div class=\"wp-block-columns is-layout-flex wp-container-core-columns-is-layout-28f84493 wp-block-columns-is-layout-flex\">\n<div class=\"wp-block-column is-layout-flow wp-block-column-is-layout-flow\" style=\"flex-basis:100%\">\n<p class=\"has-text-align-center\">Ons kamp vindt plaats in het weekend van 17-18 mei 2025<br>Het aantal plaatsen voor deze exclusieve ervaring is beperkt. <br>Registreer hieronder nu uw interesse om de beste kans te maken om mee te doen.<\/p>\n\n\n\n<p><strong>Prijs<\/strong>: 3.100 SEK voor een gedeelde kamer, +1.500 voor een priv\u00e9 kamer.<br>Inbegrepen: Twee overnachtingen, ontbijt, begeleiding, routes, ondersteuningsvoertuig met water en gereedschap.<br>Registratie gesloten<\/p>\n\n\n\n<p><\/p>\n<\/div>\n<\/div>\n\n\n\n<p>Registratie.<\/p>\n\n\n\n<hr class=\"wp-block-separator has-alpha-channel-opacity\"\/>\n<\/div>\n<\/div>","protected":false},"excerpt":{"rendered":"<p>Eventet st\u00e4lls in &#8211; f\u00f6r f\u00e5 anm\u00e4lda. Gravel Camp i S\u00f6rmland 17-18 Maj. Tv\u00e5 fulla dagar med fantastisk cykling S\u00f6rmland i Sverige \u00e4r ett riktigt eldorado f\u00f6r gravel cykling. Enorma n\u00e4tverk av fina v\u00e4gar, massor med sj\u00f6ar, ekall\u00e9er och f\u00e4lt. Cyklingen \u00e4r varierad med kulturlandskap, skog och sj\u00f6. Eventet sker \u00f6ver en helg med tv\u00e5 [&hellip;]<\/p>\n","protected":false},"author":135133094,"featured_media":0,"parent":0,"menu_order":0,"comment_status":"closed","ping_status":"closed","template":"","meta":{"_coblocks_attr":"Roboto","_coblocks_dimensions":"","_coblocks_responsive_height":"","_coblocks_accordion_ie_support":"","footnotes":""},"class_list":["post-5760","page","type-page","status-publish","hentry"],"yoast_head":"<!-- This site is optimized with the Yoast SEO plugin v27.2 - https:\/\/yoast.com\/product\/yoast-seo-wordpress\/ -->\n<title>S\u00f6rmland Gravel Camp 2025 - INZAIN Cycling EXPERIENCES<\/title>\n<meta name=\"robots\" content=\"index, follow, max-snippet:-1, max-image-preview:large, max-video-preview:-1\" \/>\n<link rel=\"canonical\" href=\"https:\/\/inzain.bike\/nl\/sor25\/\" \/>\n<meta property=\"og:locale\" content=\"nl_NL\" \/>\n<meta property=\"og:type\" content=\"article\" \/>\n<meta property=\"og:title\" content=\"S\u00f6rmland Gravel Camp 2025 - INZAIN Cycling EXPERIENCES\" \/>\n<meta property=\"og:description\" content=\"Eventet st\u00e4lls in &#8211; f\u00f6r f\u00e5 anm\u00e4lda. Gravel Camp i S\u00f6rmland 17-18 Maj. Tv\u00e5 fulla dagar med fantastisk cykling S\u00f6rmland i Sverige \u00e4r ett riktigt eldorado f\u00f6r gravel cykling. Enorma n\u00e4tverk av fina v\u00e4gar, massor med sj\u00f6ar, ekall\u00e9er och f\u00e4lt. Cyklingen \u00e4r varierad med kulturlandskap, skog och sj\u00f6. Eventet sker \u00f6ver en helg med tv\u00e5 [&hellip;]\" \/>\n<meta property=\"og:url\" content=\"https:\/\/inzain.bike\/nl\/sor25\/\" \/>\n<meta property=\"og:site_name\" content=\"INZAIN Cycling EXPERIENCES\" \/>\n<meta property=\"article:publisher\" content=\"https:\/\/www.facebook.com\/Inzain.bike\" \/>\n<meta property=\"article:modified_time\" content=\"2025-04-25T10:34:00+00:00\" \/>\n<meta property=\"og:image\" content=\"https:\/\/inzain.bike\/wp-content\/uploads\/2023\/11\/60914680.jpg\" \/>\n<meta name=\"twitter:card\" content=\"summary_large_image\" \/>\n<meta name=\"twitter:label1\" content=\"Geschatte leestijd\" \/>\n\t<meta name=\"twitter:data1\" content=\"4 minuten\" \/>\n<script type=\"application\/ld+json\" class=\"yoast-schema-graph\">{\"@context\":\"https:\/\/schema.org\",\"@graph\":[{\"@type\":\"WebPage\",\"@id\":\"https:\/\/inzain.bike\/en_gb\/sor25\/\",\"url\":\"https:\/\/inzain.bike\/en_gb\/sor25\/\",\"name\":\"S\u00f6rmland Gravel Camp 2025 - INZAIN Cycling EXPERIENCES\",\"isPartOf\":{\"@id\":\"https:\/\/inzain.bike\/fr_be\/#website\"},\"primaryImageOfPage\":{\"@id\":\"https:\/\/inzain.bike\/en_gb\/sor25\/#primaryimage\"},\"image\":{\"@id\":\"https:\/\/inzain.bike\/en_gb\/sor25\/#primaryimage\"},\"thumbnailUrl\":\"https:\/\/inzain.bike\/wp-content\/uploads\/2023\/11\/60914680.jpg\",\"datePublished\":\"2023-11-22T13:44:54+00:00\",\"dateModified\":\"2025-04-25T10:34:00+00:00\",\"breadcrumb\":{\"@id\":\"https:\/\/inzain.bike\/en_gb\/sor25\/#breadcrumb\"},\"inLanguage\":\"nl-NL\",\"potentialAction\":[{\"@type\":\"ReadAction\",\"target\":[\"https:\/\/inzain.bike\/en_gb\/sor25\/\"]}]},{\"@type\":\"ImageObject\",\"inLanguage\":\"nl-NL\",\"@id\":\"https:\/\/inzain.bike\/en_gb\/sor25\/#primaryimage\",\"url\":\"https:\/\/inzain.bike\/wp-content\/uploads\/2023\/11\/60914680.jpg\",\"contentUrl\":\"https:\/\/inzain.bike\/wp-content\/uploads\/2023\/11\/60914680.jpg\"},{\"@type\":\"BreadcrumbList\",\"@id\":\"https:\/\/inzain.bike\/en_gb\/sor25\/#breadcrumb\",\"itemListElement\":[{\"@type\":\"ListItem\",\"position\":1,\"name\":\"Hem\",\"item\":\"https:\/\/inzain.bike\/fr_be\/\"},{\"@type\":\"ListItem\",\"position\":2,\"name\":\"S\u00f6rmland Gravel Camp 2025\"}]},{\"@type\":\"WebSite\",\"@id\":\"https:\/\/inzain.bike\/fr_be\/#website\",\"url\":\"https:\/\/inzain.bike\/fr_be\/\",\"name\":\"INZAIN Cycling EXPERIENCES\",\"description\":\"Cyckling Adventures  - for everyone\",\"publisher\":{\"@id\":\"https:\/\/inzain.bike\/fr_be\/#organization\"},\"alternateName\":\"INZAIN Gravel & Travel\",\"potentialAction\":[{\"@type\":\"SearchAction\",\"target\":{\"@type\":\"EntryPoint\",\"urlTemplate\":\"https:\/\/inzain.bike\/fr_be\/?s={search_term_string}\"},\"query-input\":{\"@type\":\"PropertyValueSpecification\",\"valueRequired\":true,\"valueName\":\"search_term_string\"}}],\"inLanguage\":\"nl-NL\"},{\"@type\":\"Organization\",\"@id\":\"https:\/\/inzain.bike\/fr_be\/#organization\",\"name\":\"INZAIN Cycling EXPERIENCES\",\"url\":\"https:\/\/inzain.bike\/fr_be\/\",\"logo\":{\"@type\":\"ImageObject\",\"inLanguage\":\"nl-NL\",\"@id\":\"https:\/\/inzain.bike\/fr_be\/#\/schema\/logo\/image\/\",\"url\":\"https:\/\/i0.wp.com\/inzain.bike\/wp-content\/uploads\/2023\/09\/cropped-INZAIN_512x512_white.png?fit=512%2C512&ssl=1\",\"contentUrl\":\"https:\/\/i0.wp.com\/inzain.bike\/wp-content\/uploads\/2023\/09\/cropped-INZAIN_512x512_white.png?fit=512%2C512&ssl=1\",\"width\":512,\"height\":512,\"caption\":\"INZAIN Cycling EXPERIENCES\"},\"image\":{\"@id\":\"https:\/\/inzain.bike\/fr_be\/#\/schema\/logo\/image\/\"},\"sameAs\":[\"https:\/\/www.facebook.com\/Inzain.bike\",\"https:\/\/www.instagram.com\/inzainbike\"]}]}<\/script>\n<!-- \/ Yoast SEO plugin. -->","yoast_head_json":{"title":"S\u00f6rmland Gravel Camp 2025 - INZAIN Fietservaringen","robots":{"index":"index","follow":"follow","max-snippet":"max-snippet:-1","max-image-preview":"max-image-preview:large","max-video-preview":"max-video-preview:-1"},"canonical":"https:\/\/inzain.bike\/nl\/sor25\/","og_locale":"nl_NL","og_type":"article","og_title":"S\u00f6rmland Gravel Camp 2025 - INZAIN Cycling EXPERIENCES","og_description":"Eventet st\u00e4lls in &#8211; f\u00f6r f\u00e5 anm\u00e4lda. Gravel Camp i S\u00f6rmland 17-18 Maj. Tv\u00e5 fulla dagar med fantastisk cykling S\u00f6rmland i Sverige \u00e4r ett riktigt eldorado f\u00f6r gravel cykling. Enorma n\u00e4tverk av fina v\u00e4gar, massor med sj\u00f6ar, ekall\u00e9er och f\u00e4lt. Cyklingen \u00e4r varierad med kulturlandskap, skog och sj\u00f6. Eventet sker \u00f6ver en helg med tv\u00e5 [&hellip;]","og_url":"https:\/\/inzain.bike\/nl\/sor25\/","og_site_name":"INZAIN Cycling EXPERIENCES","article_publisher":"https:\/\/www.facebook.com\/Inzain.bike","article_modified_time":"2025-04-25T10:34:00+00:00","og_image":[{"url":"https:\/\/inzain.bike\/wp-content\/uploads\/2023\/11\/60914680.jpg","type":"","width":"","height":""}],"twitter_card":"summary_large_image","twitter_misc":{"Geschatte leestijd":"4 minuten"},"schema":{"@context":"https:\/\/schema.org","@graph":[{"@type":"WebPage","@id":"https:\/\/inzain.bike\/en_gb\/sor25\/","url":"https:\/\/inzain.bike\/en_gb\/sor25\/","name":"S\u00f6rmland Gravel Camp 2025 - INZAIN Fietservaringen","isPartOf":{"@id":"https:\/\/inzain.bike\/fr_be\/#website"},"primaryImageOfPage":{"@id":"https:\/\/inzain.bike\/en_gb\/sor25\/#primaryimage"},"image":{"@id":"https:\/\/inzain.bike\/en_gb\/sor25\/#primaryimage"},"thumbnailUrl":"https:\/\/inzain.bike\/wp-content\/uploads\/2023\/11\/60914680.jpg","datePublished":"2023-11-22T13:44:54+00:00","dateModified":"2025-04-25T10:34:00+00:00","breadcrumb":{"@id":"https:\/\/inzain.bike\/en_gb\/sor25\/#breadcrumb"},"inLanguage":"nl-NL","potentialAction":[{"@type":"ReadAction","target":["https:\/\/inzain.bike\/en_gb\/sor25\/"]}]},{"@type":"ImageObject","inLanguage":"nl-NL","@id":"https:\/\/inzain.bike\/en_gb\/sor25\/#primaryimage","url":"https:\/\/inzain.bike\/wp-content\/uploads\/2023\/11\/60914680.jpg","contentUrl":"https:\/\/inzain.bike\/wp-content\/uploads\/2023\/11\/60914680.jpg"},{"@type":"BreadcrumbList","@id":"https:\/\/inzain.bike\/en_gb\/sor25\/#breadcrumb","itemListElement":[{"@type":"ListItem","position":1,"name":"Hem","item":"https:\/\/inzain.bike\/fr_be\/"},{"@type":"ListItem","position":2,"name":"S\u00f6rmland Gravel Camp 2025"}]},{"@type":"WebSite","@id":"https:\/\/inzain.bike\/fr_be\/#website","url":"https:\/\/inzain.bike\/fr_be\/","name":"INZAIN fietservaringen","description":"Fietsavonturen - voor iedereen","publisher":{"@id":"https:\/\/inzain.bike\/fr_be\/#organization"},"alternateName":"INZAIN Gravel & Travel","potentialAction":[{"@type":"SearchAction","target":{"@type":"EntryPoint","urlTemplate":"https:\/\/inzain.bike\/fr_be\/?s={search_term_string}"},"query-input":{"@type":"PropertyValueSpecification","valueRequired":true,"valueName":"search_term_string"}}],"inLanguage":"nl-NL"},{"@type":"Organization","@id":"https:\/\/inzain.bike\/fr_be\/#organization","name":"INZAIN fietservaringen","url":"https:\/\/inzain.bike\/fr_be\/","logo":{"@type":"ImageObject","inLanguage":"nl-NL","@id":"https:\/\/inzain.bike\/fr_be\/#\/schema\/logo\/image\/","url":"https:\/\/i0.wp.com\/inzain.bike\/wp-content\/uploads\/2023\/09\/cropped-INZAIN_512x512_white.png?fit=512%2C512&ssl=1","contentUrl":"https:\/\/i0.wp.com\/inzain.bike\/wp-content\/uploads\/2023\/09\/cropped-INZAIN_512x512_white.png?fit=512%2C512&ssl=1","width":512,"height":512,"caption":"INZAIN Cycling EXPERIENCES"},"image":{"@id":"https:\/\/inzain.bike\/fr_be\/#\/schema\/logo\/image\/"},"sameAs":["https:\/\/www.facebook.com\/Inzain.bike","https:\/\/www.instagram.com\/inzainbike"]}]}},"amp_enabled":true,"_links":{"self":[{"href":"https:\/\/inzain.bike\/nl\/wp-json\/wp\/v2\/pages\/5760","targetHints":{"allow":["GET"]}}],"collection":[{"href":"https:\/\/inzain.bike\/nl\/wp-json\/wp\/v2\/pages"}],"about":[{"href":"https:\/\/inzain.bike\/nl\/wp-json\/wp\/v2\/types\/page"}],"author":[{"embeddable":true,"href":"https:\/\/inzain.bike\/nl\/wp-json\/wp\/v2\/users\/135133094"}],"replies":[{"embeddable":true,"href":"https:\/\/inzain.bike\/nl\/wp-json\/wp\/v2\/comments?post=5760"}],"version-history":[{"count":5,"href":"https:\/\/inzain.bike\/nl\/wp-json\/wp\/v2\/pages\/5760\/revisions"}],"predecessor-version":[{"id":8125,"href":"https:\/\/inzain.bike\/nl\/wp-json\/wp\/v2\/pages\/5760\/revisions\/8125"}],"wp:attachment":[{"href":"https:\/\/inzain.bike\/nl\/wp-json\/wp\/v2\/media?parent=5760"}],"curies":[{"name":"wp","href":"https:\/\/api.w.org\/{rel}","templated":true}]}}