{"id":2015,"date":"2022-10-03T10:00:05","date_gmt":"2022-10-03T08:00:05","guid":{"rendered":"https:\/\/inzain.bike\/?page_id=2015"},"modified":"2023-06-20T07:35:54","modified_gmt":"2023-06-20T05:35:54","slug":"toscana-gravel-tour-2023","status":"publish","type":"page","link":"https:\/\/inzain.bike\/sv_se\/toscana-gravel-tour-2023\/","title":{"rendered":"Toscana Gravel Tour 2023"},"content":{"rendered":"\n<p>Vi har lyckats f\u00e5 fram n\u00e5gra platser till, det \u00e4r f\u00f6rst till kvarn som g\u00e4ller.<\/p>\n\n\n\n<figure class=\"wp-block-image size-full\"><img loading=\"lazy\" decoding=\"async\" width=\"800\" height=\"800\" src=\"https:\/\/inzain.bike\/wp-content\/uploads\/2022\/08\/fully.jpg\" alt=\"\" class=\"wp-image-1869\" srcset=\"https:\/\/inzain.bike\/wp-content\/uploads\/2022\/08\/fully.jpg 800w, https:\/\/inzain.bike\/wp-content\/uploads\/2022\/08\/fully-300x300.jpg 300w, https:\/\/inzain.bike\/wp-content\/uploads\/2022\/08\/fully-150x150.jpg 150w, https:\/\/inzain.bike\/wp-content\/uploads\/2022\/08\/fully-768x768.jpg 768w, https:\/\/inzain.bike\/wp-content\/uploads\/2022\/08\/fully-12x12.jpg 12w, https:\/\/inzain.bike\/wp-content\/uploads\/2022\/08\/fully-600x600.jpg 600w, https:\/\/inzain.bike\/wp-content\/uploads\/2022\/08\/fully-100x100.jpg 100w\" sizes=\"auto, (max-width: 800px) 100vw, 800px\" \/><\/figure>\n\n\n\n<figure class=\"wp-block-image size-large\"><img loading=\"lazy\" decoding=\"async\" width=\"1024\" height=\"768\" src=\"https:\/\/inzain.bike\/wp-content\/uploads\/2023\/01\/20221014_113114-1024x768.jpg\" alt=\"\" class=\"wp-image-2748\" srcset=\"https:\/\/inzain.bike\/wp-content\/uploads\/2023\/01\/20221014_113114-1024x768.jpg 1024w, https:\/\/inzain.bike\/wp-content\/uploads\/2023\/01\/20221014_113114-300x225.jpg 300w, https:\/\/inzain.bike\/wp-content\/uploads\/2023\/01\/20221014_113114-768x576.jpg 768w, https:\/\/inzain.bike\/wp-content\/uploads\/2023\/01\/20221014_113114-1536x1152.jpg 1536w, https:\/\/inzain.bike\/wp-content\/uploads\/2023\/01\/20221014_113114-2048x1536.jpg 2048w, https:\/\/inzain.bike\/wp-content\/uploads\/2023\/01\/20221014_113114-16x12.jpg 16w, https:\/\/inzain.bike\/wp-content\/uploads\/2023\/01\/20221014_113114-1320x990.jpg 1320w, https:\/\/inzain.bike\/wp-content\/uploads\/2023\/01\/20221014_113114-600x450.jpg 600w\" sizes=\"auto, (max-width: 1024px) 100vw, 1024px\" \/><\/figure>\n\n\n\n<p><strong>INZAIN  bjuder in till  en fantastisk gravel upplevelse i Toscana<\/strong><\/p>\n\n\n\n<p>Oktober \u00e4r en ideal tid att cykla gravel i Toscana. Ljumt, men inte hett lite mindre folk &amp; fantastiska v\u00e4gar. Touren \u00e4r upplagd s\u00e5 att vi bor p\u00e5 tv\u00e5 olika ving\u00e5rdar och har f\u00f6ljebil, v\u00e5rt bagage transporteras i den n\u00e4r vi byter hotell och om man sj\u00e4lv, eller ens cykel beh\u00f6ver det kan man \u00e5ka i den, hela v\u00e4gen eller kanske en bit om man t.ex. vill cykla lite kortare. Vi kommer \u00e4ven ha reservcyklar, hjul och verktyg om olyckan \u00e4r framme.<\/p>\n\n\n\n<p>Video fr\u00e5n Gravel Tour 2022<\/p>\n\n\n\n<figure class=\"wp-block-embed is-type-video is-provider-youtube wp-block-embed-youtube wp-embed-aspect-16-9 wp-has-aspect-ratio\"><div class=\"wp-block-embed__wrapper\">\n<iframe loading=\"lazy\" title=\"InzainTuscanyGravel2022\" width=\"500\" height=\"281\" src=\"https:\/\/www.youtube.com\/embed\/_a3k5GGTA_4?feature=oembed\" frameborder=\"0\" allow=\"accelerometer; autoplay; clipboard-write; encrypted-media; gyroscope; picture-in-picture; web-share\" referrerpolicy=\"strict-origin-when-cross-origin\" allowfullscreen><\/iframe>\n<\/div><\/figure>\n\n\n\n<p><strong>Mat och Dryck<\/strong><\/p>\n\n\n\n<p>Vi \u00e4r alla olika och v\u00e5ra behov variera, d\u00e4rf\u00f6r har vi skapat eventet s\u00e5 att all frukost ing\u00e5r, vi intar denna p\u00e5 ving\u00e5rdarna. Under dagarna finns bananer, vatten, sportdryck och energi tillg\u00e4ngliga p\u00e5 de st\u00e4llen vi m\u00f6ter upp f\u00f6ljebilen. Lunch och middag v\u00e4ljer man och betalar sj\u00e4lv. Vi kommer ha bokningar p\u00e5 restauranger p\u00e5 kv\u00e4llarna, men vill man \u00e4ta sj\u00e4lv eller p\u00e5 annat st\u00e4lle s\u00e5 g\u00e5r det givetvis bra. Vi kommer p\u00e5 samma s\u00e4tt v\u00e4lja ut restauranger f\u00f6r luncher, men vill man \u00e4ta p\u00e5 annat st\u00e4lle, s\u00e5 vars\u00e5god.<\/p>\n\n\n\n<figure class=\"wp-block-image size-large\"><img loading=\"lazy\" decoding=\"async\" width=\"1024\" height=\"576\" src=\"https:\/\/inzain.bike\/wp-content\/uploads\/2022\/11\/DJI_0023-1024x576.jpg\" alt=\"\" class=\"wp-image-2256\" srcset=\"https:\/\/inzain.bike\/wp-content\/uploads\/2022\/11\/DJI_0023-1024x576.jpg 1024w, https:\/\/inzain.bike\/wp-content\/uploads\/2022\/11\/DJI_0023-300x169.jpg 300w, https:\/\/inzain.bike\/wp-content\/uploads\/2022\/11\/DJI_0023-768x432.jpg 768w, https:\/\/inzain.bike\/wp-content\/uploads\/2022\/11\/DJI_0023-1536x864.jpg 1536w, https:\/\/inzain.bike\/wp-content\/uploads\/2022\/11\/DJI_0023-2048x1152.jpg 2048w, https:\/\/inzain.bike\/wp-content\/uploads\/2022\/11\/DJI_0023-18x10.jpg 18w, https:\/\/inzain.bike\/wp-content\/uploads\/2022\/11\/DJI_0023-1320x743.jpg 1320w, https:\/\/inzain.bike\/wp-content\/uploads\/2022\/11\/DJI_0023-600x338.jpg 600w\" sizes=\"auto, (max-width: 1024px) 100vw, 1024px\" \/><\/figure>\n\n\n\n<p><strong>F\u00f6ljebilen<\/strong><\/p>\n\n\n\n<p>Vi har en f\u00f6ljebil, den m\u00f6ter upp f\u00f6r att ge oss vatten och energi. Om n\u00e5got g\u00e5r s\u00f6nder s\u00e5 plockar den upp cykel och cyklist. Den har verktyg och vissa reservdelar.<br>Det \u00e4r en trygghet och v\u00e4ldigt praktiskt.<\/p>\n\n\n\n<figure class=\"wp-block-image size-large\"><img decoding=\"async\" src=\"https:\/\/inzain.bike\/wp-content\/uploads\/2021\/11\/bild2.jpg?w=1024\" alt=\"\" class=\"wp-image-826\"\/><\/figure>\n\n\n\n<p><strong>Bilder och film<\/strong><\/p>\n\n\n\n<p>Bilder och filmer fr\u00e5n ett \u00e4ventyr \u00e4r kul. Vi kommer ha kamera p\u00e5 cykel, dr\u00f6nare med f\u00f6ljebilen och uppmanar alla deltagare att ocks\u00e5 ta bilder. Vi sammanst\u00e4ller och g\u00f6r dessa tillg\u00e4ngliga f\u00f6r alla.<br><\/p>\n\n\n\n<p><strong>Strade Bianchi &amp; Eorica<\/strong><\/p>\n\n\n\n<p>Ikoniska v\u00e4gar \u00e4r bara f\u00f6rnamnet. Vi kommer att cykla b\u00e5da. Dag tre n\u00e5r vi L&#8217;eroica och l\u00e4ngs den kommer f\u00f6rsta str\u00e4ckan som brukar ing\u00e5 i Strade Bianchi. <br><\/p>\n\n\n\n<figure class=\"wp-block-embed is-type-video is-provider-youtube wp-block-embed-youtube wp-embed-aspect-16-9 wp-has-aspect-ratio\"><div class=\"wp-block-embed__wrapper\">\n<iframe loading=\"lazy\" title=\"Strade Bianche 2021: One of the most explosive displays ever to win\" width=\"500\" height=\"281\" src=\"https:\/\/www.youtube.com\/embed\/HWDf_QboyQk?feature=oembed\" frameborder=\"0\" allow=\"accelerometer; autoplay; clipboard-write; encrypted-media; gyroscope; picture-in-picture; web-share\" referrerpolicy=\"strict-origin-when-cross-origin\" allowfullscreen><\/iframe>\n<\/div><figcaption class=\"wp-element-caption\">Strade Bianchi<\/figcaption><\/figure>\n\n\n\n<figure class=\"wp-block-embed is-type-video is-provider-youtube wp-block-embed-youtube wp-embed-aspect-16-9 wp-has-aspect-ratio\"><div class=\"wp-block-embed__wrapper\">\n<iframe loading=\"lazy\" title=\"Giancarlo Brocci Presents L&#039;Eroica\" width=\"500\" height=\"281\" src=\"https:\/\/www.youtube.com\/embed\/Qc2xigpK-qI?start=186&#038;feature=oembed\" frameborder=\"0\" allow=\"accelerometer; autoplay; clipboard-write; encrypted-media; gyroscope; picture-in-picture; web-share\" referrerpolicy=\"strict-origin-when-cross-origin\" allowfullscreen><\/iframe>\n<\/div><\/figure>\n\n\n\n<p><strong>Gravel och asfalt<\/strong><\/p>\n\n\n\n<p>Rutterna blandar grus och asfalt med god mat, vin, gelato, kl\u00e4ttringar, otroliga vyer och kaffe. Det finns inte mycket att sakna i Toscana.<\/p>\n\n\n\n<div class=\"wp-block-jetpack-tiled-gallery aligncenter is-style-rectangular\"><div class=\"tiled-gallery__gallery\"><div class=\"tiled-gallery__row\"><div class=\"tiled-gallery__col\" style=\"flex-basis:29.81261%\"><figure class=\"tiled-gallery__item\"><img decoding=\"async\" alt=\"\" data-height=\"2268\" data-id=\"2258\" data-link=\"https:\/\/inzain.bike\/toscana-gravel-tour-2023\/default-4\/\" data-url=\"https:\/\/inzain.bike\/wp-content\/uploads\/2022\/11\/DJI_0038-1024x576.jpg\" data-width=\"4032\" src=\"https:\/\/i1.wp.com\/inzain.bike\/wp-content\/uploads\/2022\/11\/DJI_0038-1024x576.jpg?ssl=1\" data-amp-layout=\"responsive\"\/><\/figure><figure class=\"tiled-gallery__item\"><img decoding=\"async\" alt=\"\" data-height=\"5504\" data-id=\"2260\" data-link=\"https:\/\/inzain.bike\/toscana-gravel-tour-2023\/dsc1124\/\" data-url=\"https:\/\/inzain.bike\/wp-content\/uploads\/2022\/11\/DSC1124-1024x683.jpg\" data-width=\"8256\" src=\"https:\/\/i0.wp.com\/inzain.bike\/wp-content\/uploads\/2022\/11\/DSC1124-1024x683.jpg?ssl=1\" data-amp-layout=\"responsive\"\/><\/figure><\/div><div class=\"tiled-gallery__col\" style=\"flex-basis:70.18739%\"><figure class=\"tiled-gallery__item\"><img decoding=\"async\" alt=\"\" data-height=\"5504\" data-id=\"2262\" data-link=\"https:\/\/inzain.bike\/toscana-gravel-tour-2023\/dsc1162-2\/\" data-url=\"https:\/\/inzain.bike\/wp-content\/uploads\/2022\/11\/DSC1162-1024x683.jpg\" data-width=\"8256\" src=\"https:\/\/i1.wp.com\/inzain.bike\/wp-content\/uploads\/2022\/11\/DSC1162-1024x683.jpg?ssl=1\" data-amp-layout=\"responsive\"\/><\/figure><\/div><\/div><div class=\"tiled-gallery__row\"><div class=\"tiled-gallery__col\" style=\"flex-basis:69.33343%\"><figure class=\"tiled-gallery__item\"><img decoding=\"async\" alt=\"\" data-height=\"4176\" data-id=\"2263\" data-link=\"https:\/\/inzain.bike\/toscana-gravel-tour-2023\/dcim101goprog0030405-jpg-3\/\" data-url=\"https:\/\/inzain.bike\/wp-content\/uploads\/2022\/11\/G0030405-1024x768.jpg\" data-width=\"5568\" src=\"https:\/\/i0.wp.com\/inzain.bike\/wp-content\/uploads\/2022\/11\/G0030405-1024x768.jpg?ssl=1\" data-amp-layout=\"responsive\"\/><\/figure><\/div><div class=\"tiled-gallery__col\" style=\"flex-basis:30.66657%\"><figure class=\"tiled-gallery__item\"><img decoding=\"async\" alt=\"\" data-height=\"3000\" data-id=\"2265\" data-link=\"https:\/\/inzain.bike\/toscana-gravel-tour-2023\/20221008_161944-2\/\" data-url=\"https:\/\/inzain.bike\/wp-content\/uploads\/2022\/11\/20221008_161944-1024x768.jpg\" data-width=\"4000\" src=\"https:\/\/i1.wp.com\/inzain.bike\/wp-content\/uploads\/2022\/11\/20221008_161944-1024x768.jpg?ssl=1\" data-amp-layout=\"responsive\"\/><\/figure><figure class=\"tiled-gallery__item\"><img decoding=\"async\" alt=\"\" data-height=\"4176\" data-id=\"2267\" data-link=\"https:\/\/inzain.bike\/toscana-gravel-tour-2023\/dcim100goprog0010660-jpg-2\/\" data-url=\"https:\/\/inzain.bike\/wp-content\/uploads\/2022\/11\/G0010660-1024x768.jpg\" data-width=\"5568\" src=\"https:\/\/i0.wp.com\/inzain.bike\/wp-content\/uploads\/2022\/11\/G0010660-1024x768.jpg?ssl=1\" data-amp-layout=\"responsive\"\/><\/figure><\/div><\/div><div class=\"tiled-gallery__row\"><div class=\"tiled-gallery__col\" style=\"flex-basis:42.87884%\"><figure class=\"tiled-gallery__item\"><img decoding=\"async\" alt=\"\" data-height=\"4176\" data-id=\"2268\" data-link=\"https:\/\/inzain.bike\/toscana-gravel-tour-2023\/dcim100goprog0027451-jpg\/\" data-url=\"https:\/\/inzain.bike\/wp-content\/uploads\/2022\/11\/G0027451-1024x768.jpg\" data-width=\"5568\" src=\"https:\/\/i2.wp.com\/inzain.bike\/wp-content\/uploads\/2022\/11\/G0027451-1024x768.jpg?ssl=1\" data-amp-layout=\"responsive\"\/><\/figure><\/div><div class=\"tiled-gallery__col\" style=\"flex-basis:57.12116%\"><figure class=\"tiled-gallery__item\"><img decoding=\"async\" alt=\"\" data-height=\"4176\" data-id=\"2269\" data-link=\"https:\/\/inzain.bike\/toscana-gravel-tour-2023\/dcim100goprog0010940-jpg-2\/\" data-url=\"https:\/\/inzain.bike\/wp-content\/uploads\/2022\/11\/G0010940-1024x768.jpg\" data-width=\"5568\" src=\"https:\/\/i1.wp.com\/inzain.bike\/wp-content\/uploads\/2022\/11\/G0010940-1024x768.jpg?ssl=1\" data-amp-layout=\"responsive\"\/><\/figure><\/div><div class=\"tiled-gallery__col\"><figure class=\"tiled-gallery__item\"><img decoding=\"async\" alt=\"\" data-height=\"4176\" data-id=\"2272\" data-link=\"https:\/\/inzain.bike\/toscana-gravel-tour-2023\/dcim100goprog0051600-jpg\/\" data-url=\"https:\/\/inzain.bike\/wp-content\/uploads\/2022\/11\/G0051600-1024x768.jpg\" data-width=\"5568\" src=\"https:\/\/i1.wp.com\/inzain.bike\/wp-content\/uploads\/2022\/11\/G0051600-1024x768.jpg?ssl=1\" data-amp-layout=\"responsive\"\/><\/figure><\/div><\/div><div class=\"tiled-gallery__row\"><div class=\"tiled-gallery__col\" style=\"flex-basis:33.33333%\"><figure class=\"tiled-gallery__item\"><img decoding=\"async\" alt=\"\" data-height=\"3000\" data-id=\"2273\" data-link=\"https:\/\/inzain.bike\/toscana-gravel-tour-2023\/20221011_104223\/\" data-url=\"https:\/\/inzain.bike\/wp-content\/uploads\/2022\/11\/20221011_104223-1024x768.jpg\" data-width=\"4000\" src=\"https:\/\/i2.wp.com\/inzain.bike\/wp-content\/uploads\/2022\/11\/20221011_104223-1024x768.jpg?ssl=1\" data-amp-layout=\"responsive\"\/><\/figure><\/div><div class=\"tiled-gallery__col\" style=\"flex-basis:33.33333%\"><figure class=\"tiled-gallery__item\"><img decoding=\"async\" alt=\"\" data-height=\"4000\" data-id=\"2275\" data-link=\"https:\/\/inzain.bike\/toscana-gravel-tour-2023\/20221011_132948\/\" data-url=\"https:\/\/inzain.bike\/wp-content\/uploads\/2022\/11\/20221011_132948-768x1024.jpg\" data-width=\"3000\" src=\"https:\/\/i1.wp.com\/inzain.bike\/wp-content\/uploads\/2022\/11\/20221011_132948-768x1024.jpg?ssl=1\" data-amp-layout=\"responsive\"\/><\/figure><\/div><\/div><div class=\"tiled-gallery__row\"><div class=\"tiled-gallery__col\" style=\"flex-basis:63.96202%\"><figure class=\"tiled-gallery__item\"><img decoding=\"async\" alt=\"\" data-height=\"4176\" data-id=\"2277\" data-link=\"https:\/\/inzain.bike\/toscana-gravel-tour-2023\/dcim100goprog0017744-jpg\/\" data-url=\"https:\/\/inzain.bike\/wp-content\/uploads\/2022\/11\/G0017744-1024x768.jpg\" data-width=\"5568\" src=\"https:\/\/i2.wp.com\/inzain.bike\/wp-content\/uploads\/2022\/11\/G0017744-1024x768.jpg?ssl=1\" data-amp-layout=\"responsive\"\/><\/figure><\/div><div class=\"tiled-gallery__col\" style=\"flex-basis:36.03798%\"><figure class=\"tiled-gallery__item\"><img decoding=\"async\" alt=\"\" data-height=\"4176\" data-id=\"2279\" data-link=\"https:\/\/inzain.bike\/toscana-gravel-tour-2023\/dcim100goprog0038414-jpg\/\" data-url=\"https:\/\/inzain.bike\/wp-content\/uploads\/2022\/11\/G0038414-1024x768.jpg\" data-width=\"5568\" src=\"https:\/\/i0.wp.com\/inzain.bike\/wp-content\/uploads\/2022\/11\/G0038414-1024x768.jpg?ssl=1\" data-amp-layout=\"responsive\"\/><\/figure><\/div><div class=\"tiled-gallery__col\"><figure class=\"tiled-gallery__item\"><img decoding=\"async\" alt=\"\" data-height=\"3000\" data-id=\"2281\" data-link=\"https:\/\/inzain.bike\/toscana-gravel-tour-2023\/20221014_113114-2\/\" data-url=\"https:\/\/inzain.bike\/wp-content\/uploads\/2022\/11\/20221014_113114-1024x768.jpg\" data-width=\"4000\" src=\"https:\/\/i1.wp.com\/inzain.bike\/wp-content\/uploads\/2022\/11\/20221014_113114-1024x768.jpg?ssl=1\" data-amp-layout=\"responsive\"\/><\/figure><\/div><div class=\"tiled-gallery__col\"><figure class=\"tiled-gallery__item\"><img decoding=\"async\" alt=\"\" data-height=\"4176\" data-id=\"2283\" data-link=\"https:\/\/inzain.bike\/toscana-gravel-tour-2023\/dcim100goprog0018928-jpg-2\/\" data-url=\"https:\/\/inzain.bike\/wp-content\/uploads\/2022\/11\/G0018928-1024x768.jpg\" data-width=\"5568\" src=\"https:\/\/i2.wp.com\/inzain.bike\/wp-content\/uploads\/2022\/11\/G0018928-1024x768.jpg?ssl=1\" data-amp-layout=\"responsive\"\/><\/figure><\/div><\/div><\/div><\/div>\n\n\n\n<p><strong>Guider<\/strong>: Carl-Johan och Gerry har gjort m\u00e5nga turer p\u00e5 Gravel och asfalt. I Sverige s\u00e5v\u00e4l som p\u00e5 Mallorca, Gran Canaria, Toscana, Girona, Kansas, Lanzarote och m\u00e5nga andra platser, f\u00f6rutom de stora m\u00e4ngder grus rundor som arrangeras i Sverige<\/p>\n\n\n\n<figure class=\"wp-block-image size-large\"><img loading=\"lazy\" decoding=\"async\" width=\"1024\" height=\"768\" src=\"https:\/\/inzain.bike\/wp-content\/uploads\/2022\/11\/G0021292-1024x768.jpg\" alt=\"\" class=\"wp-image-2271\" srcset=\"https:\/\/inzain.bike\/wp-content\/uploads\/2022\/11\/G0021292-1024x768.jpg 1024w, https:\/\/inzain.bike\/wp-content\/uploads\/2022\/11\/G0021292-300x225.jpg 300w, https:\/\/inzain.bike\/wp-content\/uploads\/2022\/11\/G0021292-768x576.jpg 768w, https:\/\/inzain.bike\/wp-content\/uploads\/2022\/11\/G0021292-1536x1152.jpg 1536w, https:\/\/inzain.bike\/wp-content\/uploads\/2022\/11\/G0021292-2048x1536.jpg 2048w, https:\/\/inzain.bike\/wp-content\/uploads\/2022\/11\/G0021292-16x12.jpg 16w, https:\/\/inzain.bike\/wp-content\/uploads\/2022\/11\/G0021292-1320x990.jpg 1320w, https:\/\/inzain.bike\/wp-content\/uploads\/2022\/11\/G0021292-600x450.jpg 600w\" sizes=\"auto, (max-width: 1024px) 100vw, 1024px\" \/><\/figure>\n\n\n\n<div class=\"wp-block-jetpack-tiled-gallery aligncenter is-style-rectangular\"><div class=\"tiled-gallery__gallery\"><div class=\"tiled-gallery__row\"><div class=\"tiled-gallery__col\" style=\"flex-basis:33.69231%\"><figure class=\"tiled-gallery__item\"><img decoding=\"async\" alt=\"\" data-height=\"1229\" data-id=\"828\" data-link=\"https:\/\/inzain.bike\/bild1\/\" data-url=\"https:\/\/inzain.bike\/wp-content\/uploads\/2021\/11\/bild1.jpg?w=1024\" data-width=\"2155\" src=\"https:\/\/i0.wp.com\/inzain.bike\/wp-content\/uploads\/2021\/11\/bild1.jpg?ssl=1\" data-amp-layout=\"responsive\"\/><\/figure><\/div><div class=\"tiled-gallery__col\" style=\"flex-basis:14.41927%\"><figure class=\"tiled-gallery__item\"><img decoding=\"async\" alt=\"\" data-height=\"640\" data-id=\"829\" data-link=\"https:\/\/inzain.bike\/bild3\/\" data-url=\"https:\/\/inzain.bike\/wp-content\/uploads\/2021\/11\/bild3.jpg?w=477\" data-width=\"477\" src=\"https:\/\/i2.wp.com\/inzain.bike\/wp-content\/uploads\/2021\/11\/bild3.jpg?ssl=1\" data-amp-layout=\"responsive\"\/><\/figure><\/div><div class=\"tiled-gallery__col\" style=\"flex-basis:15.00673%\"><figure class=\"tiled-gallery__item\"><img decoding=\"async\" alt=\"\" data-height=\"768\" data-id=\"830\" data-link=\"https:\/\/inzain.bike\/bild4\/\" data-url=\"https:\/\/inzain.bike\/wp-content\/uploads\/2021\/11\/bild4.jpg?w=596\" data-width=\"596\" src=\"https:\/\/i2.wp.com\/inzain.bike\/wp-content\/uploads\/2021\/11\/bild4.jpg?ssl=1\" data-amp-layout=\"responsive\"\/><\/figure><\/div><div class=\"tiled-gallery__col\" style=\"flex-basis:36.88169%\"><figure class=\"tiled-gallery__item\"><img decoding=\"async\" alt=\"\" data-height=\"414\" data-id=\"831\" data-link=\"https:\/\/inzain.bike\/bild7\/\" data-url=\"https:\/\/inzain.bike\/wp-content\/uploads\/2021\/11\/bild7.jpg?w=795\" data-width=\"795\" src=\"https:\/\/i1.wp.com\/inzain.bike\/wp-content\/uploads\/2021\/11\/bild7.jpg?ssl=1\" data-amp-layout=\"responsive\"\/><\/figure><\/div><\/div><\/div><\/div>\n\n\n\n<hr class=\"wp-block-separator has-css-opacity\"\/>\n\n\n\n<p style=\"font-size:50px\"><strong>Uppl\u00e4gg<\/strong><\/p>\n\n\n\n<figure class=\"wp-block-embed is-type-video is-provider-youtube wp-block-embed-youtube wp-embed-aspect-16-9 wp-has-aspect-ratio\"><div class=\"wp-block-embed__wrapper\">\n<iframe loading=\"lazy\" title=\"Toscana inspiration\" width=\"500\" height=\"281\" src=\"https:\/\/www.youtube.com\/embed\/LSdX8XUDjeI?feature=oembed\" frameborder=\"0\" allow=\"accelerometer; autoplay; clipboard-write; encrypted-media; gyroscope; picture-in-picture; web-share\" referrerpolicy=\"strict-origin-when-cross-origin\" allowfullscreen><\/iframe>\n<\/div><\/figure>\n\n\n\n<p><strong>Boka eget flyg, finns olika s\u00e4tt att l\u00f6sa transfer.<\/strong><\/p>\n\n\n\n<p>Finns flera val att flygplatser, ROM, Pisa, Florens mm.<br>Transfer kan ske med t\u00e5g, buss, taxi mm om fler kommer med samma flyg s\u00e5 kan vi hj\u00e4lpa till att samordna.<\/p>\n\n\n\n<p><strong>Boende<\/strong><\/p>\n\n\n\n<p>Vi bor p\u00e5 tv\u00e5 olika ving\u00e5rdar, den f\u00f6rsta \u00e4r i n\u00e4rheten av Siena och den andra n\u00e4ra Montalcino. Vi blir uppe vid Siena i fyra dagar, d\u00e4r en \u00e4r valfri vilodag. Man kan t.ex. vila vid poolen, g\u00f6ra en utflykt eller dricka vin, eller allt p\u00e5 en g\u00e5ng. Vi cyklar sedan till n\u00e4sta ving\u00e5rden, en lastbil tar allt bagage, s\u00e5 vi kan koncentrera oss p\u00e5 att ha roligt. V\u00e4l framme s\u00e5 v\u00e4ntar n\u00e5gra fina dagar p\u00e5 s\u00f6dra delen av Toscana innan vi tar oss till v\u00e5ra flyg f\u00f6r hemresa.<br>Det \u00e4r inget race, men det finns riktigt tuffa strava segment f\u00f6r de som vill vrida ur benen lite extra. Vi kommer ta tid till lunch, fika och annat. Vi \u00e4r h\u00e4r f\u00f6r upplevelsen.<\/p>\n\n\n\n<p style=\"font-size:50px\"><strong>Riders Guide<\/strong><\/p>\n\n\n\n<p>F\u00f6rutom det stora arbetet med sj\u00e4lva rutterna s\u00e5 f\u00e5r alla deltagare ocks\u00e5 en Riders Guide, den inneh\u00e5ller all information om rutter, st\u00e4llen d\u00e4r bilen m\u00f6ter, fikaplatser, kl\u00e4ttringar, bails mm mm. H\u00e4r kan du se f\u00f6rra \u00e5rets guide. <\/p>\n\n\n\n<div data-wp-interactive=\"core\/file\" class=\"wp-block-file\"><object data-wp-bind--hidden=\"!state.hasPdfPreview\" hidden class=\"wp-block-file__embed\" data=\"https:\/\/inzain.bike\/wp-content\/uploads\/2023\/03\/Riders-Guide-2022.pdf\" type=\"application\/pdf\" style=\"width:100%;height:600px\" aria-label=\"Inb\u00e4ddning av Riders-Guide-2022.\"><\/object><a id=\"wp-block-file--media-d75b402b-2abe-4322-8a11-e489ab7efe17\" href=\"https:\/\/inzain.bike\/wp-content\/uploads\/2023\/03\/Riders-Guide-2022.pdf\">Riders-Guide-2022<\/a><a href=\"https:\/\/inzain.bike\/wp-content\/uploads\/2023\/03\/Riders-Guide-2022.pdf\" class=\"wp-block-file__button wp-element-button\" download aria-describedby=\"wp-block-file--media-d75b402b-2abe-4322-8a11-e489ab7efe17\">Ladda ner<\/a><\/div>\n\n\n\n<p><br><\/p>\n\n\n\n<p style=\"font-size:50px\"><strong>Schema<\/strong> <\/p>\n\n\n\n<p><br><strong>Fredag 6 oktober<\/strong><br>Ankomst Rom.  V\u00e5r bekv\u00e4ma transferbuss v\u00e4ntar f\u00f6r att ta oss till ving\u00e5rden n\u00e4ra Siena. Om du arrangerar eget flyg s\u00e5 synka med oss ang\u00e5ende transfer.<br>V\u00e4l framme bygger vi ihop v\u00e5ra cyklar, k\u00f6r en kortare testrunda och \u00e4ter middag.<\/p>\n\n\n\n<p><strong>Allm\u00e4nt<\/strong><\/p>\n\n\n\n<p>Rutterna kommer att vara utmanande och mellan 6-13 mil l\u00e5nga. Flera av dem finns i olika versioner, s\u00e5 man kan v\u00e4lja efter dagsform. F\u00f6ljebilen g\u00f6r att vi kan st\u00f6tta om n\u00e5gon f\u00e5r problem eller blir tr\u00f6tt. Vi kommer att ge alla deltagare en <strong>Riders Guide<\/strong>, med rutterna och m\u00e4ngder med information om dem  i god tid innan resan.<\/p>\n\n\n\n<p><br><strong>Dag 1 L\u00f6rdag 7 oktober<\/strong> ( 65-92 km &amp; 1050-1,700 hm)<br><\/p>\n\n\n\n<figure class=\"wp-block-image size-large\"><img loading=\"lazy\" decoding=\"async\" width=\"1024\" height=\"110\" src=\"https:\/\/inzain.bike\/wp-content\/uploads\/2023\/03\/image-1024x110.png\" alt=\"\" class=\"wp-image-2807\" srcset=\"https:\/\/inzain.bike\/wp-content\/uploads\/2023\/03\/image-1024x110.png 1024w, https:\/\/inzain.bike\/wp-content\/uploads\/2023\/03\/image-300x32.png 300w, https:\/\/inzain.bike\/wp-content\/uploads\/2023\/03\/image-768x82.png 768w, https:\/\/inzain.bike\/wp-content\/uploads\/2023\/03\/image-1536x165.png 1536w, https:\/\/inzain.bike\/wp-content\/uploads\/2023\/03\/image-2048x219.png 2048w, https:\/\/inzain.bike\/wp-content\/uploads\/2023\/03\/image-18x2.png 18w, https:\/\/inzain.bike\/wp-content\/uploads\/2023\/03\/image-1320x141.png 1320w, https:\/\/inzain.bike\/wp-content\/uploads\/2023\/03\/image-600x64.png 600w\" sizes=\"auto, (max-width: 1024px) 100vw, 1024px\" \/><\/figure>\n\n\n\n<p>Norrut in i Chianti, klassiskt vitt grus. Vi cyklar en del av  Eroica, slingrande asfalt och enast\u00e5ende vackert. Vi passerar Chianti skulpturpark. Det finns olika nedkortningar man kan g\u00f6ra. Dagen har tv\u00e5 st\u00f6rre kl\u00e4ttringar,  de g\u00e5r p\u00e5 bra underlag och \u00e4r j\u00e4mna och roliga.<\/p>\n\n\n\n<p><strong>Dag 2 S\u00f6ndag 8 oktober <\/strong>(55 -115 km, 900-2,2170 hm)<\/p>\n\n\n\n<figure class=\"wp-block-image size-large\"><img loading=\"lazy\" decoding=\"async\" width=\"1024\" height=\"114\" src=\"https:\/\/inzain.bike\/wp-content\/uploads\/2023\/03\/image-1-1024x114.png\" alt=\"\" class=\"wp-image-2809\" srcset=\"https:\/\/inzain.bike\/wp-content\/uploads\/2023\/03\/image-1-1024x114.png 1024w, https:\/\/inzain.bike\/wp-content\/uploads\/2023\/03\/image-1-300x33.png 300w, https:\/\/inzain.bike\/wp-content\/uploads\/2023\/03\/image-1-768x85.png 768w, https:\/\/inzain.bike\/wp-content\/uploads\/2023\/03\/image-1-1536x171.png 1536w, https:\/\/inzain.bike\/wp-content\/uploads\/2023\/03\/image-1-2048x227.png 2048w, https:\/\/inzain.bike\/wp-content\/uploads\/2023\/03\/image-1-18x2.png 18w, https:\/\/inzain.bike\/wp-content\/uploads\/2023\/03\/image-1-1320x147.png 1320w, https:\/\/inzain.bike\/wp-content\/uploads\/2023\/03\/image-1-600x67.png 600w\" sizes=\"auto, (max-width: 1024px) 100vw, 1024px\" \/><\/figure>\n\n\n\n<p>Nordv\u00e4st, p\u00e5 v\u00e4gar d\u00e4r <strong>Tuscany Trail<\/strong> g\u00e5r. M\u00e5nga fantastiska st\u00e4der passeras. Det h\u00e4r en en utmanande tur, som kan korta p\u00e5 flera olika s\u00e4tt om s\u00e5 \u00f6nskas. En del single track men inget allt f\u00f6r utmanande.<\/p>\n\n\n\n<p><strong>Dag 3 M\u00e5ndag 9 oktober<\/strong> (55- 103 km \/ 760 &#8211; 1,836 hm)<br><\/p>\n\n\n\n<figure class=\"wp-block-image size-large\"><img loading=\"lazy\" decoding=\"async\" width=\"1024\" height=\"112\" src=\"https:\/\/inzain.bike\/wp-content\/uploads\/2023\/03\/image-2-1024x112.png\" alt=\"\" class=\"wp-image-2811\" srcset=\"https:\/\/inzain.bike\/wp-content\/uploads\/2023\/03\/image-2-1024x112.png 1024w, https:\/\/inzain.bike\/wp-content\/uploads\/2023\/03\/image-2-300x33.png 300w, https:\/\/inzain.bike\/wp-content\/uploads\/2023\/03\/image-2-768x84.png 768w, https:\/\/inzain.bike\/wp-content\/uploads\/2023\/03\/image-2-1536x168.png 1536w, https:\/\/inzain.bike\/wp-content\/uploads\/2023\/03\/image-2-2048x223.png 2048w, https:\/\/inzain.bike\/wp-content\/uploads\/2023\/03\/image-2-18x2.png 18w, https:\/\/inzain.bike\/wp-content\/uploads\/2023\/03\/image-2-1320x144.png 1320w, https:\/\/inzain.bike\/wp-content\/uploads\/2023\/03\/image-2-600x65.png 600w\" sizes=\"auto, (max-width: 1024px) 100vw, 1024px\" \/><\/figure>\n\n\n\n<p>Vi tar oss \u00f6sterut, vackra grusv\u00e4gar i klassiskt b\u00f6ljande Toscana landskap. M\u00e5ngas tillf\u00e4llen till Gelato och kaffe, och god mat s\u00e5klart. \u00c4ven h\u00e4r finns ett antal nedkortningar om benen eller lusten s\u00e5 kr\u00e4ver.<\/p>\n\n\n\n<p><strong>Dag 4 Tisdag 10 oktober<\/strong><br>Vilodag!<br>Vill man cykla s\u00e5 g\u00e5r det s\u00e5klart utm\u00e4rkt, men det visar sig r\u00e4tt klokt att ta en vilodag. Vi kanske tar en tur till havet, bes\u00f6ker Siena eller h\u00e4nger p\u00e5 ving\u00e5rden och njuter av lugnet?<\/p>\n\n\n\n<p><strong>Dag 5 Onsdag 11 oktober<\/strong> (72 km \/ 1,200 hm)<\/p>\n\n\n\n<figure class=\"wp-block-image size-large\"><img loading=\"lazy\" decoding=\"async\" width=\"1024\" height=\"115\" src=\"https:\/\/inzain.bike\/wp-content\/uploads\/2023\/03\/image-5-1024x115.png\" alt=\"\" class=\"wp-image-2818\" srcset=\"https:\/\/inzain.bike\/wp-content\/uploads\/2023\/03\/image-5-1024x115.png 1024w, https:\/\/inzain.bike\/wp-content\/uploads\/2023\/03\/image-5-300x34.png 300w, https:\/\/inzain.bike\/wp-content\/uploads\/2023\/03\/image-5-768x86.png 768w, https:\/\/inzain.bike\/wp-content\/uploads\/2023\/03\/image-5-1536x173.png 1536w, https:\/\/inzain.bike\/wp-content\/uploads\/2023\/03\/image-5-2048x231.png 2048w, https:\/\/inzain.bike\/wp-content\/uploads\/2023\/03\/image-5-18x2.png 18w, https:\/\/inzain.bike\/wp-content\/uploads\/2023\/03\/image-5-1320x149.png 1320w, https:\/\/inzain.bike\/wp-content\/uploads\/2023\/03\/image-5-600x68.png 600w\" sizes=\"auto, (max-width: 1024px) 100vw, 1024px\" \/><\/figure>\n\n\n\n<p>V\u00e4rldens b\u00e4sta transport cykling! Eroica och Strade Bianchi, otroligt fint. Samtidigt som vi f\u00e5r en grym dag i sadeln s\u00e5 transporteras allt v\u00e5rt bagage ner till n\u00e4sta ving\u00e5rd, n\u00e4ra Montalcino, i s\u00f6dra delen av Toscana. Om ben eller annat \u00e4r trasigt g\u00e5r det fint \u00e5ka med i bilen. V\u00e4l p\u00e5 plats installerar vi oss, kanske firar med en \u00f6l och \u00e4ter middag.<\/p>\n\n\n\n<p><strong>Dag 6 Torsdag 12 oktober<\/strong> (57 -96 km \/ 744 -1860 hm)<\/p>\n\n\n\n<figure class=\"wp-block-image size-large\"><img loading=\"lazy\" decoding=\"async\" width=\"1024\" height=\"115\" src=\"https:\/\/inzain.bike\/wp-content\/uploads\/2023\/03\/image-6-1024x115.png\" alt=\"\" class=\"wp-image-2820\" srcset=\"https:\/\/inzain.bike\/wp-content\/uploads\/2023\/03\/image-6-1024x115.png 1024w, https:\/\/inzain.bike\/wp-content\/uploads\/2023\/03\/image-6-300x34.png 300w, https:\/\/inzain.bike\/wp-content\/uploads\/2023\/03\/image-6-768x87.png 768w, https:\/\/inzain.bike\/wp-content\/uploads\/2023\/03\/image-6-1536x173.png 1536w, https:\/\/inzain.bike\/wp-content\/uploads\/2023\/03\/image-6-2048x231.png 2048w, https:\/\/inzain.bike\/wp-content\/uploads\/2023\/03\/image-6-18x2.png 18w, https:\/\/inzain.bike\/wp-content\/uploads\/2023\/03\/image-6-1320x149.png 1320w, https:\/\/inzain.bike\/wp-content\/uploads\/2023\/03\/image-6-600x68.png 600w\" sizes=\"auto, (max-width: 1024px) 100vw, 1024px\" \/><\/figure>\n\n\n\n<p>Det vita gruset! Vi passerar  m\u00e5nga klassiska orter, det finns m\u00e5nga s\u00e4tt att korta turen om man vill, vi anv\u00e4nder igen flera str\u00e4ckor fr\u00e5n Eroica och Strade Bianchi. Kanske dags att s\u00e4tta ett KOM?<\/p>\n\n\n\n<p><strong>Dag 7 Fredag 13 oktober<\/strong>  (67 -92 km \/ 980 &#8211; 1750 hm)<\/p>\n\n\n\n<figure class=\"wp-block-image size-large\"><img loading=\"lazy\" decoding=\"async\" width=\"1024\" height=\"114\" src=\"https:\/\/inzain.bike\/wp-content\/uploads\/2023\/03\/image-7-1024x114.png\" alt=\"\" class=\"wp-image-2821\" srcset=\"https:\/\/inzain.bike\/wp-content\/uploads\/2023\/03\/image-7-1024x114.png 1024w, https:\/\/inzain.bike\/wp-content\/uploads\/2023\/03\/image-7-300x33.png 300w, https:\/\/inzain.bike\/wp-content\/uploads\/2023\/03\/image-7-768x86.png 768w, https:\/\/inzain.bike\/wp-content\/uploads\/2023\/03\/image-7-1536x171.png 1536w, https:\/\/inzain.bike\/wp-content\/uploads\/2023\/03\/image-7-2048x228.png 2048w, https:\/\/inzain.bike\/wp-content\/uploads\/2023\/03\/image-7-18x2.png 18w, https:\/\/inzain.bike\/wp-content\/uploads\/2023\/03\/image-7-1320x147.png 1320w, https:\/\/inzain.bike\/wp-content\/uploads\/2023\/03\/image-7-600x67.png 600w\" sizes=\"auto, (max-width: 1024px) 100vw, 1024px\" \/><\/figure>\n\n\n\n<p><br>Vi g\u00e5r s\u00f6derut. Skog och \u00f6ppna f\u00e4lt blandas. Flera av str\u00e4ckorna kommer fr\u00e5n Strade Bianchi. Lunch i <strong>Buonconvento <\/strong>och hem \u00f6ver <strong>Montalcino<\/strong>.<\/p>\n\n\n\n<p><strong>Dag 8 L\u00f6rdag 14 oktober<\/strong><\/p>\n\n\n\n<figure class=\"wp-block-image size-large\"><img loading=\"lazy\" decoding=\"async\" width=\"1024\" height=\"116\" src=\"https:\/\/inzain.bike\/wp-content\/uploads\/2023\/03\/image-8-1024x116.png\" alt=\"\" class=\"wp-image-2823\" srcset=\"https:\/\/inzain.bike\/wp-content\/uploads\/2023\/03\/image-8-1024x116.png 1024w, https:\/\/inzain.bike\/wp-content\/uploads\/2023\/03\/image-8-300x34.png 300w, https:\/\/inzain.bike\/wp-content\/uploads\/2023\/03\/image-8-768x87.png 768w, https:\/\/inzain.bike\/wp-content\/uploads\/2023\/03\/image-8-1536x174.png 1536w, https:\/\/inzain.bike\/wp-content\/uploads\/2023\/03\/image-8-2048x231.png 2048w, https:\/\/inzain.bike\/wp-content\/uploads\/2023\/03\/image-8-18x2.png 18w, https:\/\/inzain.bike\/wp-content\/uploads\/2023\/03\/image-8-1320x149.png 1320w, https:\/\/inzain.bike\/wp-content\/uploads\/2023\/03\/image-8-600x68.png 600w\" sizes=\"auto, (max-width: 1024px) 100vw, 1024px\" \/><\/figure>\n\n\n\n<p>Vi kommer cykla Norrut till <strong>Siena <\/strong>och \u00e5terv\u00e4nda i en \u00f6stlig loop. Mer Eroica och Strade Bianchi och ett par \u00f6verraskningar v\u00e4ntar.<br>Detta \u00e4r v\u00e5r sista cykeldag, p\u00e5 kv\u00e4llen packar vi v\u00e5ra cyklar och njuter av livet.<\/p>\n\n\n\n<p><strong>S\u00f6ndag 15 oktober<\/strong> <br>Hemresa, transfer till flygplatsen i Rom och flyg hem.<\/p>\n\n\n\n<p><br><\/p>\n\n\n\n<p style=\"font-size:50px\">Information<\/p>\n\n\n\n<p>Ti<strong>ps och r\u00e5d om vad som b\u00f6r f\u00f6lja med.<\/strong><\/p>\n\n\n\n<p><strong>Gear<\/strong>: Gravel eller MTB. Tubeless \u00e4r att rekommendera s\u00e5klart, liksom ett bra kit  p\u00e5 cykeln, <a href=\"https:\/\/inzain.bike\/kit-att-ha-med-pa-turen\/\">se h\u00e4r f\u00f6r en lista<\/a>.  Fotpump och verktyg finns med i bilen. Kl\u00e4der \u00e4r det normala f\u00f6r Svensk sommar, med v\u00e4st\/armar eller vindjacka som reserv och n\u00e4r man ska k\u00f6ra nedf\u00f6r om det kyler p\u00e5. Vi kommer att fika och luncha men lite extra energi \u00e4r aldrig fel. Vissa av hotellen kommer ha m\u00f6jlighet till tv\u00e4tt av kl\u00e4der.<\/p>\n\n\n\n<p><strong>Rutter<\/strong>: Alla rutter kommer att delas en tid f\u00f6re avresa och kommer \u00e4ven kunna laddas ner p\u00e5 plats.<\/p>\n\n\n\n<p><strong>FAKTA<\/strong><\/p>\n\n\n\n<figure class=\"wp-block-table is-style-stripes\"><table><tbody><tr><td><strong>N\u00e4r<\/strong><\/td><td>6-15 oktober 2023<\/td><\/tr><tr><td><strong>Var<\/strong><\/td><td>Toscana<\/td><\/tr><tr><td><strong>Boende<\/strong><\/td><td>Tv\u00e5 olika ving\u00e5rdar. En n\u00e4ra Siena, den andra n\u00e4ra Montalcino<\/td><\/tr><tr><td><strong>Vad ing\u00e5r<\/strong><\/td><td>Delat Boende med Frukost, rutter, f\u00f6ljebil, vatten, energi, transfer, lagring av bike bag, guider, foto\/film.<\/td><\/tr><tr><td><strong>Pris<\/strong><\/td><td>15,500 kr per person<br>Medf\u00f6ljande familjemedlem erbjuds rabatt om 2,000 kr<br><\/td><\/tr><tr><td><strong>EnkelRum<\/strong><\/td><td>+ 4,500 SEK<\/td><\/tr><tr><td><strong>Betalning<\/strong><\/td><td>Vid Bokning 30%, <strong>2023-07-01<\/strong> \u00e5terst\u00e5ende 70%<\/td><\/tr><tr><td><strong>F\u00f6rs\u00e4kring<\/strong><\/td><td>Deltagare ansvarar f\u00f6r sin egen f\u00f6rs\u00e4kring<\/td><\/tr><tr><td><strong>Flyg<\/strong><\/td><td>Arrangeras sj\u00e4lv eller via v\u00e5r gruppbokning. Se ovan<\/td><\/tr><tr><td><strong>Kvitto<\/strong><\/td><td>Kvitto\/Kontantfaktura tillhandah\u00e5lles vid f\u00f6rfr\u00e5gan<\/td><\/tr><tr><td><strong>Covid-19<\/strong><\/td><td>OM det visar sig bli f\u00f6rbjudet att resa till Italien sker fri ombokning till senare tillf\u00e4lle<\/td><\/tr><tr><td><strong>Avbokning<\/strong><\/td><td>Om vi inte kan hitta annan resen\u00e4r s\u00e5 g\u00e4ller f\u00f6ljande.<br>(<em>underl\u00e5tande betala inneb\u00e4r automatiskt avbokning<\/em>)<br><strong>T.o.m. 2023-07-01<\/strong>: Allt utom boknings avgift \u00e5terbetalas.<br><strong>T.o.m. 2023-08-01<\/strong>: 50% av betalat \u00e5terbetalas <br>Flyg kan avbokas, under s\u00e4rskilda villkor<br><\/td><\/tr><tr><td><strong>Villkor<\/strong><\/td><td>Deltagande sker p\u00e5 egen risk. <a href=\"https:\/\/inzain.bike\/villkor-deltagande\/\">Det finstilta<\/a><\/td><\/tr><\/tbody><\/table><\/figure>\n\n\n\n<p><strong>Anm\u00e4lan St\u00e4ngd<\/strong><\/p>\n","protected":false},"excerpt":{"rendered":"<p>Vi har lyckats f\u00e5 fram n\u00e5gra platser till, det \u00e4r f\u00f6rst till kvarn som g\u00e4ller. INZAIN bjuder in till en fantastisk gravel upplevelse i Toscana Oktober \u00e4r en ideal tid att cykla gravel i Toscana. Ljumt, men inte hett lite mindre folk &amp; fantastiska v\u00e4gar. Touren \u00e4r upplagd s\u00e5 att vi bor p\u00e5 tv\u00e5 olika [&hellip;]<\/p>\n","protected":false},"author":135133094,"featured_media":0,"parent":0,"menu_order":0,"comment_status":"closed","ping_status":"closed","template":"","meta":{"_coblocks_attr":"","_coblocks_dimensions":"","_coblocks_responsive_height":"","_coblocks_accordion_ie_support":"","footnotes":""},"class_list":["post-2015","page","type-page","status-publish","hentry"],"yoast_head":"<!-- This site is optimized with the Yoast SEO plugin v27.2 - https:\/\/yoast.com\/product\/yoast-seo-wordpress\/ -->\n<title>Toscana Gravel Tour 2023 - INZAIN Cycling EXPERIENCES<\/title>\n<meta name=\"robots\" content=\"index, follow, max-snippet:-1, max-image-preview:large, max-video-preview:-1\" \/>\n<link rel=\"canonical\" href=\"https:\/\/inzain.bike\/sv_se\/toscana-gravel-tour-2023\/\" \/>\n<meta property=\"og:locale\" content=\"sv_SE\" \/>\n<meta property=\"og:type\" content=\"article\" \/>\n<meta property=\"og:title\" content=\"Toscana Gravel Tour 2023 - INZAIN Cycling EXPERIENCES\" \/>\n<meta property=\"og:description\" content=\"Vi har lyckats f\u00e5 fram n\u00e5gra platser till, det \u00e4r f\u00f6rst till kvarn som g\u00e4ller. INZAIN bjuder in till en fantastisk gravel upplevelse i Toscana Oktober \u00e4r en ideal tid att cykla gravel i Toscana. Ljumt, men inte hett lite mindre folk &amp; fantastiska v\u00e4gar. Touren \u00e4r upplagd s\u00e5 att vi bor p\u00e5 tv\u00e5 olika [&hellip;]\" \/>\n<meta property=\"og:url\" content=\"https:\/\/inzain.bike\/sv_se\/toscana-gravel-tour-2023\/\" \/>\n<meta property=\"og:site_name\" content=\"INZAIN Cycling EXPERIENCES\" \/>\n<meta property=\"article:publisher\" content=\"https:\/\/www.facebook.com\/Inzain.bike\" \/>\n<meta property=\"article:modified_time\" content=\"2023-06-20T05:35:54+00:00\" \/>\n<meta property=\"og:image\" content=\"https:\/\/inzain.bike\/wp-content\/uploads\/2022\/08\/fully.jpg\" \/>\n<meta name=\"twitter:card\" content=\"summary_large_image\" \/>\n<meta name=\"twitter:label1\" content=\"Ber\u00e4knad l\u00e4stid\" \/>\n\t<meta name=\"twitter:data1\" content=\"8 minuter\" \/>\n<script type=\"application\/ld+json\" class=\"yoast-schema-graph\">{\"@context\":\"https:\/\/schema.org\",\"@graph\":[{\"@type\":\"WebPage\",\"@id\":\"https:\/\/inzain.bike\/es\/toscana-gravel-tour-2023\/\",\"url\":\"https:\/\/inzain.bike\/es\/toscana-gravel-tour-2023\/\",\"name\":\"Toscana Gravel Tour 2023 - INZAIN Cycling EXPERIENCES\",\"isPartOf\":{\"@id\":\"https:\/\/inzain.bike\/fr_be\/#website\"},\"primaryImageOfPage\":{\"@id\":\"https:\/\/inzain.bike\/es\/toscana-gravel-tour-2023\/#primaryimage\"},\"image\":{\"@id\":\"https:\/\/inzain.bike\/es\/toscana-gravel-tour-2023\/#primaryimage\"},\"thumbnailUrl\":\"https:\/\/inzain.bike\/wp-content\/uploads\/2022\/08\/fully.jpg\",\"datePublished\":\"2022-10-03T08:00:05+00:00\",\"dateModified\":\"2023-06-20T05:35:54+00:00\",\"breadcrumb\":{\"@id\":\"https:\/\/inzain.bike\/es\/toscana-gravel-tour-2023\/#breadcrumb\"},\"inLanguage\":\"sv-SE\",\"potentialAction\":[{\"@type\":\"ReadAction\",\"target\":[\"https:\/\/inzain.bike\/es\/toscana-gravel-tour-2023\/\"]}]},{\"@type\":\"ImageObject\",\"inLanguage\":\"sv-SE\",\"@id\":\"https:\/\/inzain.bike\/es\/toscana-gravel-tour-2023\/#primaryimage\",\"url\":\"https:\/\/inzain.bike\/wp-content\/uploads\/2022\/08\/fully.jpg\",\"contentUrl\":\"https:\/\/inzain.bike\/wp-content\/uploads\/2022\/08\/fully.jpg\"},{\"@type\":\"BreadcrumbList\",\"@id\":\"https:\/\/inzain.bike\/es\/toscana-gravel-tour-2023\/#breadcrumb\",\"itemListElement\":[{\"@type\":\"ListItem\",\"position\":1,\"name\":\"Hem\",\"item\":\"https:\/\/inzain.bike\/fr_be\/\"},{\"@type\":\"ListItem\",\"position\":2,\"name\":\"Toscana Gravel Tour 2023\"}]},{\"@type\":\"WebSite\",\"@id\":\"https:\/\/inzain.bike\/fr_be\/#website\",\"url\":\"https:\/\/inzain.bike\/fr_be\/\",\"name\":\"INZAIN Cycling EXPERIENCES\",\"description\":\"Cyckling Adventures  - for everyone\",\"publisher\":{\"@id\":\"https:\/\/inzain.bike\/fr_be\/#organization\"},\"alternateName\":\"INZAIN Gravel & Travel\",\"potentialAction\":[{\"@type\":\"SearchAction\",\"target\":{\"@type\":\"EntryPoint\",\"urlTemplate\":\"https:\/\/inzain.bike\/fr_be\/?s={search_term_string}\"},\"query-input\":{\"@type\":\"PropertyValueSpecification\",\"valueRequired\":true,\"valueName\":\"search_term_string\"}}],\"inLanguage\":\"sv-SE\"},{\"@type\":\"Organization\",\"@id\":\"https:\/\/inzain.bike\/fr_be\/#organization\",\"name\":\"INZAIN Cycling EXPERIENCES\",\"url\":\"https:\/\/inzain.bike\/fr_be\/\",\"logo\":{\"@type\":\"ImageObject\",\"inLanguage\":\"sv-SE\",\"@id\":\"https:\/\/inzain.bike\/fr_be\/#\/schema\/logo\/image\/\",\"url\":\"https:\/\/i0.wp.com\/inzain.bike\/wp-content\/uploads\/2023\/09\/cropped-INZAIN_512x512_white.png?fit=512%2C512&ssl=1\",\"contentUrl\":\"https:\/\/i0.wp.com\/inzain.bike\/wp-content\/uploads\/2023\/09\/cropped-INZAIN_512x512_white.png?fit=512%2C512&ssl=1\",\"width\":512,\"height\":512,\"caption\":\"INZAIN Cycling EXPERIENCES\"},\"image\":{\"@id\":\"https:\/\/inzain.bike\/fr_be\/#\/schema\/logo\/image\/\"},\"sameAs\":[\"https:\/\/www.facebook.com\/Inzain.bike\",\"https:\/\/www.instagram.com\/inzainbike\"]}]}<\/script>\n<!-- \/ Yoast SEO plugin. -->","yoast_head_json":{"title":"Toscana Gravel Tour 2023 - INZAIN Cycling EXPERIENCES","robots":{"index":"index","follow":"follow","max-snippet":"max-snippet:-1","max-image-preview":"max-image-preview:large","max-video-preview":"max-video-preview:-1"},"canonical":"https:\/\/inzain.bike\/sv_se\/toscana-gravel-tour-2023\/","og_locale":"sv_SE","og_type":"article","og_title":"Toscana Gravel Tour 2023 - INZAIN Cycling EXPERIENCES","og_description":"Vi har lyckats f\u00e5 fram n\u00e5gra platser till, det \u00e4r f\u00f6rst till kvarn som g\u00e4ller. INZAIN bjuder in till en fantastisk gravel upplevelse i Toscana Oktober \u00e4r en ideal tid att cykla gravel i Toscana. Ljumt, men inte hett lite mindre folk &amp; fantastiska v\u00e4gar. Touren \u00e4r upplagd s\u00e5 att vi bor p\u00e5 tv\u00e5 olika [&hellip;]","og_url":"https:\/\/inzain.bike\/sv_se\/toscana-gravel-tour-2023\/","og_site_name":"INZAIN Cycling EXPERIENCES","article_publisher":"https:\/\/www.facebook.com\/Inzain.bike","article_modified_time":"2023-06-20T05:35:54+00:00","og_image":[{"url":"https:\/\/inzain.bike\/wp-content\/uploads\/2022\/08\/fully.jpg","type":"","width":"","height":""}],"twitter_card":"summary_large_image","twitter_misc":{"Ber\u00e4knad l\u00e4stid":"8 minuter"},"schema":{"@context":"https:\/\/schema.org","@graph":[{"@type":"WebPage","@id":"https:\/\/inzain.bike\/es\/toscana-gravel-tour-2023\/","url":"https:\/\/inzain.bike\/es\/toscana-gravel-tour-2023\/","name":"Toscana Gravel Tour 2023 - INZAIN Cycling EXPERIENCES","isPartOf":{"@id":"https:\/\/inzain.bike\/fr_be\/#website"},"primaryImageOfPage":{"@id":"https:\/\/inzain.bike\/es\/toscana-gravel-tour-2023\/#primaryimage"},"image":{"@id":"https:\/\/inzain.bike\/es\/toscana-gravel-tour-2023\/#primaryimage"},"thumbnailUrl":"https:\/\/inzain.bike\/wp-content\/uploads\/2022\/08\/fully.jpg","datePublished":"2022-10-03T08:00:05+00:00","dateModified":"2023-06-20T05:35:54+00:00","breadcrumb":{"@id":"https:\/\/inzain.bike\/es\/toscana-gravel-tour-2023\/#breadcrumb"},"inLanguage":"sv-SE","potentialAction":[{"@type":"ReadAction","target":["https:\/\/inzain.bike\/es\/toscana-gravel-tour-2023\/"]}]},{"@type":"ImageObject","inLanguage":"sv-SE","@id":"https:\/\/inzain.bike\/es\/toscana-gravel-tour-2023\/#primaryimage","url":"https:\/\/inzain.bike\/wp-content\/uploads\/2022\/08\/fully.jpg","contentUrl":"https:\/\/inzain.bike\/wp-content\/uploads\/2022\/08\/fully.jpg"},{"@type":"BreadcrumbList","@id":"https:\/\/inzain.bike\/es\/toscana-gravel-tour-2023\/#breadcrumb","itemListElement":[{"@type":"ListItem","position":1,"name":"Hem","item":"https:\/\/inzain.bike\/fr_be\/"},{"@type":"ListItem","position":2,"name":"Toscana Gravel Tour 2023"}]},{"@type":"WebSite","@id":"https:\/\/inzain.bike\/fr_be\/#website","url":"https:\/\/inzain.bike\/fr_be\/","name":"INZAIN Cycling EXPERIENCES","description":"Cyckling Adventures  - for everyone","publisher":{"@id":"https:\/\/inzain.bike\/fr_be\/#organization"},"alternateName":"INZAIN Gravel & Travel","potentialAction":[{"@type":"SearchAction","target":{"@type":"EntryPoint","urlTemplate":"https:\/\/inzain.bike\/fr_be\/?s={search_term_string}"},"query-input":{"@type":"PropertyValueSpecification","valueRequired":true,"valueName":"search_term_string"}}],"inLanguage":"sv-SE"},{"@type":"Organization","@id":"https:\/\/inzain.bike\/fr_be\/#organization","name":"INZAIN Cycling EXPERIENCES","url":"https:\/\/inzain.bike\/fr_be\/","logo":{"@type":"ImageObject","inLanguage":"sv-SE","@id":"https:\/\/inzain.bike\/fr_be\/#\/schema\/logo\/image\/","url":"https:\/\/i0.wp.com\/inzain.bike\/wp-content\/uploads\/2023\/09\/cropped-INZAIN_512x512_white.png?fit=512%2C512&ssl=1","contentUrl":"https:\/\/i0.wp.com\/inzain.bike\/wp-content\/uploads\/2023\/09\/cropped-INZAIN_512x512_white.png?fit=512%2C512&ssl=1","width":512,"height":512,"caption":"INZAIN Cycling EXPERIENCES"},"image":{"@id":"https:\/\/inzain.bike\/fr_be\/#\/schema\/logo\/image\/"},"sameAs":["https:\/\/www.facebook.com\/Inzain.bike","https:\/\/www.instagram.com\/inzainbike"]}]}},"amp_enabled":true,"_links":{"self":[{"href":"https:\/\/inzain.bike\/sv_se\/wp-json\/wp\/v2\/pages\/2015","targetHints":{"allow":["GET"]}}],"collection":[{"href":"https:\/\/inzain.bike\/sv_se\/wp-json\/wp\/v2\/pages"}],"about":[{"href":"https:\/\/inzain.bike\/sv_se\/wp-json\/wp\/v2\/types\/page"}],"author":[{"embeddable":true,"href":"https:\/\/inzain.bike\/sv_se\/wp-json\/wp\/v2\/users\/135133094"}],"replies":[{"embeddable":true,"href":"https:\/\/inzain.bike\/sv_se\/wp-json\/wp\/v2\/comments?post=2015"}],"version-history":[{"count":0,"href":"https:\/\/inzain.bike\/sv_se\/wp-json\/wp\/v2\/pages\/2015\/revisions"}],"wp:attachment":[{"href":"https:\/\/inzain.bike\/sv_se\/wp-json\/wp\/v2\/media?parent=2015"}],"curies":[{"name":"wp","href":"https:\/\/api.w.org\/{rel}","templated":true}]}}