{"id":3464,"date":"2023-09-28T12:44:16","date_gmt":"2023-09-28T10:44:16","guid":{"rendered":"https:\/\/inzain.bike\/?page_id=3464"},"modified":"2024-03-09T09:54:55","modified_gmt":"2024-03-09T08:54:55","slug":"inzain-gran-canaria-gravel-camp","status":"publish","type":"page","link":"https:\/\/inzain.bike\/sv_se\/inzain-gran-canaria-gravel-camp\/","title":{"rendered":"Gran Canaria Gravel Camp"},"content":{"rendered":"\n<figure class=\"wp-block-image size-large\"><img loading=\"lazy\" decoding=\"async\" width=\"1024\" height=\"768\" src=\"https:\/\/inzain.bike\/wp-content\/uploads\/2023\/09\/IMG_2545-1024x768.jpg\" alt=\"\" class=\"wp-image-3471\" srcset=\"https:\/\/inzain.bike\/wp-content\/uploads\/2023\/09\/IMG_2545-1024x768.jpg 1024w, https:\/\/inzain.bike\/wp-content\/uploads\/2023\/09\/IMG_2545-300x225.jpg 300w, https:\/\/inzain.bike\/wp-content\/uploads\/2023\/09\/IMG_2545-768x576.jpg 768w, https:\/\/inzain.bike\/wp-content\/uploads\/2023\/09\/IMG_2545-1536x1152.jpg 1536w, https:\/\/inzain.bike\/wp-content\/uploads\/2023\/09\/IMG_2545-16x12.jpg 16w, https:\/\/inzain.bike\/wp-content\/uploads\/2023\/09\/IMG_2545-1320x990.jpg 1320w, https:\/\/inzain.bike\/wp-content\/uploads\/2023\/09\/IMG_2545-600x450.jpg 600w, https:\/\/inzain.bike\/wp-content\/uploads\/2023\/09\/IMG_2545.jpg 1600w\" sizes=\"auto, (max-width: 1024px) 100vw, 1024px\" \/><\/figure>\n\n\n\n<p><strong>N\u00e4r<\/strong>: 19-26  januari 2024<br><strong>Var<\/strong>: Gran Canaria<br><strong>Hur<\/strong>: \u00c4ventyrligt Gravel Camp med mycket kl\u00e4ttring<br><strong>Hotell<\/strong>: Vi bor p\u00e5 CasaCalma, ett dedicerat cykelhotell<br><strong>\u00c4ta<\/strong>: Frukost och middag p\u00e5 CasaCalma ing\u00e5r.<\/p>\n\n\n\n<p>Inzain, och CasaCalma v\u00e4lkomnar dig till Gran Canaria och en veckas cykling p\u00e5 stig och grusv\u00e4g.&nbsp; F\u00f6r tredje \u00e5ret i rad s\u00e5 \u00f6ppnar cykelhotellet CasaCalma sina portar \u00e5t oss i Januari.&nbsp;<\/p>\n\n\n\n<figure class=\"wp-block-image size-large\"><img loading=\"lazy\" decoding=\"async\" width=\"1024\" height=\"576\" src=\"https:\/\/inzain.bike\/wp-content\/uploads\/2023\/09\/DJI_0071-1024x576.jpg\" alt=\"\" class=\"wp-image-3550\" srcset=\"https:\/\/inzain.bike\/wp-content\/uploads\/2023\/09\/DJI_0071-1024x576.jpg 1024w, https:\/\/inzain.bike\/wp-content\/uploads\/2023\/09\/DJI_0071-300x169.jpg 300w, https:\/\/inzain.bike\/wp-content\/uploads\/2023\/09\/DJI_0071-768x432.jpg 768w, https:\/\/inzain.bike\/wp-content\/uploads\/2023\/09\/DJI_0071-1536x864.jpg 1536w, https:\/\/inzain.bike\/wp-content\/uploads\/2023\/09\/DJI_0071-2048x1152.jpg 2048w, https:\/\/inzain.bike\/wp-content\/uploads\/2023\/09\/DJI_0071-18x10.jpg 18w, https:\/\/inzain.bike\/wp-content\/uploads\/2023\/09\/DJI_0071-1320x743.jpg 1320w, https:\/\/inzain.bike\/wp-content\/uploads\/2023\/09\/DJI_0071-600x338.jpg 600w\" sizes=\"auto, (max-width: 1024px) 100vw, 1024px\" \/><\/figure>\n\n\n\n<p><br><br>N\u00e4r det \u00e4r som m\u00f6rkast hemma v\u00e4ntar denna \u00f6 med enligt m\u00e5nga det b\u00e4sta klimatet p\u00e5 Jorden oss.&nbsp;Denna vecka riktar sig till dig som vill ta din cykel (gravel eller MTB) lite l\u00e4ngre \u00e4n den vanliga turen.&nbsp;<br><\/p>\n\n\n\n<p>\u00d6n erbjuder fantastiska vyer, stillhet och h\u00e4nf\u00f6rande utsikt p\u00e5 varje dagstur.&nbsp;Det enda som kr\u00e4vs \u00e4r r\u00e4tt utv\u00e4xling och att du sk\u00f6tt vintertr\u00e4ningen innan n\u00e5gorlunda.&nbsp;<br><\/p>\n\n\n\n<figure class=\"wp-block-image size-large\"><img loading=\"lazy\" decoding=\"async\" width=\"1024\" height=\"684\" src=\"https:\/\/inzain.bike\/wp-content\/uploads\/2023\/09\/DSC02489-1024x684.jpg\" alt=\"\" class=\"wp-image-3552\" srcset=\"https:\/\/inzain.bike\/wp-content\/uploads\/2023\/09\/DSC02489-1024x684.jpg 1024w, https:\/\/inzain.bike\/wp-content\/uploads\/2023\/09\/DSC02489-300x200.jpg 300w, https:\/\/inzain.bike\/wp-content\/uploads\/2023\/09\/DSC02489-768x513.jpg 768w, https:\/\/inzain.bike\/wp-content\/uploads\/2023\/09\/DSC02489-1536x1027.jpg 1536w, https:\/\/inzain.bike\/wp-content\/uploads\/2023\/09\/DSC02489-18x12.jpg 18w, https:\/\/inzain.bike\/wp-content\/uploads\/2023\/09\/DSC02489-1320x882.jpg 1320w, https:\/\/inzain.bike\/wp-content\/uploads\/2023\/09\/DSC02489-600x401.jpg 600w, https:\/\/inzain.bike\/wp-content\/uploads\/2023\/09\/DSC02489.jpg 1616w\" sizes=\"auto, (max-width: 1024px) 100vw, 1024px\" \/><\/figure>\n\n\n\n<p>CasaCalma \u00e4r inne p\u00e5 sitt fj\u00e4rde \u00e5r som cykelhotell och vet precis vad vi brukar tycka om.&nbsp;Nytt f\u00f6r de senaste \u00e5ret \u00e4r att vi \u00e4ven har en egen f\u00f6ljebil att tillg\u00e5 p\u00e5 de l\u00e4ngre turerna.&nbsp;<\/p>\n\n\n\n<p>CasaCalma erbjuder \u00e4ven egen uthyrning av gravelcyklar till dig som beh\u00f6ver och inte v\u00e4ljer att ta med egen.&nbsp;<\/p>\n\n\n\n<figure class=\"wp-block-image size-large\"><img loading=\"lazy\" decoding=\"async\" width=\"684\" height=\"1024\" src=\"https:\/\/inzain.bike\/wp-content\/uploads\/2023\/09\/DSC02520-684x1024.jpg\" alt=\"\" class=\"wp-image-3554\" srcset=\"https:\/\/inzain.bike\/wp-content\/uploads\/2023\/09\/DSC02520-684x1024.jpg 684w, https:\/\/inzain.bike\/wp-content\/uploads\/2023\/09\/DSC02520-200x300.jpg 200w, https:\/\/inzain.bike\/wp-content\/uploads\/2023\/09\/DSC02520-768x1149.jpg 768w, https:\/\/inzain.bike\/wp-content\/uploads\/2023\/09\/DSC02520-1027x1536.jpg 1027w, https:\/\/inzain.bike\/wp-content\/uploads\/2023\/09\/DSC02520-8x12.jpg 8w, https:\/\/inzain.bike\/wp-content\/uploads\/2023\/09\/DSC02520-600x898.jpg 600w, https:\/\/inzain.bike\/wp-content\/uploads\/2023\/09\/DSC02520.jpg 1080w\" sizes=\"auto, (max-width: 684px) 100vw, 684px\" \/><\/figure>\n\n\n\n<p>Terr\u00e4ngen \u00e4r lite tuffare s\u00e5 ta om du k\u00e4nner dig mer bekv\u00e4m med en MTB s\u00e5 ta med den. P\u00e5 f\u00f6rra \u00e5rets l\u00e4ger samma vecka s\u00e5 hade vi b\u00e5de MTB och gravel p\u00e5 samma rundor. &nbsp;<\/p>\n\n\n\n<p>Varje dag har sin unika pr\u00e4gel. Och n\u00e4sta \u00e5rs nyhet \u00e4r vinprovningen fr\u00e5n ving\u00e5rdarna med anor fr\u00e5n 1500.talet kring Bandama. &nbsp;Efter att vi har n\u00e5tt toppen p\u00e5 \u00f6n p\u00e5 grusv\u00e4g. Tala om m\u00e5lbild och fin avslutning p\u00e5 dagen.&nbsp;<\/p>\n\n\n\n<p><strong>Dag 0<\/strong>.&nbsp;<\/p>\n\n\n\n<p>Ankomst och upph\u00e4mtning vid flygplats. Kort 20 min.transfer till CasaCalma. Fix med cykel (egen eller hyrcykel). V\u00e4lkomstdrink p\u00e5 stora takterassen. Gemensam middag, tillagad p\u00e5 lokala r\u00e5varor.<\/p>\n\n\n\n<p><strong>Dag 1 \u2013 Grand Canyon<\/strong>&nbsp;<\/p>\n\n\n\n<p>Vi b\u00f6rjar lite lugnt, men utsikten \u00e4r bed\u00e5rande trots att vi bara \u00e4r n\u00e5n km fr\u00e5n havet.&nbsp;<\/p>\n\n\n\n<figure class=\"wp-block-image size-full\"><img loading=\"lazy\" decoding=\"async\" width=\"1024\" height=\"114\" src=\"https:\/\/inzain.bike\/wp-content\/uploads\/2023\/09\/image.png\" alt=\"\" class=\"wp-image-3466\" srcset=\"https:\/\/inzain.bike\/wp-content\/uploads\/2023\/09\/image.png 1024w, https:\/\/inzain.bike\/wp-content\/uploads\/2023\/09\/image-300x33.png 300w, https:\/\/inzain.bike\/wp-content\/uploads\/2023\/09\/image-768x86.png 768w, https:\/\/inzain.bike\/wp-content\/uploads\/2023\/09\/image-18x2.png 18w, https:\/\/inzain.bike\/wp-content\/uploads\/2023\/09\/image-600x67.png 600w\" sizes=\"auto, (max-width: 1024px) 100vw, 1024px\" \/><\/figure>\n\n\n\n<p>Trots att den \u00e4r granne med huset g\u00f6r den verkligen sk\u00e4l f\u00f6r sitt smeknamn h\u00e4r p\u00e5 \u00f6n.&nbsp; Det \u00e4r ingen slump att den \u00e4r den mest bes\u00f6kta grusrundan p\u00e5 hela \u00f6n av de bofasta gravelcyklisterna.&nbsp; Vi rullar ner fr\u00e5n huset och n\u00e5r redan gruset efter 5 minuter och&nbsp;f\u00e5r en f\u00f6rmiddag i en milj\u00f6 som inte sett n\u00e5gon bil (bara terr\u00e4ngfordon) p\u00e5 m\u00e5nga \u00e5r.&nbsp; Mot slutet av turen n\u00e5r vi den otroligt mysiga byn Ayaguares, en fika eller sen lunch d\u00e4r innan vi tar de sista kilometrarna tillbaka till huset.&nbsp;<\/p>\n\n\n\n<figure class=\"wp-block-image size-large\"><img loading=\"lazy\" decoding=\"async\" width=\"1024\" height=\"576\" src=\"https:\/\/inzain.bike\/wp-content\/uploads\/2023\/09\/DJI_0117-1-1024x576.jpg\" alt=\"\" class=\"wp-image-3553\" srcset=\"https:\/\/inzain.bike\/wp-content\/uploads\/2023\/09\/DJI_0117-1-1024x576.jpg 1024w, https:\/\/inzain.bike\/wp-content\/uploads\/2023\/09\/DJI_0117-1-300x169.jpg 300w, https:\/\/inzain.bike\/wp-content\/uploads\/2023\/09\/DJI_0117-1-768x432.jpg 768w, https:\/\/inzain.bike\/wp-content\/uploads\/2023\/09\/DJI_0117-1-1536x864.jpg 1536w, https:\/\/inzain.bike\/wp-content\/uploads\/2023\/09\/DJI_0117-1-2048x1152.jpg 2048w, https:\/\/inzain.bike\/wp-content\/uploads\/2023\/09\/DJI_0117-1-18x10.jpg 18w, https:\/\/inzain.bike\/wp-content\/uploads\/2023\/09\/DJI_0117-1-1320x743.jpg 1320w, https:\/\/inzain.bike\/wp-content\/uploads\/2023\/09\/DJI_0117-1-600x338.jpg 600w\" sizes=\"auto, (max-width: 1024px) 100vw, 1024px\" \/><figcaption class=\"wp-element-caption\">default<\/figcaption><\/figure>\n\n\n\n<p><strong>Dag 2 Pico<\/strong>&nbsp;<\/p>\n\n\n\n<p>Vi tar oss till toppen, dagen b\u00f6rjar och slutar med biltransport. 81km \/ 2,223 hm&nbsp;<br>Denna dag \u00e4r det h\u00f6jdmeter och milsvid utsikt som g\u00e4ller.&nbsp;En tur till toppen \u00e4r en av de stora klassikerna h\u00e4r p\u00e5 \u00f6n,&nbsp; och nu har vi rekat fram en underbar rutt som till stora delar g\u00e5r p\u00e5 grus dit.&nbsp; H\u00e4r f\u00e5r vi \u00e4ven nytta av v\u00e5r f\u00f6ljebil som tar oss \u00f6sterut ovanf\u00f6r flygplatsen.&nbsp; Vi startar direkt p\u00e5 stranden och redan efter 1 km n\u00e5r vi den ravin\/barranco som kommer ta oss mot toppen.&nbsp; Var beredd p\u00e5 tropisk vegetation och djurliv ut\u00f6ver det vanliga (sist jag var d\u00e4r en \u00f6dla stor som en tax..<img decoding=\"async\" src=\"https:\/\/res-1.cdn.office.net\/officeonline\/we\/s\/hA3596C17DAD9A003_resources\/1053\/progress.gif\">)&nbsp;Nytt f\u00f6r 2024 \u00e4r att vi p\u00e5 v\u00e4gen hem bes\u00f6ker de fina ving\u00e5rdarna kring Bandamaomr\u00e5det. T\u00e4nk att f\u00e5 smaka lokala viner med anor fr\u00e5n 1500 talet. (Unikt f\u00f6r Europa!) Ingen har v\u00e4l missat att detta har blivit v\u00e4ldigt popul\u00e4rt och omtyckt.&nbsp;<\/p>\n\n\n\n<p><br><\/p>\n\n\n\n<p><strong>Dag 3 \u2013 TamaBada<\/strong>&nbsp;<\/p>\n\n\n\n<p>Veckans utmaning \u2013 de luxe ( 181km \/ 3,994hm)&nbsp;<\/p>\n\n\n\n<figure class=\"wp-block-image size-full\"><img loading=\"lazy\" decoding=\"async\" width=\"1024\" height=\"113\" src=\"https:\/\/inzain.bike\/wp-content\/uploads\/2023\/09\/image-2.png\" alt=\"\" class=\"wp-image-3469\" srcset=\"https:\/\/inzain.bike\/wp-content\/uploads\/2023\/09\/image-2.png 1024w, https:\/\/inzain.bike\/wp-content\/uploads\/2023\/09\/image-2-300x33.png 300w, https:\/\/inzain.bike\/wp-content\/uploads\/2023\/09\/image-2-768x85.png 768w, https:\/\/inzain.bike\/wp-content\/uploads\/2023\/09\/image-2-18x2.png 18w, https:\/\/inzain.bike\/wp-content\/uploads\/2023\/09\/image-2-600x66.png 600w\" sizes=\"auto, (max-width: 1024px) 100vw, 1024px\" \/><\/figure>\n\n\n\n<p>Veckans stora utmaning (om man tar den p\u00e5 cykeln hela v\u00e4gen) och veckans stora \u201cjuvel\u201d.&nbsp; Vi tar oss l\u00e5ngt v\u00e4sterut p\u00e5 \u00f6n, hela v\u00e4gen ner till den \u00f6vergivna landsv\u00e4gen som naturen b\u00f6rjar ta tillbaka.&nbsp; Vi kommer d\u00e4r cykla med tr\u00e4d som v\u00e4xer rakt upp i v\u00e4gen och sen har vi havet och Teneriffa p\u00e5 v\u00e5r v\u00e4nstra sida. Garanterat en ny upplevelse.&nbsp; Vi tar sedan h\u00f6ger och in p\u00e5 fint sportgrus, in mot mitten p\u00e5 \u00f6n,&nbsp; \u00f6dsligt och vackert precis som det ska vara och bara n\u00e5gon stuga \/ finca h\u00e4r och d\u00e4r.&nbsp; Till slut n\u00e5r vi Artenara och den underbara dalen ner till Tejeda som \u00e4r framr\u00f6stad som den mest pittoreska byn i hela Spanien och jag har aldrig h\u00f6rt n\u00e5gon s\u00e4ga emot.&nbsp; Detta \u00e4r en l\u00e5ng tur om man tar den d\u00f6rr till d\u00f6rr, men v\u00e5r bil \u00e4r med hela v\u00e4gen.&nbsp;<\/p>\n\n\n\n<p><strong>Dag 4<\/strong>&nbsp;\u2013&nbsp;<strong>Pilancones<\/strong>&nbsp;<\/p>\n\n\n\n<figure class=\"wp-block-image size-full\"><img loading=\"lazy\" decoding=\"async\" width=\"1024\" height=\"112\" src=\"https:\/\/inzain.bike\/wp-content\/uploads\/2023\/09\/image-1.png\" alt=\"\" class=\"wp-image-3468\" srcset=\"https:\/\/inzain.bike\/wp-content\/uploads\/2023\/09\/image-1.png 1024w, https:\/\/inzain.bike\/wp-content\/uploads\/2023\/09\/image-1-300x33.png 300w, https:\/\/inzain.bike\/wp-content\/uploads\/2023\/09\/image-1-768x84.png 768w, https:\/\/inzain.bike\/wp-content\/uploads\/2023\/09\/image-1-18x2.png 18w, https:\/\/inzain.bike\/wp-content\/uploads\/2023\/09\/image-1-600x66.png 600w\" sizes=\"auto, (max-width: 1024px) 100vw, 1024px\" \/><\/figure>\n\n\n\n<p>Detta \u00e4r dagen efter den \u201cstora dagen\u201d s\u00e5 denna dag \u00e4r mycket \u201cl\u00e4ttare\u201d och kanske en vilodag f\u00f6r dem som vill hellre vara p\u00e5 stranden.&nbsp;Vi andra kommer att f\u00e5 vara med om ett riktigt \u00e4ventyr.&nbsp;P\u00e5 pappret ser denna jobbig ut, men beror p\u00e5 hur man ser det.&nbsp; Den f\u00f6rsta \u00bd timmen g\u00e5r man n\u00e4mligen med cykeln p\u00e5 en smal stig som tar oss upp\u00e5t och h\u00f6jdmetrarna k\u00e4nns d\u00e4rmed l\u00e4ttare.&nbsp;Denna promenad \u00e4r v\u00e4l v\u00e4rd att g\u00f6ra. Milj\u00f6n vi kommer att f\u00e5 uppleva \u00e4r h\u00e4nf\u00f6rande.&nbsp;Ingen bil p\u00e5 hela dagen och d\u00e4rmed helt ost\u00f6rt v\u00e4xtliv och natur, v\u00e4l v\u00e4rd m\u00f6dan!!&nbsp;&nbsp;<\/p>\n\n\n\n<p><strong>Dag 5 Chira<\/strong>&nbsp;<\/p>\n\n\n\n<p>(82km \/ 1,974 hm)&nbsp;<\/p>\n\n\n\n<figure class=\"wp-block-image size-large\"><img loading=\"lazy\" decoding=\"async\" width=\"1024\" height=\"684\" src=\"https:\/\/inzain.bike\/wp-content\/uploads\/2023\/09\/DSC02526-1024x684.jpg\" alt=\"\" class=\"wp-image-3473\" title=\"Det g\u00e5r inte att klistra in bilden fr\u00e5n Urklipp men du kan spara den p\u00e5 datorn och infoga den d\u00e4rifr\u00e5n.\" srcset=\"https:\/\/inzain.bike\/wp-content\/uploads\/2023\/09\/DSC02526-1024x684.jpg 1024w, https:\/\/inzain.bike\/wp-content\/uploads\/2023\/09\/DSC02526-300x200.jpg 300w, https:\/\/inzain.bike\/wp-content\/uploads\/2023\/09\/DSC02526-768x513.jpg 768w, https:\/\/inzain.bike\/wp-content\/uploads\/2023\/09\/DSC02526-1536x1027.jpg 1536w, https:\/\/inzain.bike\/wp-content\/uploads\/2023\/09\/DSC02526-18x12.jpg 18w, https:\/\/inzain.bike\/wp-content\/uploads\/2023\/09\/DSC02526-1320x882.jpg 1320w, https:\/\/inzain.bike\/wp-content\/uploads\/2023\/09\/DSC02526-600x401.jpg 600w, https:\/\/inzain.bike\/wp-content\/uploads\/2023\/09\/DSC02526.jpg 1616w\" sizes=\"auto, (max-width: 1024px) 100vw, 1024px\" \/><\/figure>\n\n\n\n<p>V\u00e5rt grannomr\u00e5de och n\u00e5got vi ser fr\u00e5n husets takterrass varje dag.&nbsp; Rundan b\u00f6rjar p\u00e5 asfalt som tar oss upp h\u00f6gt d\u00e4r v\u00e4gen g\u00e5r \u00f6ver till grus.&nbsp; Makal\u00f6st vackert och vi ser bla.ner i Soriadalen d\u00e4r alla racercyklister ovetande tar sig upp.&nbsp; Efter ungef\u00e4r halva turen n\u00e5r vi fram till den stora Chiradammen som \u00e4r m\u00e4ktig i sin storlek.&nbsp; Efter detta planar v\u00e4gen ut och vi n\u00e5r de stora f\u00e4lten som ofta har blommande raps \/ sm\u00f6rblommor.&nbsp;Allt detta inte l\u00e5ngt fr\u00e5n hav och \u00f6kenklimat n\u00e5n mil bort.&nbsp;<\/p>\n\n\n\n<p><strong>Dag 6 Santa Lucia<\/strong>&nbsp;<\/p>\n\n\n\n<p>Klassiska v\u00e4gar blandat med nya, p\u00e5 grus (72km \/ 1,561hm)&nbsp;<\/p>\n\n\n\n<figure class=\"wp-block-image size-large\"><img loading=\"lazy\" decoding=\"async\" width=\"1024\" height=\"576\" src=\"https:\/\/inzain.bike\/wp-content\/uploads\/2023\/09\/DJI_0117-1024x576.jpg\" alt=\"\" class=\"wp-image-3474\" title=\"Det g\u00e5r inte att klistra in bilden fr\u00e5n Urklipp men du kan spara den p\u00e5 datorn och infoga den d\u00e4rifr\u00e5n.\" srcset=\"https:\/\/inzain.bike\/wp-content\/uploads\/2023\/09\/DJI_0117-1024x576.jpg 1024w, https:\/\/inzain.bike\/wp-content\/uploads\/2023\/09\/DJI_0117-300x169.jpg 300w, https:\/\/inzain.bike\/wp-content\/uploads\/2023\/09\/DJI_0117-768x432.jpg 768w, https:\/\/inzain.bike\/wp-content\/uploads\/2023\/09\/DJI_0117-1536x864.jpg 1536w, https:\/\/inzain.bike\/wp-content\/uploads\/2023\/09\/DJI_0117-2048x1152.jpg 2048w, https:\/\/inzain.bike\/wp-content\/uploads\/2023\/09\/DJI_0117-18x10.jpg 18w, https:\/\/inzain.bike\/wp-content\/uploads\/2023\/09\/DJI_0117-1320x743.jpg 1320w, https:\/\/inzain.bike\/wp-content\/uploads\/2023\/09\/DJI_0117-600x338.jpg 600w\" sizes=\"auto, (max-width: 1024px) 100vw, 1024px\" \/><figcaption class=\"wp-element-caption\">default<\/figcaption><\/figure>\n\n\n\n<p>Den perfekt avslutningen p\u00e5 en vecka med alla starka upplevelser.&nbsp; Denna tur g\u00f6rs p\u00e5 grus upp den v\u00e4stra sidan av den ravin som \u00e4r s\u00e5 popul\u00e4r bland racercyklsiter.&nbsp; Vi ser hela tiden underbart vackra och helt vita byn Sankta Lucia p\u00e5 v\u00e5r h\u00f6gra sida. F\u00f6r dom som vill s\u00e5 fikar vi d\u00e4r innan vi n\u00e5r San Bartolome som \u00e4r dagens h\u00f6gsta punkt.&nbsp;V\u00e4l d\u00e4r kan man v\u00e4lja vilken v\u00e4g man vill ta hem.&nbsp; Antingen rakt ner n\u00e4rmaste f\u00f6rbi vackra och k\u00e4nda Fataga (bla.fr\u00e5n S\u00e4llskapsresan).&nbsp; Eller k\u00f6ra \u00e4nnu mer grus och varianter p\u00e5 \u201cChira\u201d och \u201cPilancones\u201d.&nbsp;&nbsp;<\/p>\n\n\n\n<p><strong>F\u00f6ljebil<\/strong>&nbsp;<\/p>\n\n\n\n<p>V\u00e5r f\u00f6ljebil kommer att finnas med varje dag f\u00f6r att vi ska komma \u00e5t godbitarna p\u00e5 \u00f6n b\u00e4ttre.&nbsp;Den ger oss \u00e4ven en s\u00e4kerhet vid om n\u00e5got h\u00e4nder med dig eller din cykel (eller dina ben :))&nbsp;<\/p>\n\n\n\n<p>F\u00f6ljebilen har vatten, sportdryck, gels, bars, extra cykel och ev.extra kl\u00e4der (som aldrig brukar beh\u00f6vas\u2026)&nbsp;&nbsp;&nbsp;<\/p>\n\n\n\n<p><strong>After Bike och bad<\/strong>&nbsp;<\/p>\n\n\n\n<p>V\u00e4l tillbaka i huset kan du se framemot en h\u00e4rlig middag gjord p\u00e5 lokala r\u00e5varor, After Bike uppe p\u00e5 en takterass med milsvid utsikt \u00f6ver k\u00e4nda Maspalomas sanddyner och ett glittrande hav bakom.&nbsp;&nbsp;<\/p>\n\n\n\n<p>Varf\u00f6r inte ett ta ett bad i den nya jacuzzin med endast m\u00e5ne och stj\u00e4rnor ovanf\u00f6r.&nbsp;<\/p>\n\n\n\n<p>Varmt v\u00e4lkomna till Gran Canaria \u00f6nskar INZAIN<\/p>\n\n\n\n<p><strong>FAKTA<\/strong><\/p>\n\n\n\n<figure class=\"wp-block-table\"><table><tbody><tr><td><strong>N\u00e4r<\/strong><\/td><td>19-26 januari 2024<\/td><\/tr><tr><td><strong>Var<\/strong><\/td><td>Gran Canaria<\/td><\/tr><tr><td><strong>Boende<\/strong><\/td><td>CasaCalma \u2013 Cykelhotell<\/td><\/tr><tr><td><strong>Vad ing\u00e5r<\/strong><\/td><td>Boende (delat dubbelrum f\u00f6r tv\u00e5 personer) med Frukost &amp; middag, rutter, s\u00e4kerhetsbil, lagring av bike bag, guider, foto\/film.<\/td><\/tr><tr><td><strong>Pris<\/strong><\/td><td>14,500 kr<\/td><\/tr><tr><td><strong>EnkelRum<\/strong><\/td><td>+ 4,000 kr<\/td><\/tr><tr><td><strong>Betalning<\/strong><\/td><td>Vid bokning: 3,500kr anm\u00e4lningsdatum = betaldatum<br>2024-01-01: Resterande del<br>Swish till CJ: 123 139 2919 ange \u201dGC Gravel 2024\u201d och ditt namn<\/td><\/tr><tr><td><strong>F\u00f6rs\u00e4kring<\/strong><\/td><td>Deltagare ansvarar f\u00f6r sin egen f\u00f6rs\u00e4kring<\/td><\/tr><tr><td><strong>Flyg<\/strong><\/td><td>Alla bokar eget flyg. Transfer ing\u00e5r.<\/td><\/tr><tr><td><strong>Kvitto<\/strong><\/td><td>Kvitto\/Kontantfaktura tillhandah\u00e5lles vid f\u00f6rfr\u00e5gan<\/td><\/tr><tr><td><strong>Avbokning<\/strong><\/td><td>(<em>underl\u00e5tande betala inneb\u00e4r automatiskt avbokning<\/em>)<br><strong>T.o.m. 2024-01-01<\/strong>: Handpenning f\u00f6rverkad<br><strong>T.o.m. 2024-01-15<\/strong>: Hela beloppet f\u00f6rverkat<\/td><\/tr><tr><td><strong>Villkor<\/strong><\/td><td>Deltagande sker p\u00e5 egen risk.&nbsp;<a href=\"https:\/\/inzain.bike\/villkor-deltagande\/\">Det finstilta<\/a><\/td><\/tr><\/tbody><\/table><\/figure>\n\n\n\n<p><br><br><strong>Anm\u00e4lan St\u00e4ngd<\/strong><\/p>\n\n\n\n<p><\/p>\n","protected":false},"excerpt":{"rendered":"<p>N\u00e4r: 19-26 januari 2024Var: Gran CanariaHur: \u00c4ventyrligt Gravel Camp med mycket kl\u00e4ttringHotell: Vi bor p\u00e5 CasaCalma, ett dedicerat cykelhotell\u00c4ta: Frukost och middag p\u00e5 CasaCalma ing\u00e5r. Inzain, och CasaCalma v\u00e4lkomnar dig till Gran Canaria och en veckas cykling p\u00e5 stig och grusv\u00e4g.&nbsp; F\u00f6r tredje \u00e5ret i rad s\u00e5 \u00f6ppnar cykelhotellet CasaCalma sina portar \u00e5t oss i [&hellip;]<\/p>\n","protected":false},"author":135133094,"featured_media":0,"parent":0,"menu_order":0,"comment_status":"closed","ping_status":"closed","template":"","meta":{"_coblocks_attr":"","_coblocks_dimensions":"","_coblocks_responsive_height":"","_coblocks_accordion_ie_support":"","footnotes":""},"class_list":["post-3464","page","type-page","status-publish","hentry"],"yoast_head":"<!-- This site is optimized with the Yoast SEO plugin v27.2 - https:\/\/yoast.com\/product\/yoast-seo-wordpress\/ -->\n<title>Gran Canaria Gravel Camp - INZAIN Cycling EXPERIENCES<\/title>\n<meta name=\"robots\" content=\"index, follow, max-snippet:-1, max-image-preview:large, max-video-preview:-1\" \/>\n<link rel=\"canonical\" href=\"https:\/\/inzain.bike\/sv_se\/inzain-gran-canaria-gravel-camp\/\" \/>\n<meta property=\"og:locale\" content=\"sv_SE\" \/>\n<meta property=\"og:type\" content=\"article\" \/>\n<meta property=\"og:title\" content=\"Gran Canaria Gravel Camp - INZAIN Cycling EXPERIENCES\" \/>\n<meta property=\"og:description\" content=\"N\u00e4r: 19-26 januari 2024Var: Gran CanariaHur: \u00c4ventyrligt Gravel Camp med mycket kl\u00e4ttringHotell: Vi bor p\u00e5 CasaCalma, ett dedicerat cykelhotell\u00c4ta: Frukost och middag p\u00e5 CasaCalma ing\u00e5r. Inzain, och CasaCalma v\u00e4lkomnar dig till Gran Canaria och en veckas cykling p\u00e5 stig och grusv\u00e4g.&nbsp; F\u00f6r tredje \u00e5ret i rad s\u00e5 \u00f6ppnar cykelhotellet CasaCalma sina portar \u00e5t oss i [&hellip;]\" \/>\n<meta property=\"og:url\" content=\"https:\/\/inzain.bike\/sv_se\/inzain-gran-canaria-gravel-camp\/\" \/>\n<meta property=\"og:site_name\" content=\"INZAIN Cycling EXPERIENCES\" \/>\n<meta property=\"article:publisher\" content=\"https:\/\/www.facebook.com\/Inzain.bike\" \/>\n<meta property=\"article:modified_time\" content=\"2024-03-09T08:54:55+00:00\" \/>\n<meta property=\"og:image\" content=\"https:\/\/inzain.bike\/wp-content\/uploads\/2023\/09\/IMG_2545-1024x768.jpg\" \/>\n<meta name=\"twitter:card\" content=\"summary_large_image\" \/>\n<meta name=\"twitter:label1\" content=\"Ber\u00e4knad l\u00e4stid\" \/>\n\t<meta name=\"twitter:data1\" content=\"9 minuter\" \/>\n<script type=\"application\/ld+json\" class=\"yoast-schema-graph\">{\"@context\":\"https:\/\/schema.org\",\"@graph\":[{\"@type\":\"WebPage\",\"@id\":\"https:\/\/inzain.bike\/nl_be\/inzain-gran-canaria-gravel-camp\/\",\"url\":\"https:\/\/inzain.bike\/nl_be\/inzain-gran-canaria-gravel-camp\/\",\"name\":\"Gran Canaria Gravel Camp - INZAIN Cycling EXPERIENCES\",\"isPartOf\":{\"@id\":\"https:\/\/inzain.bike\/fr_be\/#website\"},\"primaryImageOfPage\":{\"@id\":\"https:\/\/inzain.bike\/nl_be\/inzain-gran-canaria-gravel-camp\/#primaryimage\"},\"image\":{\"@id\":\"https:\/\/inzain.bike\/nl_be\/inzain-gran-canaria-gravel-camp\/#primaryimage\"},\"thumbnailUrl\":\"https:\/\/inzain.bike\/wp-content\/uploads\/2023\/09\/IMG_2545-1024x768.jpg\",\"datePublished\":\"2023-09-28T10:44:16+00:00\",\"dateModified\":\"2024-03-09T08:54:55+00:00\",\"breadcrumb\":{\"@id\":\"https:\/\/inzain.bike\/nl_be\/inzain-gran-canaria-gravel-camp\/#breadcrumb\"},\"inLanguage\":\"sv-SE\",\"potentialAction\":[{\"@type\":\"ReadAction\",\"target\":[\"https:\/\/inzain.bike\/nl_be\/inzain-gran-canaria-gravel-camp\/\"]}]},{\"@type\":\"ImageObject\",\"inLanguage\":\"sv-SE\",\"@id\":\"https:\/\/inzain.bike\/nl_be\/inzain-gran-canaria-gravel-camp\/#primaryimage\",\"url\":\"https:\/\/inzain.bike\/wp-content\/uploads\/2023\/09\/IMG_2545-1024x768.jpg\",\"contentUrl\":\"https:\/\/inzain.bike\/wp-content\/uploads\/2023\/09\/IMG_2545-1024x768.jpg\"},{\"@type\":\"BreadcrumbList\",\"@id\":\"https:\/\/inzain.bike\/nl_be\/inzain-gran-canaria-gravel-camp\/#breadcrumb\",\"itemListElement\":[{\"@type\":\"ListItem\",\"position\":1,\"name\":\"Hem\",\"item\":\"https:\/\/inzain.bike\/fr_be\/\"},{\"@type\":\"ListItem\",\"position\":2,\"name\":\"Gran Canaria Gravel Camp\"}]},{\"@type\":\"WebSite\",\"@id\":\"https:\/\/inzain.bike\/fr_be\/#website\",\"url\":\"https:\/\/inzain.bike\/fr_be\/\",\"name\":\"INZAIN Cycling EXPERIENCES\",\"description\":\"Cyckling Adventures  - for everyone\",\"publisher\":{\"@id\":\"https:\/\/inzain.bike\/fr_be\/#organization\"},\"alternateName\":\"INZAIN Gravel & Travel\",\"potentialAction\":[{\"@type\":\"SearchAction\",\"target\":{\"@type\":\"EntryPoint\",\"urlTemplate\":\"https:\/\/inzain.bike\/fr_be\/?s={search_term_string}\"},\"query-input\":{\"@type\":\"PropertyValueSpecification\",\"valueRequired\":true,\"valueName\":\"search_term_string\"}}],\"inLanguage\":\"sv-SE\"},{\"@type\":\"Organization\",\"@id\":\"https:\/\/inzain.bike\/fr_be\/#organization\",\"name\":\"INZAIN Cycling EXPERIENCES\",\"url\":\"https:\/\/inzain.bike\/fr_be\/\",\"logo\":{\"@type\":\"ImageObject\",\"inLanguage\":\"sv-SE\",\"@id\":\"https:\/\/inzain.bike\/fr_be\/#\/schema\/logo\/image\/\",\"url\":\"https:\/\/i0.wp.com\/inzain.bike\/wp-content\/uploads\/2023\/09\/cropped-INZAIN_512x512_white.png?fit=512%2C512&ssl=1\",\"contentUrl\":\"https:\/\/i0.wp.com\/inzain.bike\/wp-content\/uploads\/2023\/09\/cropped-INZAIN_512x512_white.png?fit=512%2C512&ssl=1\",\"width\":512,\"height\":512,\"caption\":\"INZAIN Cycling EXPERIENCES\"},\"image\":{\"@id\":\"https:\/\/inzain.bike\/fr_be\/#\/schema\/logo\/image\/\"},\"sameAs\":[\"https:\/\/www.facebook.com\/Inzain.bike\",\"https:\/\/www.instagram.com\/inzainbike\"]}]}<\/script>\n<!-- \/ Yoast SEO plugin. -->","yoast_head_json":{"title":"Gran Canaria Gravel Camp - INZAIN Cycling EXPERIENCES","robots":{"index":"index","follow":"follow","max-snippet":"max-snippet:-1","max-image-preview":"max-image-preview:large","max-video-preview":"max-video-preview:-1"},"canonical":"https:\/\/inzain.bike\/sv_se\/inzain-gran-canaria-gravel-camp\/","og_locale":"sv_SE","og_type":"article","og_title":"Gran Canaria Gravel Camp - INZAIN Cycling EXPERIENCES","og_description":"N\u00e4r: 19-26 januari 2024Var: Gran CanariaHur: \u00c4ventyrligt Gravel Camp med mycket kl\u00e4ttringHotell: Vi bor p\u00e5 CasaCalma, ett dedicerat cykelhotell\u00c4ta: Frukost och middag p\u00e5 CasaCalma ing\u00e5r. Inzain, och CasaCalma v\u00e4lkomnar dig till Gran Canaria och en veckas cykling p\u00e5 stig och grusv\u00e4g.&nbsp; F\u00f6r tredje \u00e5ret i rad s\u00e5 \u00f6ppnar cykelhotellet CasaCalma sina portar \u00e5t oss i [&hellip;]","og_url":"https:\/\/inzain.bike\/sv_se\/inzain-gran-canaria-gravel-camp\/","og_site_name":"INZAIN Cycling EXPERIENCES","article_publisher":"https:\/\/www.facebook.com\/Inzain.bike","article_modified_time":"2024-03-09T08:54:55+00:00","og_image":[{"url":"https:\/\/inzain.bike\/wp-content\/uploads\/2023\/09\/IMG_2545-1024x768.jpg","type":"","width":"","height":""}],"twitter_card":"summary_large_image","twitter_misc":{"Ber\u00e4knad l\u00e4stid":"9 minuter"},"schema":{"@context":"https:\/\/schema.org","@graph":[{"@type":"WebPage","@id":"https:\/\/inzain.bike\/nl_be\/inzain-gran-canaria-gravel-camp\/","url":"https:\/\/inzain.bike\/nl_be\/inzain-gran-canaria-gravel-camp\/","name":"Gran Canaria Gravel Camp - INZAIN Cycling EXPERIENCES","isPartOf":{"@id":"https:\/\/inzain.bike\/fr_be\/#website"},"primaryImageOfPage":{"@id":"https:\/\/inzain.bike\/nl_be\/inzain-gran-canaria-gravel-camp\/#primaryimage"},"image":{"@id":"https:\/\/inzain.bike\/nl_be\/inzain-gran-canaria-gravel-camp\/#primaryimage"},"thumbnailUrl":"https:\/\/inzain.bike\/wp-content\/uploads\/2023\/09\/IMG_2545-1024x768.jpg","datePublished":"2023-09-28T10:44:16+00:00","dateModified":"2024-03-09T08:54:55+00:00","breadcrumb":{"@id":"https:\/\/inzain.bike\/nl_be\/inzain-gran-canaria-gravel-camp\/#breadcrumb"},"inLanguage":"sv-SE","potentialAction":[{"@type":"ReadAction","target":["https:\/\/inzain.bike\/nl_be\/inzain-gran-canaria-gravel-camp\/"]}]},{"@type":"ImageObject","inLanguage":"sv-SE","@id":"https:\/\/inzain.bike\/nl_be\/inzain-gran-canaria-gravel-camp\/#primaryimage","url":"https:\/\/inzain.bike\/wp-content\/uploads\/2023\/09\/IMG_2545-1024x768.jpg","contentUrl":"https:\/\/inzain.bike\/wp-content\/uploads\/2023\/09\/IMG_2545-1024x768.jpg"},{"@type":"BreadcrumbList","@id":"https:\/\/inzain.bike\/nl_be\/inzain-gran-canaria-gravel-camp\/#breadcrumb","itemListElement":[{"@type":"ListItem","position":1,"name":"Hem","item":"https:\/\/inzain.bike\/fr_be\/"},{"@type":"ListItem","position":2,"name":"Gran Canaria Gravel Camp"}]},{"@type":"WebSite","@id":"https:\/\/inzain.bike\/fr_be\/#website","url":"https:\/\/inzain.bike\/fr_be\/","name":"INZAIN Cycling EXPERIENCES","description":"Cyckling Adventures  - for everyone","publisher":{"@id":"https:\/\/inzain.bike\/fr_be\/#organization"},"alternateName":"INZAIN Gravel & Travel","potentialAction":[{"@type":"SearchAction","target":{"@type":"EntryPoint","urlTemplate":"https:\/\/inzain.bike\/fr_be\/?s={search_term_string}"},"query-input":{"@type":"PropertyValueSpecification","valueRequired":true,"valueName":"search_term_string"}}],"inLanguage":"sv-SE"},{"@type":"Organization","@id":"https:\/\/inzain.bike\/fr_be\/#organization","name":"INZAIN Cycling EXPERIENCES","url":"https:\/\/inzain.bike\/fr_be\/","logo":{"@type":"ImageObject","inLanguage":"sv-SE","@id":"https:\/\/inzain.bike\/fr_be\/#\/schema\/logo\/image\/","url":"https:\/\/i0.wp.com\/inzain.bike\/wp-content\/uploads\/2023\/09\/cropped-INZAIN_512x512_white.png?fit=512%2C512&ssl=1","contentUrl":"https:\/\/i0.wp.com\/inzain.bike\/wp-content\/uploads\/2023\/09\/cropped-INZAIN_512x512_white.png?fit=512%2C512&ssl=1","width":512,"height":512,"caption":"INZAIN Cycling EXPERIENCES"},"image":{"@id":"https:\/\/inzain.bike\/fr_be\/#\/schema\/logo\/image\/"},"sameAs":["https:\/\/www.facebook.com\/Inzain.bike","https:\/\/www.instagram.com\/inzainbike"]}]}},"amp_enabled":true,"_links":{"self":[{"href":"https:\/\/inzain.bike\/sv_se\/wp-json\/wp\/v2\/pages\/3464","targetHints":{"allow":["GET"]}}],"collection":[{"href":"https:\/\/inzain.bike\/sv_se\/wp-json\/wp\/v2\/pages"}],"about":[{"href":"https:\/\/inzain.bike\/sv_se\/wp-json\/wp\/v2\/types\/page"}],"author":[{"embeddable":true,"href":"https:\/\/inzain.bike\/sv_se\/wp-json\/wp\/v2\/users\/135133094"}],"replies":[{"embeddable":true,"href":"https:\/\/inzain.bike\/sv_se\/wp-json\/wp\/v2\/comments?post=3464"}],"version-history":[{"count":0,"href":"https:\/\/inzain.bike\/sv_se\/wp-json\/wp\/v2\/pages\/3464\/revisions"}],"wp:attachment":[{"href":"https:\/\/inzain.bike\/sv_se\/wp-json\/wp\/v2\/media?parent=3464"}],"curies":[{"name":"wp","href":"https:\/\/api.w.org\/{rel}","templated":true}]}}