{"id":5084,"date":"2023-11-11T18:43:21","date_gmt":"2023-11-11T17:43:21","guid":{"rendered":"https:\/\/inzain.bike\/?page_id=5084"},"modified":"2023-11-16T13:58:25","modified_gmt":"2023-11-16T12:58:25","slug":"gir24-cycling","status":"publish","type":"page","link":"https:\/\/inzain.bike\/sv_se\/gir24-cycling\/","title":{"rendered":"Girona Cykling"},"content":{"rendered":"\n<div class=\"wp-block-columns alignwide is-layout-flex wp-container-core-columns-is-layout-28f84493 wp-block-columns-is-layout-flex\">\n<div class=\"wp-block-column is-layout-flow wp-block-column-is-layout-flow\">\n<p><strong>Rutter<\/strong><\/p>\n\n\n\n<p>Vi har tagit hj\u00e4lp av den mest ber\u00f6mda och erfarna guiden i Girona f\u00f6r att skapa en episk vecka. Vi kommer cykla i alla v\u00e4derstreck och f\u00e5r uppleva det b\u00e4sta av det b\u00e4sta. I god tid innan resan s\u00e5 skickar vi ut v\u00e5r ber\u00f6mda Riders Guide med all information du beh\u00f6ver.<\/p>\n\n\n\n<p><strong>Cykel<\/strong><br>Ta med din egen, eller hyr en riktigt bra gravelcykel p\u00e5 plats. Vi ordnar med kontakter.<\/p>\n\n\n\n<figure class=\"wp-block-image size-full\"><img loading=\"lazy\" decoding=\"async\" width=\"980\" height=\"765\" src=\"https:\/\/inzain.bike\/wp-content\/uploads\/2022\/11\/image-27.png\" alt=\"\" class=\"wp-image-2413\" srcset=\"https:\/\/inzain.bike\/wp-content\/uploads\/2022\/11\/image-27.png 980w, https:\/\/inzain.bike\/wp-content\/uploads\/2022\/11\/image-27-300x234.png 300w, https:\/\/inzain.bike\/wp-content\/uploads\/2022\/11\/image-27-768x600.png 768w, https:\/\/inzain.bike\/wp-content\/uploads\/2022\/11\/image-27-15x12.png 15w, https:\/\/inzain.bike\/wp-content\/uploads\/2022\/11\/image-27-600x468.png 600w\" sizes=\"auto, (max-width: 980px) 100vw, 980px\" \/><\/figure>\n<\/div>\n<\/div>\n\n\n\n<p class=\"has-text-align-left has-custom-weight\" style=\"font-weight:bold;font-size:30px\">Dagsprogram<\/p>\n\n\n\n<div class=\"wp-block-columns alignwide is-layout-flex wp-container-core-columns-is-layout-28f84493 wp-block-columns-is-layout-flex\">\n<div class=\"wp-block-column is-layout-flow wp-block-column-is-layout-flow\">\n<figure class=\"wp-block-image size-full\"><img decoding=\"async\" src=\"https:\/\/inzain.bike\/wp-content\/uploads\/2023\/11\/IMG_5220.jpg\" alt=\"\" class=\"wp-image-4911\"\/><\/figure>\n<\/div>\n\n\n\n<div class=\"wp-block-column is-layout-flow wp-block-column-is-layout-flow\">\n<p><strong><strong>L\u00f6rdag 26 april Check Out Ride<\/strong><\/strong><\/p>\n\n\n\n<p>En sn\u00e4ll tur l\u00e4ngs floden p\u00e5 42 km och 187hm. Vi fikar i Angl\u00e9s och tar oss hem p\u00e5 coola v\u00e4gar, som liknar Australian Outback, sista biten \u00e5ter till Girona l\u00e4ngs Via Verde cykelv\u00e4g.<br><\/p>\n\n\n\n<figure class=\"wp-block-image size-large\"><img loading=\"lazy\" decoding=\"async\" width=\"1024\" height=\"115\" src=\"https:\/\/inzain.bike\/wp-content\/uploads\/2022\/11\/image-21-1024x115.png\" alt=\"\" class=\"wp-image-2396\" srcset=\"https:\/\/inzain.bike\/wp-content\/uploads\/2022\/11\/image-21-1024x115.png 1024w, https:\/\/inzain.bike\/wp-content\/uploads\/2022\/11\/image-21-300x34.png 300w, https:\/\/inzain.bike\/wp-content\/uploads\/2022\/11\/image-21-768x87.png 768w, https:\/\/inzain.bike\/wp-content\/uploads\/2022\/11\/image-21-1536x173.png 1536w, https:\/\/inzain.bike\/wp-content\/uploads\/2022\/11\/image-21-2048x231.png 2048w, https:\/\/inzain.bike\/wp-content\/uploads\/2022\/11\/image-21-18x2.png 18w, https:\/\/inzain.bike\/wp-content\/uploads\/2022\/11\/image-21-1320x149.png 1320w, https:\/\/inzain.bike\/wp-content\/uploads\/2022\/11\/image-21-600x68.png 600w\" sizes=\"auto, (max-width: 1024px) 100vw, 1024px\" \/><\/figure>\n<\/div>\n<\/div>\n\n\n\n<div class=\"wp-block-columns alignwide is-layout-flex wp-container-core-columns-is-layout-28f84493 wp-block-columns-is-layout-flex\">\n<div class=\"wp-block-column is-layout-flow wp-block-column-is-layout-flow\">\n<p><strong><strong><strong>S\u00f6ndag <\/strong>27 april<\/strong> <strong>Rustik<\/strong><\/strong><\/p>\n\n\n\n<figure class=\"wp-block-image size-large\"><img loading=\"lazy\" decoding=\"async\" width=\"1024\" height=\"235\" src=\"https:\/\/inzain.bike\/wp-content\/uploads\/2022\/11\/image-9-1024x235.png\" alt=\"\" class=\"wp-image-2307\" srcset=\"https:\/\/inzain.bike\/wp-content\/uploads\/2022\/11\/image-9-1024x235.png 1024w, https:\/\/inzain.bike\/wp-content\/uploads\/2022\/11\/image-9-300x69.png 300w, https:\/\/inzain.bike\/wp-content\/uploads\/2022\/11\/image-9-768x176.png 768w, https:\/\/inzain.bike\/wp-content\/uploads\/2022\/11\/image-9-1536x352.png 1536w, https:\/\/inzain.bike\/wp-content\/uploads\/2022\/11\/image-9-2048x469.png 2048w, https:\/\/inzain.bike\/wp-content\/uploads\/2022\/11\/image-9-18x4.png 18w, https:\/\/inzain.bike\/wp-content\/uploads\/2022\/11\/image-9-1320x302.png 1320w, https:\/\/inzain.bike\/wp-content\/uploads\/2022\/11\/image-9-600x137.png 600w\" sizes=\"auto, (max-width: 1024px) 100vw, 1024px\" \/><\/figure>\n\n\n\n<figure class=\"wp-block-image size-large\"><img loading=\"lazy\" decoding=\"async\" width=\"1024\" height=\"115\" src=\"https:\/\/inzain.bike\/wp-content\/uploads\/2022\/11\/image-22-1024x115.png\" alt=\"\" class=\"wp-image-2397\" srcset=\"https:\/\/inzain.bike\/wp-content\/uploads\/2022\/11\/image-22-1024x115.png 1024w, https:\/\/inzain.bike\/wp-content\/uploads\/2022\/11\/image-22-300x34.png 300w, https:\/\/inzain.bike\/wp-content\/uploads\/2022\/11\/image-22-768x86.png 768w, https:\/\/inzain.bike\/wp-content\/uploads\/2022\/11\/image-22-1536x173.png 1536w, https:\/\/inzain.bike\/wp-content\/uploads\/2022\/11\/image-22-2048x230.png 2048w, https:\/\/inzain.bike\/wp-content\/uploads\/2022\/11\/image-22-18x2.png 18w, https:\/\/inzain.bike\/wp-content\/uploads\/2022\/11\/image-22-1320x148.png 1320w, https:\/\/inzain.bike\/wp-content\/uploads\/2022\/11\/image-22-600x67.png 600w\" sizes=\"auto, (max-width: 1024px) 100vw, 1024px\" \/><\/figure>\n\n\n\n<p><br>Vi mjukstartar med en platt tur (90km \/279hm) och \u00e4ter lunch p\u00e5 klassiska  <a href=\"https:\/\/rustikemporda.wixsite.com\/rustikemporda\">Rustik<\/a>,  det ber\u00f6mda matst\u00e4llet. Efter retur till Girona kan man v\u00e4lja att forts\u00e4tta 4 mil till och bli bel\u00f6nad med  fantastisk glass.<\/p>\n<\/div>\n\n\n\n<div class=\"wp-block-column is-layout-flow wp-block-column-is-layout-flow\">\n<figure class=\"wp-block-image size-full\"><img loading=\"lazy\" decoding=\"async\" width=\"800\" height=\"533\" src=\"https:\/\/inzain.bike\/wp-content\/uploads\/2023\/11\/image-11.png\" alt=\"\" class=\"wp-image-5085\" srcset=\"https:\/\/inzain.bike\/wp-content\/uploads\/2023\/11\/image-11.png 800w, https:\/\/inzain.bike\/wp-content\/uploads\/2023\/11\/image-11-300x200.png 300w, https:\/\/inzain.bike\/wp-content\/uploads\/2023\/11\/image-11-768x512.png 768w, https:\/\/inzain.bike\/wp-content\/uploads\/2023\/11\/image-11-18x12.png 18w, https:\/\/inzain.bike\/wp-content\/uploads\/2023\/11\/image-11-600x400.png 600w\" sizes=\"auto, (max-width: 800px) 100vw, 800px\" \/><\/figure>\n<\/div>\n<\/div>\n\n\n\n<div class=\"wp-block-columns alignwide is-layout-flex wp-container-core-columns-is-layout-28f84493 wp-block-columns-is-layout-flex\">\n<div class=\"wp-block-column is-layout-flow wp-block-column-is-layout-flow\">\n<figure class=\"wp-block-image size-full\"><img decoding=\"async\" src=\"https:\/\/inzain.bike\/wp-content\/uploads\/2023\/11\/IMG_6269.jpg\" alt=\"\" class=\"wp-image-4886\"\/><\/figure>\n<\/div>\n\n\n\n<div class=\"wp-block-column is-layout-flow wp-block-column-is-layout-flow\">\n<p><strong><strong>M\u00e5ndag 29 april<\/strong> &#8211; <strong>Banyoles<\/strong><\/strong><\/p>\n\n\n\n<p>82 km 651 hm) Nu g\u00e5r vi norrut. En dag med lite mer h\u00f6jdmeter och helt fantastiska v\u00e4gar. Vi kommer \u00e4ta lunch i Banyoles efter 55km.<br><\/p>\n\n\n\n<figure class=\"wp-block-image size-large\"><img loading=\"lazy\" decoding=\"async\" width=\"1024\" height=\"113\" src=\"https:\/\/inzain.bike\/wp-content\/uploads\/2022\/11\/image-23-1024x113.png\" alt=\"\" class=\"wp-image-2398\" srcset=\"https:\/\/inzain.bike\/wp-content\/uploads\/2022\/11\/image-23-1024x113.png 1024w, https:\/\/inzain.bike\/wp-content\/uploads\/2022\/11\/image-23-300x33.png 300w, https:\/\/inzain.bike\/wp-content\/uploads\/2022\/11\/image-23-768x85.png 768w, https:\/\/inzain.bike\/wp-content\/uploads\/2022\/11\/image-23-1536x170.png 1536w, https:\/\/inzain.bike\/wp-content\/uploads\/2022\/11\/image-23-2048x227.png 2048w, https:\/\/inzain.bike\/wp-content\/uploads\/2022\/11\/image-23-18x2.png 18w, https:\/\/inzain.bike\/wp-content\/uploads\/2022\/11\/image-23-1320x146.png 1320w, https:\/\/inzain.bike\/wp-content\/uploads\/2022\/11\/image-23-600x66.png 600w\" sizes=\"auto, (max-width: 1024px) 100vw, 1024px\" \/><\/figure>\n<\/div>\n<\/div>\n\n\n\n<div class=\"wp-block-columns alignwide is-layout-flex wp-container-core-columns-is-layout-28f84493 wp-block-columns-is-layout-flex\">\n<div class=\"wp-block-column is-layout-flow wp-block-column-is-layout-flow\">\n<p><strong><strong><strong>Tisdag 30 april<\/strong> &#8211; Santa Vall<\/strong><\/strong><\/p>\n\n\n\n<p>S\u00f6derut! (95km 700hm). Vi b\u00f6rjar l\u00e4ngs flodens norra strand, n\u00e4r vi viker s\u00f6derut f\u00e5r vi en kl\u00e4ttring, f\u00f6ljt av en fantastisk grusv\u00e4g nedf\u00f6r. Vi kommer \u00e4ta lunch och ta en kaffe l\u00e4ngs rutten. <br><\/p>\n\n\n\n<figure class=\"wp-block-image size-large\"><img loading=\"lazy\" decoding=\"async\" width=\"1024\" height=\"111\" src=\"https:\/\/inzain.bike\/wp-content\/uploads\/2022\/11\/image-24-1024x111.png\" alt=\"\" class=\"wp-image-2399\" srcset=\"https:\/\/inzain.bike\/wp-content\/uploads\/2022\/11\/image-24-1024x111.png 1024w, https:\/\/inzain.bike\/wp-content\/uploads\/2022\/11\/image-24-300x33.png 300w, https:\/\/inzain.bike\/wp-content\/uploads\/2022\/11\/image-24-768x84.png 768w, https:\/\/inzain.bike\/wp-content\/uploads\/2022\/11\/image-24-1536x167.png 1536w, https:\/\/inzain.bike\/wp-content\/uploads\/2022\/11\/image-24-2048x223.png 2048w, https:\/\/inzain.bike\/wp-content\/uploads\/2022\/11\/image-24-18x2.png 18w, https:\/\/inzain.bike\/wp-content\/uploads\/2022\/11\/image-24-1320x144.png 1320w, https:\/\/inzain.bike\/wp-content\/uploads\/2022\/11\/image-24-600x65.png 600w\" sizes=\"auto, (max-width: 1024px) 100vw, 1024px\" \/><\/figure>\n<\/div>\n\n\n\n<div class=\"wp-block-column is-layout-flow wp-block-column-is-layout-flow\">\n<figure class=\"wp-block-image size-full\"><img loading=\"lazy\" decoding=\"async\" width=\"1600\" height=\"1200\" src=\"https:\/\/inzain.bike\/wp-content\/uploads\/2023\/11\/59d8cc2a-c457-4bdb-8cbb-0106a4f346b7.jpg\" alt=\"\" class=\"wp-image-4917\" srcset=\"https:\/\/inzain.bike\/wp-content\/uploads\/2023\/11\/59d8cc2a-c457-4bdb-8cbb-0106a4f346b7.jpg 1600w, https:\/\/inzain.bike\/wp-content\/uploads\/2023\/11\/59d8cc2a-c457-4bdb-8cbb-0106a4f346b7-300x225.jpg 300w, https:\/\/inzain.bike\/wp-content\/uploads\/2023\/11\/59d8cc2a-c457-4bdb-8cbb-0106a4f346b7-1024x768.jpg 1024w, https:\/\/inzain.bike\/wp-content\/uploads\/2023\/11\/59d8cc2a-c457-4bdb-8cbb-0106a4f346b7-768x576.jpg 768w, https:\/\/inzain.bike\/wp-content\/uploads\/2023\/11\/59d8cc2a-c457-4bdb-8cbb-0106a4f346b7-1536x1152.jpg 1536w, https:\/\/inzain.bike\/wp-content\/uploads\/2023\/11\/59d8cc2a-c457-4bdb-8cbb-0106a4f346b7-16x12.jpg 16w, https:\/\/inzain.bike\/wp-content\/uploads\/2023\/11\/59d8cc2a-c457-4bdb-8cbb-0106a4f346b7-1320x990.jpg 1320w, https:\/\/inzain.bike\/wp-content\/uploads\/2023\/11\/59d8cc2a-c457-4bdb-8cbb-0106a4f346b7-600x450.jpg 600w\" sizes=\"auto, (max-width: 1600px) 100vw, 1600px\" \/><\/figure>\n<\/div>\n<\/div>\n\n\n\n<div class=\"wp-block-columns alignwide is-layout-flex wp-container-core-columns-is-layout-28f84493 wp-block-columns-is-layout-flex\">\n<div class=\"wp-block-column is-layout-flow wp-block-column-is-layout-flow\">\n<figure class=\"wp-block-image size-full\"><img decoding=\"async\" src=\"https:\/\/inzain.bike\/wp-content\/uploads\/2023\/11\/IMG_4677.jpg\" alt=\"\" class=\"wp-image-4918\"\/><\/figure>\n<\/div>\n\n\n\n<div class=\"wp-block-column is-layout-flow wp-block-column-is-layout-flow\">\n<p><strong><strong><strong>Onsdag 1 maj <\/strong>  &#8211; Vilodag<\/strong><\/strong><\/p>\n\n\n\n<p>Vi tar en vilodag och uppt\u00e4cker Girona, kanske en utflykt till Salvador Dalis f\u00f6delseort, <strong>Figueres <\/strong>och det ber\u00f6mda <a href=\"https:\/\/www.salvador-dali.org\/en\/museums\/dali-theatre-museum-in-figueres\/\">museumet<\/a>, eller varf\u00f6r inte ta t\u00e5get till <strong>Barcelona<\/strong>, det tar bara 38 minuter. F\u00f6r de som inte vill vila, finns  sj\u00e4lvfallet en trevlig och sn\u00e4ll gravel runda tillg\u00e4nglig.<\/p>\n<\/div>\n<\/div>\n\n\n\n<div class=\"wp-block-columns alignwide is-layout-flex wp-container-core-columns-is-layout-28f84493 wp-block-columns-is-layout-flex\">\n<div class=\"wp-block-column is-layout-flow wp-block-column-is-layout-flow\">\n<p><strong><strong><strong>Torsdag 2 maj<\/strong><\/strong> <strong>Till havet<\/strong><\/strong><\/p>\n\n\n\n<p>Medelhavet! (100 km 800 hm) Vi cyklar grus till havet. En riktigt fin tur med chans att doppa sig om man vill. Lunch vid vattnet.&nbsp;<\/p>\n<\/div>\n\n\n\n<div class=\"wp-block-column is-layout-flow wp-block-column-is-layout-flow\">\n<figure class=\"wp-block-image size-full\"><img loading=\"lazy\" decoding=\"async\" width=\"1024\" height=\"512\" src=\"https:\/\/inzain.bike\/wp-content\/uploads\/2022\/11\/image-25.png\" alt=\"\" class=\"wp-image-2401\" srcset=\"https:\/\/inzain.bike\/wp-content\/uploads\/2022\/11\/image-25.png 1024w, https:\/\/inzain.bike\/wp-content\/uploads\/2022\/11\/image-25-300x150.png 300w, https:\/\/inzain.bike\/wp-content\/uploads\/2022\/11\/image-25-768x384.png 768w, https:\/\/inzain.bike\/wp-content\/uploads\/2022\/11\/image-25-18x9.png 18w, https:\/\/inzain.bike\/wp-content\/uploads\/2022\/11\/image-25-600x300.png 600w\" sizes=\"auto, (max-width: 1024px) 100vw, 1024px\" \/><\/figure>\n<\/div>\n<\/div>\n\n\n\n<div class=\"wp-block-columns alignwide is-layout-flex wp-container-core-columns-is-layout-28f84493 wp-block-columns-is-layout-flex\">\n<div class=\"wp-block-column is-layout-flow wp-block-column-is-layout-flow\">\n<figure class=\"wp-block-image size-full\"><img decoding=\"async\" src=\"https:\/\/inzain.bike\/wp-content\/uploads\/2023\/11\/IMG_4677.jpg\" alt=\"\" class=\"wp-image-4918\"\/><\/figure>\n<\/div>\n\n\n\n<div class=\"wp-block-column is-layout-flow wp-block-column-is-layout-flow\">\n<p><strong><strong><strong><strong>Fredag 3 maj<\/strong>  <strong>Rocacorba<\/strong><\/strong><\/strong><\/strong><\/p>\n\n\n\n<p>Kl\u00e4ttringsdag (78km 1,500 hm). Vi g\u00e5r Nordv\u00e4st l\u00e4ngs dalg\u00e5ngen, och n\u00e5r dagens utmaning, 7 km med 8.8% i snitt till placa de Finesters (F\u00f6nsterplatsen). Bel\u00f6ningen blir en fullkomligt fantastisk utsikt. Vi cyklar hem via en annan dalg\u00e5ng. Fika och lunch p\u00e5 v\u00e4gen.<\/p>\n\n\n\n<figure class=\"wp-block-image size-large\"><img loading=\"lazy\" decoding=\"async\" width=\"1024\" height=\"112\" src=\"https:\/\/inzain.bike\/wp-content\/uploads\/2022\/11\/image-26-1024x112.png\" alt=\"\" class=\"wp-image-2402\" srcset=\"https:\/\/inzain.bike\/wp-content\/uploads\/2022\/11\/image-26-1024x112.png 1024w, https:\/\/inzain.bike\/wp-content\/uploads\/2022\/11\/image-26-300x33.png 300w, https:\/\/inzain.bike\/wp-content\/uploads\/2022\/11\/image-26-768x84.png 768w, https:\/\/inzain.bike\/wp-content\/uploads\/2022\/11\/image-26-1536x168.png 1536w, https:\/\/inzain.bike\/wp-content\/uploads\/2022\/11\/image-26-2048x223.png 2048w, https:\/\/inzain.bike\/wp-content\/uploads\/2022\/11\/image-26-18x2.png 18w, https:\/\/inzain.bike\/wp-content\/uploads\/2022\/11\/image-26-1320x144.png 1320w, https:\/\/inzain.bike\/wp-content\/uploads\/2022\/11\/image-26-600x65.png 600w\" sizes=\"auto, (max-width: 1024px) 100vw, 1024px\" \/><\/figure>\n<\/div>\n<\/div>\n\n\n\n<div class=\"wp-block-columns alignwide is-layout-flex wp-container-core-columns-is-layout-28f84493 wp-block-columns-is-layout-flex\">\n<div class=\"wp-block-column is-layout-flow wp-block-column-is-layout-flow\">\n<p><strong><strong><strong><strong>L\u00f6rdag 4 maj<\/strong> <strong>Santuari de la Mare<\/strong><\/strong><\/strong><\/strong><\/p>\n\n\n\n<p> Vi avslutar med stil och en relativt sn\u00e4ll runda(79km\/895hm) som har en kl\u00e4ttring mot slutet. Vi kommer f\u00f6rbi det ber\u00f6mda klostret och kommer som vanligt att b\u00e5da \u00e4ta och fika bra. N\u00e4r vi kommer hem packar vi cyklar och g\u00e5r ut f\u00f6r en b\u00e4ttre avskedsmiddag.<\/p>\n<\/div>\n\n\n\n<div class=\"wp-block-column is-layout-flow wp-block-column-is-layout-flow\">\n<figure class=\"wp-block-image size-large\"><img loading=\"lazy\" decoding=\"async\" width=\"1024\" height=\"416\" src=\"https:\/\/inzain.bike\/wp-content\/uploads\/2022\/11\/image-14-1024x416.png\" alt=\"\" class=\"wp-image-2318\" srcset=\"https:\/\/inzain.bike\/wp-content\/uploads\/2022\/11\/image-14-1024x416.png 1024w, https:\/\/inzain.bike\/wp-content\/uploads\/2022\/11\/image-14-300x122.png 300w, https:\/\/inzain.bike\/wp-content\/uploads\/2022\/11\/image-14-768x312.png 768w, https:\/\/inzain.bike\/wp-content\/uploads\/2022\/11\/image-14-1536x624.png 1536w, https:\/\/inzain.bike\/wp-content\/uploads\/2022\/11\/image-14-18x7.png 18w, https:\/\/inzain.bike\/wp-content\/uploads\/2022\/11\/image-14-1320x536.png 1320w, https:\/\/inzain.bike\/wp-content\/uploads\/2022\/11\/image-14-600x244.png 600w, https:\/\/inzain.bike\/wp-content\/uploads\/2022\/11\/image-14.png 1920w\" sizes=\"auto, (max-width: 1024px) 100vw, 1024px\" \/><\/figure>\n<\/div>\n<\/div>\n\n\n\n<div class=\"wp-block-columns alignwide is-layout-flex wp-container-core-columns-is-layout-28f84493 wp-block-columns-is-layout-flex\">\n<div class=\"wp-block-column is-layout-flow wp-block-column-is-layout-flow\">\n<figure class=\"wp-block-image size-large\"><img loading=\"lazy\" decoding=\"async\" width=\"1024\" height=\"683\" src=\"https:\/\/inzain.bike\/wp-content\/uploads\/2022\/10\/gi2-1024x683.jpg\" alt=\"\" class=\"wp-image-2030\" srcset=\"https:\/\/inzain.bike\/wp-content\/uploads\/2022\/10\/gi2-1024x683.jpg 1024w, https:\/\/inzain.bike\/wp-content\/uploads\/2022\/10\/gi2-300x200.jpg 300w, https:\/\/inzain.bike\/wp-content\/uploads\/2022\/10\/gi2-768x512.jpg 768w, https:\/\/inzain.bike\/wp-content\/uploads\/2022\/10\/gi2-18x12.jpg 18w, https:\/\/inzain.bike\/wp-content\/uploads\/2022\/10\/gi2-600x400.jpg 600w, https:\/\/inzain.bike\/wp-content\/uploads\/2022\/10\/gi2.jpg 1200w\" sizes=\"auto, (max-width: 1024px) 100vw, 1024px\" \/><\/figure>\n<\/div>\n\n\n\n<div class=\"wp-block-column is-layout-flow wp-block-column-is-layout-flow\">\n<p><strong><strong><strong><strong><strong>S\u00f6ndag  5 Maj  &#8211; Hemresa<\/strong><\/strong><\/strong><\/strong><\/strong><\/p>\n\n\n\n<p>Vi packar, \u00e4ter frukost  och tar oss sedan till Barcelona f\u00f6r hemresa.<\/p>\n\n\n\n<figure class=\"wp-block-image size-large\"><img loading=\"lazy\" decoding=\"async\" width=\"1024\" height=\"112\" src=\"https:\/\/inzain.bike\/wp-content\/uploads\/2022\/11\/image-26-1024x112.png\" alt=\"\" class=\"wp-image-2402\" srcset=\"https:\/\/inzain.bike\/wp-content\/uploads\/2022\/11\/image-26-1024x112.png 1024w, https:\/\/inzain.bike\/wp-content\/uploads\/2022\/11\/image-26-300x33.png 300w, https:\/\/inzain.bike\/wp-content\/uploads\/2022\/11\/image-26-768x84.png 768w, https:\/\/inzain.bike\/wp-content\/uploads\/2022\/11\/image-26-1536x168.png 1536w, https:\/\/inzain.bike\/wp-content\/uploads\/2022\/11\/image-26-2048x223.png 2048w, https:\/\/inzain.bike\/wp-content\/uploads\/2022\/11\/image-26-18x2.png 18w, https:\/\/inzain.bike\/wp-content\/uploads\/2022\/11\/image-26-1320x144.png 1320w, https:\/\/inzain.bike\/wp-content\/uploads\/2022\/11\/image-26-600x65.png 600w\" sizes=\"auto, (max-width: 1024px) 100vw, 1024px\" \/><\/figure>\n<\/div>\n<\/div>\n\n\n\n<div class=\"wp-block-columns alignwide is-layout-flex wp-container-core-columns-is-layout-28f84493 wp-block-columns-is-layout-flex\">\n<div class=\"wp-block-column is-layout-flow wp-block-column-is-layout-flow\">\n<p><\/p>\n<\/div>\n<\/div>\n\n\n\n<p><br><\/p>\n","protected":false},"excerpt":{"rendered":"<p>Rutter Vi har tagit hj\u00e4lp av den mest ber\u00f6mda och erfarna guiden i Girona f\u00f6r att skapa en episk vecka. Vi kommer cykla i alla v\u00e4derstreck och f\u00e5r uppleva det b\u00e4sta av det b\u00e4sta. I god tid innan resan s\u00e5 skickar vi ut v\u00e5r ber\u00f6mda Riders Guide med all information du beh\u00f6ver. CykelTa med din [&hellip;]<\/p>\n","protected":false},"author":135133094,"featured_media":0,"parent":0,"menu_order":0,"comment_status":"closed","ping_status":"closed","template":"","meta":{"_coblocks_attr":"","_coblocks_dimensions":"","_coblocks_responsive_height":"","_coblocks_accordion_ie_support":"","footnotes":""},"class_list":["post-5084","page","type-page","status-publish","hentry"],"yoast_head":"<!-- This site is optimized with the Yoast SEO plugin v27.2 - https:\/\/yoast.com\/product\/yoast-seo-wordpress\/ -->\n<title>Girona Cykling - INZAIN Cycling EXPERIENCES<\/title>\n<meta name=\"robots\" content=\"index, follow, max-snippet:-1, max-image-preview:large, max-video-preview:-1\" \/>\n<link rel=\"canonical\" href=\"https:\/\/inzain.bike\/sv_se\/gir24-cycling\/\" \/>\n<meta property=\"og:locale\" content=\"sv_SE\" \/>\n<meta property=\"og:type\" content=\"article\" \/>\n<meta property=\"og:title\" content=\"Girona Cykling - INZAIN Cycling EXPERIENCES\" \/>\n<meta property=\"og:description\" content=\"Rutter Vi har tagit hj\u00e4lp av den mest ber\u00f6mda och erfarna guiden i Girona f\u00f6r att skapa en episk vecka. Vi kommer cykla i alla v\u00e4derstreck och f\u00e5r uppleva det b\u00e4sta av det b\u00e4sta. I god tid innan resan s\u00e5 skickar vi ut v\u00e5r ber\u00f6mda Riders Guide med all information du beh\u00f6ver. CykelTa med din [&hellip;]\" \/>\n<meta property=\"og:url\" content=\"https:\/\/inzain.bike\/sv_se\/gir24-cycling\/\" \/>\n<meta property=\"og:site_name\" content=\"INZAIN Cycling EXPERIENCES\" \/>\n<meta property=\"article:publisher\" content=\"https:\/\/www.facebook.com\/Inzain.bike\" \/>\n<meta property=\"article:modified_time\" content=\"2023-11-16T12:58:25+00:00\" \/>\n<meta property=\"og:image\" content=\"https:\/\/inzain.bike\/wp-content\/uploads\/2022\/11\/image-27.png\" \/>\n<meta name=\"twitter:card\" content=\"summary_large_image\" \/>\n<meta name=\"twitter:label1\" content=\"Ber\u00e4knad l\u00e4stid\" \/>\n\t<meta name=\"twitter:data1\" content=\"6 minuter\" \/>\n<script type=\"application\/ld+json\" class=\"yoast-schema-graph\">{\"@context\":\"https:\/\/schema.org\",\"@graph\":[{\"@type\":\"WebPage\",\"@id\":\"https:\/\/inzain.bike\/fr_be\/gir24-cycling\/\",\"url\":\"https:\/\/inzain.bike\/fr_be\/gir24-cycling\/\",\"name\":\"Girona Cykling - INZAIN Cycling EXPERIENCES\",\"isPartOf\":{\"@id\":\"https:\/\/inzain.bike\/fr_be\/#website\"},\"primaryImageOfPage\":{\"@id\":\"https:\/\/inzain.bike\/fr_be\/gir24-cycling\/#primaryimage\"},\"image\":{\"@id\":\"https:\/\/inzain.bike\/fr_be\/gir24-cycling\/#primaryimage\"},\"thumbnailUrl\":\"https:\/\/inzain.bike\/wp-content\/uploads\/2022\/11\/image-27.png\",\"datePublished\":\"2023-11-11T17:43:21+00:00\",\"dateModified\":\"2023-11-16T12:58:25+00:00\",\"breadcrumb\":{\"@id\":\"https:\/\/inzain.bike\/fr_be\/gir24-cycling\/#breadcrumb\"},\"inLanguage\":\"sv-SE\",\"potentialAction\":[{\"@type\":\"ReadAction\",\"target\":[\"https:\/\/inzain.bike\/fr_be\/gir24-cycling\/\"]}]},{\"@type\":\"ImageObject\",\"inLanguage\":\"sv-SE\",\"@id\":\"https:\/\/inzain.bike\/fr_be\/gir24-cycling\/#primaryimage\",\"url\":\"https:\/\/inzain.bike\/wp-content\/uploads\/2022\/11\/image-27.png\",\"contentUrl\":\"https:\/\/inzain.bike\/wp-content\/uploads\/2022\/11\/image-27.png\"},{\"@type\":\"BreadcrumbList\",\"@id\":\"https:\/\/inzain.bike\/fr_be\/gir24-cycling\/#breadcrumb\",\"itemListElement\":[{\"@type\":\"ListItem\",\"position\":1,\"name\":\"Hem\",\"item\":\"https:\/\/inzain.bike\/fr_be\/\"},{\"@type\":\"ListItem\",\"position\":2,\"name\":\"Girona Cykling\"}]},{\"@type\":\"WebSite\",\"@id\":\"https:\/\/inzain.bike\/fr_be\/#website\",\"url\":\"https:\/\/inzain.bike\/fr_be\/\",\"name\":\"INZAIN Cycling EXPERIENCES\",\"description\":\"Cyckling Adventures  - for everyone\",\"publisher\":{\"@id\":\"https:\/\/inzain.bike\/fr_be\/#organization\"},\"alternateName\":\"INZAIN Gravel & Travel\",\"potentialAction\":[{\"@type\":\"SearchAction\",\"target\":{\"@type\":\"EntryPoint\",\"urlTemplate\":\"https:\/\/inzain.bike\/fr_be\/?s={search_term_string}\"},\"query-input\":{\"@type\":\"PropertyValueSpecification\",\"valueRequired\":true,\"valueName\":\"search_term_string\"}}],\"inLanguage\":\"sv-SE\"},{\"@type\":\"Organization\",\"@id\":\"https:\/\/inzain.bike\/fr_be\/#organization\",\"name\":\"INZAIN Cycling EXPERIENCES\",\"url\":\"https:\/\/inzain.bike\/fr_be\/\",\"logo\":{\"@type\":\"ImageObject\",\"inLanguage\":\"sv-SE\",\"@id\":\"https:\/\/inzain.bike\/fr_be\/#\/schema\/logo\/image\/\",\"url\":\"https:\/\/i0.wp.com\/inzain.bike\/wp-content\/uploads\/2023\/09\/cropped-INZAIN_512x512_white.png?fit=512%2C512&ssl=1\",\"contentUrl\":\"https:\/\/i0.wp.com\/inzain.bike\/wp-content\/uploads\/2023\/09\/cropped-INZAIN_512x512_white.png?fit=512%2C512&ssl=1\",\"width\":512,\"height\":512,\"caption\":\"INZAIN Cycling EXPERIENCES\"},\"image\":{\"@id\":\"https:\/\/inzain.bike\/fr_be\/#\/schema\/logo\/image\/\"},\"sameAs\":[\"https:\/\/www.facebook.com\/Inzain.bike\",\"https:\/\/www.instagram.com\/inzainbike\"]}]}<\/script>\n<!-- \/ Yoast SEO plugin. -->","yoast_head_json":{"title":"Girona Cykling - INZAIN Cycling EXPERIENCES","robots":{"index":"index","follow":"follow","max-snippet":"max-snippet:-1","max-image-preview":"max-image-preview:large","max-video-preview":"max-video-preview:-1"},"canonical":"https:\/\/inzain.bike\/sv_se\/gir24-cycling\/","og_locale":"sv_SE","og_type":"article","og_title":"Girona Cykling - INZAIN Cycling EXPERIENCES","og_description":"Rutter Vi har tagit hj\u00e4lp av den mest ber\u00f6mda och erfarna guiden i Girona f\u00f6r att skapa en episk vecka. Vi kommer cykla i alla v\u00e4derstreck och f\u00e5r uppleva det b\u00e4sta av det b\u00e4sta. I god tid innan resan s\u00e5 skickar vi ut v\u00e5r ber\u00f6mda Riders Guide med all information du beh\u00f6ver. CykelTa med din [&hellip;]","og_url":"https:\/\/inzain.bike\/sv_se\/gir24-cycling\/","og_site_name":"INZAIN Cycling EXPERIENCES","article_publisher":"https:\/\/www.facebook.com\/Inzain.bike","article_modified_time":"2023-11-16T12:58:25+00:00","og_image":[{"url":"https:\/\/inzain.bike\/wp-content\/uploads\/2022\/11\/image-27.png","type":"","width":"","height":""}],"twitter_card":"summary_large_image","twitter_misc":{"Ber\u00e4knad l\u00e4stid":"6 minuter"},"schema":{"@context":"https:\/\/schema.org","@graph":[{"@type":"WebPage","@id":"https:\/\/inzain.bike\/fr_be\/gir24-cycling\/","url":"https:\/\/inzain.bike\/fr_be\/gir24-cycling\/","name":"Girona Cykling - INZAIN Cycling EXPERIENCES","isPartOf":{"@id":"https:\/\/inzain.bike\/fr_be\/#website"},"primaryImageOfPage":{"@id":"https:\/\/inzain.bike\/fr_be\/gir24-cycling\/#primaryimage"},"image":{"@id":"https:\/\/inzain.bike\/fr_be\/gir24-cycling\/#primaryimage"},"thumbnailUrl":"https:\/\/inzain.bike\/wp-content\/uploads\/2022\/11\/image-27.png","datePublished":"2023-11-11T17:43:21+00:00","dateModified":"2023-11-16T12:58:25+00:00","breadcrumb":{"@id":"https:\/\/inzain.bike\/fr_be\/gir24-cycling\/#breadcrumb"},"inLanguage":"sv-SE","potentialAction":[{"@type":"ReadAction","target":["https:\/\/inzain.bike\/fr_be\/gir24-cycling\/"]}]},{"@type":"ImageObject","inLanguage":"sv-SE","@id":"https:\/\/inzain.bike\/fr_be\/gir24-cycling\/#primaryimage","url":"https:\/\/inzain.bike\/wp-content\/uploads\/2022\/11\/image-27.png","contentUrl":"https:\/\/inzain.bike\/wp-content\/uploads\/2022\/11\/image-27.png"},{"@type":"BreadcrumbList","@id":"https:\/\/inzain.bike\/fr_be\/gir24-cycling\/#breadcrumb","itemListElement":[{"@type":"ListItem","position":1,"name":"Hem","item":"https:\/\/inzain.bike\/fr_be\/"},{"@type":"ListItem","position":2,"name":"Girona Cykling"}]},{"@type":"WebSite","@id":"https:\/\/inzain.bike\/fr_be\/#website","url":"https:\/\/inzain.bike\/fr_be\/","name":"INZAIN Cycling EXPERIENCES","description":"Cyckling Adventures  - for everyone","publisher":{"@id":"https:\/\/inzain.bike\/fr_be\/#organization"},"alternateName":"INZAIN Gravel & Travel","potentialAction":[{"@type":"SearchAction","target":{"@type":"EntryPoint","urlTemplate":"https:\/\/inzain.bike\/fr_be\/?s={search_term_string}"},"query-input":{"@type":"PropertyValueSpecification","valueRequired":true,"valueName":"search_term_string"}}],"inLanguage":"sv-SE"},{"@type":"Organization","@id":"https:\/\/inzain.bike\/fr_be\/#organization","name":"INZAIN Cycling EXPERIENCES","url":"https:\/\/inzain.bike\/fr_be\/","logo":{"@type":"ImageObject","inLanguage":"sv-SE","@id":"https:\/\/inzain.bike\/fr_be\/#\/schema\/logo\/image\/","url":"https:\/\/i0.wp.com\/inzain.bike\/wp-content\/uploads\/2023\/09\/cropped-INZAIN_512x512_white.png?fit=512%2C512&ssl=1","contentUrl":"https:\/\/i0.wp.com\/inzain.bike\/wp-content\/uploads\/2023\/09\/cropped-INZAIN_512x512_white.png?fit=512%2C512&ssl=1","width":512,"height":512,"caption":"INZAIN Cycling EXPERIENCES"},"image":{"@id":"https:\/\/inzain.bike\/fr_be\/#\/schema\/logo\/image\/"},"sameAs":["https:\/\/www.facebook.com\/Inzain.bike","https:\/\/www.instagram.com\/inzainbike"]}]}},"amp_enabled":true,"_links":{"self":[{"href":"https:\/\/inzain.bike\/sv_se\/wp-json\/wp\/v2\/pages\/5084","targetHints":{"allow":["GET"]}}],"collection":[{"href":"https:\/\/inzain.bike\/sv_se\/wp-json\/wp\/v2\/pages"}],"about":[{"href":"https:\/\/inzain.bike\/sv_se\/wp-json\/wp\/v2\/types\/page"}],"author":[{"embeddable":true,"href":"https:\/\/inzain.bike\/sv_se\/wp-json\/wp\/v2\/users\/135133094"}],"replies":[{"embeddable":true,"href":"https:\/\/inzain.bike\/sv_se\/wp-json\/wp\/v2\/comments?post=5084"}],"version-history":[{"count":0,"href":"https:\/\/inzain.bike\/sv_se\/wp-json\/wp\/v2\/pages\/5084\/revisions"}],"wp:attachment":[{"href":"https:\/\/inzain.bike\/sv_se\/wp-json\/wp\/v2\/media?parent=5084"}],"curies":[{"name":"wp","href":"https:\/\/api.w.org\/{rel}","templated":true}]}}